{"id":573028,"date":"2025-07-17T13:27:34","date_gmt":"2025-07-17T11:27:34","guid":{"rendered":"https:\/\/madelinefashion.pl\/?post_type=product&#038;p=573028"},"modified":"2025-07-22T13:09:54","modified_gmt":"2025-07-22T11:09:54","slug":"szpilki-srebrne-stephan","status":"publish","type":"product","link":"https:\/\/madelinefashion.pl\/sk\/szpilki-srebrne-stephan\/","title":{"rendered":"Strieborn\u00e9 podp\u00e4tky Stephan"},"content":{"rendered":"<h3 style=\"text-align: center;\">Strieborn\u00e9 podp\u00e4tky Stephan<\/h3>\n<p>Ve\u013emi pohodln\u00e9. Up\u00fataj\u00fa pozornos\u0165 svojou jedine\u010dnos\u0165ou. <strong>Bud\u00fa fungova\u0165 ako prvok ak\u00e9hoko\u013evek stylingu.<\/strong> Origin\u00e1lny strih a farba ozdob\u00ed m\u00f3dny styling. Efekt\u00edvny sp\u00f4sob\u00ed, \u017ee pote\u0161\u00edte ka\u017ed\u00e9ho! Tento model sa bude hodi\u0165 k r\u00f4znym \u0161t\u00fdlom, nielen k elegantn\u00fdm \u0161at\u00e1m. Perfektn\u00e1 obuv na ka\u017edodenn\u00e9 v\u00fdlety pre \u017eeny, ktor\u00e9 si cenia originalitu. Odoln\u00e1 a pru\u017en\u00e1 podr\u00e1\u017eka je vyroben\u00e1 z kvalitn\u00e9ho materi\u00e1lu. <strong>Pri v\u00fdbere ve\u013ekosti sa ria\u010fte tabu\u013ekou ve\u013ekost\u00ed<a href=\"https:\/\/madelinefashion.pl\/sk\/sukienki-i-kombinezony\/sukienki-okolicznosciowe\/\"> Na\u0161e svadobn\u00e9 v\u00fdtvory\u00a0<\/a><\/strong><\/p>\n<h3 style=\"text-align: center;\">Charakteristika:<\/h3>\n<ul>\n<li style=\"text-align: center;\"><strong>Farba<\/strong>Strieborn\u00e1<\/li>\n<li style=\"text-align: center;\"><strong>vonkaj\u0161\u00ed materi\u00e1l<\/strong>: Umel\u00e1 ko\u017ea<\/li>\n<li style=\"text-align: center;\"><strong>\u010c\u00edslovanie<\/strong>: Typick\u00e9 - odpor\u00fa\u010dame vybra\u0165 si ve\u013ekos\u0165, ktor\u00fa nos\u00edte<\/li>\n<li style=\"text-align: center;\"><strong>Typ p\u00e4ty<\/strong>: Pin<\/li>\n<li style=\"text-align: center;\"><strong>Vlo\u017ei\u0165<\/strong>: Umel\u00e1 ko\u017ea<\/li>\n<li style=\"text-align: center;\">Pohodln\u00e9, stabiln\u00e9<\/li>\n<li style=\"text-align: center;\">klasick\u00e9<\/li>\n<li style=\"text-align: center;\"><strong>Sez\u00f3na<\/strong> jar leto jese\u0148 zima<\/li>\n<li style=\"text-align: center;\">Nad\u010dasov\u00fd<\/li>\n<li style=\"text-align: center;\">K\u00f3d produktu 2861-199<\/li>\n<\/ul>\n<h3 style=\"text-align: center;\">Rozmery<\/h3>\n<p style=\"text-align: center;\"><strong>V\u00fd\u0161ka podp\u00e4tku: 10<\/strong>\u00a0cm<\/p>\n<p>&nbsp;<\/p>\n<table width=\"540\">\n<thead>\n<tr>\n<td width=\"216\"><strong>Ve\u013ekos\u0165 E\u00da<\/strong><\/td>\n<td width=\"316\"><strong>D\u013a\u017eka vlo\u017eky<\/strong><\/td>\n<\/tr>\n<\/thead>\n<tbody>\n<tr>\n<td width=\"216\"><strong>36<\/strong><\/td>\n<td width=\"316\">23,5 cm<\/td>\n<\/tr>\n<tr>\n<td width=\"216\"><strong>37<\/strong><\/td>\n<td width=\"316\">24 cm<\/td>\n<\/tr>\n<tr>\n<td width=\"216\"><strong>38<\/strong><\/td>\n<td width=\"316\">24,5 cm<\/td>\n<\/tr>\n<tr>\n<td width=\"216\"><strong>39<\/strong><\/td>\n<td width=\"316\">25 cm<\/td>\n<\/tr>\n<tr>\n<td width=\"216\"><strong>40<\/strong><\/td>\n<td width=\"316\">25,5 cm<\/td>\n<\/tr>\n<tr>\n<td width=\"216\"><strong>41<\/strong><\/td>\n<td width=\"316\">26 cm<\/td>\n<\/tr>\n<\/tbody>\n<\/table>\n<div class=\"wrap-content\">\n<div class=\"main-container container\">\n<div class=\"row\">\n<section class=\"main-content sidebar-left-false\">\n<div class=\"product-page page\">\n<div class=\"page-content\">\n<div id=\"ProductSizing\" class=\"product-sizing modal fade in\" tabindex=\"-1\" role=\"dialog\" aria-hidden=\"false\">\n<div class=\"modal-dialog\">\n<div class=\"modal-content\">\n<div class=\"widget html_editor\">\n<p>&nbsp;<\/p>\n<\/div>\n<p>&nbsp;<\/p>\n<\/div>\n<\/div>\n<\/div>\n<\/div>\n<\/div>\n<\/section>\n<\/div>\n<\/div>\n<\/div>\n<div class=\"wrap-footer\">\n<footer class=\"\">\n<div class=\"container\">\n<div class=\"footer-newsletter-box\"><\/div>\n<\/div>\n<\/footer>\n<\/div>\n<table>\n<tbody>\n<tr>\n<td width=\"302\">Meno modela<\/td>\n<td width=\"302\">Strieborn\u00e9 podp\u00e4tky Stephan<\/td>\n<\/tr>\n<tr>\n<td width=\"302\">Farba<\/td>\n<td width=\"302\">Strieborn\u00e1<\/td>\n<\/tr>\n<tr>\n<td width=\"302\">ve\u013ekosti<\/td>\n<td width=\"302\">36 37\u00a0 38\u00a0 39 40, 41<\/td>\n<\/tr>\n<tr>\n<td width=\"302\">Materi\u00e1l<\/td>\n<td width=\"302\">Umel\u00e1 ko\u017ea<\/td>\n<\/tr>\n<tr>\n<td width=\"302\">Typ p\u00e4ty<\/td>\n<td width=\"302\">Pin<\/td>\n<\/tr>\n<tr>\n<td width=\"302\">\u0160t\u00fdl<\/td>\n<td width=\"302\">Elegantn\u00fd \/ klasick\u00fd<\/td>\n<\/tr>\n<tr>\n<td width=\"302\">Zbierka<\/td>\n<td width=\"302\">Jar\/Jese\u0148\/Leto<\/td>\n<\/tr>\n<\/tbody>\n<\/table>\n<div class=\"tabs tabs-bb clear mb-80\">\n<div class=\"tab-content\">\n<div id=\"tab-description\" class=\"tab-pane fade in woocommerce-Tabs-panel--description active\">\n<p style=\"text-align: center;\">\n<\/div>\n<\/div>\n<\/div>\n<section class=\"up-sells upsells products mb-80\"><\/section>\n<p style=\"text-align: left;\">K\u00f3d produktu: \u00c1no 963-50<\/p>","protected":false},"excerpt":{"rendered":"<p>Szpilki Srebrne Stephan Bardzo wygodne. Przyci\u0105gaj\u0105 uwag\u0119 sw\u0105 niepowtarzalno\u015bci\u0105. Sprawdz\u0105 si\u0119 jako element ka\u017cdej stylizacji. Oryginalny fason i kolor b\u0119dzie ozdob\u0105 modnej stylizacji. Efektowne sprawi\u0105, \u017ce b\u0119dziesz zachwyca\u0107 ka\u017cdego!\u00a0 \u00a0Model ten b\u0119dzie pasowa\u0107 do r\u00f3\u017cnych stylizacji, nie tylko do eleganckich sukni.\u00a0 Obuwie doskona\u0142e na codzienne wyj\u015bcia dla kobiet ceni\u0105cych oryginalno\u015b\u0107. Trwa\u0142\u0105 i elastyczn\u0105 podeszw\u0119 wykonano<\/p>\n<div class=\"klb-readmore post-buttons\"><a class=\"button black outline size-sm\" href=\"https:\/\/madelinefashion.pl\/sk\/szpilki-srebrne-stephan\/\">\u010c\u00edta\u0165 \u010falej <i class=\"klbth-icon-right-arrow\"><\/i><\/a><\/div>","protected":false},"featured_media":572955,"template":"","meta":[],"product_brand":[],"product_cat":[400],"product_tag":[440],"class_list":{"0":"post-573028","1":"product","2":"type-product","3":"status-publish","4":"has-post-thumbnail","6":"product_cat-buty","7":"product_tag-szpilki","9":"first","10":"instock","11":"product-type-variable"},"_links":{"self":[{"href":"https:\/\/madelinefashion.pl\/sk\/wp-json\/wp\/v2\/product\/573028","targetHints":{"allow":["GET"]}}],"collection":[{"href":"https:\/\/madelinefashion.pl\/sk\/wp-json\/wp\/v2\/product"}],"about":[{"href":"https:\/\/madelinefashion.pl\/sk\/wp-json\/wp\/v2\/types\/product"}],"wp:featuredmedia":[{"embeddable":true,"href":"https:\/\/madelinefashion.pl\/sk\/wp-json\/wp\/v2\/media\/572955"}],"wp:attachment":[{"href":"https:\/\/madelinefashion.pl\/sk\/wp-json\/wp\/v2\/media?parent=573028"}],"wp:term":[{"taxonomy":"product_brand","embeddable":true,"href":"https:\/\/madelinefashion.pl\/sk\/wp-json\/wp\/v2\/product_brand?post=573028"},{"taxonomy":"product_cat","embeddable":true,"href":"https:\/\/madelinefashion.pl\/sk\/wp-json\/wp\/v2\/product_cat?post=573028"},{"taxonomy":"product_tag","embeddable":true,"href":"https:\/\/madelinefashion.pl\/sk\/wp-json\/wp\/v2\/product_tag?post=573028"}],"curies":[{"name":"pracovn\u00fd list","href":"https:\/\/api.w.org\/{rel}","templated":true}]}}