{"id":579768,"date":"2025-09-25T15:44:46","date_gmt":"2025-09-25T13:44:46","guid":{"rendered":"https:\/\/madelinefashion.pl\/?post_type=product&#038;p=579768"},"modified":"2026-03-01T12:57:39","modified_gmt":"2026-03-01T11:57:39","slug":"torebka-kopertowa-laura-biaggi-cappucino-lb","status":"publish","type":"product","link":"https:\/\/madelinefashion.pl\/sk\/torebka-kopertowa-laura-biaggi-cappucino-lb\/","title":{"rendered":"Ob\u00e1lkov\u00e1 ta\u0161ka Laura Biaggi Cappucino LB"},"content":{"rendered":"<h3 style=\"text-align: center;\">Ob\u00e1lkov\u00e1 ta\u0161ka Laura Biaggi Cappucino LB<\/h3>\n<p style=\"text-align: center;\">Kabelka je nevyhnutnou s\u00fa\u010das\u0165ou ve\u010dern\u00e9ho outfitu. Tento model sa vyzna\u010duje nielen svojou praktickos\u0165ou, ale aj eleganciou. Elegantn\u00e1 kabelka sa bude hodi\u0165 ka\u017edej \u017eene, ktor\u00e1 sleduje najnov\u0161ie m\u00f3dne trendy. Kabelky LAURA BIAGGI s\u00fa navrhnut\u00e9 tak, aby sa dali \u013eahko kombinova\u0165 s r\u00f4znymi \u0161t\u00fdlmi. Odpor\u00fa\u010dame jemn\u00fa kabelku, ktor\u00e1 kr\u00e1sne dopln\u00ed a zv\u00fdrazn\u00ed v\u00e1\u0161 look. Ta\u0161ka v s\u00faprave m\u00e1 retiazku.<\/p>\n<p>&nbsp;<\/p>\n<h3 style=\"text-align: center;\">Charakteristika:<\/h3>\n<p>&nbsp;<\/p>\n<p style=\"text-align: center;\">ve\u010der<\/p>\n<p style=\"text-align: center;\">ide\u00e1lne na svadbu \/ ples \/ ples<\/p>\n<p style=\"text-align: center;\"><strong>Rozmery :<\/strong><\/p>\n<div><\/div>\n<div style=\"text-align: center;\">\u0161\u00edrka:\u00a0<span class=\"size-x\">20 cm<\/span><\/div>\n<div style=\"text-align: center;\">v\u00fd\u0161ka:\u00a0<span class=\"size-y\">14 cm<\/span><\/div>\n<div style=\"text-align: center;\">h\u013abka:\u00a0<span class=\"size-z\">6 cm<\/span><\/div>","protected":false},"excerpt":{"rendered":"<p>Torebka Kopertowa Laura Biaggi Cappucino LB Torebka, to niezb\u0119dny cz\u0119\u015b\u0107 stylizacji wieczorowej. Ten model charakteryzuje si\u0119 nie tylko sw\u0105 praktyczno\u015bci\u0105, ale r\u00f3wnie\u017c elegancj\u0105.\u00a0 Elegancka torebka sprawdzi si\u0119 idealnie\u00a0 dla ka\u017cdej kobiety pod\u0105\u017caj\u0105cej za najnowszymi trendami w modzie. Torebki marki LAURA BIAGGI s\u0105 zaprojektowane tak, aby mo\u017cna je by\u0142o \u0142atwo \u0142\u0105czy\u0107 z r\u00f3\u017cnymi stylizacjami. Polecamy delikatn\u0105<\/p>\n<div class=\"klb-readmore post-buttons\"><a class=\"button black outline size-sm\" href=\"https:\/\/madelinefashion.pl\/sk\/torebka-kopertowa-laura-biaggi-cappucino-lb\/\">\u010c\u00edta\u0165 \u010falej <i class=\"klbth-icon-right-arrow\"><\/i><\/a><\/div>","protected":false},"featured_media":579749,"template":"","meta":[],"product_brand":[],"product_cat":[113],"product_tag":[504,412],"class_list":{"0":"post-579768","1":"product","2":"type-product","3":"status-publish","4":"has-post-thumbnail","6":"product_cat-dodatki","7":"product_tag-party-time","8":"product_tag-torebki-damskie","10":"first","11":"instock","12":"sale","13":"purchasable","14":"product-type-simple"},"_links":{"self":[{"href":"https:\/\/madelinefashion.pl\/sk\/wp-json\/wp\/v2\/product\/579768","targetHints":{"allow":["GET"]}}],"collection":[{"href":"https:\/\/madelinefashion.pl\/sk\/wp-json\/wp\/v2\/product"}],"about":[{"href":"https:\/\/madelinefashion.pl\/sk\/wp-json\/wp\/v2\/types\/product"}],"wp:featuredmedia":[{"embeddable":true,"href":"https:\/\/madelinefashion.pl\/sk\/wp-json\/wp\/v2\/media\/579749"}],"wp:attachment":[{"href":"https:\/\/madelinefashion.pl\/sk\/wp-json\/wp\/v2\/media?parent=579768"}],"wp:term":[{"taxonomy":"product_brand","embeddable":true,"href":"https:\/\/madelinefashion.pl\/sk\/wp-json\/wp\/v2\/product_brand?post=579768"},{"taxonomy":"product_cat","embeddable":true,"href":"https:\/\/madelinefashion.pl\/sk\/wp-json\/wp\/v2\/product_cat?post=579768"},{"taxonomy":"product_tag","embeddable":true,"href":"https:\/\/madelinefashion.pl\/sk\/wp-json\/wp\/v2\/product_tag?post=579768"}],"curies":[{"name":"pracovn\u00fd list","href":"https:\/\/api.w.org\/{rel}","templated":true}]}}