{"id":5833,"date":"2021-03-20T13:21:48","date_gmt":"2021-03-20T12:21:48","guid":{"rendered":"https:\/\/madelinefashion.pl\/?post_type=product&#038;p=5833"},"modified":"2026-04-24T01:16:21","modified_gmt":"2026-04-23T23:16:21","slug":"plaszcz-maxi-czarny-z-flauszu","status":"publish","type":"product","link":"https:\/\/madelinefashion.pl\/sk\/plaszcz-maxi-czarny-z-flauszu\/","title":{"rendered":"Maxi \u010dierny fleecov\u00fd kab\u00e1t"},"content":{"rendered":"<h3 style=\"text-align: center;\">Maxi \u010dierny fleecov\u00fd kab\u00e1t<\/h3>\n<p style=\"text-align: center;\"><strong>D\u00e1msky Maxi kab\u00e1t <\/strong>previazan\u00fd r\u00fanom je skuto\u010dn\u00fd <strong>sez\u00f3nny hit<\/strong>. Je to spojenie elegancie, modernosti a funk\u010dnosti - \u010dierny kab\u00e1t sa hod\u00ed do ka\u017edej siluety a \u0161tyliz\u00e1cie. \u010cierny kab\u00e1t Maxi je univerz\u00e1lny - hod\u00ed sa na ka\u017ed\u00fa pr\u00edle\u017eitos\u0165, <strong>bude perfektn\u00e1 v ka\u017edom ro\u010dnom obdob\u00ed<\/strong>, navy\u0161e v\u010faka fleecu perfektne sed\u00ed. Kab\u00e1t ide\u00e1lny na ka\u017ed\u00fa pr\u00edle\u017eitos\u0165 \u00daspe\u0161n\u00e9 \u017eeny na vysok\u00fdch postoch ve\u013emi dobre vedia, ak\u00e9 farby by mali nosi\u0165, aby vzbudzovali d\u00f4veru a<strong> vyzera\u0165 profesion\u00e1lne<\/strong> v akejko\u013evek situ\u00e1cii. V m\u00f3de m\u00e1te radi v\u0161etko \u010dierne. vyber ty <strong>\u010dierne oble\u010denie<\/strong> a pr\u00edslu\u0161enstvo. Aj ke\u010f \u010diernu k\u00e1vu nepijete, t\u00e1to farba je va\u0161\u00edm ka\u017edodenn\u00fdm spolo\u010dn\u00edkom. si <strong>milovn\u00edk \u010diernej<\/strong>ktor\u00e1 za\u017e\u00edva svoju ve\u013ek\u00fa renesanciu. V na\u0161om internetovom obchode n\u00e1jdete tento produkt v r\u00f4znych farebn\u00fdch variantoch za bezkonkuren\u010dn\u00fa cenu <strong>n\u00edzka cena<\/strong>. Odpor\u00fa\u010da sa pre d\u00e1my, ktor\u00e9 nosia ve\u013e\u00a0<strong>SML-XL -\u00a0<\/strong> In<strong> in\u00e9 ponuky<\/strong> dostupn\u00e9 aj vo ve\u013ekosti <strong>Odpor\u00fa\u010dan\u00e1 plus ve\u013ekos\u0165<\/strong> pre d\u00e1my vo ve\u013e\u00a0<b>44,46,48,50. n<\/b>a na na\u0161ej str\u00e1nke n\u00e1jdete fleecov\u00fd kab\u00e1t: <b>kr\u00e1tky kab\u00e1t, dlh\u00fd kab\u00e1t, maxi kab\u00e1t a kab\u00e1t plus size. Zvo\u013ete si d\u013a\u017eku cca<\/b>vhodn\u00e9<b> pre m\u0148a. <\/b>Ak sa neviete rozhodn\u00fa\u0165, ktor\u00e1 farba alebo ve\u013ekos\u0165 je pre v\u00e1s najvhodnej\u0161ia, kontaktujte n\u00e1s na Facebooku alebo telefonicky.<\/p>\n<h3 style=\"text-align: center;\">Rozmery maxi kab\u00e1tu:<\/h3>\n<ul style=\"text-align: center;\">\n<li>celkov\u00e1 d\u013a\u017eka chrbta: 122 cm<\/li>\n<li>\u0161\u00edrka od pazuchy po pazuchu: 52 cm<\/li>\n<li>d\u013a\u017eka ruk\u00e1va od ramena: 62 cm<\/li>\n<li>d\u013a\u017eka ruk\u00e1va od podpazu\u0161ia: 47 cm<\/li>\n<li>odpor\u00fa\u010dan\u00fd maxim\u00e1lny obvod poprsia: 125-130 cm<\/li>\n<li>\u0161\u00edrka v bicepsoch: 36 cm<\/li>\n<\/ul>\n<p style=\"text-align: center;\">Rozmery sa m\u00f4\u017eu mierne l\u00ed\u0161i\u0165 od uveden\u00fdch +\/- 2cm. V\u0161etky uveden\u00e9 rozmery s\u00fa meran\u00e9 plo\u0161ne.<\/p>\n<p style=\"text-align: center;\"><strong>\u00a0<\/strong><\/p>\n<table width=\"499\">\n<tbody>\n<tr>\n<td width=\"302\">Meno modela<\/td>\n<td width=\"302\">Maxi fleecov\u00fd kab\u00e1t<\/td>\n<\/tr>\n<tr>\n<td width=\"302\">Farba<\/td>\n<td width=\"302\">\u010dierna<\/td>\n<\/tr>\n<tr>\n<td width=\"302\">Zbierka<\/td>\n<td width=\"302\">jese\u0148\/zima\/jar<\/td>\n<\/tr>\n<tr>\n<td width=\"302\">ve\u013ekosti<\/td>\n<td width=\"302\">Univerz\u00e1lny<\/td>\n<\/tr>\n<tr>\n<td width=\"302\">M\u00f3da<\/td>\n<td width=\"302\">nadrozmern\u00e9<\/td>\n<\/tr>\n<tr>\n<td width=\"302\">Hood<\/td>\n<td width=\"302\">Bez kapucne<\/td>\n<\/tr>\n<tr>\n<td width=\"302\">izolovan\u00e9<\/td>\n<td width=\"302\">jednopl\u00e1\u0161\u0165ov\u00e9<\/td>\n<\/tr>\n<tr>\n<td width=\"302\">Materi\u00e1l<\/td>\n<td width=\"302\">Petersham<\/td>\n<\/tr>\n<\/tbody>\n<\/table>\n<div class=\"tabs tabs-bb clear mb-80\">\n<div class=\"tab-content\">\n<div id=\"tab-description\" class=\"tab-pane fade in woocommerce-Tabs-panel--description active\">\n<p style=\"text-align: center;\">Model m\u00e1\u00a0<strong>169<\/strong>\u00a0cm vysok\u00fd, nos\u00ed ve\u013ekos\u0165 ka\u017ed\u00fd de\u0148\u00a0<strong>S<\/strong><\/p>\n<p style=\"text-align: center;\">\u0160\u00edrka cez prsia 92 cm<\/p>\n<p style=\"text-align: center;\">\u0160\u00edrka v p\u00e1se 62 cm<\/p>\n<p style=\"text-align: center;\">\u0160\u00edrka v bokoch 94 cm<\/p>\n<\/div>\n<\/div>\n<\/div>","protected":false},"excerpt":{"rendered":"<p>P\u0142aszcz Maxi Czarny z Flauszu P\u0142aszcz Maxi Damski wi\u0105zany\u00a0z flauszu to prawdziwy hit sezonu. Jest to po\u0142\u0105czenie elegancji, nowoczesno\u015bci i funkcjonalno\u015bci \u2013 Czarny p\u0142aszczyk wpisuje si\u0119 w ka\u017cd\u0105 sylwetk\u0119 i stylizacj\u0119. P\u0142aszcz Maxi czarny jest uniwersalny \u2013 jest stosowny na ka\u017cd\u0105 okazj\u0119, \u015bwietnie sprawdzi si\u0119 w ka\u017cdej porze roku, dodatkowo wykonanie z flauszu sprawia, \u017ce<\/p>\n<div class=\"klb-readmore post-buttons\"><a class=\"button black outline size-sm\" href=\"https:\/\/madelinefashion.pl\/sk\/plaszcz-maxi-czarny-z-flauszu\/\">\u010c\u00edta\u0165 \u010falej <i class=\"klbth-icon-right-arrow\"><\/i><\/a><\/div>","protected":false},"featured_media":60170,"template":"","meta":[],"product_brand":[],"product_cat":[120,279],"product_tag":[510,285],"class_list":{"0":"post-5833","1":"product","2":"type-product","3":"status-publish","4":"has-post-thumbnail","6":"product_cat-plaszcze-dlugie","7":"product_cat-plaszcze-wiosenne","8":"product_tag-plaszcze-flauszowe","9":"product_tag-plaszcze-maxi","11":"first","12":"instock","13":"sale","14":"purchasable","15":"product-type-simple"},"_links":{"self":[{"href":"https:\/\/madelinefashion.pl\/sk\/wp-json\/wp\/v2\/product\/5833","targetHints":{"allow":["GET"]}}],"collection":[{"href":"https:\/\/madelinefashion.pl\/sk\/wp-json\/wp\/v2\/product"}],"about":[{"href":"https:\/\/madelinefashion.pl\/sk\/wp-json\/wp\/v2\/types\/product"}],"wp:featuredmedia":[{"embeddable":true,"href":"https:\/\/madelinefashion.pl\/sk\/wp-json\/wp\/v2\/media\/60170"}],"wp:attachment":[{"href":"https:\/\/madelinefashion.pl\/sk\/wp-json\/wp\/v2\/media?parent=5833"}],"wp:term":[{"taxonomy":"product_brand","embeddable":true,"href":"https:\/\/madelinefashion.pl\/sk\/wp-json\/wp\/v2\/product_brand?post=5833"},{"taxonomy":"product_cat","embeddable":true,"href":"https:\/\/madelinefashion.pl\/sk\/wp-json\/wp\/v2\/product_cat?post=5833"},{"taxonomy":"product_tag","embeddable":true,"href":"https:\/\/madelinefashion.pl\/sk\/wp-json\/wp\/v2\/product_tag?post=5833"}],"curies":[{"name":"pracovn\u00fd list","href":"https:\/\/api.w.org\/{rel}","templated":true}]}}