{"id":584787,"date":"2025-11-20T16:19:47","date_gmt":"2025-11-20T15:19:47","guid":{"rendered":"https:\/\/madelinefashion.pl\/?post_type=product&#038;p=584787"},"modified":"2026-03-24T22:42:47","modified_gmt":"2026-03-24T21:42:47","slug":"sukienka-cekinowa-hiszpanka-iman-czarna","status":"publish","type":"product","link":"https:\/\/madelinefashion.pl\/sk\/sukienka-cekinowa-hiszpanka-iman-czarna\/","title":{"rendered":"\u010cierne flitrovan\u00e9 \u0161panielske \u0161aty Iman"},"content":{"rendered":"<h3 style=\"text-align: center;\">\u010cierne flitrovan\u00e9 \u0161panielske \u0161aty Iman<\/h3>\n<p style=\"text-align: center;\"><span style=\"font-size: 10pt;\">Pi\u0119kna d\u0142uga suknia wieczorowa zdobiona cekinami. Pi\u0119knie eksponuje kobiece kszta\u0142ty. D\u0142uga suknia posiada seksownie wyci\u0119ty dekolt. <strong>Efekt dop\u013a\u0148a ve\u013ek\u00fd strih odha\u013euj\u00faci nohu. <\/strong>\u0160aty dokonale zd\u00f4raz\u0148uj\u00fa \u017eensk\u00e9 tvary - mega <strong>vybaven\u00e9<\/strong> ur\u010dite pritiahne pozornos\u0165 ostatn\u00fdch. <strong>\u0160aty <\/strong>d\u00e1 sa nosi\u0165 aj klasicky na ramen\u00e1ch. <\/span><span style=\"font-size: 10pt;\">Zozn\u00e1mte sa s na\u0161ou ponukou <strong><a href=\"https:\/\/madelinefashion.pl\/sk\/sukienki-i-kombinezony\/sukienki-okolicznosciowe\/\">ve\u010dern\u00e9 \u0161aty<\/a>\u00a0a vyberte si model, <\/strong>v ktorom budete <strong>vyzera\u0165 ako hviezda a vy\u010dnieva\u0165 z davu. Maxi \u0161aty sa vo svetle l\u00e1mp rozpr\u00e1vkovo trblietaj\u00fa. <\/strong>Nem\u00f4\u017eete by\u0165 k tomu \u013eahostajn\u00ed.<strong> Maxi \u0161aty a\u017e po zem.<\/strong><\/span><span style=\"font-size: 10pt;\"> \u0160aty maj\u00fa vpredu v\u0161it\u00e9 ko\u0161\u00ed\u010dky, tak\u017ee nemus\u00edte nosi\u0165 podprsenku. Vyroben\u00e9 a \u0161it\u00e9 v Po\u013esku. <strong>\u0160aty <\/strong>k dispoz\u00edcii <\/span><span style=\"font-size: 10pt;\">\u00a0vo ve\u013ekostiach <strong>\u00a036, 38<\/strong> , <strong>40<\/strong>\u00a0 . \u0160aty z <strong>Madelinefashion.pl<\/strong> je vynikaj\u00facou vo\u013ebou na svadbu, ples, Silvestra a in\u00e9 elegantn\u00e9 \u0161peci\u00e1lne udalosti. Dostupn\u00e9 na na\u0161om e-shope vo viacer\u00fdch farebn\u00fdch variantoch, tak nev\u00e1hajte a vyberte si t\u00fa, ktor\u00e1 je pre v\u00e1s ako stvoren\u00e1. Ak sa neviete rozhodn\u00fa\u0165 ak\u00fa farbu, <strong>ve\u013ekos\u0165<\/strong> je pre v\u00e1s to najlep\u0161ie <strong>kontaktuj n\u00e1s<\/strong> cez <a href=\"https:\/\/www.facebook.com\/madelinefashionbutik\" target=\"_blank\" rel=\"noopener\">Facebook<\/a> alebo <a href=\"https:\/\/madelinefashion.pl\/sk\/kontakt\/\">telef\u00f3n<\/a>. Ak ve\u013ekos\u0165 nie je na str\u00e1nke, kontaktujte n\u00e1s.\u00a0<\/span><\/p>\n<h3 style=\"text-align: center;\">ROZMERY \u0161iat:<\/h3>\n<table class=\"table\" width=\"556\">\n<tbody>\n<tr>\n<td><strong>VE\u013dKOS\u0164<\/strong><\/td>\n<td><strong>poprsia<\/strong><\/td>\n<td><strong>P\u00e1s<\/strong><\/td>\n<td><strong>Boky<\/strong><\/td>\n<\/tr>\n<tr>\n<td><strong>34<\/strong><\/td>\n<td>84-86<\/td>\n<td>64-68<\/td>\n<td>\u00a082-90<\/td>\n<\/tr>\n<tr>\n<td><strong>36<\/strong><\/td>\n<td>88-90<\/td>\n<td>68-72<\/td>\n<td>\u00a086-92<\/td>\n<\/tr>\n<tr>\n<td><strong>38<\/strong><\/td>\n<td>92-94<\/td>\n<td>72-76<\/td>\n<td>\u00a090-96<\/td>\n<\/tr>\n<tr>\n<td><strong>40<\/strong><\/td>\n<td>96-98<\/td>\n<td>76-80<\/td>\n<td>\u00a094-106<\/td>\n<\/tr>\n<tr>\n<td><\/td>\n<td><\/td>\n<td><\/td>\n<td><\/td>\n<\/tr>\n<tr>\n<td><\/td>\n<td><\/td>\n<td><\/td>\n<td><\/td>\n<\/tr>\n<\/tbody>\n<\/table>\n<p>&nbsp;<\/p>\n<p>&nbsp;<\/p>\n<p style=\"text-align: center;\">celkov\u00e1 d\u013a\u017eka cca 157 cm<\/p>\n<p style=\"text-align: center;\">\u0160aty s\u00fa dostupn\u00e9 aj v in\u00fdch farb\u00e1ch - odpor\u00fa\u010dame v\u00e1m zozn\u00e1mi\u0165 sa s na\u0161imi \u010fal\u0161\u00edmi produktmi.<\/p>\n<p style=\"text-align: center;\">Rozmery sa m\u00f4\u017eu mierne l\u00ed\u0161i\u0165 od uveden\u00fdch +\/- 2cm.<\/p>\n<p style=\"text-align: center;\"><strong>\u00a0<\/strong><\/p>\n<p>&nbsp;<\/p>\n<table>\n<tbody>\n<tr>\n<td width=\"302\">Meno modela<\/td>\n<td width=\"302\">\u010cierne flitrovan\u00e9 \u0161panielske \u0161aty Iman<\/td>\n<\/tr>\n<tr>\n<td width=\"302\">Farba<\/td>\n<td width=\"302\">\u010dierna<\/td>\n<\/tr>\n<tr>\n<td width=\"302\">Ozdoby<\/td>\n<td width=\"302\">Flitre<\/td>\n<\/tr>\n<tr>\n<td width=\"302\">ve\u013ekosti<\/td>\n<td width=\"302\">36 38 40<\/td>\n<\/tr>\n<tr>\n<td width=\"302\">M\u00f3da<\/td>\n<td width=\"302\">Zhoda<\/td>\n<\/tr>\n<tr>\n<td width=\"302\">Materi\u00e1l<\/td>\n<td width=\"302\">Visk\u00f3za, polyester, bavlna<\/td>\n<\/tr>\n<tr>\n<td width=\"302\">D\u013a\u017eka<\/td>\n<td width=\"302\">Na zem<\/td>\n<\/tr>\n<\/tbody>\n<\/table>\n<p>&nbsp;<\/p>\n<p style=\"text-align: center;\">Aby ste si vybrali\u00a0<strong>perfektn\u00e9 \u0161aty<\/strong>\u00a0kontaktujte n\u00e1s pros\u00edm telefonicky alebo cez n\u00e1\u0161 facebook.<br \/>\nN\u00e1\u0161 t\u00edm v\u00e1m pom\u00f4\u017ee\u00a0<strong>Vyberte si ten spr\u00e1vny<\/strong>\u00a0.\u00a0<strong>Na \u017eelanie kupuj\u00faceho vyrob\u00edme ak\u00e9ko\u013evek \u0161aty\u00a0<\/strong><strong>opatrne mera\u0165.\u00a0<\/strong><\/p>\n<div class=\"additional-details\">\n<p style=\"text-align: center;\">\n<\/div>","protected":false},"excerpt":{"rendered":"<p>Sukienka Cekinowa Hiszpanka Iman Czarna Pi\u0119kna d\u0142uga suknia wieczorowa zdobiona cekinami. Pi\u0119knie eksponuje kobiece kszta\u0142ty. D\u0142uga suknia posiada seksownie wyci\u0119ty dekolt. Efektu dope\u0142nia du\u017ce rozci\u0119cie ods\u0142aniaj\u0105ce nog\u0119. Sukienka \u015bwietnie podkre\u015bla kobiece kszta\u0142ty- mega dopasowana z ca\u0142\u0105 pewno\u015bci\u0105 skupi uwag\u0119 innych. Sukienk\u0119 mo\u017cna r\u00f3wnie\u017c nosi\u0107 klasycznie na ramionach. Zapoznaj si\u0119 z nasz\u0105 ofert\u0105 sukni wieczorowych\u00a0i wybierz<\/p>\n<div class=\"klb-readmore post-buttons\"><a class=\"button black outline size-sm\" href=\"https:\/\/madelinefashion.pl\/sk\/sukienka-cekinowa-hiszpanka-iman-czarna\/\">\u010c\u00edta\u0165 \u010falej <i class=\"klbth-icon-right-arrow\"><\/i><\/a><\/div>","protected":false},"featured_media":584786,"template":"","meta":[],"product_brand":[],"product_cat":[124,395,558],"product_tag":[213,257,163],"class_list":{"0":"post-584787","1":"product","2":"type-product","3":"status-publish","4":"has-post-thumbnail","6":"product_cat-sukienki-okolicznosciowe","7":"product_cat-nowosci","8":"product_cat-sukienki-cekinowe","9":"product_tag-sukienka-czarna","10":"product_tag-madelinefashion","11":"product_tag-sukienki-dlugie","13":"first","14":"instock","15":"sale","16":"purchasable","17":"product-type-variable"},"_links":{"self":[{"href":"https:\/\/madelinefashion.pl\/sk\/wp-json\/wp\/v2\/product\/584787","targetHints":{"allow":["GET"]}}],"collection":[{"href":"https:\/\/madelinefashion.pl\/sk\/wp-json\/wp\/v2\/product"}],"about":[{"href":"https:\/\/madelinefashion.pl\/sk\/wp-json\/wp\/v2\/types\/product"}],"wp:featuredmedia":[{"embeddable":true,"href":"https:\/\/madelinefashion.pl\/sk\/wp-json\/wp\/v2\/media\/584786"}],"wp:attachment":[{"href":"https:\/\/madelinefashion.pl\/sk\/wp-json\/wp\/v2\/media?parent=584787"}],"wp:term":[{"taxonomy":"product_brand","embeddable":true,"href":"https:\/\/madelinefashion.pl\/sk\/wp-json\/wp\/v2\/product_brand?post=584787"},{"taxonomy":"product_cat","embeddable":true,"href":"https:\/\/madelinefashion.pl\/sk\/wp-json\/wp\/v2\/product_cat?post=584787"},{"taxonomy":"product_tag","embeddable":true,"href":"https:\/\/madelinefashion.pl\/sk\/wp-json\/wp\/v2\/product_tag?post=584787"}],"curies":[{"name":"pracovn\u00fd list","href":"https:\/\/api.w.org\/{rel}","templated":true}]}}