{"id":585145,"date":"2025-11-25T10:48:02","date_gmt":"2025-11-25T09:48:02","guid":{"rendered":"https:\/\/madelinefashion.pl\/?post_type=product&#038;p=585145"},"modified":"2026-04-24T16:50:27","modified_gmt":"2026-04-24T14:50:27","slug":"sukienka-tiulowa-na-ramiaczkach-fererro-czarna-z-zielenia","status":"publish","type":"product","link":"https:\/\/madelinefashion.pl\/sk\/sukienka-tiulowa-na-ramiaczkach-fererro-czarna-z-zielenia\/","title":{"rendered":"\u010cierno-zelen\u00e9 tylov\u00e9 \u0161aty Fererro s ramienkami"},"content":{"rendered":"<h3 style=\"text-align: center;\">\u010cierno-zelen\u00e9 tylov\u00e9 \u0161aty Fererro s ramienkami<\/h3>\n<p style=\"text-align: center;\"><strong>\u00a0Kr\u00e1sne dlh\u00e9 pr\u00e9miov\u00e9 ve\u010dern\u00e9 \u0161aty z tylu<\/strong>. Kr\u00e1sne zv\u00fdraz\u0148uj\u00fa \u017eensk\u00e9 krivky \u2013 s\u00fa vyroben\u00e9 z jemn\u00e9ho, vzdu\u0161n\u00e9ho tylu. \u0160aty kr\u00e1sne zv\u00fdraz\u0148uj\u00fa chrb\u00e1t. Tieto ramienka maj\u00fa kr\u00e1sny, v\u00fdrazn\u00fd vrch. Vpredu maj\u00fa v\u0161it\u00e9 ko\u0161\u00ed\u010dky, v\u010faka \u010domu nie je potrebn\u00e1 podprsenka. Tieto korzetov\u00e9 \u0161aty s kr\u00e1sne zdoben\u00fdm vrchom a tylovou suk\u0148ou s\u00fa stelesnen\u00edm elegancie a \u017eenskosti, ide\u00e1lne na \u0161peci\u00e1lne pr\u00edle\u017eitosti. Vrchn\u00e1 \u010das\u0165 \u0161iat m\u00e1 priliehav\u00fd korzet s podporn\u00fdmi ko\u0161\u00ed\u010dkami, ktor\u00e9 zv\u00fdraz\u0148uj\u00fa p\u00e1s a siluetu. V\u00fd\u0161ivka a trblietav\u00e9 kri\u0161t\u00e1\u013eov\u00e9 ozdoby dod\u00e1vaj\u00fa \u0161at\u00e1m jedine\u010dn\u00fd n\u00e1dych. Tenk\u00e9 ramienka sa zav\u00e4zuj\u00fa vzadu pre dokonal\u00e9 padnutie. Dostupn\u00e9 vo ve\u013ekostiach XS SML. Ak sa neviete rozhodn\u00fa\u0165, ktor\u00fa farbu si vybra\u0165, <strong>ve\u013ekos\u0165<\/strong> je pre v\u00e1s to najlep\u0161ie <strong>kontaktuj n\u00e1s<\/strong> cez <a href=\"https:\/\/www.facebook.com\/madelinefashionbutik\" target=\"_blank\" rel=\"noopener\">Facebook<\/a> alebo <a href=\"https:\/\/madelinefashion.pl\/sk\/kontakt\/\">telef\u00f3n<\/a>. Ak ve\u013ekos\u0165 nie je na str\u00e1nke, kontaktujte n\u00e1s.<\/p>\n<h3 style=\"text-align: center;\">ROZMERY \u0161iat:<\/h3>\n<p><img fetchpriority=\"high\" decoding=\"async\" class=\"size-medium wp-image-16801 aligncenter\" src=\"https:\/\/madelinefashion.pl\/wp-content\/uploads\/2021\/08\/wymiary-suknia-300x194.png\" alt=\"\" width=\"300\" height=\"194\" title=\"\"><\/p>\n<table width=\"500\">\n<tbody>\n<tr>\n<td><strong>VE\u013dKOS\u0164<\/strong><\/td>\n<td><strong>poprsia<\/strong><\/td>\n<td><strong>P\u00e1s<\/strong><\/td>\n<td width=\"73\"><strong>Boky<\/strong><\/td>\n<\/tr>\n<tr>\n<td><strong>34<\/strong><\/td>\n<td>84-86<\/td>\n<td>64<\/td>\n<td width=\"73\">\u00a0ak\u00fdko\u013evek<\/td>\n<\/tr>\n<tr>\n<td><strong>36<\/strong><\/td>\n<td>88-90<\/td>\n<td>68<\/td>\n<td width=\"73\">\u00a0ak\u00fdko\u013evek<\/td>\n<\/tr>\n<tr>\n<td><strong>38<\/strong><\/td>\n<td>\u00a092-94<\/td>\n<td>72<\/td>\n<td width=\"73\">\u00a0ak\u00fdko\u013evek<\/td>\n<\/tr>\n<tr>\n<td><strong>40<\/strong><\/td>\n<td>96-98<\/td>\n<td>76<\/td>\n<td width=\"73\">\u00a0ak\u00fdko\u013evek<\/td>\n<\/tr>\n<\/tbody>\n<\/table>\n<p style=\"text-align: center;\"><span style=\"font-size: 10pt;\">\u00a0<\/span><\/p>\n<p style=\"text-align: center;\"><span style=\"font-size: 10pt;\">celkov\u00e1 d\u013a\u017eka cca 157 cm\u00a0\u00a0<\/span><\/p>\n<p style=\"text-align: center;\"><span style=\"font-size: 10pt;\">\u0160aty dostupn\u00e9 aj v <strong>in\u00e9 farebn\u00e9 varianty<\/strong> \u2013 odpor\u00fa\u010dame v\u00e1m zozn\u00e1mi\u0165 sa s na\u0161imi \u010fal\u0161\u00edmi produktmi.\u00a0<\/span><\/p>\n<p style=\"text-align: center;\"><span style=\"font-size: 10pt;\">Rozmery sa m\u00f4\u017eu mierne l\u00ed\u0161i\u0165 od uveden\u00fdch +\/- 2cm.\u00a0<\/span><\/p>\n<p style=\"text-align: center;\"><span style=\"font-size: 10pt;\"><strong>\u00a0<\/strong>\u00a0<\/span><\/p>\n<table style=\"height: 239px;\" width=\"757\">\n<tbody>\n<tr>\n<td width=\"302\">Meno modela<\/td>\n<td width=\"302\">Tylov\u00e9 \u0161aty Fererro s ramienkami<\/td>\n<\/tr>\n<tr>\n<td width=\"302\">Farba<\/td>\n<td width=\"302\">\u010cierna so zelenou<\/td>\n<\/tr>\n<tr>\n<td width=\"302\">Materi\u00e1l<\/td>\n<td width=\"302\">Tyl<\/td>\n<\/tr>\n<tr>\n<td width=\"302\">ve\u013ekosti<\/td>\n<td width=\"302\">\u00a034 36 38 40<\/td>\n<\/tr>\n<tr>\n<td width=\"302\">M\u00f3da<\/td>\n<td width=\"302\">Zhoda<\/td>\n<\/tr>\n<tr>\n<td width=\"302\">Materi\u00e1l<\/td>\n<td width=\"302\">Visk\u00f3za, polyester, bavlna<\/td>\n<\/tr>\n<tr>\n<td width=\"302\">D\u013a\u017eka<\/td>\n<td width=\"302\">Na zem<\/td>\n<\/tr>\n<\/tbody>\n<\/table>\n<p style=\"text-align: center;\"><span style=\"font-size: 10pt;\">* Pre v\u00e4\u010d\u0161ie ve\u013ekosti n\u00e1s pros\u00edm kontaktujte telefonicky\u00a0\u00a0<\/span><\/p>\n<p style=\"text-align: center;\"><span style=\"font-size: 10pt;\">Aby ste si vybrali <strong>perfektn\u00e9 \u0161aty<\/strong> kontaktujte n\u00e1s telefonicky alebo prostredn\u00edctvom na\u0161ej webovej str\u00e1nky <a href=\"https:\/\/www.facebook.com\/madelinefashionbutik\" target=\"_blank\" rel=\"noopener\">Facebook<\/a> .<\/span><br \/>\n<span style=\"font-size: 10pt;\">N\u00e1\u0161 t\u00edm v\u00e1m pom\u00f4\u017ee <strong>Vyberte si ten spr\u00e1vny<\/strong> . <strong>Na \u017eelanie kupuj\u00faceho vyrob\u00edme ak\u00e9ko\u013evek \u0161aty\u00a0<\/strong><strong>opatrne mera\u0165.\u00a0<\/strong><\/span><\/p>\n<div class=\"additional-details\" style=\"text-align: center;\">\n<p style=\"text-align: center;\"><span style=\"font-size: 10pt;\">\u00a0<\/span><\/p>\n<\/div>","protected":false},"excerpt":{"rendered":"<p>Tylov\u00e9 \u0161aty Fererro s ramienkami v \u010diernej farbe so zelenou. Kr\u00e1sne, dlh\u00e9, pr\u00e9miov\u00e9 tylov\u00e9 ve\u010dern\u00e9 \u0161aty. Vyroben\u00e9 z jemn\u00e9ho, vzdu\u0161n\u00e9ho tylu, kr\u00e1sne zv\u00fdraz\u0148uj\u00fa \u017eensk\u00e9 krivky. \u0160aty kr\u00e1sne zv\u00fdraz\u0148uj\u00fa chrb\u00e1t. Tieto ramienkov\u00e9 \u0161aty sa vyzna\u010duj\u00fa kr\u00e1snym, v\u00fdrazn\u00fdm \u017eiv\u00f4tikom. Vpredu maj\u00fa v\u0161it\u00e9 ko\u0161\u00ed\u010dky, v\u010faka \u010domu nie je potrebn\u00e1 podprsenka. Korzetov\u00e9 \u0161aty s kr\u00e1sne zdoben\u00fdm \u017eiv\u00f4tikom a tylom.<\/p>\n<div class=\"klb-readmore post-buttons\"><a class=\"button black outline size-sm\" href=\"https:\/\/madelinefashion.pl\/sk\/sukienka-tiulowa-na-ramiaczkach-fererro-czarna-z-zielenia\/\">\u010c\u00edta\u0165 \u010falej <i class=\"klbth-icon-right-arrow\"><\/i><\/a><\/div>","protected":false},"featured_media":585143,"template":"","meta":[],"product_brand":[],"product_cat":[124,395,692],"product_tag":[213,163],"class_list":{"0":"post-585145","1":"product","2":"type-product","3":"status-publish","4":"has-post-thumbnail","6":"product_cat-sukienki-okolicznosciowe","7":"product_cat-nowosci","8":"product_cat-sukienki-na-studniowke","9":"product_tag-sukienka-czarna","10":"product_tag-sukienki-dlugie","12":"first","13":"instock","14":"purchasable","15":"product-type-variable"},"_links":{"self":[{"href":"https:\/\/madelinefashion.pl\/sk\/wp-json\/wp\/v2\/product\/585145","targetHints":{"allow":["GET"]}}],"collection":[{"href":"https:\/\/madelinefashion.pl\/sk\/wp-json\/wp\/v2\/product"}],"about":[{"href":"https:\/\/madelinefashion.pl\/sk\/wp-json\/wp\/v2\/types\/product"}],"wp:featuredmedia":[{"embeddable":true,"href":"https:\/\/madelinefashion.pl\/sk\/wp-json\/wp\/v2\/media\/585143"}],"wp:attachment":[{"href":"https:\/\/madelinefashion.pl\/sk\/wp-json\/wp\/v2\/media?parent=585145"}],"wp:term":[{"taxonomy":"product_brand","embeddable":true,"href":"https:\/\/madelinefashion.pl\/sk\/wp-json\/wp\/v2\/product_brand?post=585145"},{"taxonomy":"product_cat","embeddable":true,"href":"https:\/\/madelinefashion.pl\/sk\/wp-json\/wp\/v2\/product_cat?post=585145"},{"taxonomy":"product_tag","embeddable":true,"href":"https:\/\/madelinefashion.pl\/sk\/wp-json\/wp\/v2\/product_tag?post=585145"}],"curies":[{"name":"pracovn\u00fd list","href":"https:\/\/api.w.org\/{rel}","templated":true}]}}