{"id":587641,"date":"2025-12-12T12:08:49","date_gmt":"2025-12-12T11:08:49","guid":{"rendered":"https:\/\/madelinefashion.pl\/?post_type=product&#038;p=587641"},"modified":"2026-04-10T15:05:36","modified_gmt":"2026-04-10T13:05:36","slug":"sukienka-na-ramiaczkach-syrenka-z-tiulem-seraphine-butelkowa-zielen","status":"publish","type":"product","link":"https:\/\/madelinefashion.pl\/sk\/sukienka-na-ramiaczkach-syrenka-z-tiulem-seraphine-butelkowa-zielen\/","title":{"rendered":"F\u013ea\u0161kovozelen\u00e9 tylov\u00e9 \u0161aty bez ramienok s morskou pannou Seraphine"},"content":{"rendered":"<h3 style=\"text-align: center;\">F\u013ea\u0161kovozelen\u00e9 tylov\u00e9 \u0161aty bez ramienok s morskou pannou Seraphine<\/h3>\n<p style=\"text-align: center;\" align=\"center\"><strong><span style=\"font-size: 10.0pt;\">\u00a0Kr\u00e1sne dlh\u00e9 ve\u010dern\u00e9 \u0161aty s ryb\u00edm chvostom z trblietav\u00e9ho tylu<\/span><\/strong><span style=\"font-size: 10.0pt;\">. Kr\u00e1sne zv\u00fdraz\u0148uj\u00fa \u017eensk\u00e9 krivky \u2013 s\u00fa vyroben\u00e9 z jemn\u00e9ho tylu. \u0160aty kr\u00e1sne zv\u00fdraz\u0148uj\u00fa chrb\u00e1t. Tieto \u0161aty bez ramienok sa vyzna\u010duj\u00fa kr\u00e1snym, v\u00fdrazn\u00fdm \u017eiv\u00f4tikom. Vpredu maj\u00fa v\u0161it\u00e9 ko\u0161\u00ed\u010dky, v\u010faka \u010domu nie je potrebn\u00e9 nosi\u0165 podprsenku. <span class=\"relative\">Korzetov\u00e9 \u0161aty s kr\u00e1sne zdoben\u00fdm vrchom a \u0161if\u00f3nov\u00fdm spodkom s\u00fa stelesnen\u00edm elegancie a \u017eenskosti, ide\u00e1lne na \u0161peci\u00e1lne pr\u00edle\u017eitosti.<\/span> <span class=\"relative\">Vrchn\u00e1 \u010das\u0165 \u0161iat tvor\u00ed priliehav\u00fd korzet s v\u00fdstu\u017en\u00fdmi ko\u0161\u00ed\u010dkami, ktor\u00fd zv\u00fdraz\u0148uje p\u00e1s a siluetu.<\/span> <span class=\"relative\">V\u00fd\u0161ivka a trblietav\u00e9 kri\u0161t\u00e1\u013eov\u00e9 ozdoby dod\u00e1vaj\u00fa \u0161at\u00e1m jedine\u010dn\u00fd n\u00e1dych. \u0160aty maj\u00fa tenk\u00e9 ramienka a korzetov\u00e9 \u0161nurovanie vzadu, ktor\u00e9 im umo\u017e\u0148uje perfektn\u00e9 strihanie. <\/span><\/span><span style=\"font-size: 10.0pt;\">Oslniv\u00e9 tylov\u00e9 \u0161aty <em data-start=\"183\" data-end=\"190\">ryby<\/em>, vytvoren\u00e1 pre \u017eeny, ktor\u00e9 miluj\u00fa eleganciu a faktor \u201ewow\u201d. Priliehav\u00fd top kr\u00e1sne zv\u00fdraz\u0148uje p\u00e1s a boky, zatia\u013e \u010do strih \u201eryb\u00ed chvost\u201c, ktor\u00fd sa smerom nadol roz\u0161iruje, dod\u00e1va siluete \u013eahkos\u0165 a jedine\u010dn\u00fd, ve\u010dern\u00fd charakter. <\/span><span style=\"font-size: 10.0pt;\">Vyroben\u00e9 z m\u00e4kk\u00e9ho, vrstven\u00e9ho tylu, pon\u00faka jemn\u00fd lesk a delik\u00e1tny, luxusn\u00fd vzh\u013ead. Ide\u00e1lne na stu\u017ekov\u00fa, svadbu, ples alebo ak\u00fako\u013evek \u0161peci\u00e1lnu pr\u00edle\u017eitos\u0165, ktor\u00e1 vy\u017eaduje bezchybn\u00fd \u0161t\u00fdl. <\/span><span style=\"font-size: 10.0pt;\">Dostupn\u00e9 vo ve\u013ekostiach S, M, L. Ak sa neviete rozhodn\u00fa\u0165, ktor\u00fa farbu... <strong>ve\u013ekos\u0165<\/strong> je pre v\u00e1s to najlep\u0161ie <strong>kontaktuj n\u00e1s<\/strong> cez <a href=\"https:\/\/www.facebook.com\/madelinefashionbutik\" target=\"_blank\" rel=\"noopener\">Facebook<\/a> alebo <a href=\"https:\/\/madelinefashion.pl\/sk\/kontakt\/\">telef\u00f3n<\/a>. Ak ve\u013ekos\u0165 nie je na str\u00e1nke, kontaktujte n\u00e1s.\u00a0<\/span><\/p>\n<h3 style=\"text-align: center;\">ROZMERY \u0161iat:<\/h3>\n<p>&nbsp;<\/p>\n<table width=\"556\">\n<tbody>\n<tr>\n<td><strong>VE\u013dKOS\u0164<\/strong><\/td>\n<td><strong>poprsia<\/strong><\/td>\n<td><strong>P\u00e1s<\/strong><\/td>\n<td><strong>Boky<\/strong><\/td>\n<\/tr>\n<tr>\n<td><strong>34<\/strong><\/td>\n<td>84-86<\/td>\n<td>64<\/td>\n<td>\u00a0ak\u00fdko\u013evek<\/td>\n<\/tr>\n<tr>\n<td><strong>36<\/strong><\/td>\n<td>88-90<\/td>\n<td>68<\/td>\n<td>\u00a0ak\u00fdko\u013evek<\/td>\n<\/tr>\n<tr>\n<td><strong>38<\/strong><\/td>\n<td>\u00a092-94<\/td>\n<td>72<\/td>\n<td>\u00a0ak\u00fdko\u013evek<\/td>\n<\/tr>\n<tr>\n<td><strong>40<\/strong><\/td>\n<td>96-98<\/td>\n<td>76<\/td>\n<td>\u00a0ak\u00fdko\u013evek<\/td>\n<\/tr>\n<\/tbody>\n<\/table>\n<p style=\"text-align: center;\"><span style=\"font-size: 10pt;\">celkov\u00e1 d\u013a\u017eka cca 157 cm\u00a0\u00a0<\/span><\/p>\n<p style=\"text-align: center;\"><span style=\"font-size: 10pt;\">\u0160aty dostupn\u00e9 aj v <strong>in\u00e9 farebn\u00e9 varianty<\/strong> \u2013 odpor\u00fa\u010dame v\u00e1m zozn\u00e1mi\u0165 sa s na\u0161imi \u010fal\u0161\u00edmi produktmi.\u00a0<\/span><\/p>\n<p style=\"text-align: center;\"><span style=\"font-size: 10pt;\">Rozmery sa m\u00f4\u017eu mierne l\u00ed\u0161i\u0165 od uveden\u00fdch +\/- 2cm.\u00a0<\/span><\/p>\n<p style=\"text-align: center;\"><span style=\"font-size: 10pt;\"><strong>\u00a0<\/strong>\u00a0<\/span><\/p>\n<table width=\"618\">\n<tbody>\n<tr>\n<td width=\"302\">Meno modela<\/td>\n<td width=\"302\">Tylov\u00e9 \u0161aty bez ramienok s morskou pannou Seraphine<\/td>\n<\/tr>\n<tr>\n<td width=\"302\">Farba<\/td>\n<td width=\"302\">F\u013ea\u0161a zelen\u00e1<\/td>\n<\/tr>\n<tr>\n<td width=\"302\">Materi\u00e1l<\/td>\n<td width=\"302\">Tyl<\/td>\n<\/tr>\n<tr>\n<td width=\"302\">ve\u013ekosti<\/td>\n<td width=\"302\">\u00a034 36 38<\/td>\n<\/tr>\n<tr>\n<td width=\"302\">M\u00f3da<\/td>\n<td width=\"302\">Vzplanul<\/td>\n<\/tr>\n<tr>\n<td width=\"302\">Materi\u00e1l<\/td>\n<td width=\"302\">Visk\u00f3za, Polyester,<\/td>\n<\/tr>\n<tr>\n<td width=\"302\">D\u013a\u017eka<\/td>\n<td width=\"302\">Na zem<\/td>\n<\/tr>\n<\/tbody>\n<\/table>\n<p style=\"text-align: center;\"><span style=\"font-size: 10pt;\">* Pre v\u00e4\u010d\u0161ie ve\u013ekosti n\u00e1s pros\u00edm kontaktujte telefonicky\u00a0\u00a0<\/span><\/p>\n<p style=\"text-align: center;\"><span style=\"font-size: 10pt;\">Aby ste si vybrali <strong>perfektn\u00e9 \u0161aty<\/strong> kontaktujte n\u00e1s telefonicky alebo prostredn\u00edctvom na\u0161ej webovej str\u00e1nky <a href=\"https:\/\/www.facebook.com\/madelinefashionbutik\" target=\"_blank\" rel=\"noopener\">Facebook<\/a> .<\/span><br \/>\n<span style=\"font-size: 10pt;\">N\u00e1\u0161 t\u00edm v\u00e1m pom\u00f4\u017ee <strong>Vyberte si ten spr\u00e1vny<\/strong> . <strong>Na \u017eelanie kupuj\u00faceho vyrob\u00edme ak\u00e9ko\u013evek \u0161aty\u00a0<\/strong><strong>opatrne mera\u0165.\u00a0<\/strong><\/span><\/p>\n<div class=\"additional-details\" style=\"text-align: center;\">\n<p style=\"text-align: center;\"><span style=\"font-size: 10pt;\">\u00a0<\/span><\/p>\n<\/div>","protected":false},"excerpt":{"rendered":"<p>Tylov\u00e9 \u0161aty Seraphine s ramienkami a mot\u00edvom morskej panny vo f\u013ea\u0161kovo zelenej farbe. Kr\u00e1sne, dlh\u00e9 ve\u010dern\u00e9 \u0161aty s ryb\u00edm chvostom z trblietav\u00e9ho tylu. Vyroben\u00e9 z jemn\u00e9ho tylu, kr\u00e1sne zv\u00fdraz\u0148uj\u00fa \u017eensk\u00e9 krivky. \u0160aty kr\u00e1sne zv\u00fdraz\u0148uj\u00fa chrb\u00e1t. Tieto ramienkov\u00e9 \u0161aty sa vyzna\u010duj\u00fa kr\u00e1snym, v\u00fdrazn\u00fdm \u017eiv\u00f4tikom. Vpredu maj\u00fa v\u0161it\u00e9 ko\u0161\u00ed\u010dky, v\u010faka \u010domu nie je potrebn\u00e1 podprsenka. Korzetov\u00e9 \u0161aty s kr\u00e1sne zdoben\u00fdm \u017eiv\u00f4tikom.<\/p>\n<div class=\"klb-readmore post-buttons\"><a class=\"button black outline size-sm\" href=\"https:\/\/madelinefashion.pl\/sk\/sukienka-na-ramiaczkach-syrenka-z-tiulem-seraphine-butelkowa-zielen\/\">\u010c\u00edta\u0165 \u010falej <i class=\"klbth-icon-right-arrow\"><\/i><\/a><\/div>","protected":false},"featured_media":587537,"template":"","meta":[],"product_brand":[],"product_cat":[124,395,692,561],"product_tag":[163,535],"class_list":{"0":"post-587641","1":"product","2":"type-product","3":"status-publish","4":"has-post-thumbnail","6":"product_cat-sukienki-okolicznosciowe","7":"product_cat-nowosci","8":"product_cat-sukienki-na-studniowke","9":"product_cat-sukienki-tiulowe","10":"product_tag-sukienki-dlugie","11":"product_tag-zielone-sukienki","13":"first","14":"instock","15":"sale","16":"purchasable","17":"product-type-variable"},"_links":{"self":[{"href":"https:\/\/madelinefashion.pl\/sk\/wp-json\/wp\/v2\/product\/587641","targetHints":{"allow":["GET"]}}],"collection":[{"href":"https:\/\/madelinefashion.pl\/sk\/wp-json\/wp\/v2\/product"}],"about":[{"href":"https:\/\/madelinefashion.pl\/sk\/wp-json\/wp\/v2\/types\/product"}],"wp:featuredmedia":[{"embeddable":true,"href":"https:\/\/madelinefashion.pl\/sk\/wp-json\/wp\/v2\/media\/587537"}],"wp:attachment":[{"href":"https:\/\/madelinefashion.pl\/sk\/wp-json\/wp\/v2\/media?parent=587641"}],"wp:term":[{"taxonomy":"product_brand","embeddable":true,"href":"https:\/\/madelinefashion.pl\/sk\/wp-json\/wp\/v2\/product_brand?post=587641"},{"taxonomy":"product_cat","embeddable":true,"href":"https:\/\/madelinefashion.pl\/sk\/wp-json\/wp\/v2\/product_cat?post=587641"},{"taxonomy":"product_tag","embeddable":true,"href":"https:\/\/madelinefashion.pl\/sk\/wp-json\/wp\/v2\/product_tag?post=587641"}],"curies":[{"name":"pracovn\u00fd list","href":"https:\/\/api.w.org\/{rel}","templated":true}]}}