{"id":587697,"date":"2025-12-12T12:49:04","date_gmt":"2025-12-12T11:49:04","guid":{"rendered":"https:\/\/madelinefashion.pl\/?post_type=product&#038;p=587697"},"modified":"2026-04-08T15:34:36","modified_gmt":"2026-04-08T13:34:36","slug":"futerko-krotkie-dlugi-wlos-ecru-z-kolnierzem","status":"publish","type":"product","link":"https:\/\/madelinefashion.pl\/sk\/futerko-krotkie-dlugi-wlos-ecru-z-kolnierzem\/","title":{"rendered":"Kr\u00e1tke dlh\u00e9 vlasy ecru s golierom"},"content":{"rendered":"<h3 style=\"text-align: center;\">Kr\u00e1tke dlh\u00e9 vlasy ecru s golierom<\/h3>\n<p style=\"text-align: center;\">H\u013ead\u00e1te jedine\u010dn\u00fd k\u00fasok vrchn\u00e9ho oble\u010denia na \u0161peci\u00e1lne pr\u00edle\u017eitosti alebo na ka\u017edodenn\u00e9 nosenie? <strong data-start=\"358\" data-end=\"410\">Kr\u00e1tka ko\u017eu\u0161ina s dlh\u00fdm vlasom v ecru farbe<\/strong>\u00a0Je to kombin\u00e1cia \u0161t\u00fdlu, pohodlia a elegancie. Tento model s v\u00fdrazn\u00fdm golierom dod\u00e1va n\u00e1dych \u0161iku a noblesy a vylep\u0161uje ak\u00fdko\u013evek outfit \u2013 od ve\u010dern\u00fdch \u0161iat a\u017e po le\u017e\u00e9rny vzh\u013ead s d\u017e\u00ednsami.<\/p>\n<p style=\"text-align: center;\">Rozmery:<\/p>\n<p style=\"text-align: center;\"><strong>S\/M<\/strong><\/p>\n<p style=\"text-align: center;\">Celkov\u00e1 d\u013a\u017eka: 45 cm<br \/>\n\u0160\u00edrka od pazuchy po pazuchu: 56 cm x 2<br \/>\nD\u013a\u017eka ruk\u00e1va od ramena: 61 cm<br \/>\nD\u013a\u017eka ruk\u00e1va od podpazu\u0161ia: 44 cm<\/p>\n<p style=\"text-align: center;\"><strong>L\/XL<\/strong><\/p>\n<p style=\"text-align: center;\">Celkov\u00e1 d\u013a\u017eka: 47 cm<br \/>\n\u0160\u00edrka od podpazu\u0161ia k podpazu\u0161iu: 60 cm x 2<br \/>\nD\u013a\u017eka ruk\u00e1va od ramena: 65 cm<br \/>\nD\u013a\u017eka ruk\u00e1va od podpazu\u0161ia: 46 cm<\/p>\n<p style=\"text-align: center;\">zlo\u017eenie:<\/p>\n<p style=\"text-align: center;\">Polyester 100%<\/p>\n<p>Rozmery sa m\u00f4\u017eu mierne l\u00ed\u0161i\u0165 od uveden\u00fdch +\/- 2cm. V\u0161etky uveden\u00e9 rozmery s\u00fa <strong>meran\u00fd byt<\/strong>.\u00a0<strong>rozmer x2<\/strong><\/p>\n<table width=\"605\">\n<tbody>\n<tr>\n<td width=\"302\">Meno modela<\/td>\n<td width=\"302\">Kr\u00e1tke dlh\u00e9 vlasy ecru s golierom<\/td>\n<\/tr>\n<tr>\n<td width=\"302\">Farba<\/td>\n<td width=\"302\">Ecru<\/td>\n<\/tr>\n<tr>\n<td width=\"302\">ve\u013ekosti<\/td>\n<td width=\"302\">\u00a0S\/ML\/XL<\/td>\n<\/tr>\n<tr>\n<td width=\"302\">Zbierka<\/td>\n<td width=\"302\">jar\/jese\u0148\/zima<\/td>\n<\/tr>\n<tr>\n<td width=\"302\">Obojok<\/td>\n<td width=\"302\">\u00c1no<\/td>\n<\/tr>\n<tr>\n<td width=\"302\">Kvalita<\/td>\n<td width=\"302\">Premium<\/td>\n<\/tr>\n<tr>\n<td width=\"302\">zap\u00ednanie<\/td>\n<td width=\"302\">Napa<\/td>\n<\/tr>\n<\/tbody>\n<\/table>\n<p style=\"text-align: center;\">Model m\u00e1\u00a0<strong>169<\/strong>\u00a0cm vysok\u00fd, nos\u00ed ve\u013ekos\u0165 ka\u017ed\u00fd de\u0148\u00a0<strong>S<\/strong><\/p>\n<p style=\"text-align: center;\">\u0160\u00edrka hrudn\u00edka 91 cm<\/p>\n<p style=\"text-align: center;\">\u0160\u00edrka p\u00e1su 71 cm<\/p>\n<p style=\"text-align: center;\">\u0160\u00edrka bokov 96 cm<\/p>\n<p style=\"text-align: center;\"><span style=\"font-size: 10pt;\">\u00a0<\/span><\/p>\n<p style=\"text-align: center;\">","protected":false},"excerpt":{"rendered":"<p>Kr\u00e1tky, dlh\u00fd vlas z ecru ko\u017eu\u0161iny s golierom. H\u013ead\u00e1te jedine\u010dn\u00fd k\u00fasok vrchn\u00e9ho oble\u010denia na \u0161peci\u00e1lne pr\u00edle\u017eitosti alebo ka\u017edodenn\u00e9 v\u00fdlety? Tento kr\u00e1tky, dlh\u00fd vlas z ecru ko\u017eu\u0161iny kombinuje \u0161t\u00fdl, pohodlie a eleganciu. V\u010faka v\u00fdrazn\u00e9mu golieru dod\u00e1va n\u00e1dych \u0161iku a noblesy a vylep\u0161uje ka\u017ed\u00fd outfit \u2013 od ve\u010dern\u00fdch \u0161iat a\u017e po le\u017e\u00e9rny vzh\u013ead s d\u017e\u00ednsami. Rozmery: S\/M Celkov\u00e1 d\u013a\u017eka: 45 cm<\/p>\n<div class=\"klb-readmore post-buttons\"><a class=\"button black outline size-sm\" href=\"https:\/\/madelinefashion.pl\/sk\/futerko-krotkie-dlugi-wlos-ecru-z-kolnierzem\/\">\u010c\u00edta\u0165 \u010falej <i class=\"klbth-icon-right-arrow\"><\/i><\/a><\/div>","protected":false},"featured_media":587559,"template":"","meta":[],"product_brand":[],"product_cat":[117,395],"product_tag":[],"class_list":{"0":"post-587697","1":"product","2":"type-product","3":"status-publish","4":"has-post-thumbnail","6":"product_cat-kurtki","7":"product_cat-nowosci","8":"pa_rozmiar-m-l","9":"pa_rozmiar-s-m","11":"first","12":"instock","13":"sale","14":"purchasable","15":"product-type-variable"},"_links":{"self":[{"href":"https:\/\/madelinefashion.pl\/sk\/wp-json\/wp\/v2\/product\/587697","targetHints":{"allow":["GET"]}}],"collection":[{"href":"https:\/\/madelinefashion.pl\/sk\/wp-json\/wp\/v2\/product"}],"about":[{"href":"https:\/\/madelinefashion.pl\/sk\/wp-json\/wp\/v2\/types\/product"}],"wp:featuredmedia":[{"embeddable":true,"href":"https:\/\/madelinefashion.pl\/sk\/wp-json\/wp\/v2\/media\/587559"}],"wp:attachment":[{"href":"https:\/\/madelinefashion.pl\/sk\/wp-json\/wp\/v2\/media?parent=587697"}],"wp:term":[{"taxonomy":"product_brand","embeddable":true,"href":"https:\/\/madelinefashion.pl\/sk\/wp-json\/wp\/v2\/product_brand?post=587697"},{"taxonomy":"product_cat","embeddable":true,"href":"https:\/\/madelinefashion.pl\/sk\/wp-json\/wp\/v2\/product_cat?post=587697"},{"taxonomy":"product_tag","embeddable":true,"href":"https:\/\/madelinefashion.pl\/sk\/wp-json\/wp\/v2\/product_tag?post=587697"}],"curies":[{"name":"pracovn\u00fd list","href":"https:\/\/api.w.org\/{rel}","templated":true}]}}