{"id":588555,"date":"2025-12-18T11:13:26","date_gmt":"2025-12-18T10:13:26","guid":{"rendered":"https:\/\/madelinefashion.pl\/?post_type=product&#038;p=588555"},"modified":"2026-04-10T14:43:00","modified_gmt":"2026-04-10T12:43:00","slug":"sukienka-z-krysztalami-iris-czarna-premium","status":"publish","type":"product","link":"https:\/\/madelinefashion.pl\/sk\/sukienka-z-krysztalami-iris-czarna-premium\/","title":{"rendered":"\u010cierne pr\u00e9miov\u00e9 kri\u0161t\u00e1\u013eov\u00e9 \u0161aty Iris"},"content":{"rendered":"<h3 style=\"text-align: center;\">\u010cierne pr\u00e9miov\u00e9 kri\u0161t\u00e1\u013eov\u00e9 \u0161aty Iris<\/h3>\n<p style=\"text-align: center;\"><strong>Fenomen\u00e1lne dlh\u00e9<\/strong>, Priliehav\u00e9 \u0161aty s rozparkom, ktor\u00fd odha\u013euje nohy. Extravagantn\u00e1 kre\u00e1cia pre fan\u00fa\u0161ikov sofistikovan\u00e9ho a origin\u00e1lneho \u0161t\u00fdlu. <strong>\u0160aty s irisovou potla\u010dou<\/strong> Toto je jedin\u00fd vzh\u013ead, ktor\u00fd o\u010dar\u00ed ka\u017ed\u00e9ho! Tento \u0161t\u00fdl je u\u0161it\u00fd na mieru! Pozrime sa bli\u017e\u0161ie: \u0161t\u00fdl band\u00e1\u017ee v klasickom odtieni \u010diernej zv\u00fdrazn\u00ed ka\u017ed\u00fd v\u00e1\u0161 pohyb. Drahokamov\u00e1 \u00faprava dod\u00e1va \u0161t\u00fdlu extra \u0161mrnc. Tento jedine\u010dn\u00fd detail dod\u00e1va \u0161t\u00fdlu n\u00e1dych elegancie. <strong>o\u010daruj\u00faci \u0161t\u00fdl<\/strong> a vytv\u00e1ra jedine\u010dn\u00fd vzor, ktor\u00fd kr\u00e1sne <strong>bude kl\u00e1s\u0165 d\u00f4raz<\/strong> \u0160aty maj\u00fa silik\u00f3nov\u00e9 ramienka, ktor\u00e9 si m\u00f4\u017eete prisp\u00f4sobi\u0165 svojim potreb\u00e1m. Model Iris sa zap\u00edna na zips vzadu. Dostupn\u00e9 vo ve\u013ekostiach S, M, L. <strong>MadelineFashion<\/strong> Je to perfektn\u00e1 vo\u013eba na svadby, stu\u017ekov\u00e9, Silvestra a in\u00e9 elegantn\u00e9 pr\u00edle\u017eitosti. Ak si nie ste ist\u00ed, ktor\u00e1 farba alebo ve\u013ekos\u0165 je pre v\u00e1s najvhodnej\u0161ia, kontaktujte n\u00e1s prostredn\u00edctvom Facebooku alebo telefonicky. Ak va\u0161a ve\u013ekos\u0165 nie je uveden\u00e1 na webovej str\u00e1nke, kontaktujte n\u00e1s.<\/p>\n<h3 style=\"text-align: center;\">ROZMERY \u0161iat:<\/h3>\n<div class=\"additional-details\" style=\"text-align: center;\">\n<p>&nbsp;<\/p>\n<table width=\"556\">\n<tbody>\n<tr>\n<td><strong>VE\u013dKOS\u0164<\/strong><\/td>\n<td><strong>poprsia<\/strong><\/td>\n<td><strong>P\u00e1s<\/strong><\/td>\n<td><strong>Boky<\/strong><\/td>\n<\/tr>\n<tr>\n<td><strong>34<\/strong><\/td>\n<td>84-86<\/td>\n<td>64-66<\/td>\n<td>\u00a082-88<\/td>\n<\/tr>\n<tr>\n<td><strong>36<\/strong><\/td>\n<td>88-90<\/td>\n<td>68-70<\/td>\n<td>\u00a086-92<\/td>\n<\/tr>\n<tr>\n<td><strong>38<\/strong><\/td>\n<td>92-94<\/td>\n<td>72-74<\/td>\n<td>\u00a090-94<\/td>\n<\/tr>\n<tr>\n<td><strong>40<\/strong><\/td>\n<td>96-98<\/td>\n<td>76-78<\/td>\n<td>\u00a094-104<\/td>\n<\/tr>\n<\/tbody>\n<\/table>\n<\/div>\n<p style=\"text-align: center;\"><span style=\"font-size: 10pt;\">\u00a0 <\/span><\/p>\n<p style=\"text-align: center;\"><span style=\"font-size: 10pt;\">celkov\u00e1 d\u013a\u017eka cca 157 cm\u00a0<\/span><\/p>\n<p style=\"text-align: center;\"><span style=\"font-size: 10pt;\">\u0160aty s\u00fa dostupn\u00e9 aj v in\u00fdch farb\u00e1ch - odpor\u00fa\u010dame v\u00e1m zozn\u00e1mi\u0165 sa s na\u0161imi \u010fal\u0161\u00edmi produktmi.<\/span><\/p>\n<p style=\"text-align: center;\"><span style=\"font-size: 10pt;\">Rozmery sa m\u00f4\u017eu mierne l\u00ed\u0161i\u0165 od uveden\u00fdch +\/- 2cm.\u00a0<\/span><\/p>\n<p style=\"text-align: center;\"><span style=\"font-size: 10pt;\"><strong>\u00a0<\/strong>\u00a0<\/span><\/p>\n<table width=\"620\">\n<tbody>\n<tr>\n<td width=\"302\">Meno modela<\/td>\n<td width=\"302\">\u010cierne pr\u00e9miov\u00e9 kri\u0161t\u00e1\u013eov\u00e9 \u0161aty Iris<\/td>\n<\/tr>\n<tr>\n<td width=\"302\">Farba<\/td>\n<td width=\"302\">\u010dierna<\/td>\n<\/tr>\n<tr>\n<td width=\"302\">Marka<\/td>\n<td width=\"302\">Madelinefashion<\/td>\n<\/tr>\n<tr>\n<td width=\"302\">ve\u013ekosti<\/td>\n<td width=\"302\">\u00a036 38 40<\/td>\n<\/tr>\n<tr>\n<td width=\"302\">M\u00f3da<\/td>\n<td width=\"302\">Zhoda<\/td>\n<\/tr>\n<tr>\n<td width=\"302\">Materi\u00e1l<\/td>\n<td width=\"302\">Visk\u00f3za, Polyester<\/td>\n<\/tr>\n<tr>\n<td width=\"302\">D\u013a\u017eka<\/td>\n<td width=\"302\">Na zem<\/td>\n<\/tr>\n<\/tbody>\n<\/table>\n<p style=\"text-align: center;\"><span style=\"font-size: 10pt;\">\u00a0<\/span><\/p>\n<p>&nbsp;<\/p>\n<p style=\"text-align: center;\"><span style=\"font-size: 10pt;\">Aby ste si vybrali <strong>perfektn\u00e9 \u0161aty<\/strong> kontaktujte n\u00e1s telefonicky alebo prostredn\u00edctvom na\u0161ej webovej str\u00e1nky <a href=\"https:\/\/www.facebook.com\/madelinefashionbutik\" target=\"_blank\" rel=\"noopener\">Facebook<\/a> .<\/span><br \/>\n<span style=\"font-size: 10pt;\">N\u00e1\u0161 t\u00edm v\u00e1m pom\u00f4\u017ee <strong>Vyberte si ten spr\u00e1vny<\/strong> . <strong>Na \u017eelanie kupuj\u00faceho vyrob\u00edme ak\u00e9ko\u013evek \u0161aty\u00a0<\/strong><strong>opatrne mera\u0165.\u00a0<\/strong><\/span><\/p>\n<div class=\"additional-details\" style=\"text-align: center;\">\n<p style=\"text-align: center;\"><span style=\"font-size: 10pt;\">\u00a0<\/span><\/p>\n<\/div>","protected":false},"excerpt":{"rendered":"<p>\u0160aty Iris s kry\u0161t\u00e1lmi, pr\u00e9miov\u00e1 \u010dierna. Fenomen\u00e1lne dlh\u00e9, priliehav\u00e9 \u0161aty s rozparkom odha\u013euj\u00facim nohy. Extravagantn\u00e1 kre\u00e1cia pre fan\u00fa\u0161i\u010dky sofistikovan\u00e9ho a origin\u00e1lneho \u0161t\u00fdlu. \u0160aty Iris s\u00fa tie, v ktor\u00fdch o\u010dar\u00edte ka\u017ed\u00fa! Tento model je u\u0161it\u00fd na mieru! Pozrime sa na ne bli\u017e\u0161ie: band\u00e1\u017eov\u00e9 \u0161aty v klasickom odtieni \u010diernej zv\u00fdraznia ka\u017ed\u00fd v\u00e1\u0161 pohyb. Povrchov\u00e1 \u00faprava pripom\u00ednaj\u00faca drahokam dod\u00e1va...<\/p>\n<div class=\"klb-readmore post-buttons\"><a class=\"button black outline size-sm\" href=\"https:\/\/madelinefashion.pl\/sk\/sukienka-z-krysztalami-iris-czarna-premium\/\">\u010c\u00edta\u0165 \u010falej <i class=\"klbth-icon-right-arrow\"><\/i><\/a><\/div>","protected":false},"featured_media":592102,"template":"","meta":[],"product_brand":[],"product_cat":[124,395],"product_tag":[213,257,163],"class_list":{"0":"post-588555","1":"product","2":"type-product","3":"status-publish","4":"has-post-thumbnail","6":"product_cat-sukienki-okolicznosciowe","7":"product_cat-nowosci","8":"product_tag-sukienka-czarna","9":"product_tag-madelinefashion","10":"product_tag-sukienki-dlugie","12":"first","13":"instock","14":"purchasable","15":"product-type-variable"},"_links":{"self":[{"href":"https:\/\/madelinefashion.pl\/sk\/wp-json\/wp\/v2\/product\/588555","targetHints":{"allow":["GET"]}}],"collection":[{"href":"https:\/\/madelinefashion.pl\/sk\/wp-json\/wp\/v2\/product"}],"about":[{"href":"https:\/\/madelinefashion.pl\/sk\/wp-json\/wp\/v2\/types\/product"}],"wp:featuredmedia":[{"embeddable":true,"href":"https:\/\/madelinefashion.pl\/sk\/wp-json\/wp\/v2\/media\/592102"}],"wp:attachment":[{"href":"https:\/\/madelinefashion.pl\/sk\/wp-json\/wp\/v2\/media?parent=588555"}],"wp:term":[{"taxonomy":"product_brand","embeddable":true,"href":"https:\/\/madelinefashion.pl\/sk\/wp-json\/wp\/v2\/product_brand?post=588555"},{"taxonomy":"product_cat","embeddable":true,"href":"https:\/\/madelinefashion.pl\/sk\/wp-json\/wp\/v2\/product_cat?post=588555"},{"taxonomy":"product_tag","embeddable":true,"href":"https:\/\/madelinefashion.pl\/sk\/wp-json\/wp\/v2\/product_tag?post=588555"}],"curies":[{"name":"pracovn\u00fd list","href":"https:\/\/api.w.org\/{rel}","templated":true}]}}