{"id":592582,"date":"2026-01-26T13:51:14","date_gmt":"2026-01-26T12:51:14","guid":{"rendered":"https:\/\/madelinefashion.pl\/?post_type=product&#038;p=592582"},"modified":"2026-04-10T15:05:22","modified_gmt":"2026-04-10T13:05:22","slug":"sukienka-tiulowa-gorsetowa-rafaello-blekitna","status":"publish","type":"product","link":"https:\/\/madelinefashion.pl\/sk\/sukienka-tiulowa-gorsetowa-rafaello-blekitna\/","title":{"rendered":"Modr\u00e9 tylov\u00e9 korzetov\u00e9 \u0161aty Rafaello"},"content":{"rendered":"<h3 style=\"text-align: center;\">Modr\u00e9 tylov\u00e9 korzetov\u00e9 \u0161aty Rafaello<\/h3>\n<p style=\"text-align: center;\"><strong>Tylov\u00e9 \u0161aty Tiramisu<\/strong> Tieto klasick\u00e9 \u0161aty s\u00fa perfektnou vo\u013ebou pre ka\u017ed\u00fa \u017eenu, ktor\u00e1 oce\u0148uje jemnos\u0165, eleganciu a romantick\u00fd \u0161t\u00fdl. \u017div\u00f4tik je doplnen\u00fd vystu\u017een\u00fdm korzetom, ktor\u00fd kr\u00e1sne zd\u00f4raz\u0148uje ramen\u00e1 a v\u00fdstrih a z\u00e1rove\u0148 tvaruje postavu a poskytuje stabiln\u00fa oporu. Spodn\u00e1 \u010das\u0165 \u0161iat je doplnen\u00e1 mierne roz\u0161\u00edrenou tylovou suk\u0148ou, ktor\u00e1 cel\u00e9mu k\u00fasku dod\u00e1va \u013eahk\u00fd, jemn\u00fd a \u00e9terick\u00fd vzh\u013ead. Vrstven\u00fd tyl kr\u00e1sne spl\u00fdva s pohybom a vytv\u00e1ra vzdu\u0161n\u00fd, hmlist\u00fd efekt. Tieto tmavomodr\u00e9 \u0161aty s\u00fa ide\u00e1lne na ak\u00fdko\u013evek svadobn\u00fd obrad \u2013 od klasick\u00e9ho a\u017e po romantick\u00fd. Dostupn\u00e9 vo ve\u013ekostiach 36 \u2013 40, s\u00fa perfektn\u00fdmi \u0161atami na \u0161peci\u00e1lne pr\u00edle\u017eitosti, ako s\u00fa svadby, stu\u017ekov\u00e9 a sl\u00e1vnostn\u00e9 ve\u010dierky. \u0160aty <strong>Madelinefashion<\/strong>\u00a0je vynikaj\u00facou vo\u013ebou na svadbu, ples, Silvestra a in\u00e9 elegantn\u00e9 \u0161peci\u00e1lne udalosti. Dostupn\u00e9 na na\u0161om e-shope vo viacer\u00fdch farebn\u00fdch variantoch, tak nev\u00e1hajte a vyberte si t\u00fa, ktor\u00e1 je pre v\u00e1s ako stvoren\u00e1. Ak sa neviete rozhodn\u00fa\u0165 ak\u00fa farbu, <strong>ve\u013ekos\u0165<\/strong> je pre v\u00e1s to najlep\u0161ie <strong>kontaktuj n\u00e1s<\/strong> cez <a href=\"https:\/\/www.facebook.com\/madelinefashionbutik\" target=\"_blank\" rel=\"noopener\">Facebook<\/a> alebo <a href=\"https:\/\/madelinefashion.pl\/sk\/kontakt\/\">telef\u00f3n<\/a>. Ak ve\u013ekos\u0165 nie je na str\u00e1nke, kontaktujte n\u00e1s.<\/p>\n<h3 style=\"text-align: center;\">ROZMERY \u0161iat:<\/h3>\n<p>&nbsp;<\/p>\n<table width=\"500\">\n<tbody>\n<tr>\n<td><strong>VE\u013dKOS\u0164<\/strong><\/td>\n<td><strong>poprsia<\/strong><\/td>\n<td><strong>P\u00e1s<\/strong><\/td>\n<td width=\"73\"><strong>Boky<\/strong><\/td>\n<\/tr>\n<tr>\n<td><strong>34<\/strong><\/td>\n<td>84-86<\/td>\n<td>64<\/td>\n<td width=\"73\">\u00a0ak\u00fdko\u013evek<\/td>\n<\/tr>\n<tr>\n<td><strong>36<\/strong><\/td>\n<td>88-90<\/td>\n<td>68<\/td>\n<td width=\"73\">\u00a0ak\u00fdko\u013evek<\/td>\n<\/tr>\n<tr>\n<td><strong>38<\/strong><\/td>\n<td>\u00a092-94<\/td>\n<td>72<\/td>\n<td width=\"73\">\u00a0ak\u00fdko\u013evek<\/td>\n<\/tr>\n<tr>\n<td><strong>40<\/strong><\/td>\n<td>96-98<\/td>\n<td>76<\/td>\n<td width=\"73\">\u00a0ak\u00fdko\u013evek<\/td>\n<\/tr>\n<\/tbody>\n<\/table>\n<p style=\"text-align: center;\"><span style=\"font-size: 10pt;\">\u00a0<\/span><\/p>\n<p style=\"text-align: center;\"><span style=\"font-size: 10pt;\">celkov\u00e1 d\u013a\u017eka cca 157 cm\u00a0\u00a0<\/span><\/p>\n<p style=\"text-align: center;\"><span style=\"font-size: 10pt;\">\u0160aty dostupn\u00e9 aj v <strong>in\u00e9 farebn\u00e9 varianty<\/strong> \u2013 odpor\u00fa\u010dame v\u00e1m zozn\u00e1mi\u0165 sa s na\u0161imi \u010fal\u0161\u00edmi produktmi.\u00a0<\/span><\/p>\n<p style=\"text-align: center;\"><span style=\"font-size: 10pt;\">Rozmery sa m\u00f4\u017eu mierne l\u00ed\u0161i\u0165 od uveden\u00fdch +\/- 2cm.\u00a0<\/span><\/p>\n<p style=\"text-align: center;\"><span style=\"font-size: 10pt;\"><strong>\u00a0<\/strong>\u00a0<\/span><\/p>\n<table width=\"618\">\n<tbody>\n<tr>\n<td width=\"302\">Meno modela<\/td>\n<td width=\"302\">Modr\u00e9 tylov\u00e9 korzetov\u00e9 \u0161aty Rafaello<\/td>\n<\/tr>\n<tr>\n<td width=\"302\">Farba<\/td>\n<td width=\"302\">Modr\u00e1<\/td>\n<\/tr>\n<tr>\n<td width=\"302\">Materi\u00e1l<\/td>\n<td width=\"302\">Tyl<\/td>\n<\/tr>\n<tr>\n<td width=\"302\">ve\u013ekosti<\/td>\n<td width=\"302\">36 38 40<\/td>\n<\/tr>\n<tr>\n<td width=\"302\">M\u00f3da<\/td>\n<td width=\"302\">Zhoda<\/td>\n<\/tr>\n<tr>\n<td width=\"302\">Materi\u00e1l<\/td>\n<td width=\"302\">Visk\u00f3za, polyester, bavlna<\/td>\n<\/tr>\n<tr>\n<td width=\"302\">D\u013a\u017eka<\/td>\n<td width=\"302\">Na zem<\/td>\n<\/tr>\n<\/tbody>\n<\/table>\n<p style=\"text-align: center;\" align=\"center\">Poz\u00fdvame v\u00e1s do n\u00e1\u0161ho sal\u00f3nu svadobn\u00fdch \u0161iat, ktor\u00fd sa nach\u00e1dza na ulici Moniuszki 2 v srdci Konstantyn\u00f3wa v Lod\u017eskom. V na\u0161om profesion\u00e1lnom sal\u00f3ne n\u00e1jdete \u0161irok\u00fd v\u00fdber svadobn\u00fdch \u0161iat, ktor\u00e9 splnia va\u0161e najtajnej\u0161ie sny o dokonalom dni. T\u00edm sk\u00fasen\u00fdch konzultantov v\u00e1m pom\u00f4\u017ee vybra\u0165 si perfektn\u00e9 \u0161aty, prisp\u00f4soben\u00e9 va\u0161im o\u010dak\u00e1vaniam a postave. Srde\u010dne v\u00e1s poz\u00fdvame na n\u00e1v\u0161tevu \u2013 presved\u010dte sa, ak\u00fd v\u00fdnimo\u010dn\u00fd m\u00f4\u017ee by\u0165 v\u00e1\u0161 de\u0148!<\/p>\n<p>Ka\u017ed\u00e9 \u0161aty sa daj\u00fa v pr\u00edpade potreby upravi\u0165 pod\u013ea va\u0161ej v\u00fd\u0161ky a v\u00fd\u0161ky podp\u00e4tku. Ak s\u00fa pr\u00edli\u0161 dlh\u00e9, m\u00f4\u017eete si ich skr\u00e1ti\u0165 alebo necha\u0165 kraj\u010d\u00edrku urobi\u0165 drobn\u00e9 \u00fapravy. Takto si m\u00f4\u017eete vybran\u00e9 \u0161aty jednoducho prisp\u00f4sobi\u0165 svojim mieram a c\u00edti\u0165 sa v nich dokonale pohodlne.<\/p>\n<p style=\"text-align: center;\" align=\"center\">Aby ste si vybrali\u00a0<strong>perfektn\u00e9 \u0161aty<\/strong>\u00a0kontaktujte n\u00e1s telefonicky alebo prostredn\u00edctvom na\u0161ej webovej str\u00e1nky <a href=\"https:\/\/www.facebook.com\/madelinefashionbutik\" target=\"_blank\" rel=\"noopener\">Facebook<\/a> .<br \/>\nN\u00e1\u0161 t\u00edm v\u00e1m pom\u00f4\u017ee\u00a0<strong>Vyberte si ten spr\u00e1vny<\/strong>\u00a0.\u00a0<strong>Ka\u017ed\u00e9 \u0161aty vieme presne zmera\u0165 na po\u017eiadanie kupuj\u00facej.\u00a0<\/strong><\/p>\n<div class=\"additional-details\" style=\"text-align: center;\">\n<p style=\"text-align: center;\"><span style=\"font-size: 10pt;\">\u00a0<\/span><\/p>\n<\/div>","protected":false},"excerpt":{"rendered":"<p>Sukienka Tiulowa Gorsetowa Rafaello B\u0142\u0119kitna Sukienka Tiulowa tiramisu to klasyczna propozycja dla ka\u017cdej kobiety, ceni\u0105cej subtelno\u015b\u0107, elegancj\u0119 i romantyczny styl. G\u00f3ra sukienki wykonana jest w formie usztywnianego gorsetu, kt\u00f3ry pi\u0119knie podkre\u015bla lini\u0119 ramion i dekolt, a jednocze\u015bnie modeluje sylwetk\u0119 i zapewnia stabilne podtrzymanie. Dolna cz\u0119\u015b\u0107 sukni to lekko rozkloszowany tiulowy d\u00f3\u0142, kt\u00f3ry nadaje ca\u0142o\u015bci lekko\u015bci<\/p>\n<div class=\"klb-readmore post-buttons\"><a class=\"button black outline size-sm\" href=\"https:\/\/madelinefashion.pl\/sk\/sukienka-tiulowa-gorsetowa-rafaello-blekitna\/\">\u010c\u00edta\u0165 \u010falej <i class=\"klbth-icon-right-arrow\"><\/i><\/a><\/div>","protected":false},"featured_media":592581,"template":"","meta":[],"product_brand":[],"product_cat":[124,395,563,692,561],"product_tag":[730,163],"class_list":{"0":"post-592582","1":"product","2":"type-product","3":"status-publish","4":"has-post-thumbnail","6":"product_cat-sukienki-okolicznosciowe","7":"product_cat-nowosci","8":"product_cat-sukienki-gorsetowe","9":"product_cat-sukienki-na-studniowke","10":"product_cat-sukienki-tiulowe","11":"product_tag-sukienki-blekitne","12":"product_tag-sukienki-dlugie","14":"first","15":"instock","16":"sale","17":"purchasable","18":"product-type-variable"},"_links":{"self":[{"href":"https:\/\/madelinefashion.pl\/sk\/wp-json\/wp\/v2\/product\/592582","targetHints":{"allow":["GET"]}}],"collection":[{"href":"https:\/\/madelinefashion.pl\/sk\/wp-json\/wp\/v2\/product"}],"about":[{"href":"https:\/\/madelinefashion.pl\/sk\/wp-json\/wp\/v2\/types\/product"}],"wp:featuredmedia":[{"embeddable":true,"href":"https:\/\/madelinefashion.pl\/sk\/wp-json\/wp\/v2\/media\/592581"}],"wp:attachment":[{"href":"https:\/\/madelinefashion.pl\/sk\/wp-json\/wp\/v2\/media?parent=592582"}],"wp:term":[{"taxonomy":"product_brand","embeddable":true,"href":"https:\/\/madelinefashion.pl\/sk\/wp-json\/wp\/v2\/product_brand?post=592582"},{"taxonomy":"product_cat","embeddable":true,"href":"https:\/\/madelinefashion.pl\/sk\/wp-json\/wp\/v2\/product_cat?post=592582"},{"taxonomy":"product_tag","embeddable":true,"href":"https:\/\/madelinefashion.pl\/sk\/wp-json\/wp\/v2\/product_tag?post=592582"}],"curies":[{"name":"pracovn\u00fd list","href":"https:\/\/api.w.org\/{rel}","templated":true}]}}