{"id":593119,"date":"2026-01-30T11:50:53","date_gmt":"2026-01-30T10:50:53","guid":{"rendered":"https:\/\/madelinefashion.pl\/?post_type=product&#038;p=593119"},"modified":"2026-03-24T09:53:11","modified_gmt":"2026-03-24T08:53:11","slug":"koszula-klasyczna-z-ozdobnymi-guzikami-aveline-maselko","status":"publish","type":"product","link":"https:\/\/madelinefashion.pl\/sk\/koszula-klasyczna-z-ozdobnymi-guzikami-aveline-maselko\/","title":{"rendered":"Klasick\u00e1 ko\u0161e\u013ea s ozdobn\u00fdmi gomb\u00edkmi Aveline Butter"},"content":{"rendered":"<h3 style=\"text-align: center;\">Klasick\u00e1 ko\u0161e\u013ea s ozdobn\u00fdmi gomb\u00edkmi Aveline Butter<\/h3>\n<p style=\"text-align: center;\"><strong>Ko\u0161e\u013ea je nevyhnutnou s\u00fa\u010das\u0165ou ka\u017ed\u00e9ho \u0161atn\u00edka! <\/strong>\u0160t\u00fdl je zapnut\u00fd<strong>\u00a0tla\u010didl\u00e1. <\/strong>Ko\u0161e\u013ea klasick\u00e9ho strihu bude skvel\u00e1 v mnoh\u00fdch verzi\u00e1ch<strong>ako ofici\u00e1lne, tak aj<\/strong> ka\u017ed\u00fd de\u0148.<strong>\u00a0<\/strong>Strih je ide\u00e1lny na zastr\u010denie do nohav\u00edc alebo sukne \u2013 model odpor\u00fa\u010dame <a href=\"https:\/\/madelinefashion.pl\/sk\/spodnica-mini-crezy-czarna\/\">\u0161ialen\u00fd<\/a> Na\u0161a ko\u0161e\u013ea m\u00f4\u017ee by\u0165 z\u00e1kladom mnoh\u00fdch elegantn\u00fdch a nad\u010dasov\u00fdch \u0161tyliz\u00e1ci\u00ed <a href=\"https:\/\/madelinefashion.pl\/sk\/spodnica-skora-mini-czarna\/\">ceruzky <\/a>sukne alebo klasika <a href=\"https:\/\/madelinefashion.pl\/sk\/spodnie-jeansowe-paradise-jasne\/\">d\u017e\u00ednsy, <\/a>\u00a0ale aj pre ni\u017e\u0161ie d\u00e1my ako tunika. Ko\u0161e\u013ea je ide\u00e1lnym n\u00e1vrhom do pr\u00e1ce, na ka\u017ed\u00fd de\u0148, na rodinn\u00e9 stretnutia a mnoh\u00e9 in\u00e9 pr\u00edle\u017eitosti. Odpor\u00fa\u010da sa pre \u017eeny, ktor\u00e9 nosia ve\u013e <strong>S, M, L<\/strong><\/p>\n<h3 style=\"text-align: center;\">\u00a0 \u00a0 \u00a0Rozmery:<\/h3>\n<p style=\"text-align: center;\"><strong>S\/M<br \/>\n<\/strong><\/p>\n<ul>\n<li style=\"text-align: center;\">celkov\u00e1 d\u013a\u017eka: 69 cm<\/li>\n<li style=\"text-align: center;\">\u0161\u00edrka od pazuchy k pazuche: 58-60 cm<br \/>\nD\u013a\u017eka ruk\u00e1va od podpazu\u0161ia: 59 cm<\/li>\n<li style=\"text-align: center;\">D\u013a\u017eka ruk\u00e1va od ramena: 42 cm<\/li>\n<li style=\"text-align: center;\"><\/li>\n<\/ul>\n<p style=\"text-align: center;\"><strong>M\/L<\/strong><\/p>\n<ul style=\"text-align: center;\">\n<li>celkov\u00e1 d\u013a\u017eka: 70 cm<\/li>\n<li>\u0161\u00edrka od podpazu\u0161ia k podpazu\u0161iu: 60-62 cm<br \/>\nD\u013a\u017eka ruk\u00e1va od podpazu\u0161ia: 59 cm<\/li>\n<li style=\"text-align: center;\">D\u013a\u017eka ruk\u00e1va od ramena: 42 cm<\/li>\n<li><\/li>\n<li><\/li>\n<\/ul>\n<p style=\"text-align: center;\">Rozmery sa m\u00f4\u017eu mierne l\u00ed\u0161i\u0165 od uveden\u00fdch +\/- 2cm. V\u0161etky uveden\u00e9 rozmery s\u00fa meran\u00e9 plo\u0161ne.<\/p>\n<p style=\"text-align: center;\"><strong>\u00a0<\/strong><\/p>\n<table style=\"height: 288px;\" width=\"433\">\n<tbody>\n<tr>\n<td>n\u00e1zov<\/td>\n<td>Klasick\u00e1 ko\u0161e\u013ea s ozdobn\u00fdmi gomb\u00edkmi Aveline<\/td>\n<\/tr>\n<tr>\n<td>Farba<\/td>\n<td>Maslo<\/td>\n<\/tr>\n<tr>\n<td>Zbierka<\/td>\n<td>Jar leto jese\u0148 zima<\/td>\n<\/tr>\n<tr>\n<td>Ve\u013ekos\u0165<\/td>\n<td>S\/M, M\/L<\/td>\n<\/tr>\n<tr>\n<td>M\u00f3da<\/td>\n<td>Na mieru<\/td>\n<\/tr>\n<tr>\n<td>zap\u00ednanie<\/td>\n<td>tla\u010didl\u00e1<\/td>\n<\/tr>\n<tr>\n<td>Zlo\u017eenie materi\u00e1lov<\/td>\n<td>65% Polyester 35% Bavlna<\/td>\n<\/tr>\n<\/tbody>\n<\/table>\n<p style=\"text-align: center;\">\u00a0Model m\u00e1\u00a0<strong>169<\/strong>\u00a0cm vysok\u00fd, nos\u00ed ve\u013ekos\u0165 ka\u017ed\u00fd de\u0148\u00a0<strong>S<\/strong><\/p>\n<p style=\"text-align: center;\">\u0160\u00edrka cez prsia 92 cm<\/p>\n<p style=\"text-align: center;\">\u0160\u00edrka v p\u00e1se 62 cm<\/p>\n<p style=\"text-align: center;\">\u0160\u00edrka v bokoch 94 cm<strong>\u00a0<\/strong><\/p>","protected":false},"excerpt":{"rendered":"<p>Koszula Klasyczna Z Ozdobnymi Guzikami Aveline Mase\u0142ko Koszula to nieod\u0142\u0105czny element ka\u017cdej garderoby! Fason zapinany jest na\u00a0guziki. Koszula o klasycznym kroju \u015bwietnie sprawdzi si\u0119 w wielu ods\u0142onach, zar\u00f3wno tych oficjalnych, jak i codziennych.\u00a0Fason idealnie nadaje si\u0119 do &#8222;wpuszczenia&#8221; w spodnie czy w sp\u00f3dnice &#8211; polecamy mode crezy Nasza koszula\u00a0 mo\u017ce stanowi\u0107 baz\u0119 do wielu eleganckich<\/p>\n<div class=\"klb-readmore post-buttons\"><a class=\"button black outline size-sm\" href=\"https:\/\/madelinefashion.pl\/sk\/koszula-klasyczna-z-ozdobnymi-guzikami-aveline-maselko\/\">\u010c\u00edta\u0165 \u010falej <i class=\"klbth-icon-right-arrow\"><\/i><\/a><\/div>","protected":false},"featured_media":596418,"template":"","meta":[],"product_brand":[],"product_cat":[92,395],"product_tag":[414],"class_list":{"0":"post-593119","1":"product","2":"type-product","3":"status-publish","4":"has-post-thumbnail","6":"product_cat-koszule","7":"product_cat-nowosci","8":"product_tag-koszule","9":"pa_rozmiar-s-m","10":"pa_rozmiar-m-l","12":"first","13":"instock","14":"sale","15":"purchasable","16":"product-type-variable"},"_links":{"self":[{"href":"https:\/\/madelinefashion.pl\/sk\/wp-json\/wp\/v2\/product\/593119","targetHints":{"allow":["GET"]}}],"collection":[{"href":"https:\/\/madelinefashion.pl\/sk\/wp-json\/wp\/v2\/product"}],"about":[{"href":"https:\/\/madelinefashion.pl\/sk\/wp-json\/wp\/v2\/types\/product"}],"wp:featuredmedia":[{"embeddable":true,"href":"https:\/\/madelinefashion.pl\/sk\/wp-json\/wp\/v2\/media\/596418"}],"wp:attachment":[{"href":"https:\/\/madelinefashion.pl\/sk\/wp-json\/wp\/v2\/media?parent=593119"}],"wp:term":[{"taxonomy":"product_brand","embeddable":true,"href":"https:\/\/madelinefashion.pl\/sk\/wp-json\/wp\/v2\/product_brand?post=593119"},{"taxonomy":"product_cat","embeddable":true,"href":"https:\/\/madelinefashion.pl\/sk\/wp-json\/wp\/v2\/product_cat?post=593119"},{"taxonomy":"product_tag","embeddable":true,"href":"https:\/\/madelinefashion.pl\/sk\/wp-json\/wp\/v2\/product_tag?post=593119"}],"curies":[{"name":"pracovn\u00fd list","href":"https:\/\/api.w.org\/{rel}","templated":true}]}}