{"id":593584,"date":"2026-02-04T11:43:57","date_gmt":"2026-02-04T10:43:57","guid":{"rendered":"https:\/\/madelinefashion.pl\/?post_type=product&#038;p=593584"},"modified":"2026-04-23T15:53:53","modified_gmt":"2026-04-23T13:53:53","slug":"sandalki-lustrzane-na-slupku-zlote-2","status":"publish","type":"product","link":"https:\/\/madelinefashion.pl\/sk\/sandalki-lustrzane-na-slupku-zlote-2\/","title":{"rendered":"Zrkadlov\u00e9 sand\u00e1le na zlatej ty\u010di"},"content":{"rendered":"<h3 style=\"text-align: center;\">Zrkadlov\u00e9 sand\u00e1le na zlatej ty\u010di<\/h3>\n<p data-start=\"91\" data-end=\"292\">Tieto elegantn\u00e9 ru\u017eovo-zlat\u00e9 sand\u00e1le s\u00fa dokonalou kombin\u00e1ciou \u017eensk\u00e9ho \u0161t\u00fdlu a decentn\u00e9ho trblietania. Jemn\u00fd ru\u017eovo-zlat\u00fd odtie\u0148 kr\u00e1sne zv\u00fdraz\u0148uje op\u00e1lenie a dod\u00e1va vzh\u013eadu n\u00e1dych modernej elegancie. Stabiln\u00fd blokov\u00fd op\u00e4tok zais\u0165uje pohodlie a sebavedomie pri ka\u017edom kroku, zatia\u013e \u010do starostlivo tvarovan\u00e1 podr\u00e1\u017eka ich rob\u00ed ide\u00e1lnymi aj na dlh\u0161ie v\u00fdlety. Nastavite\u013en\u00e9 zap\u00ednanie umo\u017e\u0148uje perfektn\u00e9 prisp\u00f4sobenie. S\u00fa perfektnou vo\u013ebou na svadby, ve\u010dierky, ve\u010dery a in\u00e9 \u0161peci\u00e1lne pr\u00edle\u017eitosti. Ru\u017eovo-zlat\u00e9 sand\u00e1le sa kr\u00e1sne hodia k elegantn\u00fdm \u0161at\u00e1m aj minimalistick\u00fdm outfitom.<strong>Pri v\u00fdbere ve\u013ekosti sa ria\u010fte tabu\u013ekou ve\u013ekost\u00ed<\/strong><\/p>\n<h3 style=\"text-align: center;\">Charakteristika:<\/h3>\n<p>&nbsp;<\/p>\n<p style=\"text-align: center;\"><strong>Farba: <\/strong>Zlat\u00fd<br \/>\n<strong>Vonkaj\u0161\u00ed materi\u00e1l:\u00a0<\/strong>Umel\u00e1 ko\u017ea<br \/>\n<strong>\u010c\u00edslovanie:\u00a0<\/strong>Typick\u00e9 - odpor\u00fa\u010dame vybra\u0165 si ve\u013ekos\u0165, ktor\u00fa nos\u00edte<br \/>\n<strong>Typ podp\u00e4tku: <\/strong>Pr\u00edspevok<br \/>\n<strong>Vlo\u017ei\u0165:\u00a0<\/strong>Umel\u00e1 ko\u017ea<\/p>\n<h3 style=\"text-align: center;\">Rozmery<\/h3>\n<p style=\"text-align: center;\">V\u00fd\u0161ka podp\u00e4tku: 8 cm<\/p>\n<table width=\"540\">\n<thead>\n<tr>\n<td width=\"216\"><strong>Ve\u013ekos\u0165 E\u00da<\/strong><\/td>\n<td width=\"316\"><strong>D\u013a\u017eka vlo\u017eky<\/strong><\/td>\n<\/tr>\n<\/thead>\n<tbody>\n<tr>\n<td width=\"216\"><strong>36<\/strong><\/td>\n<td width=\"316\">23,5 cm<\/td>\n<\/tr>\n<tr>\n<td width=\"216\"><strong>37<\/strong><\/td>\n<td width=\"316\">24 cm<\/td>\n<\/tr>\n<tr>\n<td width=\"216\"><strong>38<\/strong><\/td>\n<td width=\"316\">24,5 cm<\/td>\n<\/tr>\n<tr>\n<td width=\"216\"><strong>39<\/strong><\/td>\n<td width=\"316\">25 cm<\/td>\n<\/tr>\n<tr>\n<td width=\"216\"><strong>40<\/strong><\/td>\n<td width=\"316\">25,5 cm<\/td>\n<\/tr>\n<tr>\n<td width=\"216\"><strong>41<\/strong><\/td>\n<td width=\"316\">26,5 cm<\/td>\n<\/tr>\n<\/tbody>\n<\/table>\n<div class=\"wrap-content\">\n<div class=\"main-container container\">\n<div class=\"row\">\n<section class=\"main-content sidebar-left-false\">\n<div class=\"product-page page\">\n<div class=\"page-content\">\n<div id=\"ProductSizing\" class=\"product-sizing modal fade in\" tabindex=\"-1\" role=\"dialog\" aria-hidden=\"false\">\n<div class=\"modal-dialog\">\n<div class=\"modal-content\">\n<div class=\"widget html_editor\">\n<p>&nbsp;<\/p>\n<\/div>\n<p>&nbsp;<\/p>\n<\/div>\n<\/div>\n<\/div>\n<\/div>\n<\/div>\n<\/section>\n<\/div>\n<\/div>\n<\/div>\n<div class=\"wrap-footer\">\n<footer class=\"\">\n<div class=\"container\">\n<div class=\"footer-newsletter-box\"><\/div>\n<\/div>\n<\/footer>\n<\/div>\n<table>\n<tbody>\n<tr>\n<td width=\"302\">Meno modela<\/td>\n<td width=\"302\">Sand\u00e1le na vysokom podp\u00e4tku<\/td>\n<\/tr>\n<tr>\n<td width=\"302\">Farba<\/td>\n<td width=\"302\">Zlato<\/td>\n<\/tr>\n<tr>\n<td width=\"302\">ve\u013ekosti<\/td>\n<td width=\"302\">36 37\u00a0 38\u00a0 39 40 41<\/td>\n<\/tr>\n<tr>\n<td width=\"302\">Materi\u00e1l<\/td>\n<td width=\"302\">Umel\u00e1 ko\u017ea<\/td>\n<\/tr>\n<tr>\n<td width=\"302\">Ozdoby<\/td>\n<td width=\"302\">kamienky<\/td>\n<\/tr>\n<tr>\n<td width=\"302\">Spona<\/td>\n<td width=\"302\">Nedostatok<\/td>\n<\/tr>\n<tr>\n<td width=\"302\">Zbierka<\/td>\n<td width=\"302\">Jar\/Jese\u0148\/Leto<\/td>\n<\/tr>\n<\/tbody>\n<\/table>\n<div class=\"tabs tabs-bb clear mb-80\">\n<div class=\"tab-content\">\n<div id=\"tab-description\" class=\"tab-pane fade in woocommerce-Tabs-panel--description active\">\n<p style=\"text-align: center;\">\n<\/div>\n<\/div>\n<\/div>\n<section class=\"up-sells upsells products mb-80\"><\/section>\n<p style=\"text-align: left;\">K\u00f3d produktu: gg116<\/p>","protected":false},"excerpt":{"rendered":"<p>Sanda\u0142ki Lustrzane Na S\u0142upku Z\u0142ote Eleganckie sanda\u0142ki w kolorze rose gold to idealne po\u0142\u0105czenie kobiecego stylu i subtelnego blasku. Delikatny, r\u00f3\u017cowo-z\u0142oty odcie\u0144 pi\u0119knie podkre\u015bla opalenizn\u0119 i dodaje stylizacji nowoczesnej elegancji.Stabilny obcas typu s\u0142upek zapewnia komfort noszenia oraz pewno\u015b\u0107 ka\u017cdego kroku, a starannie wyprofilowana podeszwa sprawia, \u017ce sanda\u0142ki doskonale sprawdz\u0105 si\u0119 nawet podczas d\u0142u\u017cszych wyj\u015b\u0107. Regulowane<\/p>\n<div class=\"klb-readmore post-buttons\"><a class=\"button black outline size-sm\" href=\"https:\/\/madelinefashion.pl\/sk\/sandalki-lustrzane-na-slupku-zlote-2\/\">\u010c\u00edta\u0165 \u010falej <i class=\"klbth-icon-right-arrow\"><\/i><\/a><\/div>","protected":false},"featured_media":593574,"template":"","meta":[],"product_brand":[],"product_cat":[400],"product_tag":[496,440],"class_list":{"0":"post-593584","1":"product","2":"type-product","3":"status-publish","4":"has-post-thumbnail","6":"product_cat-buty","7":"product_tag-sandalki","8":"product_tag-szpilki","10":"first","11":"instock","12":"purchasable","13":"product-type-variable"},"_links":{"self":[{"href":"https:\/\/madelinefashion.pl\/sk\/wp-json\/wp\/v2\/product\/593584","targetHints":{"allow":["GET"]}}],"collection":[{"href":"https:\/\/madelinefashion.pl\/sk\/wp-json\/wp\/v2\/product"}],"about":[{"href":"https:\/\/madelinefashion.pl\/sk\/wp-json\/wp\/v2\/types\/product"}],"wp:featuredmedia":[{"embeddable":true,"href":"https:\/\/madelinefashion.pl\/sk\/wp-json\/wp\/v2\/media\/593574"}],"wp:attachment":[{"href":"https:\/\/madelinefashion.pl\/sk\/wp-json\/wp\/v2\/media?parent=593584"}],"wp:term":[{"taxonomy":"product_brand","embeddable":true,"href":"https:\/\/madelinefashion.pl\/sk\/wp-json\/wp\/v2\/product_brand?post=593584"},{"taxonomy":"product_cat","embeddable":true,"href":"https:\/\/madelinefashion.pl\/sk\/wp-json\/wp\/v2\/product_cat?post=593584"},{"taxonomy":"product_tag","embeddable":true,"href":"https:\/\/madelinefashion.pl\/sk\/wp-json\/wp\/v2\/product_tag?post=593584"}],"curies":[{"name":"pracovn\u00fd list","href":"https:\/\/api.w.org\/{rel}","templated":true}]}}