{"id":593714,"date":"2026-02-04T13:36:43","date_gmt":"2026-02-04T12:36:43","guid":{"rendered":"https:\/\/madelinefashion.pl\/?post_type=product&#038;p=593714"},"modified":"2026-04-20T18:52:47","modified_gmt":"2026-04-20T16:52:47","slug":"sukienka-slubna-satynowa-pelagra-biala","status":"publish","type":"product","link":"https:\/\/madelinefashion.pl\/sk\/sukienka-slubna-satynowa-pelagra-biala\/","title":{"rendered":"Svadobn\u00e9 \u0161aty Pellagra biele sat\u00e9nov\u00e9"},"content":{"rendered":"<h3 style=\"text-align: center;\">Svadobn\u00e9 \u0161aty Pellagra biele sat\u00e9nov\u00e9<\/h3>\n<p style=\"text-align: center;\">\u0160aty <strong>Pelagra<\/strong> je elegantn\u00fd n\u00e1vrh od <strong data-start=\"292\" data-end=\"314\">Madelinefashion.pl<\/strong>, vytvoren\u00fd pre \u0161peci\u00e1lne pr\u00edle\u017eitosti. Vyroben\u00fd z vysoko kvalitn\u00e9ho sat\u00e9nu, vyzer\u00e1 \u00fa\u017easne a zaru\u010duje pohodlie po\u010das cel\u00e9ho ve\u010dera.<br \/>\nElegantn\u00fd <strong data-start=\"204\" data-end=\"230\">sat\u00e9nov\u00e9 svadobn\u00e9 \u0161aty<\/strong> Toto je perfektn\u00e1 vo\u013eba pre nevestu, ktor\u00e1 oce\u0148uje klasick\u00fd \u0161t\u00fdl s modern\u00fdm n\u00e1dychom. Hladk\u00e1 suk\u0148a a jemne trblietav\u00fd sat\u00e9n kr\u00e1sne zv\u00fdraz\u0148uj\u00fa siluetu a dod\u00e1vaj\u00fa vzh\u013eadu rafinovan\u00fd a luxusn\u00fd n\u00e1dych. S\u00fa ide\u00e1lne na tradi\u010dn\u00fa svadbu v kostole aj na modern\u00fd civiln\u00fd alebo vonkaj\u0161\u00ed obrad. Korzetov\u00fd \u017eiv\u00f4tik so zav\u00e4zovan\u00edm vzadu nielen\u017ee p\u00fata pozornos\u0165, ale umo\u017e\u0148uje aj dokonal\u00e9 strihanie. Uzavret\u00fd strih bez rozparku na noh\u00e1ch zd\u00f4raz\u0148uje klasick\u00fd charakter \u0161iat, zatia\u013e \u010do roz\u0161\u00edren\u00fd strih od p\u00e1sa zais\u0165uje \u013eahkos\u0165 a slobodu pohybu. <strong>Pelagra<\/strong> Je to kombin\u00e1cia \u017eenskej elegancie a nad\u010dasov\u00e9ho strihu \u2013 ide\u00e1lne na svadbu, ples, banket alebo ak\u00fako\u013evek in\u00fa pr\u00edle\u017eitos\u0165, kde chcete vyzera\u0165 elegantne. Tieto \u0161aty s\u00fa ide\u00e1lne na svadby, plesy, n\u00e1vraty domov, Silvester a in\u00e9 \u0161peci\u00e1lne pr\u00edle\u017eitosti. Ak sa neviete rozhodn\u00fa\u0165, ktor\u00e1 farba alebo ve\u013ekos\u0165 je pre v\u00e1s najlep\u0161ia, kontaktujte n\u00e1s prostredn\u00edctvom <a href=\"https:\/\/www.facebook.com\/madelinefashionbutik\" target=\"_blank\" rel=\"noopener\">Facebook<\/a> alebo <a href=\"https:\/\/madelinefashion.pl\/sk\/kontakt\/\">telef\u00f3n<\/a>. Ak ve\u013ekos\u0165 nie je na str\u00e1nke, kontaktujte n\u00e1s.<\/p>\n<h3 style=\"text-align: center;\">ROZMERY \u0161iat:<\/h3>\n<table width=\"556\">\n<tbody>\n<tr>\n<td><strong>VE\u013dKOS\u0164<\/strong><\/td>\n<td><strong>poprsia<\/strong><\/td>\n<td><strong>P\u00e1s<\/strong><\/td>\n<td><strong>Boky<\/strong><\/td>\n<\/tr>\n<tr>\n<td><strong>34<\/strong><\/td>\n<td>84-86<\/td>\n<td>64-68<\/td>\n<td>\u00a082-90<\/td>\n<\/tr>\n<tr>\n<td><strong>36<\/strong><\/td>\n<td>88-90<\/td>\n<td>68-72<\/td>\n<td>\u00a086-92<\/td>\n<\/tr>\n<tr>\n<td><strong>38<\/strong><\/td>\n<td>92-94<\/td>\n<td>72-76<\/td>\n<td>\u00a090-96<\/td>\n<\/tr>\n<tr>\n<td><strong>40<\/strong><\/td>\n<td>96-98<\/td>\n<td>76-80<\/td>\n<td>\u00a094-106<\/td>\n<\/tr>\n<\/tbody>\n<\/table>\n<p style=\"text-align: center;\"><span style=\"font-size: 10pt;\">\u00a0<\/span><\/p>\n<p style=\"text-align: center;\"><span style=\"font-size: 10pt;\">celkov\u00e1 d\u013a\u017eka cca 157 cm\u00a0\u00a0<\/span><\/p>\n<p style=\"text-align: center;\"><span style=\"font-size: 10pt;\">\u0160aty dostupn\u00e9 aj v <strong>in\u00e9 farebn\u00e9 varianty<\/strong> \u2013 odpor\u00fa\u010dame v\u00e1m zozn\u00e1mi\u0165 sa s na\u0161imi \u010fal\u0161\u00edmi produktmi.\u00a0<\/span><\/p>\n<p style=\"text-align: center;\"><span style=\"font-size: 10pt;\">Rozmery sa m\u00f4\u017eu mierne l\u00ed\u0161i\u0165 od uveden\u00fdch +\/- 2cm.\u00a0<\/span><\/p>\n<p style=\"text-align: center;\"><span style=\"font-size: 10pt;\"><strong>\u00a0<\/strong>\u00a0<\/span><\/p>\n<table width=\"618\">\n<tbody>\n<tr>\n<td width=\"302\">Meno modela<\/td>\n<td width=\"302\">Svadobn\u00e9 \u0161aty Pellagra sat\u00e9nov\u00e9<\/td>\n<\/tr>\n<tr>\n<td width=\"302\">Farba<\/td>\n<td width=\"302\">biely<\/td>\n<\/tr>\n<tr>\n<td width=\"302\">Materi\u00e1l<\/td>\n<td width=\"302\">sat\u00e9n<\/td>\n<\/tr>\n<tr>\n<td width=\"302\">ve\u013ekosti<\/td>\n<td width=\"302\">36 38 40<\/td>\n<\/tr>\n<tr>\n<td width=\"302\">M\u00f3da<\/td>\n<td width=\"302\">Zhoda<\/td>\n<\/tr>\n<tr>\n<td width=\"302\">Materi\u00e1l<\/td>\n<td width=\"302\">Visk\u00f3za, Polyester<\/td>\n<\/tr>\n<tr>\n<td width=\"302\">D\u013a\u017eka<\/td>\n<td width=\"302\">Na zem<\/td>\n<\/tr>\n<\/tbody>\n<\/table>\n<p style=\"text-align: center;\" align=\"center\">Poz\u00fdvame v\u00e1s do n\u00e1\u0161ho sal\u00f3nu svadobn\u00fdch \u0161iat, ktor\u00fd sa nach\u00e1dza na ulici Moniuszki 2 v srdci Konstantyn\u00f3wa v Lod\u017eskom. V na\u0161om profesion\u00e1lnom sal\u00f3ne n\u00e1jdete \u0161irok\u00fd v\u00fdber svadobn\u00fdch \u0161iat, ktor\u00e9 splnia va\u0161e najtajnej\u0161ie sny o dokonalom dni. T\u00edm sk\u00fasen\u00fdch konzultantov v\u00e1m pom\u00f4\u017ee vybra\u0165 si perfektn\u00e9 \u0161aty, prisp\u00f4soben\u00e9 va\u0161im o\u010dak\u00e1vaniam a postave. Srde\u010dne v\u00e1s poz\u00fdvame na n\u00e1v\u0161tevu \u2013 presved\u010dte sa, ak\u00fd v\u00fdnimo\u010dn\u00fd m\u00f4\u017ee by\u0165 v\u00e1\u0161 de\u0148!<\/p>\n<p>Ka\u017ed\u00e9 \u0161aty sa daj\u00fa v pr\u00edpade potreby upravi\u0165 pod\u013ea va\u0161ej v\u00fd\u0161ky a v\u00fd\u0161ky podp\u00e4tku. Ak s\u00fa pr\u00edli\u0161 dlh\u00e9, m\u00f4\u017eete si ich skr\u00e1ti\u0165 alebo necha\u0165 kraj\u010d\u00edrku urobi\u0165 drobn\u00e9 \u00fapravy. Takto si m\u00f4\u017eete vybran\u00e9 \u0161aty jednoducho prisp\u00f4sobi\u0165 svojim mieram a c\u00edti\u0165 sa v nich dokonale pohodlne.<\/p>\n<p style=\"text-align: center;\" align=\"center\">Aby ste si vybrali\u00a0<strong>perfektn\u00e9 \u0161aty<\/strong>\u00a0kontaktujte n\u00e1s telefonicky alebo prostredn\u00edctvom na\u0161ej webovej str\u00e1nky <a href=\"https:\/\/www.facebook.com\/madelinefashionbutik\" target=\"_blank\" rel=\"noopener\">Facebook<\/a> .<br \/>\nN\u00e1\u0161 t\u00edm v\u00e1m pom\u00f4\u017ee\u00a0<strong>Vyberte si ten spr\u00e1vny<\/strong>\u00a0.\u00a0<strong>Ka\u017ed\u00e9 \u0161aty vieme presne zmera\u0165 na po\u017eiadanie kupuj\u00facej.\u00a0<\/strong><\/p>\n<div class=\"additional-details\" style=\"text-align: center;\">\n<p style=\"text-align: center;\"><span style=\"font-size: 10pt;\">\u00a0<\/span><\/p>\n<\/div>","protected":false},"excerpt":{"rendered":"<p>Svadobn\u00e9 \u0161aty Pelagra z bieleho sat\u00e9nu s\u00fa elegantnou ponukou od Madelinefashion.pl, ur\u010denou pre \u0161peci\u00e1lne pr\u00edle\u017eitosti. S\u00fa vyroben\u00e9 z vysoko kvalitn\u00e9ho sat\u00e9nu, vyzeraj\u00fa \u00fa\u017easne a zaru\u010duj\u00fa pohodlie po\u010das cel\u00e9ho ve\u010dera. Tieto elegantn\u00e9 sat\u00e9nov\u00e9 svadobn\u00e9 \u0161aty s\u00fa perfektnou vo\u013ebou pre nevestu, ktor\u00e1 oce\u0148uje klasick\u00fd \u0161t\u00fdl s modern\u00fdm n\u00e1dychom. Hladk\u00fd lem a jemne trblietav\u00fd sat\u00e9n kr\u00e1sne zv\u00fdraz\u0148uj\u00fa siluetu.<\/p>\n<div class=\"klb-readmore post-buttons\"><a class=\"button black outline size-sm\" href=\"https:\/\/madelinefashion.pl\/sk\/sukienka-slubna-satynowa-pelagra-biala\/\">\u010c\u00edta\u0165 \u010falej <i class=\"klbth-icon-right-arrow\"><\/i><\/a><\/div>","protected":false},"featured_media":593883,"template":"","meta":[],"product_brand":[],"product_cat":[124,563,566,632],"product_tag":[219,163],"class_list":{"0":"post-593714","1":"product","2":"type-product","3":"status-publish","4":"has-post-thumbnail","6":"product_cat-sukienki-okolicznosciowe","7":"product_cat-sukienki-gorsetowe","8":"product_cat-suknie-slubne","9":"product_cat-suknie-slubne-rozkloszowane","10":"product_tag-sukienka-biala","11":"product_tag-sukienki-dlugie","13":"first","14":"instock","15":"purchasable","16":"product-type-variable"},"_links":{"self":[{"href":"https:\/\/madelinefashion.pl\/sk\/wp-json\/wp\/v2\/product\/593714","targetHints":{"allow":["GET"]}}],"collection":[{"href":"https:\/\/madelinefashion.pl\/sk\/wp-json\/wp\/v2\/product"}],"about":[{"href":"https:\/\/madelinefashion.pl\/sk\/wp-json\/wp\/v2\/types\/product"}],"wp:featuredmedia":[{"embeddable":true,"href":"https:\/\/madelinefashion.pl\/sk\/wp-json\/wp\/v2\/media\/593883"}],"wp:attachment":[{"href":"https:\/\/madelinefashion.pl\/sk\/wp-json\/wp\/v2\/media?parent=593714"}],"wp:term":[{"taxonomy":"product_brand","embeddable":true,"href":"https:\/\/madelinefashion.pl\/sk\/wp-json\/wp\/v2\/product_brand?post=593714"},{"taxonomy":"product_cat","embeddable":true,"href":"https:\/\/madelinefashion.pl\/sk\/wp-json\/wp\/v2\/product_cat?post=593714"},{"taxonomy":"product_tag","embeddable":true,"href":"https:\/\/madelinefashion.pl\/sk\/wp-json\/wp\/v2\/product_tag?post=593714"}],"curies":[{"name":"pracovn\u00fd list","href":"https:\/\/api.w.org\/{rel}","templated":true}]}}