{"id":594083,"date":"2026-02-06T15:34:18","date_gmt":"2026-02-06T14:34:18","guid":{"rendered":"https:\/\/madelinefashion.pl\/?post_type=product&#038;p=594083"},"modified":"2026-03-31T11:23:13","modified_gmt":"2026-03-31T09:23:13","slug":"sukienka-midi-z-fredzlami-butelkowa-chabrowa","status":"publish","type":"product","link":"https:\/\/madelinefashion.pl\/sk\/sukienka-midi-z-fredzlami-butelkowa-chabrowa\/","title":{"rendered":"Midi \u0161aty s vol\u00e1nikov\u00fdm vzorom a strapcami"},"content":{"rendered":"<h3 style=\"text-align: center;\">Midi \u0161aty s vol\u00e1nikov\u00fdm vzorom a strapcami<\/h3>\n<p style=\"text-align: center;\" data-start=\"40\" data-end=\"307\">Tieto elegantn\u00e9 a v\u00fdrazn\u00e9 midi \u0161aty v \u017eiarivej fuchsiovej farbe s\u00fa perfektnou vo\u013ebou na \u0161peci\u00e1lne pr\u00edle\u017eitosti. Zdobia ich ozdobn\u00e9 strapce, ktor\u00e9 sa kr\u00e1sne vlnia pri ch\u00f4dzi a tanci, \u010d\u00edm dod\u00e1vaj\u00fa vzh\u013eadu \u013eahk\u00fd a v\u00fdrazn\u00fd charakter. Midi d\u013a\u017eka zd\u00f4raz\u0148uje eleganciu, zatia\u013e \u010do kr\u00e1tke ruk\u00e1vy poskytuj\u00fa pohodlie a jemne zakr\u00fdvaj\u00fa ramen\u00e1. Starostlivo vypracovan\u00fd dizajn zv\u00fdraz\u0148uje \u017eensk\u00fa siluetu a z\u00e1rove\u0148 zaru\u010duje \u013eahkos\u0165 a komfort. Ide\u00e1lne na svadby, \u0161peci\u00e1lne pr\u00edle\u017eitosti a elegantn\u00e9 ve\u010dery. Tieto \u0161aty s\u00fa pre \u017eeny, ktor\u00e9 si cenia \u0161t\u00fdl, kvalitu a v\u00fdrazn\u00fd, no z\u00e1rove\u0148 klasick\u00fd vzh\u013ead. Tieto zo\u0161t\u00edh\u013euj\u00face \u0161aty s\u00fa navrhnut\u00e9 s oh\u013eadom na postavy PLUS SIZE. Dostupn\u00e9 vo ve\u013ekostiach 40, 42, 44, 46, 48, 50, 52, 54 a 56. V na\u0161om internetovom obchode s\u00fa dostupn\u00e9 v nieko\u013ek\u00fdch farebn\u00fdch variantoch, tak\u017ee nev\u00e1hajte a vyberte si t\u00fa, ktor\u00e1 je pre v\u00e1s ide\u00e1lna. Ak sa neviete rozhodn\u00fa\u0165, ktor\u00e1 farba..., <strong>ve\u013ekos\u0165<\/strong> je pre v\u00e1s to najlep\u0161ie <strong>kontaktuj n\u00e1s<\/strong> cez <a href=\"https:\/\/www.facebook.com\/madelinefashionbutik\" target=\"_blank\" rel=\"noopener\">Facebook<\/a> alebo <a href=\"https:\/\/madelinefashion.pl\/sk\/kontakt\/\">telef\u00f3n<\/a>. Ak ve\u013ekos\u0165 nie je na str\u00e1nke, kontaktujte n\u00e1s.<\/p>\n<h3 style=\"text-align: center;\">ROZMERY \u0161iat:<\/h3>\n<table width=\"556\">\n<tbody>\n<tr>\n<td><strong>VE\u013dKOS\u0164<\/strong><\/td>\n<td><strong>poprsia<\/strong><\/td>\n<td><strong>P\u00e1s<\/strong><\/td>\n<td><strong>Boky<\/strong><\/td>\n<\/tr>\n<tr>\n<td><strong>40<\/strong><\/td>\n<td>94-110<\/td>\n<td>90<\/td>\n<td>\u00a098-108<\/td>\n<\/tr>\n<tr>\n<td><strong>42<\/strong><\/td>\n<td>98-104<\/td>\n<td>100<\/td>\n<td>\u00a0104-112<\/td>\n<\/tr>\n<tr>\n<td>44<\/td>\n<td>102-108<\/td>\n<td>104<\/td>\n<td>\u00a0108-116<\/td>\n<\/tr>\n<tr>\n<td><strong>46<\/strong><\/td>\n<td>106-112<\/td>\n<td>110<\/td>\n<td>\u00a0112-120<\/td>\n<\/tr>\n<tr>\n<td><strong>48<\/strong><\/td>\n<td>110-116<\/td>\n<td>114<\/td>\n<td>\u00a0116-124<\/td>\n<\/tr>\n<tr>\n<td><strong>50<\/strong><\/td>\n<td>114-120<\/td>\n<td>180<\/td>\n<td>\u00a0120-128<\/td>\n<\/tr>\n<tr>\n<td><strong>52<\/strong><\/td>\n<td>118-124<\/td>\n<td>183<\/td>\n<td>124-132<\/td>\n<\/tr>\n<tr>\n<td><strong>54<\/strong><\/td>\n<td>122-124<\/td>\n<td>186<\/td>\n<td>\u00a0128-136<\/td>\n<\/tr>\n<tr>\n<td><strong>56<\/strong><\/td>\n<td>126-130<\/td>\n<td>190<\/td>\n<td>\u00a0132-140<\/td>\n<\/tr>\n<\/tbody>\n<\/table>\n<p>&nbsp;<\/p>\n<p style=\"text-align: center;\"><span style=\"font-size: 10pt;\">celkov\u00e1 d\u013a\u017eka cca 134 cm\u00a0\u00a0<\/span><\/p>\n<p style=\"text-align: center;\"><span style=\"font-size: 10pt;\">\u0160aty dostupn\u00e9 aj v <strong>in\u00e9 farebn\u00e9 varianty<\/strong> \u2013 odpor\u00fa\u010dame v\u00e1m zozn\u00e1mi\u0165 sa s na\u0161imi \u010fal\u0161\u00edmi produktmi.\u00a0<\/span><\/p>\n<p style=\"text-align: center;\"><span style=\"font-size: 10pt;\">Rozmery sa m\u00f4\u017eu mierne l\u00ed\u0161i\u0165 od uveden\u00fdch +\/- 2cm.\u00a0<\/span><\/p>\n<p style=\"text-align: center;\"><span style=\"font-size: 10pt;\"><strong>\u00a0<\/strong>\u00a0<\/span><\/p>\n<table width=\"618\">\n<tbody>\n<tr>\n<td width=\"302\">Meno modela<\/td>\n<td width=\"302\">Tmavomodr\u00e9 midi \u0161aty so strapcami<\/td>\n<\/tr>\n<tr>\n<td width=\"302\">Farba<\/td>\n<td width=\"302\">zelen\u00e1<\/td>\n<\/tr>\n<tr>\n<td width=\"302\">\u0160tiepenie<\/td>\n<td width=\"302\">\u201eAT\u201d<\/td>\n<\/tr>\n<tr>\n<td width=\"302\">ve\u013ekosti<\/td>\n<td width=\"302\">\u00a044 46 48 50 52<\/td>\n<\/tr>\n<tr>\n<td width=\"302\">M\u00f3da<\/td>\n<td width=\"302\">Vzplanul<\/td>\n<\/tr>\n<tr>\n<td width=\"302\">Materi\u00e1l<\/td>\n<td width=\"302\">Visk\u00f3za, polyester, bavlna<\/td>\n<\/tr>\n<tr>\n<td width=\"302\">D\u013a\u017eka<\/td>\n<td width=\"302\">midi<\/td>\n<\/tr>\n<\/tbody>\n<\/table>\n<p style=\"text-align: center;\"><span style=\"font-size: 10pt;\">\u00a0<\/span><\/p>\n<p>&nbsp;<\/p>\n<p style=\"text-align: center;\"><span style=\"font-size: 10pt;\">Aby ste si vybrali <strong>perfektn\u00e9 \u0161aty<\/strong> kontaktujte n\u00e1s telefonicky alebo prostredn\u00edctvom na\u0161ej webovej str\u00e1nky <a href=\"https:\/\/www.facebook.com\/madelinefashionbutik\" target=\"_blank\" rel=\"noopener\">Facebook<\/a> .<\/span><br \/>\n<span style=\"font-size: 10pt;\">N\u00e1\u0161 t\u00edm v\u00e1m pom\u00f4\u017ee <strong>Vyberte si ten spr\u00e1vny<\/strong> . <strong>Na \u017eelanie kupuj\u00faceho vyrob\u00edme ak\u00e9ko\u013evek \u0161aty\u00a0<\/strong><strong>opatrne mera\u0165.\u00a0<\/strong><\/span><\/p>\n<div class=\"additional-details\" style=\"text-align: center;\">\n<p style=\"text-align: center;\"><span style=\"font-size: 10pt;\">\u00a0<\/span><\/p>\n<\/div>","protected":false},"excerpt":{"rendered":"<p>Midi \u0161aty so strapcami vo f\u013ea\u0161kovo modrej farbe. Tieto elegantn\u00e9 a v\u00fdrazn\u00e9 midi \u0161aty v \u017eiarivej fuchsiovej farbe s\u00fa ide\u00e1lne na \u0161peci\u00e1lne pr\u00edle\u017eitosti. Dizajn zdobia ozdobn\u00e9 strapce, ktor\u00e9 sa kr\u00e1sne vlnia pri ch\u00f4dzi alebo tanci, \u010d\u00edm dod\u00e1vaj\u00fa outfitu \u013eahk\u00fd a v\u00fdrazn\u00fd charakter. Midi d\u013a\u017eka zd\u00f4raz\u0148uje eleganciu, zatia\u013e \u010do kr\u00e1tke ruk\u00e1vy zais\u0165uj\u00fa pohodlie a decentne zakr\u00fdvaj\u00fa ramen\u00e1. Starostlivo vyroben\u00e9.<\/p>\n<div class=\"klb-readmore post-buttons\"><a class=\"button black outline size-sm\" href=\"https:\/\/madelinefashion.pl\/sk\/sukienka-midi-z-fredzlami-butelkowa-chabrowa\/\">\u010c\u00edta\u0165 \u010falej <i class=\"klbth-icon-right-arrow\"><\/i><\/a><\/div>","protected":false},"featured_media":599137,"template":"","meta":[],"product_brand":[],"product_cat":[124,395,560,564],"product_tag":[385,261],"class_list":{"0":"post-594083","1":"product","2":"type-product","3":"status-publish","4":"has-post-thumbnail","6":"product_cat-sukienki-okolicznosciowe","7":"product_cat-nowosci","8":"product_cat-sukienki-brokatowe","9":"product_cat-sukienki-plus-size","10":"product_tag-plus-size","11":"product_tag-sukienki-niebieskie","13":"first","14":"instock","15":"purchasable","16":"product-type-variable"},"_links":{"self":[{"href":"https:\/\/madelinefashion.pl\/sk\/wp-json\/wp\/v2\/product\/594083","targetHints":{"allow":["GET"]}}],"collection":[{"href":"https:\/\/madelinefashion.pl\/sk\/wp-json\/wp\/v2\/product"}],"about":[{"href":"https:\/\/madelinefashion.pl\/sk\/wp-json\/wp\/v2\/types\/product"}],"wp:featuredmedia":[{"embeddable":true,"href":"https:\/\/madelinefashion.pl\/sk\/wp-json\/wp\/v2\/media\/599137"}],"wp:attachment":[{"href":"https:\/\/madelinefashion.pl\/sk\/wp-json\/wp\/v2\/media?parent=594083"}],"wp:term":[{"taxonomy":"product_brand","embeddable":true,"href":"https:\/\/madelinefashion.pl\/sk\/wp-json\/wp\/v2\/product_brand?post=594083"},{"taxonomy":"product_cat","embeddable":true,"href":"https:\/\/madelinefashion.pl\/sk\/wp-json\/wp\/v2\/product_cat?post=594083"},{"taxonomy":"product_tag","embeddable":true,"href":"https:\/\/madelinefashion.pl\/sk\/wp-json\/wp\/v2\/product_tag?post=594083"}],"curies":[{"name":"pracovn\u00fd list","href":"https:\/\/api.w.org\/{rel}","templated":true}]}}