{"id":59507,"date":"2022-09-24T10:39:03","date_gmt":"2022-09-24T08:39:03","guid":{"rendered":"https:\/\/madelinefashion.pl\/?post_type=product&#038;p=59507"},"modified":"2026-02-20T14:57:48","modified_gmt":"2026-02-20T13:57:48","slug":"sweter-azurowy-zapinany-na-guziki-blekitny","status":"publish","type":"product","link":"https:\/\/madelinefashion.pl\/sk\/sweter-azurowy-zapinany-na-guziki-blekitny\/","title":{"rendered":"Prelamovan\u00fd sveter so zap\u00ednan\u00edm na modr\u00e9 gomb\u00edky"},"content":{"rendered":"<h3 style=\"text-align: center;\">Prelamovan\u00fd sveter so zap\u00ednan\u00edm na modr\u00e9 gomb\u00edky<\/h3>\n<p style=\"text-align: center;\"><span style=\"font-size: 10pt;\"><strong>Kr\u00e1sny, \u013eahk\u00fd, zapletan\u00fd svetr\u00edk, zap\u00ednanie na gomb\u00edky<\/strong> . Toto je ponuka pre \u017eeny, ktor\u00e9 h\u013eadaj\u00fa doplnok k svojmu stylingu. Kr\u00e1sne jemn\u00e9 farby zlad\u00edte do svojho \u0161atn\u00edka ako doplnok ku ko\u0161eliam alebo bl\u00fazke. Budete sa v \u0148om c\u00edti\u0165 pohodlne a kr\u00e1sne. Pohodln\u00fd, pohodln\u00fd sveter jednoduch\u00e9ho strihu. Model s dlh\u00fdmi ruk\u00e1vmi zakon\u010den\u00fdmi lemami podobn\u00fdmi spodnej \u010dasti svetra. Je u\u0161it\u00e1 z pr\u00edjemnej, elastickej l\u00e1tky. Sveter sa zap\u00edna na 3 ozdobn\u00e9 gomb\u00edky. V na\u0161ej predajni je dostupn\u00fd vo viacer\u00fdch farebn\u00fdch variantoch. Odpor\u00fa\u010dame pre d\u00e1my vo ve\u013ekosti SML XL<\/span><\/p>\n<h3 style=\"text-align: center;\">\u00a0 \u00a0 \u00a0Rozmery<\/h3>\n<p style=\"text-align: center;\" align=\"center\">Celkov\u00e1 d\u013a\u017eka - 60 cm<br \/>\n\u0160\u00edrka od pazuchy po pazuchu - 56 cm x2<br \/>\nD\u013a\u017eka ruk\u00e1va od podpazu\u0161ia - 52 cm<br \/>\nD\u013a\u017eka ruk\u00e1va od ramena - 56 cm<br \/>\n\u0160\u00edrka v spodnej \u010dasti - 48-52 cm x2<\/p>\n<p style=\"text-align: center;\"><span style=\"font-size: 10pt;\">\u00a0Rozmery sa m\u00f4\u017eu mierne l\u00ed\u0161i\u0165 od uveden\u00fdch +\/- 2cm. V\u0161etky uveden\u00e9 rozmery s\u00fa meran\u00e9 plo\u0161ne. rozmer x2<\/span><\/p>\n<table>\n<tbody>\n<tr>\n<td width=\"302\">Meno modela<\/td>\n<td width=\"302\">Prelamovan\u00fd sveter so zap\u00ednan\u00edm na gomb\u00edky<\/td>\n<\/tr>\n<tr>\n<td width=\"302\">Farba<\/td>\n<td width=\"302\">Modr\u00e1<\/td>\n<\/tr>\n<tr>\n<td width=\"302\">ve\u013ekosti<\/td>\n<td width=\"302\">Univerz\u00e1lny<\/td>\n<\/tr>\n<tr>\n<td width=\"302\">M\u00f3da<\/td>\n<td width=\"302\">nadrozmern\u00e9<\/td>\n<\/tr>\n<tr>\n<td width=\"302\">izolovan\u00e9<\/td>\n<td width=\"302\">jednopl\u00e1\u0161\u0165ov\u00e9<\/td>\n<\/tr>\n<tr>\n<td width=\"302\">Materi\u00e1l<\/td>\n<td width=\"302\">65 % Akryl 15 % Nylon<\/td>\n<\/tr>\n<\/tbody>\n<\/table>\n<p style=\"text-align: center;\">Model m\u00e1\u00a0<strong>169<\/strong>\u00a0cm vysok\u00fd, nos\u00ed ve\u013ekos\u0165 ka\u017ed\u00fd de\u0148\u00a0<strong>S<\/strong><\/p>\n<p style=\"text-align: center;\">\u0160\u00edrka cez prsia 92 cm<\/p>\n<p style=\"text-align: center;\">\u0160\u00edrka v p\u00e1se 62 cm<\/p>\n<p style=\"text-align: center;\">\u0160\u00edrka v bokoch 94 cm<\/p>","protected":false},"excerpt":{"rendered":"<p>Sweter A\u017curowy Zapinany Na Guziki B\u0142\u0119kitny Przepi\u0119kny, lekki , pleciony sweterek, zapinany na guziki . To propozycja dla Pa\u0144 kt\u00f3re szukaj\u0105 dodatku do swojej stylizacji. Przepi\u0119kne delikatne kolory dopasujesz do swojej szafy jako dodatek na koszule lub bluzk\u0119. B\u0119dziesz czu\u0107 si\u0119 w nim wygodnie I pi\u0119knie . Wygodny, komfortowy sweterek o prostym fasonie. Model z<\/p>\n<div class=\"klb-readmore post-buttons\"><a class=\"button black outline size-sm\" href=\"https:\/\/madelinefashion.pl\/sk\/sweter-azurowy-zapinany-na-guziki-blekitny\/\">\u010c\u00edta\u0165 \u010falej <i class=\"klbth-icon-right-arrow\"><\/i><\/a><\/div>","protected":false},"featured_media":59326,"template":"","meta":[],"product_brand":[],"product_cat":[78,395],"product_tag":[],"class_list":{"0":"post-59507","1":"product","2":"type-product","3":"status-publish","4":"has-post-thumbnail","6":"product_cat-swetry-damskie","7":"product_cat-nowosci","9":"first","10":"outofstock","11":"purchasable","12":"product-type-simple"},"_links":{"self":[{"href":"https:\/\/madelinefashion.pl\/sk\/wp-json\/wp\/v2\/product\/59507","targetHints":{"allow":["GET"]}}],"collection":[{"href":"https:\/\/madelinefashion.pl\/sk\/wp-json\/wp\/v2\/product"}],"about":[{"href":"https:\/\/madelinefashion.pl\/sk\/wp-json\/wp\/v2\/types\/product"}],"wp:featuredmedia":[{"embeddable":true,"href":"https:\/\/madelinefashion.pl\/sk\/wp-json\/wp\/v2\/media\/59326"}],"wp:attachment":[{"href":"https:\/\/madelinefashion.pl\/sk\/wp-json\/wp\/v2\/media?parent=59507"}],"wp:term":[{"taxonomy":"product_brand","embeddable":true,"href":"https:\/\/madelinefashion.pl\/sk\/wp-json\/wp\/v2\/product_brand?post=59507"},{"taxonomy":"product_cat","embeddable":true,"href":"https:\/\/madelinefashion.pl\/sk\/wp-json\/wp\/v2\/product_cat?post=59507"},{"taxonomy":"product_tag","embeddable":true,"href":"https:\/\/madelinefashion.pl\/sk\/wp-json\/wp\/v2\/product_tag?post=59507"}],"curies":[{"name":"pracovn\u00fd list","href":"https:\/\/api.w.org\/{rel}","templated":true}]}}