{"id":59697,"date":"2022-09-24T13:23:14","date_gmt":"2022-09-24T11:23:14","guid":{"rendered":"https:\/\/madelinefashion.pl\/?post_type=product&#038;p=59697"},"modified":"2026-02-16T15:02:26","modified_gmt":"2026-02-16T14:02:26","slug":"kozaki-czarne-na-slupku-wiazane-karley","status":"publish","type":"product","link":"https:\/\/madelinefashion.pl\/sk\/kozaki-czarne-na-slupku-wiazane-karley\/","title":{"rendered":"\u010cierne \u010di\u017emy na podp\u00e4tku viazan\u00e9 Karley"},"content":{"rendered":"<h3 style=\"text-align: center;\">\u010cierne \u010di\u017emy na podp\u00e4tku viazan\u00e9 Karley<\/h3>\n<p style=\"text-align: center;\">Vyroben\u00e9 z jemn\u00e9ho ekologick\u00e9ho semi\u0161u v \u010diernej farbe.<br \/>\nNa \u010diernej podr\u00e1\u017eke, s pru\u017en\u00fdm zvr\u0161kom za kolenom a s\u0165ahovacou \u0161n\u00farkou.<br \/>\nTop\u00e1nky s mand\u013eovou \u0161pi\u010dkou, na stabilnom st\u013apiku.<br \/>\nZ vn\u00fatornej strany na zips.<br \/>\nS nezateplen\u00fdm zvr\u0161kom, zateplenie len v \u010dasti chodidla.<br \/>\nVe\u013emi pohodln\u00e9, vyzeraj\u00fa kr\u00e1sne na nohe.<\/p>\n<p>&nbsp;<\/p>\n<p>&nbsp;<\/p>\n<h3 style=\"text-align: center;\">Rozmery<\/h3>\n<table width=\"540\">\n<thead>\n<tr>\n<td width=\"216\"><strong>Ve\u013ekos\u0165 E\u00da<\/strong><\/td>\n<td width=\"316\"><strong>D\u013a\u017eka vlo\u017eky<\/strong><\/td>\n<\/tr>\n<\/thead>\n<tbody>\n<tr>\n<td width=\"216\"><strong>36<\/strong><\/td>\n<td width=\"316\">24 cm<\/td>\n<\/tr>\n<tr>\n<td width=\"216\"><strong>37<\/strong><\/td>\n<td width=\"316\">24,5 cm<\/td>\n<\/tr>\n<tr>\n<td width=\"216\"><strong>38<\/strong><\/td>\n<td width=\"316\">25 cm<\/td>\n<\/tr>\n<tr>\n<td width=\"216\"><strong>39<\/strong><\/td>\n<td width=\"316\">25,5 cm<\/td>\n<\/tr>\n<tr>\n<td width=\"216\"><strong>40<\/strong><\/td>\n<td width=\"316\">26,5 cm<\/td>\n<\/tr>\n<tr>\n<td width=\"216\"><strong>41<\/strong><\/td>\n<td width=\"316\">27 cm<\/td>\n<\/tr>\n<\/tbody>\n<\/table>\n<div class=\"wrap-content\">\n<div class=\"main-container container\">\n<div class=\"row\">\n<section class=\"main-content sidebar-left-false\">\n<div class=\"product-page page\">\n<div class=\"page-content\">\n<div id=\"ProductSizing\" class=\"product-sizing modal fade in\" tabindex=\"-1\" role=\"dialog\" aria-hidden=\"false\">\n<div class=\"modal-dialog\">\n<div class=\"modal-content\">\n<div class=\"widget html_editor\">\n<p>&nbsp;<\/p>\n<\/div>\n<p>&nbsp;<\/p>\n<\/div>\n<\/div>\n<\/div>\n<\/div>\n<\/div>\n<\/section>\n<\/div>\n<\/div>\n<\/div>\n<div class=\"wrap-footer\">\n<footer class=\"\">\n<div class=\"container\">\n<div class=\"footer-newsletter-box\"><\/div>\n<\/div>\n<\/footer>\n<\/div>\n<table>\n<tbody>\n<tr>\n<td width=\"302\">Meno modela<\/td>\n<td width=\"302\">Karley \u010di\u017emy s viazan\u00fdm op\u00e4tkom<\/p>\n<p>K99111-1<\/td>\n<\/tr>\n<tr>\n<td width=\"302\">Farba<\/td>\n<td width=\"302\">\u010dierna<\/td>\n<\/tr>\n<tr>\n<td width=\"302\">ve\u013ekosti<\/td>\n<td width=\"302\">36 37\u00a0 38\u00a0 39 40 41<\/td>\n<\/tr>\n<tr>\n<td width=\"302\">Materi\u00e1l<\/td>\n<td width=\"302\">Semi\u0161 - ekologick\u00fd<\/td>\n<\/tr>\n<tr>\n<td width=\"302\">Otep\u013eovanie<\/td>\n<td width=\"302\">Nie<\/td>\n<\/tr>\n<tr>\n<td width=\"302\">Spona<\/td>\n<td width=\"302\">Zips\/\u0161nurovanie<\/td>\n<\/tr>\n<tr>\n<td width=\"302\">Zbierka<\/td>\n<td width=\"302\">jar\/jese\u0148\/zima<\/td>\n<\/tr>\n<\/tbody>\n<\/table>\n<div class=\"tabs tabs-bb clear mb-80\">\n<div class=\"tab-content\">\n<div id=\"tab-description\" class=\"tab-pane fade in woocommerce-Tabs-panel--description active\">\n<p style=\"text-align: center;\">\n<\/div>\n<\/div>\n<\/div>\n<section class=\"up-sells upsells products mb-80\"><\/section>\n<p style=\"text-align: center;\">","protected":false},"excerpt":{"rendered":"<p>Kozaki Czarne na S\u0142upku Wi\u0105zane Karley Wykonane z delikatnego zamszu ekologicznego w czarnym kolorze. Na czarnej podeszwie, z elastyczn\u0105 cholewk\u0105 za kolano i troczkiem. Buty z migda\u0142owym noskiem, na stabilnym s\u0142upku. Od wewn\u0119trznej strony zasuwane na zamek. Z nieocieplan\u0105 cholewk\u0105, ocieplenie tylko w cz\u0119\u015bci stopy. Bardzo wygodne, pi\u0119knie wygl\u0105daj\u0105 na nodze. &nbsp; &nbsp; Wymiary Rozmiar<\/p>\n<div class=\"klb-readmore post-buttons\"><a class=\"button black outline size-sm\" href=\"https:\/\/madelinefashion.pl\/sk\/kozaki-czarne-na-slupku-wiazane-karley\/\">\u010c\u00edta\u0165 \u010falej <i class=\"klbth-icon-right-arrow\"><\/i><\/a><\/div>","protected":false},"featured_media":59670,"template":"","meta":[],"product_brand":[],"product_cat":[400,395],"product_tag":[493],"class_list":{"0":"post-59697","1":"product","2":"type-product","3":"status-publish","4":"has-post-thumbnail","6":"product_cat-buty","7":"product_cat-nowosci","8":"product_tag-kozaki","10":"first","11":"instock","12":"sale","13":"purchasable","14":"product-type-variable"},"_links":{"self":[{"href":"https:\/\/madelinefashion.pl\/sk\/wp-json\/wp\/v2\/product\/59697","targetHints":{"allow":["GET"]}}],"collection":[{"href":"https:\/\/madelinefashion.pl\/sk\/wp-json\/wp\/v2\/product"}],"about":[{"href":"https:\/\/madelinefashion.pl\/sk\/wp-json\/wp\/v2\/types\/product"}],"wp:featuredmedia":[{"embeddable":true,"href":"https:\/\/madelinefashion.pl\/sk\/wp-json\/wp\/v2\/media\/59670"}],"wp:attachment":[{"href":"https:\/\/madelinefashion.pl\/sk\/wp-json\/wp\/v2\/media?parent=59697"}],"wp:term":[{"taxonomy":"product_brand","embeddable":true,"href":"https:\/\/madelinefashion.pl\/sk\/wp-json\/wp\/v2\/product_brand?post=59697"},{"taxonomy":"product_cat","embeddable":true,"href":"https:\/\/madelinefashion.pl\/sk\/wp-json\/wp\/v2\/product_cat?post=59697"},{"taxonomy":"product_tag","embeddable":true,"href":"https:\/\/madelinefashion.pl\/sk\/wp-json\/wp\/v2\/product_tag?post=59697"}],"curies":[{"name":"pracovn\u00fd list","href":"https:\/\/api.w.org\/{rel}","templated":true}]}}