{"id":597883,"date":"2026-03-19T11:47:58","date_gmt":"2026-03-19T10:47:58","guid":{"rendered":"https:\/\/madelinefashion.pl\/?post_type=product&#038;p=597883"},"modified":"2026-04-27T21:07:13","modified_gmt":"2026-04-27T19:07:13","slug":"suknia-slubna-gladka-biala-maxi-eterna","status":"publish","type":"product","link":"https:\/\/madelinefashion.pl\/sk\/suknia-slubna-gladka-biala-maxi-eterna\/","title":{"rendered":"Svadobn\u00e9 \u0161aty Eterna s hladk\u00fdm bielym v\u00fdstrihom"},"content":{"rendered":"<h3 style=\"text-align: center;\">Svadobn\u00e9 \u0161aty Eterna s hladk\u00fdm bielym v\u00fdstrihom<\/h3>\n<p style=\"text-align: center;\">Dlh\u00e9 \u0161aty s hrub\u00fdmi ramienkami. Priliehav\u00e9, hladk\u00e9 a elegantn\u00e9. Zadn\u00e1 \u010das\u0165 \u0161iat sa zap\u00edna na zips. \u0160aty s\u00fa vyroben\u00e9 z jemnej, vzdu\u0161nej l\u00e1tky. Fenomen\u00e1lne. <strong data-start=\"135\" data-end=\"169\">dlh\u00e9 biele plisovan\u00e9 \u0161aty<\/strong> Toto je n\u00e1vrh pre \u017eeny, ktor\u00e9 h\u013eadaj\u00fa noblesu, \u013eahkos\u0165 a nad\u010dasov\u00fa eleganciu. Tento model zaujme svojim kr\u00e1sne spl\u00fdvav\u00fdm materi\u00e1lom, jemn\u00fdm riasen\u00edm v hornej \u010dasti a v\u00fdrazn\u00fdm... <strong data-start=\"359\" data-end=\"392\">V\u00fdstrih v tvare V<\/strong>, ktor\u00e1 zo\u0161t\u00edh\u013euje siluetu a dod\u00e1va \u0161t\u00fdlu \u017eensk\u00fd n\u00e1dych. P\u00e1s zv\u00fdraz\u0148uje postavu, zatia\u013e \u010do vo\u013ene padaj\u00faci, dlh\u00fd lem dod\u00e1va cel\u00e9mu outfitu jedine\u010dn\u00fa \u013eahkos\u0165 a eleganciu. <strong>Biele svadobn\u00e9 maxi \u0161aty<\/strong> Je perfektn\u00fd na mnoho \u0161peci\u00e1lnych pr\u00edle\u017eitost\u00ed. Je to perfektn\u00e1 vo\u013eba pre <strong data-start=\"679\" data-end=\"695\">ob\u010diansky sob\u00e1\u0161<\/strong>, <strong data-start=\"697\" data-end=\"707\">svadobn\u00e1 hostina<\/strong>, <strong data-start=\"709\" data-end=\"722\">afterp\u00e1rty<\/strong>, <strong data-start=\"724\" data-end=\"748\">vonkaj\u0161ia p\u00e1rty<\/strong>, <strong data-start=\"750\" data-end=\"769\">fotenie<\/strong>, a in\u00e9 pr\u00edle\u017eitosti, kde chcete vyzera\u0165 \u0161t\u00fdlovo a elegantne. Jeho jemn\u00fd, romantick\u00fd dizajn vyzer\u00e1 kr\u00e1sne v pohybe a hod\u00ed sa k minimalistick\u00fdm doplnkom aj <strong>o\u010daruj\u00facej\u0161\u00ed \u0161t\u00fdl. <\/strong>\u00a0Ak sa neviete rozhodn\u00fa\u0165 ak\u00fa farbu, <strong>ve\u013ekos\u0165<\/strong> je pre v\u00e1s to najlep\u0161ie <strong>kontaktuj n\u00e1s<\/strong> cez <a href=\"https:\/\/www.facebook.com\/madelinefashionbutik\" target=\"_blank\" rel=\"noopener\">Facebook<\/a> alebo <a href=\"https:\/\/madelinefashion.pl\/sk\/kontakt\/\">telef\u00f3n<\/a>. Ak ve\u013ekos\u0165 nie je na str\u00e1nke, kontaktujte n\u00e1s.<\/p>\n<h3 style=\"text-align: center;\">ROZMERY \u0161iat:<\/h3>\n<table width=\"556\">\n<tbody>\n<tr>\n<td width=\"205\"><strong>VE\u013dKOS\u0164<\/strong><\/td>\n<td><strong>poprsia<\/strong><\/td>\n<td><strong>P\u00e1s<\/strong><\/td>\n<td><strong>Boky<\/strong><\/td>\n<\/tr>\n<tr>\n<td width=\"205\"><strong>36<\/strong><\/td>\n<td>88-94<\/td>\n<td>68<\/td>\n<td>\u00a0ak\u00fdko\u013evek<\/td>\n<\/tr>\n<tr>\n<td width=\"205\"><strong>38<\/strong><\/td>\n<td>92-96<\/td>\n<td>72<\/td>\n<td>\u00a0ak\u00fdko\u013evek<\/td>\n<\/tr>\n<tr>\n<td width=\"205\"><strong>40<\/strong><\/td>\n<td>96-102<\/td>\n<td>76<\/td>\n<td>\u00a0ak\u00fdko\u013evek<\/td>\n<\/tr>\n<\/tbody>\n<\/table>\n<p style=\"text-align: center;\"><span style=\"font-size: 10pt;\">celkov\u00e1 d\u013a\u017eka cca 157 cm (\u0161aty sa daj\u00fa skr\u00e1ti\u0165 pod\u013ea vlastn\u00e9ho uv\u00e1\u017eenia)\u00a0<\/span><\/p>\n<p style=\"text-align: center;\"><span style=\"font-size: 10pt;\">\u0160aty s\u00fa dostupn\u00e9 aj v in\u00fdch farb\u00e1ch - odpor\u00fa\u010dame v\u00e1m zozn\u00e1mi\u0165 sa s na\u0161imi \u010fal\u0161\u00edmi produktmi.<\/span><\/p>\n<p style=\"text-align: center;\"><span style=\"font-size: 10pt;\">Rozmery sa m\u00f4\u017eu mierne l\u00ed\u0161i\u0165 od uveden\u00fdch +\/- 2cm.\u00a0<\/span><\/p>\n<p style=\"text-align: center;\"><span style=\"font-size: 10pt;\"><strong>\u00a0<\/strong>\u00a0<\/span><\/p>\n<table width=\"620\">\n<tbody>\n<tr>\n<td width=\"302\">Meno modela<\/td>\n<td width=\"302\">Svadobn\u00e9 \u0161aty Eterna s hladk\u00fdm bielym v\u00fdstrihom<\/td>\n<\/tr>\n<tr>\n<td width=\"302\">Farba<\/td>\n<td width=\"302\">biely<\/td>\n<\/tr>\n<tr>\n<td width=\"302\">Ruk\u00e1v<\/td>\n<td width=\"302\">\u00c1no<\/td>\n<\/tr>\n<tr>\n<td width=\"302\">ve\u013ekosti<\/td>\n<td width=\"302\">36 38 40<\/td>\n<\/tr>\n<tr>\n<td width=\"302\">M\u00f3da<\/td>\n<td width=\"302\">Vzplanul<\/td>\n<\/tr>\n<tr>\n<td width=\"302\">Materi\u00e1l<\/td>\n<td width=\"302\">Polyester<\/td>\n<\/tr>\n<tr>\n<td width=\"302\">D\u013a\u017eka<\/td>\n<td width=\"302\">Na zem<\/td>\n<\/tr>\n<\/tbody>\n<\/table>\n<p style=\"text-align: center;\"><span style=\"font-size: 10pt;\">\u00a0<\/span><\/p>\n<p style=\"text-align: center;\"><span style=\"font-size: 10pt;\">Aby ste si vybrali <strong>perfektn\u00e9 \u0161aty<\/strong> kontaktujte n\u00e1s telefonicky alebo prostredn\u00edctvom na\u0161ej webovej str\u00e1nky <a href=\"https:\/\/www.facebook.com\/madelinefashionbutik\" target=\"_blank\" rel=\"noopener\">Facebook<\/a> .<\/span><br \/>\n<span style=\"font-size: 10pt;\">N\u00e1\u0161 t\u00edm v\u00e1m pom\u00f4\u017ee <strong>Vyberte si ten spr\u00e1vny<\/strong> . <strong>Na \u017eelanie kupuj\u00faceho vyrob\u00edme ak\u00e9ko\u013evek \u0161aty\u00a0<\/strong><strong>opatrne mera\u0165.\u00a0<\/strong><\/span><\/p>\n<div class=\"additional-details\" style=\"text-align: center;\">\n<p style=\"text-align: center;\"><span style=\"font-size: 10pt;\">\u00a0<\/span><\/p>\n<\/div>","protected":false},"excerpt":{"rendered":"<p>Svadobn\u00e9 \u0161aty Eterna Smooth White Maxi. Dlh\u00e9 \u0161aty s hrub\u00fdmi ramienkami. Priliehav\u00e9, hladk\u00e9 a elegantn\u00e9. Zadn\u00e1 \u010das\u0165 \u0161iat sa zap\u00edna na zips. \u0160aty s\u00fa vyroben\u00e9 z jemnej, vzdu\u0161nej l\u00e1tky. Tieto fenomen\u00e1lne biele dlh\u00e9 plisovan\u00e9 \u0161aty s\u00fa n\u00e1vrhom pre \u017eeny, ktor\u00e9 h\u013eadaj\u00fa noblesu, \u013eahkos\u0165 a nad\u010dasov\u00fa eleganciu. Model pote\u0161\u00ed svojou kr\u00e1sne spl\u00fdvavou l\u00e1tkou a jemn\u00fdm vol\u00e1nom v hornej \u010dasti.<\/p>\n<div class=\"klb-readmore post-buttons\"><a class=\"button black outline size-sm\" href=\"https:\/\/madelinefashion.pl\/sk\/suknia-slubna-gladka-biala-maxi-eterna\/\">\u010c\u00edta\u0165 \u010falej <i class=\"klbth-icon-right-arrow\"><\/i><\/a><\/div>","protected":false},"featured_media":597893,"template":"","meta":[],"product_brand":[],"product_cat":[124,395,568,566,632],"product_tag":[219,163],"class_list":{"0":"post-597883","1":"product","2":"type-product","3":"status-publish","4":"has-post-thumbnail","6":"product_cat-sukienki-okolicznosciowe","7":"product_cat-nowosci","8":"product_cat-sukienki-rozkloszowane-szyfonowe","9":"product_cat-suknie-slubne","10":"product_cat-suknie-slubne-rozkloszowane","11":"product_tag-sukienka-biala","12":"product_tag-sukienki-dlugie","14":"first","15":"instock","16":"purchasable","17":"product-type-variable"},"_links":{"self":[{"href":"https:\/\/madelinefashion.pl\/sk\/wp-json\/wp\/v2\/product\/597883","targetHints":{"allow":["GET"]}}],"collection":[{"href":"https:\/\/madelinefashion.pl\/sk\/wp-json\/wp\/v2\/product"}],"about":[{"href":"https:\/\/madelinefashion.pl\/sk\/wp-json\/wp\/v2\/types\/product"}],"wp:featuredmedia":[{"embeddable":true,"href":"https:\/\/madelinefashion.pl\/sk\/wp-json\/wp\/v2\/media\/597893"}],"wp:attachment":[{"href":"https:\/\/madelinefashion.pl\/sk\/wp-json\/wp\/v2\/media?parent=597883"}],"wp:term":[{"taxonomy":"product_brand","embeddable":true,"href":"https:\/\/madelinefashion.pl\/sk\/wp-json\/wp\/v2\/product_brand?post=597883"},{"taxonomy":"product_cat","embeddable":true,"href":"https:\/\/madelinefashion.pl\/sk\/wp-json\/wp\/v2\/product_cat?post=597883"},{"taxonomy":"product_tag","embeddable":true,"href":"https:\/\/madelinefashion.pl\/sk\/wp-json\/wp\/v2\/product_tag?post=597883"}],"curies":[{"name":"pracovn\u00fd list","href":"https:\/\/api.w.org\/{rel}","templated":true}]}}