{"id":598681,"date":"2026-03-27T15:21:08","date_gmt":"2026-03-27T14:21:08","guid":{"rendered":"https:\/\/madelinefashion.pl\/?post_type=product&#038;p=598681"},"modified":"2026-04-20T17:23:48","modified_gmt":"2026-04-20T15:23:48","slug":"sukienka-tiulowa-na-ramiaczkach-maritna-szalwia","status":"publish","type":"product","link":"https:\/\/madelinefashion.pl\/sk\/sukienka-tiulowa-na-ramiaczkach-maritna-szalwia\/","title":{"rendered":"Tylov\u00e9 \u0161aty Maritna Sage s ramienkami"},"content":{"rendered":"<h3 style=\"text-align: center;\">Tylov\u00e9 \u0161aty Maritna Sage s ramienkami<\/h3>\n<p style=\"text-align: center;\"><span style=\"font-size: 11.0pt;\">Tylov\u00e9 \u0161aty Martina bez ramienok s\u00fa elegantnou a \u017eenskou vo\u013ebou, ktor\u00e1 je ide\u00e1lna na \u0161peci\u00e1lne pr\u00edle\u017eitosti. S\u00fa vyroben\u00e9 z \u013eahk\u00e9ho, vrstven\u00e9ho tylu, ktor\u00fd jemne spl\u00fdva so siluetou a vytv\u00e1ra decentn\u00fd, romantick\u00fd efekt. \u0160aty dokonale odr\u00e1\u017eaj\u00fa s\u00fa\u010dasn\u00e9 trendy. \u017div\u00f4tik je navrhnut\u00fd s priliehav\u00fdm korzetom s nastavite\u013en\u00fdmi ramienkami, ktor\u00e9 umo\u017e\u0148uj\u00fa dokonal\u00e9 padnutie. Suk\u0148a je vyroben\u00e1 zo vzdu\u0161n\u00fdch vrstiev tylu, ktor\u00e9 sa pohybuj\u00fa s ka\u017ed\u00fdm krokom a dod\u00e1vaj\u00fa im \u013eahkos\u0165 a p\u00f4vab. Tento \u0161t\u00fdl je vhodn\u00fd na svadby, stu\u017ekov\u00e9, rodinn\u00e9 stretnutia a elegantn\u00e9 ve\u010dierky. Tento dizajn zv\u00fdraz\u0148uje p\u00e1s, zo\u0161t\u00edh\u013euje postavu a zais\u0165uje pohodlie po\u010das cel\u00e9ho d\u0148a aj ve\u010dera. <\/span><span style=\"font-size: 11.0pt;\">\u00a0M\u00e1 v\u0161it\u00e9 ko\u0161\u00ed\u010dky vpredu, tak\u017ee nemus\u00edte nosi\u0165 podprsenku.<br \/>\nDostupn\u00e9 vo ve\u013ekostiach XS SML. Ak sa neviete rozhodn\u00fa\u0165, ktor\u00fa farbu..., <strong>ve\u013ekos\u0165<\/strong> je pre v\u00e1s to najlep\u0161ie <strong>kontaktuj n\u00e1s<\/strong> cez <a href=\"https:\/\/www.facebook.com\/madelinefashionbutik\" target=\"_blank\" rel=\"noopener\">Facebook<\/a> alebo <a href=\"https:\/\/madelinefashion.pl\/sk\/kontakt\/\">telef\u00f3n<\/a>. Ak ve\u013ekos\u0165 nie je na str\u00e1nke, kontaktujte n\u00e1s.\u00a0<\/span><\/p>\n<h3 style=\"text-align: center;\">ROZMERY \u0161iat:<\/h3>\n<p>&nbsp;<\/p>\n<table width=\"500\">\n<tbody>\n<tr>\n<td><strong>VE\u013dKOS\u0164<\/strong><\/td>\n<td><strong>poprsia<\/strong><\/td>\n<td><strong>P\u00e1s<\/strong><\/td>\n<td width=\"73\"><strong>Boky<\/strong><\/td>\n<\/tr>\n<tr>\n<td><strong>34<\/strong><\/td>\n<td>84-86<\/td>\n<td>64<\/td>\n<td width=\"73\">\u00a0ak\u00fdko\u013evek<\/td>\n<\/tr>\n<tr>\n<td><strong>36<\/strong><\/td>\n<td>88-90<\/td>\n<td>68<\/td>\n<td width=\"73\">\u00a0ak\u00fdko\u013evek<\/td>\n<\/tr>\n<tr>\n<td><strong>38<\/strong><\/td>\n<td>\u00a092-94<\/td>\n<td>72<\/td>\n<td width=\"73\">\u00a0ak\u00fdko\u013evek<\/td>\n<\/tr>\n<tr>\n<td><strong>40<\/strong><\/td>\n<td>96-98<\/td>\n<td>76<\/td>\n<td width=\"73\">\u00a0ak\u00fdko\u013evek<\/td>\n<\/tr>\n<\/tbody>\n<\/table>\n<p style=\"text-align: center;\"><span style=\"font-size: 10pt;\">\u00a0<\/span><\/p>\n<p style=\"text-align: center;\"><span style=\"font-size: 10pt;\">celkov\u00e1 d\u013a\u017eka cca 157 cm\u00a0\u00a0<\/span><\/p>\n<p style=\"text-align: center;\"><span style=\"font-size: 10pt;\">\u0160aty dostupn\u00e9 aj v <strong>in\u00e9 farebn\u00e9 varianty<\/strong> \u2013 odpor\u00fa\u010dame v\u00e1m zozn\u00e1mi\u0165 sa s na\u0161imi \u010fal\u0161\u00edmi produktmi.\u00a0<\/span><\/p>\n<p style=\"text-align: center;\"><span style=\"font-size: 10pt;\">Rozmery sa m\u00f4\u017eu mierne l\u00ed\u0161i\u0165 od uveden\u00fdch +\/- 2cm.\u00a0<\/span><\/p>\n<p style=\"text-align: center;\"><span style=\"font-size: 10pt;\"><strong>\u00a0<\/strong>\u00a0<\/span><\/p>\n<table width=\"618\">\n<tbody>\n<tr>\n<td width=\"302\">Meno modela<\/td>\n<td width=\"302\">Tylov\u00e9 \u0161aty bez ramienok Maritna<\/td>\n<\/tr>\n<tr>\n<td width=\"302\">Farba<\/td>\n<td width=\"302\">\u0160alvia<\/td>\n<\/tr>\n<tr>\n<td width=\"302\">Materi\u00e1l<\/td>\n<td width=\"302\">Tyl<\/td>\n<\/tr>\n<tr>\n<td width=\"302\">ve\u013ekosti<\/td>\n<td width=\"302\">36 38 40<\/td>\n<\/tr>\n<tr>\n<td width=\"302\">M\u00f3da<\/td>\n<td width=\"302\">Vzplanul<\/td>\n<\/tr>\n<tr>\n<td width=\"302\">Materi\u00e1l<\/td>\n<td width=\"302\">Visk\u00f3za, Polyester<\/td>\n<\/tr>\n<tr>\n<td width=\"302\">D\u013a\u017eka<\/td>\n<td width=\"302\">Na zem<\/td>\n<\/tr>\n<\/tbody>\n<\/table>\n<p style=\"text-align: center;\"><span style=\"font-size: 10pt;\">* Pre v\u00e4\u010d\u0161ie ve\u013ekosti n\u00e1s pros\u00edm kontaktujte telefonicky\u00a0\u00a0<\/span><\/p>\n<p style=\"text-align: center;\"><span style=\"font-size: 10pt;\">Aby ste si vybrali <strong>perfektn\u00e9 \u0161aty<\/strong> kontaktujte n\u00e1s telefonicky alebo prostredn\u00edctvom na\u0161ej webovej str\u00e1nky <a href=\"https:\/\/www.facebook.com\/madelinefashionbutik\" target=\"_blank\" rel=\"noopener\">Facebook<\/a> .<\/span><br \/>\n<span style=\"font-size: 10pt;\">N\u00e1\u0161 t\u00edm v\u00e1m pom\u00f4\u017ee <strong>Vyberte si ten spr\u00e1vny<\/strong> . <strong>Na \u017eelanie kupuj\u00faceho vyrob\u00edme ak\u00e9ko\u013evek \u0161aty\u00a0<\/strong><strong>opatrne mera\u0165.\u00a0<\/strong><\/span><\/p>\n<div class=\"additional-details\" style=\"text-align: center;\">\n<p style=\"text-align: center;\"><span style=\"font-size: 10pt;\">\u00a0<\/span><\/p>\n<\/div>","protected":false},"excerpt":{"rendered":"<p>Sukienka Tiulowa Na Rami\u0105czkach Maritna Sza\u0142wia Sukienka Tiulowa Martina na rami\u0105czkach to elegancka, kobieca propozycja idealna na wyj\u0105tkowe okazje. Wykonana z lekkiego, warstwowego tiulu, delikatnie uk\u0142ada si\u0119 na sylwetce, tworz\u0105c subtelny, romantyczny efekt. Sukienka doskonale wpisuje si\u0119 w aktualne trendy. G\u00f3ra sukienki zosta\u0142a zaprojektowana z dopasowanym gorsetem na regulowanych rami\u0105czkach, co pozwala idealnie dopasowa\u0107 model<\/p>\n<div class=\"klb-readmore post-buttons\"><a class=\"button black outline size-sm\" href=\"https:\/\/madelinefashion.pl\/sk\/sukienka-tiulowa-na-ramiaczkach-maritna-szalwia\/\">\u010c\u00edta\u0165 \u010falej <i class=\"klbth-icon-right-arrow\"><\/i><\/a><\/div>","protected":false},"featured_media":598672,"template":"","meta":[],"product_brand":[],"product_cat":[124,395,561],"product_tag":[163,535],"class_list":{"0":"post-598681","1":"product","2":"type-product","3":"status-publish","4":"has-post-thumbnail","6":"product_cat-sukienki-okolicznosciowe","7":"product_cat-nowosci","8":"product_cat-sukienki-tiulowe","9":"product_tag-sukienki-dlugie","10":"product_tag-zielone-sukienki","12":"first","13":"instock","14":"sale","15":"purchasable","16":"product-type-variable"},"_links":{"self":[{"href":"https:\/\/madelinefashion.pl\/sk\/wp-json\/wp\/v2\/product\/598681","targetHints":{"allow":["GET"]}}],"collection":[{"href":"https:\/\/madelinefashion.pl\/sk\/wp-json\/wp\/v2\/product"}],"about":[{"href":"https:\/\/madelinefashion.pl\/sk\/wp-json\/wp\/v2\/types\/product"}],"wp:featuredmedia":[{"embeddable":true,"href":"https:\/\/madelinefashion.pl\/sk\/wp-json\/wp\/v2\/media\/598672"}],"wp:attachment":[{"href":"https:\/\/madelinefashion.pl\/sk\/wp-json\/wp\/v2\/media?parent=598681"}],"wp:term":[{"taxonomy":"product_brand","embeddable":true,"href":"https:\/\/madelinefashion.pl\/sk\/wp-json\/wp\/v2\/product_brand?post=598681"},{"taxonomy":"product_cat","embeddable":true,"href":"https:\/\/madelinefashion.pl\/sk\/wp-json\/wp\/v2\/product_cat?post=598681"},{"taxonomy":"product_tag","embeddable":true,"href":"https:\/\/madelinefashion.pl\/sk\/wp-json\/wp\/v2\/product_tag?post=598681"}],"curies":[{"name":"pracovn\u00fd list","href":"https:\/\/api.w.org\/{rel}","templated":true}]}}