{"id":598743,"date":"2026-03-28T13:03:15","date_gmt":"2026-03-28T12:03:15","guid":{"rendered":"https:\/\/madelinefashion.pl\/?post_type=product&#038;p=598743"},"modified":"2026-03-28T13:07:05","modified_gmt":"2026-03-28T12:07:05","slug":"kurtka-z-kolnierzem-zapinana-na-ozdobne-guziki-ecru","status":"publish","type":"product","link":"https:\/\/madelinefashion.pl\/sk\/kurtka-z-kolnierzem-zapinana-na-ozdobne-guziki-ecru\/","title":{"rendered":"Ecru bunda s golierom a zap\u00ednan\u00edm na ozdobn\u00e9 gomb\u00edky"},"content":{"rendered":"<h3 style=\"text-align: center;\">Ecru bunda s golierom a zap\u00ednan\u00edm na ozdobn\u00e9 gomb\u00edky<\/h3>\n<p style=\"text-align: center;\"><strong>\u00da\u017easn\u00e1 bunda <\/strong>vyroben\u00e9 z m\u00e4kk\u00e9ho ecru materi\u00e1lu s<strong> zlat\u00e9 gomb\u00edky. Kr\u00e1sne sed\u00ed na postave a zv\u00fdraz\u0148uje p\u00e1s. Sako <\/strong>je jedn\u00fdm z na\u0161ich n\u00e1vrhov na nadch\u00e1dzaj\u00face chladnej\u0161ie dni. <strong>Najpred\u00e1vanej\u0161\u00ed<\/strong> Model. Najklasickej\u0161\u00ed a nad\u010dasov\u00fd model bundy. D\u00e1 sa pou\u017ei\u0165 v akomko\u013evek \u0161t\u00fdle, ako ku klasick\u00fdm d\u017e\u00ednsom, bielemu tri\u010dku na ka\u017edodenn\u00e9 vych\u00e1dzky, tak aj k d\u00e1mskym \u0161at\u00e1m, ktor\u00fdm dod\u00e1va rockov\u00fd vzh\u013ead. <strong>charakter<\/strong>. Je to ist\u00e9 <strong>musie\u0165 ma\u0165<\/strong> v ka\u017edom \u0161atn\u00edku! Dlh\u00e9 ruk\u00e1vy s\u00fa zdoben\u00e9 zipsami a prackami na konci. Model zo spodnej \u010dasti m\u00e1 dodato\u010dn\u00fa pod\u0161\u00edvku, ktor\u00e1 v\u00e1s ochr\u00e1ni v chladnej\u0161\u00edch d\u0148och.\u00a0 <strong><span lang=\"en-us\" xml:lang=\"en-us\">Sako s ozdobn\u00fdmi gomb\u00edkmi je najhor\u00facej\u0161\u00edm trendom tejto sez\u00f3ny. <\/span><\/strong>Tento \u0161t\u00fdl je ide\u00e1lny na jar, jese\u0148 a chladnej\u0161ie letn\u00e9 dni. So starostlivo vybran\u00fdmi doplnkami si \u013eahko vytvor\u00edte jedine\u010dn\u00e9 outfity na spolo\u010densk\u00e9 udalosti alebo oslavy. <strong>Vy\u010dnieva\u0165 z davu<\/strong> s na\u0161ou eko ko\u017eenou bundou. Fant\u00e1zii sa medze neklad\u00fa, preto nev\u00e1hajte a<strong> vytvorte si svoj vlastn\u00fd \u0161t\u00fdl<\/strong>. Ramones prich\u00e1dza vo ve\u013ekosti<strong> SM L\u00a0 <\/strong>Ak m\u00e1te nejak\u00e9 ot\u00e1zky, sme tu, aby sme v\u00e1m pomohli.<\/p>\n<h3 style=\"text-align: center;\">Rozmery:<\/h3>\n<p align=\"center\"><strong>S<\/strong><\/p>\n<p align=\"center\">Celkov\u00e1 d\u013a\u017eka \u2013 47 cm<br \/>\n\u0160\u00edrka ramien \u2013 35 cm x 2<br \/>\n\u0160\u00edrka od podpazu\u0161ia k podpazu\u0161iu \u2013 42 cm x 2<br \/>\n\u0160\u00edrka p\u00e1sa \u2013 39 cm x 2<br \/>\nD\u013a\u017eka ruk\u00e1va od ramena \u2013 60 cm<br \/>\nD\u013a\u017eka ruk\u00e1va od podpazu\u0161ia \u2013 46 cm<br \/>\n\u0160\u00edrka bicepsu \u2013 14 cm x 2<\/p>\n<p align=\"center\"><strong>m<\/strong><\/p>\n<p align=\"center\">Celkov\u00e1 d\u013a\u017eka \u2013 48 cm<br \/>\n\u0160\u00edrka ramien \u2013 37 cm x 2<br \/>\n\u0160\u00edrka od podpazu\u0161ia k podpazu\u0161iu \u2013 44 cm x 2<br \/>\n\u0160\u00edrka p\u00e1sa \u2013 41 cm x 2<br \/>\nD\u013a\u017eka ruk\u00e1va od ramena \u2013 61 cm<br \/>\nD\u013a\u017eka ruk\u00e1va od podpazu\u0161ia - 47 cm<br \/>\n\u0160\u00edrka bicepsu \u2013 15 cm x 2<\/p>\n<p align=\"center\"><strong>L<\/strong><\/p>\n<p align=\"center\">Celkov\u00e1 d\u013a\u017eka \u2013 49 cm<br \/>\n\u0160\u00edrka ramien \u2013 39 cm x 2<br \/>\n\u0160\u00edrka od podpazu\u0161ia k podpazu\u0161iu \u2013 46 cm x 2<br \/>\n\u0160\u00edrka p\u00e1sa \u2013 43 cm x 2<br \/>\nD\u013a\u017eka ruk\u00e1va od ramena \u2013 62 cm<br \/>\nD\u013a\u017eka ruk\u00e1va od podpazu\u0161ia \u2013 48 cm<br \/>\n\u0160\u00edrka bicepsu \u2013 16 cm x 2<\/p>\n<p style=\"text-align: center;\">Rozmery sa m\u00f4\u017eu mierne l\u00ed\u0161i\u0165 od uveden\u00fdch +\/- 2cm. V\u0161etky uveden\u00e9 rozmery s\u00fa <strong>meran\u00fd byt<\/strong>.\u00a0<strong>rozmer x2<\/strong><\/p>\n<p>&nbsp;<\/p>\n<table width=\"605\">\n<tbody>\n<tr>\n<td width=\"302\">Meno modela<\/td>\n<td width=\"302\">Bunda s golierom zap\u00ednan\u00fdm ozdobn\u00fdmi gomb\u00edkmi<\/td>\n<\/tr>\n<tr>\n<td width=\"302\">Farba<\/td>\n<td width=\"302\">Ecru<\/td>\n<\/tr>\n<tr>\n<td width=\"302\">ve\u013ekosti<\/td>\n<td width=\"302\">SML<\/td>\n<\/tr>\n<tr>\n<td width=\"302\">M\u00f3da<\/td>\n<td width=\"302\">Priliehav\u00e9 \/ \u0161t\u00edhle<\/td>\n<\/tr>\n<tr>\n<td width=\"302\">Hood<\/td>\n<td width=\"302\">Nie<\/td>\n<\/tr>\n<tr>\n<td width=\"302\">Kvalita<\/td>\n<td width=\"302\">Premium<\/td>\n<\/tr>\n<tr>\n<td width=\"302\">zap\u00ednanie<\/td>\n<td width=\"302\">Z\u00e1mok<\/td>\n<\/tr>\n<\/tbody>\n<\/table>\n<p>&nbsp;<\/p>\n<p style=\"text-align: center;\">Model m\u00e1\u00a0<strong>169<\/strong>\u00a0cm vysok\u00fd, nos\u00ed ve\u013ekos\u0165 ka\u017ed\u00fd de\u0148\u00a0<strong>S<\/strong><\/p>\n<p style=\"text-align: center;\">\u0160\u00edrka hrudn\u00edka 91 cm<\/p>\n<p style=\"text-align: center;\">\u0160\u00edrka p\u00e1su 71 cm<\/p>\n<p style=\"text-align: center;\">\u0160\u00edrka bokov 96 cm<\/p>\n<p style=\"text-align: center;\">","protected":false},"excerpt":{"rendered":"<p>Bunda s golierom v ecru farbe so zap\u00ednan\u00edm na ozdobn\u00e9 gomb\u00edky. T\u00e1to \u00fa\u017easn\u00e1 bunda je vyroben\u00e1 z m\u00e4kkej ecru l\u00e1tky so zlat\u00fdmi gomb\u00edkmi. Kr\u00e1sne sed\u00ed na postave a zv\u00fdraz\u0148uje p\u00e1s. T\u00e1to bunda je jedn\u00fdm z na\u0161ich ob\u013e\u00faben\u00fdch k\u00faskov na nadch\u00e1dzaj\u00face chladnej\u0161ie dni. Najpred\u00e1vanej\u0161\u00ed model. Najklasickej\u0161ia a nad\u010dasov\u00e1 bunda. Mo\u017eno ju nosi\u0165 s ak\u00fdmko\u013evek outfitom, od klasick\u00e9ho a\u017e po le\u017e\u00e9rny.<\/p>\n<div class=\"klb-readmore post-buttons\"><a class=\"button black outline size-sm\" href=\"https:\/\/madelinefashion.pl\/sk\/kurtka-z-kolnierzem-zapinana-na-ozdobne-guziki-ecru\/\">\u010c\u00edta\u0165 \u010falej <i class=\"klbth-icon-right-arrow\"><\/i><\/a><\/div>","protected":false},"featured_media":598733,"template":"","meta":[],"product_brand":[],"product_cat":[117,395],"product_tag":[295],"class_list":{"0":"post-598743","1":"product","2":"type-product","3":"status-publish","4":"has-post-thumbnail","6":"product_cat-kurtki","7":"product_cat-nowosci","8":"product_tag-ramoneski","9":"pa_rozmiar-s-36","10":"pa_rozmiar-m-38","11":"pa_rozmiar-l-40","12":"pa_rozmiar-xl-42","14":"first","15":"instock","16":"sale","17":"purchasable","18":"product-type-variable"},"_links":{"self":[{"href":"https:\/\/madelinefashion.pl\/sk\/wp-json\/wp\/v2\/product\/598743","targetHints":{"allow":["GET"]}}],"collection":[{"href":"https:\/\/madelinefashion.pl\/sk\/wp-json\/wp\/v2\/product"}],"about":[{"href":"https:\/\/madelinefashion.pl\/sk\/wp-json\/wp\/v2\/types\/product"}],"wp:featuredmedia":[{"embeddable":true,"href":"https:\/\/madelinefashion.pl\/sk\/wp-json\/wp\/v2\/media\/598733"}],"wp:attachment":[{"href":"https:\/\/madelinefashion.pl\/sk\/wp-json\/wp\/v2\/media?parent=598743"}],"wp:term":[{"taxonomy":"product_brand","embeddable":true,"href":"https:\/\/madelinefashion.pl\/sk\/wp-json\/wp\/v2\/product_brand?post=598743"},{"taxonomy":"product_cat","embeddable":true,"href":"https:\/\/madelinefashion.pl\/sk\/wp-json\/wp\/v2\/product_cat?post=598743"},{"taxonomy":"product_tag","embeddable":true,"href":"https:\/\/madelinefashion.pl\/sk\/wp-json\/wp\/v2\/product_tag?post=598743"}],"curies":[{"name":"pracovn\u00fd list","href":"https:\/\/api.w.org\/{rel}","templated":true}]}}