{"id":598747,"date":"2026-03-28T13:08:44","date_gmt":"2026-03-28T12:08:44","guid":{"rendered":"https:\/\/madelinefashion.pl\/?post_type=product&#038;p=598747"},"modified":"2026-03-28T13:15:34","modified_gmt":"2026-03-28T12:15:34","slug":"plaszcz-maxi-z-kolnierzem-claris-cappucino","status":"publish","type":"product","link":"https:\/\/madelinefashion.pl\/sk\/plaszcz-maxi-z-kolnierzem-claris-cappucino\/","title":{"rendered":"Maxi kab\u00e1t s golierom Claris Cappucino"},"content":{"rendered":"<h3 style=\"text-align: center;\">Maxi kab\u00e1t s golierom Claris Cappucino<\/h3>\n<p style=\"text-align: center;\"><strong>Kab\u00e1t <\/strong>lemovan\u00e9 gomb\u00edkmi je to prav\u00e9 <strong>sez\u00f3nny hit<\/strong>. Tento kab\u00e1t je kombin\u00e1ciou elegancie, modernosti a funk\u010dnosti a dop\u013a\u0148a ka\u017ed\u00fa siluetu a \u0161t\u00fdl. Je vhodn\u00fd na ka\u017ed\u00fa pr\u00edle\u017eitos\u0165., <strong>bude perfektn\u00e1 v ka\u017edom ro\u010dnom obdob\u00ed<\/strong>. Peler\u00edna m\u00e1 na bokoch vreck\u00e1. Zap\u00ednanie na gomb\u00edk zlatej farby. Ka\u017ed\u00fd \u0161ev kab\u00e1ta je lemovan\u00fd ni\u0165ou v rovnakej farbe Kab\u00e1t ide\u00e1lny na ka\u017ed\u00fa pr\u00edle\u017eitos\u0165 \u00daspe\u0161n\u00e9 \u017eeny na vysok\u00fdch postoch ve\u013emi dobre vedia, ak\u00e9 farby by mali nosi\u0165, aby vzbudzovali d\u00f4veru a<strong> vyzera\u0165 profesion\u00e1lne<\/strong> v ka\u017edej situ\u00e1cii. Hod\u00ed sa ku ka\u017ed\u00e9mu \u0161t\u00fdlu, na ka\u017edodenn\u00e9 nosenie, ale so spr\u00e1vnymi doplnkami si m\u00f4\u017eete vytvori\u0165 aj origin\u00e1lny outfit na romantick\u00fa ve\u010dern\u00fa prech\u00e1dzku alebo obchodn\u00e9 stretnutie. Tento model je vhodn\u00fd pre \u017eeny, ktor\u00e9 nosia ve\u013ekos\u0165 <strong>SML XL<\/strong><strong>\u00a0<\/strong>Ak sa neviete rozhodn\u00fa\u0165, ktor\u00e1 farba alebo ve\u013ekos\u0165 je pre v\u00e1s najvhodnej\u0161ia, kontaktujte n\u00e1s na Facebooku alebo telefonicky.<\/p>\n<h3 style=\"text-align: center;\">rozmery kab\u00e1ta:<\/h3>\n<p style=\"text-align: center;\"><strong>VE\u013dKOS\u0164 S <\/strong><\/p>\n<ul style=\"text-align: center;\">\n<li>celkov\u00e1 d\u013a\u017eka 90 cm<\/li>\n<li>od pazuchy po pazuchu 47 cm<\/li>\n<li>prsia 42-44 cm<\/li>\n<li>p\u00e1s 40-42 cm<\/li>\n<li>ruk\u00e1v od pazuchy 44 cm<\/li>\n<li>ruk\u00e1v od ramena 60 cm<\/li>\n<\/ul>\n<p style=\"text-align: center;\"><strong>VE\u013dKOS\u0164 M <\/strong><\/p>\n<ul style=\"text-align: center;\">\n<li>celkov\u00e1 d\u013a\u017eka 90 cm<\/li>\n<li>od pazuchy po pazuchu 48 cm<\/li>\n<li>prsia 44-46 cm<\/li>\n<li>p\u00e1s 42-44 cm<\/li>\n<li>ruk\u00e1v od pazuchy 45 cm<\/li>\n<li>ruk\u00e1v od ramena 61 cm<\/li>\n<\/ul>\n<p style=\"text-align: center;\"><strong>VE\u013dKOS\u0164 L <\/strong><\/p>\n<ul style=\"text-align: center;\">\n<li>celkov\u00e1 d\u013a\u017eka 90 cm<\/li>\n<li>od pazuchy po pazuchu 49 cm<\/li>\n<li>prsia 46-48 cm<\/li>\n<li>p\u00e1s 44-46 cm<\/li>\n<li>ruk\u00e1v od pazuchy 46 cm<\/li>\n<li>ruk\u00e1v od ramena 62 cm<\/li>\n<\/ul>\n<p style=\"text-align: center;\"><strong>VE\u013dKOS\u0164 XL <\/strong><\/p>\n<ul style=\"text-align: center;\">\n<li>celkov\u00e1 d\u013a\u017eka 90 cm<\/li>\n<li>od pazuchy po pazuchu 50 cm<\/li>\n<li>prsia 48-50 cm<\/li>\n<li>p\u00e1s 46-48 cm<\/li>\n<li>ruk\u00e1v od pazuchy 47 cm<\/li>\n<li>ruk\u00e1v od ramena 63 cm<\/li>\n<li><\/li>\n<\/ul>\n<p style=\"text-align: center;\">Rozmery sa m\u00f4\u017eu mierne l\u00ed\u0161i\u0165 od uveden\u00fdch +\/- 2cm. V\u0161etky uveden\u00e9 rozmery s\u00fa meran\u00e9 plo\u0161ne.<\/p>\n<p style=\"text-align: center;\"><strong>\u00a0<\/strong><\/p>\n<table width=\"499\">\n<tbody>\n<tr>\n<td width=\"302\">Meno modela<\/td>\n<td width=\"302\">Maxi kab\u00e1t Claris s golierom<\/td>\n<\/tr>\n<tr>\n<td width=\"302\">Farba<\/td>\n<td width=\"302\">Cappuccino<\/td>\n<\/tr>\n<tr>\n<td width=\"302\">Zbierka<\/td>\n<td width=\"302\">jese\u0148\/zima\/jar<\/td>\n<\/tr>\n<tr>\n<td width=\"302\">ve\u013ekosti<\/td>\n<td width=\"302\">SML XL<\/td>\n<\/tr>\n<tr>\n<td width=\"302\">M\u00f3da<\/td>\n<td width=\"302\">nadrozmern\u00e9<\/td>\n<\/tr>\n<tr>\n<td width=\"302\">Hood<\/td>\n<td width=\"302\">Bez kapucne<\/td>\n<\/tr>\n<tr>\n<td width=\"302\">izolovan\u00e9<\/td>\n<td width=\"302\">Pod\u0161\u00edvka<\/td>\n<\/tr>\n<tr>\n<td width=\"302\">Materi\u00e1l<\/td>\n<td width=\"302\">65% Polyester 35% Bavlna<\/td>\n<\/tr>\n<\/tbody>\n<\/table>\n<p style=\"text-align: center;\">\u00a0Model m\u00e1\u00a0<strong>168<\/strong>\u00a0cm vysok\u00fd, nos\u00ed ve\u013ekos\u0165 ka\u017ed\u00fd de\u0148\u00a0<strong>S<\/strong><\/p>","protected":false},"excerpt":{"rendered":"<p>Maxi kab\u00e1t Claris Cappucino s golierom. Tento pod\u0161it\u00fd kab\u00e1t na gomb\u00edky je skuto\u010dn\u00fdm hitom tejto sez\u00f3ny. Je kombin\u00e1ciou elegancie, modernosti a funk\u010dnosti \u2013 tento kab\u00e1t dopln\u00ed ka\u017ed\u00fa siluetu a \u0161t\u00fdl. Je vhodn\u00fd na ka\u017ed\u00fa pr\u00edle\u017eitos\u0165 a je perfektn\u00fd pre ka\u017ed\u00e9 ro\u010dn\u00e9 obdobie. Kab\u00e1t m\u00e1 bo\u010dn\u00e9 vreck\u00e1 a zap\u00ednanie na gomb\u00edky, ktor\u00e9 ladia s farbou goliera.<\/p>\n<div class=\"klb-readmore post-buttons\"><a class=\"button black outline size-sm\" href=\"https:\/\/madelinefashion.pl\/sk\/plaszcz-maxi-z-kolnierzem-claris-cappucino\/\">\u010c\u00edta\u0165 \u010falej <i class=\"klbth-icon-right-arrow\"><\/i><\/a><\/div>","protected":false},"featured_media":598752,"template":"","meta":[],"product_brand":[],"product_cat":[120,395],"product_tag":[],"class_list":{"0":"post-598747","1":"product","2":"type-product","3":"status-publish","4":"has-post-thumbnail","6":"product_cat-plaszcze-dlugie","7":"product_cat-nowosci","8":"pa_rozmiar-s","9":"pa_rozmiar-m","10":"pa_rozmiar-l","11":"pa_rozmiar-xl","13":"first","14":"instock","15":"sale","16":"purchasable","17":"product-type-variable"},"_links":{"self":[{"href":"https:\/\/madelinefashion.pl\/sk\/wp-json\/wp\/v2\/product\/598747","targetHints":{"allow":["GET"]}}],"collection":[{"href":"https:\/\/madelinefashion.pl\/sk\/wp-json\/wp\/v2\/product"}],"about":[{"href":"https:\/\/madelinefashion.pl\/sk\/wp-json\/wp\/v2\/types\/product"}],"wp:featuredmedia":[{"embeddable":true,"href":"https:\/\/madelinefashion.pl\/sk\/wp-json\/wp\/v2\/media\/598752"}],"wp:attachment":[{"href":"https:\/\/madelinefashion.pl\/sk\/wp-json\/wp\/v2\/media?parent=598747"}],"wp:term":[{"taxonomy":"product_brand","embeddable":true,"href":"https:\/\/madelinefashion.pl\/sk\/wp-json\/wp\/v2\/product_brand?post=598747"},{"taxonomy":"product_cat","embeddable":true,"href":"https:\/\/madelinefashion.pl\/sk\/wp-json\/wp\/v2\/product_cat?post=598747"},{"taxonomy":"product_tag","embeddable":true,"href":"https:\/\/madelinefashion.pl\/sk\/wp-json\/wp\/v2\/product_tag?post=598747"}],"curies":[{"name":"pracovn\u00fd list","href":"https:\/\/api.w.org\/{rel}","templated":true}]}}