{"id":599024,"date":"2026-03-30T16:35:11","date_gmt":"2026-03-30T14:35:11","guid":{"rendered":"https:\/\/madelinefashion.pl\/?post_type=product&#038;p=599024"},"modified":"2026-04-28T20:27:08","modified_gmt":"2026-04-28T18:27:08","slug":"sukienka-koronkowa-krotka-biala-liora","status":"publish","type":"product","link":"https:\/\/madelinefashion.pl\/sk\/sukienka-koronkowa-krotka-biala-liora\/","title":{"rendered":"Kr\u00e1tke biele \u010dipkovan\u00e9 \u0161aty Liora"},"content":{"rendered":"<h3 style=\"text-align: center;\">Kr\u00e1tke biele \u010dipkovan\u00e9 \u0161aty Liora<\/h3>\n<p style=\"text-align: center;\" data-start=\"61\" data-end=\"394\">\u0160aty <strong data-start=\"70\" data-end=\"79\">Liora<\/strong> Je to jedine\u010dn\u00e1 zmes jemnej elegancie a romantick\u00e9ho \u0161t\u00fdlu. Vyroben\u00e9 z jemnej, zdobenej \u010dipky, zaujm\u00fa svojou \u013eahkos\u0165ou a \u017eensk\u00fdm charakterom. Kr\u00e1tky strih kr\u00e1sne zv\u00fdraz\u0148uje nohy, zatia\u013e \u010do dlh\u00e9 ruk\u00e1vy dod\u00e1vaj\u00fa n\u00e1dych noblesy, v\u010faka \u010domu s\u00fa tieto \u0161aty ide\u00e1lne nielen na leto, ale aj na chladnej\u0161ie dni.<\/p>\n<p style=\"text-align: center;\" data-start=\"396\" data-end=\"639\">Biela farba dod\u00e1va \u0161at\u00e1m svie\u017ei, nad\u010dasov\u00fd \u0161arm, v\u010faka \u010domu s\u00fa ide\u00e1lne na \u0161peci\u00e1lne pr\u00edle\u017eitosti \u2013 od ve\u010dierkov a rande a\u017e po rodinn\u00e9 oslavy. Priliehav\u00fd strih lichot\u00ed postave a z\u00e1rove\u0148 zais\u0165uje pohodlie.<\/p>\n<p style=\"text-align: center;\" data-start=\"641\" data-end=\"660\"><strong data-start=\"641\" data-end=\"660\">Vlastnosti produktu:<\/strong><\/p>\n<ul style=\"text-align: center;\" data-start=\"661\" data-end=\"802\">\n<li data-section-id=\"rs7gjy\" data-start=\"661\" data-end=\"692\">jemn\u00e1 \u010dipkovan\u00e1 l\u00e1tka<\/li>\n<li data-section-id=\"1huo7dp\" data-start=\"693\" data-end=\"718\">kr\u00e1tky, \u017eensk\u00fd strih<\/li>\n<li data-section-id=\"y8rjdy\" data-start=\"719\" data-end=\"744\">elegantn\u00fd dlh\u00fd ruk\u00e1v<\/li>\n<li data-section-id=\"1xab9se\" data-start=\"745\" data-end=\"770\">klasick\u00e1 biela farba<\/li>\n<li data-section-id=\"1y93e2c\" data-start=\"771\" data-end=\"802\">ide\u00e1lne na \u0161peci\u00e1lne pr\u00edle\u017eitosti<\/li>\n<\/ul>\n<p style=\"text-align: center;\" data-start=\"804\" data-end=\"896\" data-is-last-node=\"\" data-is-only-node=\"\">Model <strong data-start=\"810\" data-end=\"819\">Liora<\/strong> je perfektnou vo\u013ebou pre \u017eeny, ktor\u00e9 chc\u00fa vyzera\u0165 \u0161t\u00fdlovo, \u013eahko a elegantne.<\/p>\n<p style=\"text-align: center;\"><span style=\"font-size: 10pt;\">.Ak sa neviete rozhodn\u00fa\u0165, ktor\u00e1 farba, <strong>ve\u013ekos\u0165<\/strong> je pre v\u00e1s to najlep\u0161ie <strong>kontaktuj n\u00e1s<\/strong> cez <a href=\"https:\/\/www.facebook.com\/madelinefashionbutik\" target=\"_blank\" rel=\"noopener\">Facebook<\/a> alebo <a href=\"https:\/\/madelinefashion.pl\/sk\/kontakt\/\">telef\u00f3n<\/a>. Ak ve\u013ekos\u0165 nie je na str\u00e1nke, kontaktujte n\u00e1s.\u00a0<\/span><\/p>\n<h3 style=\"text-align: center;\"><span style=\"font-size: 16px;\"><br \/>\ncelkov\u00e1 d\u013a\u017eka cca 95 cm<\/span><\/h3>\n<p style=\"text-align: center;\">\u0160aty s\u00fa dostupn\u00e9 aj v in\u00fdch farb\u00e1ch - odpor\u00fa\u010dame v\u00e1m zozn\u00e1mi\u0165 sa s na\u0161imi \u010fal\u0161\u00edmi produktmi.<\/p>\n<p style=\"text-align: center;\">Rozmery sa m\u00f4\u017eu mierne l\u00ed\u0161i\u0165 od uveden\u00fdch +\/- 2cm.<\/p>\n<p style=\"text-align: center;\"><strong>\u00a0<\/strong><\/p>\n<table>\n<tbody>\n<tr>\n<td width=\"302\">Meno modela<\/td>\n<td width=\"302\">Kr\u00e1tke biele \u010dipkovan\u00e9 \u0161aty Liora<\/td>\n<\/tr>\n<tr>\n<td width=\"302\">Farba<\/td>\n<td width=\"302\">biely<\/td>\n<\/tr>\n<tr>\n<td width=\"302\">ve\u013ekosti<\/td>\n<td width=\"302\">S\/M, M\/L<\/td>\n<\/tr>\n<tr>\n<td width=\"302\">M\u00f3da<\/td>\n<td width=\"302\">Zhoda<\/td>\n<\/tr>\n<tr>\n<td width=\"302\">Materi\u00e1l<\/td>\n<td width=\"302\">Visk\u00f3za, polyester, bavlna<\/td>\n<\/tr>\n<tr>\n<td width=\"302\">D\u013a\u017eka<\/td>\n<td width=\"302\">Pred kolenom<\/td>\n<\/tr>\n<\/tbody>\n<\/table>\n<p>&nbsp;<\/p>\n<p style=\"text-align: center;\">Aby ste si vybrali\u00a0<strong>perfektn\u00e9 \u0161aty<\/strong>\u00a0kontaktujte n\u00e1s pros\u00edm telefonicky alebo cez n\u00e1\u0161 facebook.<br \/>\nN\u00e1\u0161 t\u00edm v\u00e1m pom\u00f4\u017ee\u00a0<strong>Vyberte si ten spr\u00e1vny<\/strong>\u00a0.\u00a0<strong>Na \u017eelanie kupuj\u00faceho vyrob\u00edme ak\u00e9ko\u013evek \u0161aty\u00a0<\/strong><strong>opatrne mera\u0165.\u00a0<\/strong><\/p>\n<div class=\"additional-details\">\n<p style=\"text-align: center;\">\n<\/div>","protected":false},"excerpt":{"rendered":"<p>Kr\u00e1tke biele \u010dipkovan\u00e9 \u0161aty Liora s\u00fa jedine\u010dnou zmesou jemnej elegancie a romantick\u00e9ho \u0161t\u00fdlu. S\u00fa vyroben\u00e9 z jemnej, zdobenej \u010dipky a zaujm\u00fa svojou \u013eahkos\u0165ou a \u017eensk\u00fdm charakterom. Kr\u00e1tky strih kr\u00e1sne zv\u00fdraz\u0148uje nohy, zatia\u013e \u010do dlh\u00e9 ruk\u00e1vy dod\u00e1vaj\u00fa n\u00e1dych noblesy, v\u010faka \u010domu s\u00fa tieto \u0161aty ide\u00e1lne nielen na leto, ale aj na chladnej\u0161ie dni. Biela farebn\u00e1 sch\u00e9ma dod\u00e1va \u0161at\u00e1m n\u00e1dych elegancie.<\/p>\n<div class=\"klb-readmore post-buttons\"><a class=\"button black outline size-sm\" href=\"https:\/\/madelinefashion.pl\/sk\/sukienka-koronkowa-krotka-biala-liora\/\">\u010c\u00edta\u0165 \u010falej <i class=\"klbth-icon-right-arrow\"><\/i><\/a><\/div>","protected":false},"featured_media":599019,"template":"","meta":[],"product_brand":[],"product_cat":[124,395,569],"product_tag":[257,219,262],"class_list":{"0":"post-599024","1":"product","2":"type-product","3":"status-publish","4":"has-post-thumbnail","6":"product_cat-sukienki-okolicznosciowe","7":"product_cat-nowosci","8":"product_cat-sukienki-dopasowane","9":"product_tag-madelinefashion","10":"product_tag-sukienka-biala","11":"product_tag-sukienki-krotkie","13":"first","14":"instock","15":"purchasable","16":"product-type-variable"},"_links":{"self":[{"href":"https:\/\/madelinefashion.pl\/sk\/wp-json\/wp\/v2\/product\/599024","targetHints":{"allow":["GET"]}}],"collection":[{"href":"https:\/\/madelinefashion.pl\/sk\/wp-json\/wp\/v2\/product"}],"about":[{"href":"https:\/\/madelinefashion.pl\/sk\/wp-json\/wp\/v2\/types\/product"}],"wp:featuredmedia":[{"embeddable":true,"href":"https:\/\/madelinefashion.pl\/sk\/wp-json\/wp\/v2\/media\/599019"}],"wp:attachment":[{"href":"https:\/\/madelinefashion.pl\/sk\/wp-json\/wp\/v2\/media?parent=599024"}],"wp:term":[{"taxonomy":"product_brand","embeddable":true,"href":"https:\/\/madelinefashion.pl\/sk\/wp-json\/wp\/v2\/product_brand?post=599024"},{"taxonomy":"product_cat","embeddable":true,"href":"https:\/\/madelinefashion.pl\/sk\/wp-json\/wp\/v2\/product_cat?post=599024"},{"taxonomy":"product_tag","embeddable":true,"href":"https:\/\/madelinefashion.pl\/sk\/wp-json\/wp\/v2\/product_tag?post=599024"}],"curies":[{"name":"pracovn\u00fd list","href":"https:\/\/api.w.org\/{rel}","templated":true}]}}