{"id":599054,"date":"2026-03-30T16:58:09","date_gmt":"2026-03-30T14:58:09","guid":{"rendered":"https:\/\/madelinefashion.pl\/?post_type=product&#038;p=599054"},"modified":"2026-04-28T13:05:04","modified_gmt":"2026-04-28T11:05:04","slug":"sukienka-zielona-nemi-z-rekawkiem","status":"publish","type":"product","link":"https:\/\/madelinefashion.pl\/sk\/sukienka-zielona-nemi-z-rekawkiem\/","title":{"rendered":"Zelen\u00e9 \u0161aty Nemi s ruk\u00e1vmi"},"content":{"rendered":"<h3 style=\"text-align: center;\">Zelen\u00e9 \u0161aty Nemi s ruk\u00e1vmi<\/h3>\n<p style=\"text-align: center;\" data-start=\"168\" data-end=\"459\">Objavte \u0161aty Nemi \u2013 elegantn\u00fd a \u017eensk\u00fd k\u00fasok, ktor\u00fd zv\u00fdraz\u0148uje postavu a z\u00e1rove\u0148 zais\u0165uje pohodlie. Ide\u00e1lne pre \u017eeny, ktor\u00e9 si cenia klasick\u00fd \u0161t\u00fdl s modern\u00fdm n\u00e1dychom. Suk\u0148a je od p\u00e1sa mierne roz\u0161\u00edren\u00e1 v\u010faka v\u0161itej l\u00e1tke. Zd\u00f4raznite svoju \u017eenskos\u0165 a c\u00ed\u0165te sa pohodlne v na\u0161ich jedine\u010dn\u00fdch \u0161at\u00e1ch pre v\u00e4\u010d\u0161ie ve\u013ekosti. Tento model, ur\u010den\u00fd pre postavy XL a v\u00e4\u010d\u0161ie, kombinuje pohodlie s jemnou eleganciou. \u017div\u00f4tik m\u00e1 hlbok\u00fd v\u00fdstrih do V a dlh\u00e9, spl\u00fdvav\u00e9 ruk\u00e1vy, ktor\u00e9 dod\u00e1vaj\u00fa \u013eahkos\u0165 a sofistikovanos\u0165. Priliehav\u00fd p\u00e1s zv\u00fdraz\u0148uje proporcie. Zadn\u00e1 \u010das\u0165 \u0161iat je uzavret\u00e1, v\u010faka \u010domu je \u0161t\u00fdl v\u0161estrannej\u0161\u00ed a pohodlnej\u0161\u00ed na nosenie. Namiesto zipsu je tu naz\u00favac\u00ed dizajn s elastick\u00fdm p\u00e1som, ktor\u00fd u\u013eah\u010duje obliekanie a zvy\u0161uje pohodlie.<br \/>\n\u0160aty s\u00fa vyroben\u00e9 z jemnej, spl\u00fdvavej l\u00e1tky. Spodn\u00e1 \u010das\u0165 je pod\u0161it\u00e1 spl\u00fdvavou pod\u0161\u00edvkou. \u0160aty Ak sa neviete rozhodn\u00fa\u0165, ktor\u00fa farbu,\u00a0<strong>ve\u013ekos\u0165<\/strong>\u00a0je pre v\u00e1s to najlep\u0161ie\u00a0<strong>kontaktuj n\u00e1s<\/strong>\u00a0cez\u00a0<a href=\"https:\/\/www.facebook.com\/madelinefashionbutik\" target=\"_blank\" rel=\"noopener\">Facebook<\/a>\u00a0alebo\u00a0<a href=\"https:\/\/madelinefashion.pl\/sk\/kontakt\/\">telef\u00f3n<\/a>. Ak ve\u013ekos\u0165 nie je na str\u00e1nke, kontaktujte n\u00e1s.<\/p>\n<h3 style=\"text-align: center;\">ROZMERY \u0161iat:<\/h3>\n<table width=\"512\">\n<tbody>\n<tr>\n<td><strong>VE\u013dKOS\u0164<\/strong><\/td>\n<td><strong>poprsia<\/strong><\/td>\n<td><strong>P\u00e1s<\/strong><\/td>\n<td width=\"86\"><strong>Boky<\/strong><\/td>\n<\/tr>\n<tr>\n<td><strong>34<\/strong><\/td>\n<td>84-86<\/td>\n<td>64<\/td>\n<td width=\"86\">\u00a0ak\u00fdko\u013evek<\/td>\n<\/tr>\n<tr>\n<td><strong>36<\/strong><\/td>\n<td>88-90<\/td>\n<td>68<\/td>\n<td width=\"86\">\u00a0ak\u00fdko\u013evek<\/td>\n<\/tr>\n<tr>\n<td><strong>38<\/strong><\/td>\n<td>92-94<\/td>\n<td>72<\/td>\n<td width=\"86\">\u00a0ak\u00fdko\u013evek<\/td>\n<\/tr>\n<tr>\n<td><strong>40<\/strong><\/td>\n<td>96-98<\/td>\n<td>76<\/td>\n<td width=\"86\">\u00a0ak\u00fdko\u013evek<\/td>\n<\/tr>\n<tr>\n<td><strong>42<\/strong><\/td>\n<td>96-102<\/td>\n<td>80-88<\/td>\n<td width=\"86\">\u00a0ak\u00fdko\u013evek<\/td>\n<\/tr>\n<tr>\n<td><strong>44<\/strong><\/td>\n<td>102-112<\/td>\n<td>84-92<\/td>\n<td width=\"86\">\u00a0ak\u00fdko\u013evek<\/td>\n<\/tr>\n<tr>\n<td><strong>46<\/strong><\/td>\n<td>106-116<\/td>\n<td>88-98<\/td>\n<td width=\"86\">\u00a0ak\u00fdko\u013evek<\/td>\n<\/tr>\n<tr>\n<td><strong>48<\/strong><\/td>\n<td>110-120<\/td>\n<td>100-110<\/td>\n<td width=\"86\">\u00a0ak\u00fdko\u013evek<\/td>\n<\/tr>\n<\/tbody>\n<\/table>\n<p>&nbsp;<\/p>\n<p style=\"text-align: center;\"><span style=\"font-size: 10pt;\">celkov\u00e1 d\u013a\u017eka cca 157 cm <\/span>(\u0161aty sa daj\u00fa skr\u00e1ti\u0165 pod\u013ea vlastnej chuti)<\/p>\n<p style=\"text-align: center;\"><span style=\"font-size: 10pt;\">\u0160aty s\u00fa dostupn\u00e9 aj v in\u00fdch farb\u00e1ch - odpor\u00fa\u010dame v\u00e1m zozn\u00e1mi\u0165 sa s na\u0161imi \u010fal\u0161\u00edmi produktmi.<\/span><\/p>\n<p style=\"text-align: center;\"><span style=\"font-size: 10pt;\">Rozmery sa m\u00f4\u017eu mierne l\u00ed\u0161i\u0165 od uveden\u00fdch +\/- 2cm.\u00a0<\/span><\/p>\n<p style=\"text-align: center;\"><span style=\"font-size: 10pt;\"><strong>\u00a0<\/strong>\u00a0<\/span><\/p>\n<table width=\"620\">\n<tbody>\n<tr>\n<td width=\"302\">Meno modela<\/td>\n<td width=\"302\">Zelen\u00e9 \u0161aty Nemi s ruk\u00e1vmi<\/td>\n<\/tr>\n<tr>\n<td width=\"302\">Farba<\/td>\n<td width=\"302\">zelen\u00e1<\/td>\n<\/tr>\n<tr>\n<td width=\"302\">Ruk\u00e1v<\/td>\n<td width=\"302\">\u00c1no<\/td>\n<\/tr>\n<tr>\n<td width=\"302\">ve\u013ekosti<\/td>\n<td width=\"302\">36 38 40 42 44 46 48<\/td>\n<\/tr>\n<tr>\n<td width=\"302\">M\u00f3da<\/td>\n<td width=\"302\">Zhoda<\/td>\n<\/tr>\n<tr>\n<td width=\"302\">Materi\u00e1l<\/td>\n<td width=\"302\">Visk\u00f3za, polyester, bavlna<\/td>\n<\/tr>\n<tr>\n<td width=\"302\">D\u013a\u017eka<\/td>\n<td width=\"302\">Na zem<\/td>\n<\/tr>\n<\/tbody>\n<\/table>\n<p style=\"text-align: center;\"><span style=\"font-size: 10pt;\">\u00a0<\/span><\/p>\n<p style=\"text-align: center;\"><span style=\"font-size: 10pt;\">Aby ste si vybrali <strong>perfektn\u00e9 \u0161aty<\/strong> kontaktujte n\u00e1s telefonicky alebo prostredn\u00edctvom na\u0161ej webovej str\u00e1nky <a href=\"https:\/\/www.facebook.com\/madelinefashionbutik\" target=\"_blank\" rel=\"noopener\">Facebook<\/a> .<\/span><br \/>\n<span style=\"font-size: 10pt;\">N\u00e1\u0161 t\u00edm v\u00e1m pom\u00f4\u017ee <strong>Vyberte si ten spr\u00e1vny<\/strong> . <strong>Na \u017eelanie kupuj\u00faceho vyrob\u00edme ak\u00e9ko\u013evek \u0161aty\u00a0<\/strong><strong>opatrne mera\u0165.\u00a0<\/strong><\/span><\/p>\n<div class=\"additional-details\" style=\"text-align: center;\">\n<p style=\"text-align: center;\"><span style=\"font-size: 10pt;\">\u00a0<\/span><\/p>\n<\/div>","protected":false},"excerpt":{"rendered":"<p>Zelen\u00e9 \u0161aty Nemi s ruk\u00e1vmi. Objavte \u0161aty Nemi \u2013 elegantn\u00fd a \u017eensk\u00fd variant, ktor\u00fd zv\u00fdrazn\u00ed postavu a z\u00e1rove\u0148 zaist\u00ed pohodlie. Ide\u00e1lne pre \u017eeny, ktor\u00e9 si cenia klasick\u00fd \u0161t\u00fdl s modern\u00fdm n\u00e1dychom. Od p\u00e1sa je suk\u0148a zo\u0161it\u00e1 z l\u00e1tky, ktor\u00e1 vytv\u00e1ra mierne roz\u0161\u00edren\u00e9 \u0161aty. Zd\u00f4raznite svoju \u017eenskos\u0165 a c\u00ed\u0165te sa pohodlne v na\u0161ich jedine\u010dn\u00fdch \u0161at\u00e1ch pre pln\u0161ie postavy. Tento model bol navrhnut\u00fd s...<\/p>\n<div class=\"klb-readmore post-buttons\"><a class=\"button black outline size-sm\" href=\"https:\/\/madelinefashion.pl\/sk\/sukienka-zielona-nemi-z-rekawkiem\/\">\u010c\u00edta\u0165 \u010falej <i class=\"klbth-icon-right-arrow\"><\/i><\/a><\/div>","protected":false},"featured_media":599063,"template":"","meta":[],"product_brand":[],"product_cat":[124,395,564,568],"product_tag":[385,163,535],"class_list":{"0":"post-599054","1":"product","2":"type-product","3":"status-publish","4":"has-post-thumbnail","6":"product_cat-sukienki-okolicznosciowe","7":"product_cat-nowosci","8":"product_cat-sukienki-plus-size","9":"product_cat-sukienki-rozkloszowane-szyfonowe","10":"product_tag-plus-size","11":"product_tag-sukienki-dlugie","12":"product_tag-zielone-sukienki","14":"first","15":"instock","16":"purchasable","17":"product-type-variable"},"_links":{"self":[{"href":"https:\/\/madelinefashion.pl\/sk\/wp-json\/wp\/v2\/product\/599054","targetHints":{"allow":["GET"]}}],"collection":[{"href":"https:\/\/madelinefashion.pl\/sk\/wp-json\/wp\/v2\/product"}],"about":[{"href":"https:\/\/madelinefashion.pl\/sk\/wp-json\/wp\/v2\/types\/product"}],"wp:featuredmedia":[{"embeddable":true,"href":"https:\/\/madelinefashion.pl\/sk\/wp-json\/wp\/v2\/media\/599063"}],"wp:attachment":[{"href":"https:\/\/madelinefashion.pl\/sk\/wp-json\/wp\/v2\/media?parent=599054"}],"wp:term":[{"taxonomy":"product_brand","embeddable":true,"href":"https:\/\/madelinefashion.pl\/sk\/wp-json\/wp\/v2\/product_brand?post=599054"},{"taxonomy":"product_cat","embeddable":true,"href":"https:\/\/madelinefashion.pl\/sk\/wp-json\/wp\/v2\/product_cat?post=599054"},{"taxonomy":"product_tag","embeddable":true,"href":"https:\/\/madelinefashion.pl\/sk\/wp-json\/wp\/v2\/product_tag?post=599054"}],"curies":[{"name":"pracovn\u00fd list","href":"https:\/\/api.w.org\/{rel}","templated":true}]}}