{"id":59927,"date":"2022-09-26T10:48:30","date_gmt":"2022-09-26T08:48:30","guid":{"rendered":"https:\/\/madelinefashion.pl\/?post_type=product&#038;p=59927"},"modified":"2026-02-20T14:57:47","modified_gmt":"2026-02-20T13:57:47","slug":"kamizelka-davids-dluga-wrzosowa","status":"publish","type":"product","link":"https:\/\/madelinefashion.pl\/sk\/kamizelka-davids-dluga-wrzosowa\/","title":{"rendered":"Dlh\u00e1 vesta Davids Heather"},"content":{"rendered":"<h3 style=\"text-align: center;\">Dlh\u00e1 vesta Davids Heather<\/h3>\n<p style=\"text-align: center;\">C\u00ed\u0165te sa kr\u00e1sne... Mimoriadne zmyseln\u00e9... a... Zvodn\u00e9...<\/p>\n<p style=\"text-align: center;\">Asymetrick\u00fd strih dod\u00e1 jedine\u010dn\u00fd charakter v\u00e4\u010d\u0161ine \u0161tyliz\u00e1ci\u00ed<\/p>\n<p style=\"text-align: center;\">\u00a0Vesta je nepostr\u00e1date\u013en\u00fdm tepl\u00fdm prvkom v\u00e1\u0161ho \u0161atn\u00edka<\/p>\n<p style=\"text-align: center;\">\u00da\u017easn\u00e1 kvalita za najlep\u0161iu cenu!<\/p>\n<h3 style=\"text-align: center;\">Rozmery vesty<\/h3>\n<ul style=\"text-align: center;\">\n<li>celkov\u00e1 d\u013a\u017eka chrbta: 80 cm<\/li>\n<li>d\u013a\u017eka ruk\u00e1va od podpazu\u0161ia: 45 cm<\/li>\n<li>odpor\u00fa\u010dan\u00fd maxim\u00e1lny obvod poprsia: 125-140 cm<\/li>\n<li><strong>odpor\u00fa\u010dan\u00e9 od 36 do max 48<\/strong><\/li>\n<li><\/li>\n<\/ul>\n<p style=\"text-align: center;\">Rozmery sa m\u00f4\u017eu mierne l\u00ed\u0161i\u0165 od uveden\u00fdch +\/- 2cm. V\u0161etky uveden\u00e9 rozmery s\u00fa meran\u00e9 plo\u0161ne.<\/p>\n<p style=\"text-align: center;\">Model m\u00e1\u00a0<strong>169<\/strong>\u00a0cm vysok\u00fd, nos\u00ed ve\u013ekos\u0165 ka\u017ed\u00fd de\u0148\u00a0<strong>S<\/strong><\/p>\n<p style=\"text-align: center;\">\u0160\u00edrka cez prsia 92 cm<\/p>\n<p style=\"text-align: center;\">\u0160\u00edrka v p\u00e1se 62 cm<\/p>\n<p style=\"text-align: center;\">\u0160\u00edrka v bokoch 94 cm<\/p>\n<table>\n<tbody>\n<tr>\n<td width=\"302\">Meno modela<\/td>\n<td width=\"302\">Davidova vesta<\/td>\n<\/tr>\n<tr>\n<td width=\"302\">Farba<\/td>\n<td width=\"302\">Heather<\/td>\n<\/tr>\n<tr>\n<td width=\"302\">ve\u013ekosti<\/td>\n<td width=\"302\">Univerz\u00e1lny<\/td>\n<\/tr>\n<tr>\n<td width=\"302\">M\u00f3da<\/td>\n<td width=\"302\">nadrozmern\u00e9<\/td>\n<\/tr>\n<tr>\n<td width=\"302\">Hood<\/td>\n<td width=\"302\">Bez kapucne<\/td>\n<\/tr>\n<tr>\n<td width=\"302\">izolovan\u00e9<\/td>\n<td width=\"302\">jednopl\u00e1\u0161\u0165ov\u00e9<\/td>\n<\/tr>\n<tr>\n<td width=\"302\">Materi\u00e1l<\/td>\n<td width=\"302\">Pracka - 95% Polyester 5% Elastan<\/td>\n<\/tr>\n<\/tbody>\n<\/table>\n<p style=\"text-align: center;\">\u00a0<strong>odpor\u00fa\u010dan\u00e9<\/strong>\u00a0pre \u013eud\u00ed, ktor\u00ed nosia ve\u013ekos\u0165 od\u00a0<strong>S\u00a0<\/strong>dole\u00a0<strong>XXXL<\/strong><\/p>\n<p style=\"text-align: center;\">","protected":false},"excerpt":{"rendered":"<p>Kamizelka Davids D\u0142uga Wrzosowa Poczuj si\u0119 pi\u0119kna&#8230; Szalenie zmys\u0142owa&#8230; i &#8230; Uwodzicielska&#8230; Asymetryczny Kr\u00f3j doda niepowtarzalnego charakteru wi\u0119kszo\u015bci stylizacji \u00a0Kamizelka to niezb\u0119dny, ciep\u0142y, element garderoby Rewelacyjna jako\u015b\u0107 w najlepszej cenie ! Wymiary Kamizelki d\u0142ugo\u015b\u0107 ca\u0142kowita ty\u0142: 80 cm d\u0142ugo\u015b\u0107 r\u0119kawa od pachy: 45 cm zalecany max obw\u00f3d w biu\u015bcie: 125-140 cm zalecana od 36 do<\/p>\n<div class=\"klb-readmore post-buttons\"><a class=\"button black outline size-sm\" href=\"https:\/\/madelinefashion.pl\/sk\/kamizelka-davids-dluga-wrzosowa\/\">\u010c\u00edta\u0165 \u010falej <i class=\"klbth-icon-right-arrow\"><\/i><\/a><\/div>","protected":false},"featured_media":59845,"template":"","meta":[],"product_brand":[],"product_cat":[79,395],"product_tag":[],"class_list":{"0":"post-59927","1":"product","2":"type-product","3":"status-publish","4":"has-post-thumbnail","6":"product_cat-kamizelki","7":"product_cat-nowosci","9":"first","10":"outofstock","11":"purchasable","12":"product-type-simple"},"_links":{"self":[{"href":"https:\/\/madelinefashion.pl\/sk\/wp-json\/wp\/v2\/product\/59927","targetHints":{"allow":["GET"]}}],"collection":[{"href":"https:\/\/madelinefashion.pl\/sk\/wp-json\/wp\/v2\/product"}],"about":[{"href":"https:\/\/madelinefashion.pl\/sk\/wp-json\/wp\/v2\/types\/product"}],"wp:featuredmedia":[{"embeddable":true,"href":"https:\/\/madelinefashion.pl\/sk\/wp-json\/wp\/v2\/media\/59845"}],"wp:attachment":[{"href":"https:\/\/madelinefashion.pl\/sk\/wp-json\/wp\/v2\/media?parent=59927"}],"wp:term":[{"taxonomy":"product_brand","embeddable":true,"href":"https:\/\/madelinefashion.pl\/sk\/wp-json\/wp\/v2\/product_brand?post=59927"},{"taxonomy":"product_cat","embeddable":true,"href":"https:\/\/madelinefashion.pl\/sk\/wp-json\/wp\/v2\/product_cat?post=59927"},{"taxonomy":"product_tag","embeddable":true,"href":"https:\/\/madelinefashion.pl\/sk\/wp-json\/wp\/v2\/product_tag?post=59927"}],"curies":[{"name":"pracovn\u00fd list","href":"https:\/\/api.w.org\/{rel}","templated":true}]}}