{"id":618,"date":"2018-10-12T18:12:53","date_gmt":"2018-10-12T16:12:53","guid":{"rendered":"http:\/\/serwer2078743.home.pl\/?post_type=product&#038;p=618"},"modified":"2026-03-16T14:44:57","modified_gmt":"2026-03-16T13:44:57","slug":"plaszcz-blekitny-dlugi-z-flauszu","status":"publish","type":"product","link":"https:\/\/madelinefashion.pl\/sk\/plaszcz-blekitny-dlugi-z-flauszu\/","title":{"rendered":"Modr\u00fd dlh\u00fd fleecov\u00fd kab\u00e1t"},"content":{"rendered":"<h3 style=\"text-align: center;\">Modr\u00fd dlh\u00fd fleecov\u00fd kab\u00e1t<\/h3>\n<p style=\"text-align: center;\"><b>Modr\u00e1<\/b><strong>\u00a0kab\u00e1t<\/strong>\u00a0toto\u00a0<strong>mus\u00edte ma\u0165<\/strong> v \u0161atn\u00edku ka\u017edej \u017eeny! Je dokonal\u00fdm doplnkom mnoh\u00fdch \u0161t\u00fdlov. Je to spojenie elegancie, modernosti a funk\u010dnosti - modr\u00fd kab\u00e1t bude fungova\u0165 v akomko\u013evek stylingu. <strong>Ob\u00e1lka kab\u00e1t\u00a0<\/strong>\u00a0je univerz\u00e1lny produkt \u2013 \u013eahko ho vyu\u017eijete na r\u00f4zne \u00fa\u010dely\u00a0\u00a0<strong>styling:<\/strong>\u00a0 elegantn\u00e9 a \u0161portov\u00e9,\u00a0<strong>bude perfektn\u00e1 v ka\u017edom ro\u010dnom obdob\u00ed<\/strong>, nie len\u00a0<strong>jar, jese\u0148<\/strong>\u00a0ak\u00a0<strong>zima<\/strong>. Vyroben\u00e9 z fleecu, v\u010faka \u010domu perfektne sed\u00ed. Perfektn\u00fd kab\u00e1t na ka\u017ed\u00fa pr\u00edle\u017eitos\u0165<\/p>\n<h3 style=\"text-align: center;\">Perfektn\u00fd kab\u00e1t na ka\u017ed\u00fa pr\u00edle\u017eitos\u0165<\/h3>\n<p style=\"text-align: center;\"><strong>svetlo modr\u00e1<\/strong>\u00a0 \u2013 t\u00e1to farba je skuto\u010dn\u00fdm hitom, <strong>zvolen\u00fd<\/strong> mnoh\u00fdmi \u017eenami. Farba dod\u00e1va kab\u00e1tu <strong>charakter<\/strong>ale tie\u017e v\u00e1m umo\u017e\u0148uje prisp\u00f4sobi\u0165 ho r\u00f4znym \u0161t\u00fdlom, preto\u017ee farby s\u00fa tlmen\u00e9, <strong>elegantn\u00e9 a \u0161ik<\/strong>. Ve\u013ekos\u0165\u00a0<strong>univerz\u00e1lny <\/strong>\u00a0odpor\u00fa\u010dame pre d\u00e1my, ktor\u00e9 nosia ve\u013e\u00a0<strong>S, M, L, XL<\/strong> \u010do je obrovsk\u00e1 v\u00fdhoda tohto modelu. V ponuke <strong>m\u00e1me<\/strong> <strong>tie\u017e<\/strong> v\u00e4\u010d\u0161\u00ed <strong>PLUSOV\u00c1 VELKOS\u0164<\/strong> odpor\u00fa\u010dan\u00e9 pre d\u00e1my vo ve\u013e <strong>44,46,48,50<\/strong>\u00a0. Kab\u00e1t je dostupn\u00fd aj v in\u00fdch <strong>farebn\u00e9 varianty<\/strong> \u2013 odpor\u00fa\u010dame v\u00e1m zozn\u00e1mi\u0165 sa s na\u0161imi \u010fal\u0161\u00edmi produktmi. Ak sa neviete rozhodn\u00fa\u0165, ktor\u00e1 farba alebo ve\u013ekos\u0165 je pre v\u00e1s najvhodnej\u0161ia, kontaktujte n\u00e1s na Facebooku alebo telefonicky.<\/p>\n<h3 style=\"text-align: center;\">Rozmery dlh\u00e9ho kab\u00e1ta:<\/h3>\n<ul style=\"text-align: center;\">\n<li>celkov\u00e1 d\u013a\u017eka chrbta: 90 cm<\/li>\n<li>\u0161\u00edrka od pazuchy po pazuchu: 53 cm<\/li>\n<li>d\u013a\u017eka ruk\u00e1va od ramena: 62 cm<\/li>\n<li>d\u013a\u017eka ruk\u00e1va od podpazu\u0161ia: 45 cm<\/li>\n<li>odpor\u00fa\u010dan\u00fd maxim\u00e1lny obvod poprsia: 125-130 cm<\/li>\n<li>\u0161\u00edrka v bicepsoch: 36 cm<\/li>\n<\/ul>\n<p style=\"text-align: center;\">Rozmery sa m\u00f4\u017eu mierne l\u00ed\u0161i\u0165 od uveden\u00fdch +\/- 2cm. V\u0161etky uveden\u00e9 rozmery s\u00fa meran\u00e9 plo\u0161ne.<\/p>\n<p style=\"text-align: center;\"><strong>Jedna ve\u013ekos\u0165 pre v\u0161etk\u00fdch, odpor\u00fa\u010dan\u00e1 pre SML XL\u00a0<\/strong><\/p>\n<table>\n<tbody>\n<tr>\n<td width=\"302\">Meno modela<\/td>\n<td width=\"302\">Dlh\u00fd modr\u00fd fleecov\u00fd kab\u00e1t<\/td>\n<\/tr>\n<tr>\n<td width=\"302\">Farba<\/td>\n<td width=\"302\">Modr\u00e1<\/td>\n<\/tr>\n<tr>\n<td width=\"302\">Zbierka<\/td>\n<td width=\"302\">jar\/jese\u0148\/zima<\/td>\n<\/tr>\n<tr>\n<td width=\"302\">ve\u013ekosti<\/td>\n<td width=\"302\">Univerz\u00e1lny<\/td>\n<\/tr>\n<tr>\n<td width=\"302\">M\u00f3da<\/td>\n<td width=\"302\">nadrozmern\u00e9<\/td>\n<\/tr>\n<tr>\n<td width=\"302\">Hood<\/td>\n<td width=\"302\">Bez kapucne<\/td>\n<\/tr>\n<tr>\n<td width=\"302\">izolovan\u00e9<\/td>\n<td width=\"302\">jednopl\u00e1\u0161\u0165ov\u00e9<\/td>\n<\/tr>\n<tr>\n<td width=\"302\">Materi\u00e1l<\/td>\n<td width=\"302\">Petersham<\/td>\n<\/tr>\n<\/tbody>\n<\/table>\n<p>&nbsp;<\/p>\n<p style=\"text-align: center;\">Model m\u00e1\u00a0<strong>169<\/strong>\u00a0cm vysok\u00fd, nos\u00ed ve\u013ekos\u0165 ka\u017ed\u00fd de\u0148\u00a0<strong>S<\/strong><\/p>\n<p style=\"text-align: center;\">\u0160\u00edrka cez prsia 92 cm<\/p>\n<p style=\"text-align: center;\">\u0160\u00edrka v p\u00e1se 62 cm<\/p>\n<p style=\"text-align: center;\">\u0160\u00edrka v bokoch 94 cm<\/p>","protected":false},"excerpt":{"rendered":"<p>P\u0142aszcz B\u0142\u0119kitny D\u0142ugi z Flauszu B\u0142\u0119kitny\u00a0p\u0142aszcz\u00a0to\u00a0must-have w szafie ka\u017cdej kobiety! Jest to idealne dope\u0142nienie wielu stylizacji. Jest to po\u0142\u0105czenie elegancji, nowoczesno\u015bci i funkcjonalno\u015bci \u2013 B\u0142\u0119kitny p\u0142aszczyk sprawdzi si\u0119 w ka\u017cdej stylizacji . P\u0142aszcz kopertowy\u00a0\u00a0jest uniwersalnym produktem- z \u0142atwo\u015bci\u0105 wykorzystasz go do r\u00f3\u017cnych\u00a0\u00a0stylizacji:\u00a0 eleganckich i tych sportowych ,\u00a0\u015bwietnie sprawdzi si\u0119 w ka\u017cdej porze roku, nie tylko\u00a0wiosn\u0105,<\/p>\n<div class=\"klb-readmore post-buttons\"><a class=\"button black outline size-sm\" href=\"https:\/\/madelinefashion.pl\/sk\/plaszcz-blekitny-dlugi-z-flauszu\/\">\u010c\u00edta\u0165 \u010falej <i class=\"klbth-icon-right-arrow\"><\/i><\/a><\/div>","protected":false},"featured_media":81602,"template":"","meta":[],"product_brand":[],"product_cat":[120,279],"product_tag":[510],"class_list":{"0":"post-618","1":"product","2":"type-product","3":"status-publish","4":"has-post-thumbnail","6":"product_cat-plaszcze-dlugie","7":"product_cat-plaszcze-wiosenne","8":"product_tag-plaszcze-flauszowe","10":"first","11":"outofstock","12":"sale","13":"purchasable","14":"product-type-simple"},"_links":{"self":[{"href":"https:\/\/madelinefashion.pl\/sk\/wp-json\/wp\/v2\/product\/618","targetHints":{"allow":["GET"]}}],"collection":[{"href":"https:\/\/madelinefashion.pl\/sk\/wp-json\/wp\/v2\/product"}],"about":[{"href":"https:\/\/madelinefashion.pl\/sk\/wp-json\/wp\/v2\/types\/product"}],"wp:featuredmedia":[{"embeddable":true,"href":"https:\/\/madelinefashion.pl\/sk\/wp-json\/wp\/v2\/media\/81602"}],"wp:attachment":[{"href":"https:\/\/madelinefashion.pl\/sk\/wp-json\/wp\/v2\/media?parent=618"}],"wp:term":[{"taxonomy":"product_brand","embeddable":true,"href":"https:\/\/madelinefashion.pl\/sk\/wp-json\/wp\/v2\/product_brand?post=618"},{"taxonomy":"product_cat","embeddable":true,"href":"https:\/\/madelinefashion.pl\/sk\/wp-json\/wp\/v2\/product_cat?post=618"},{"taxonomy":"product_tag","embeddable":true,"href":"https:\/\/madelinefashion.pl\/sk\/wp-json\/wp\/v2\/product_tag?post=618"}],"curies":[{"name":"pracovn\u00fd list","href":"https:\/\/api.w.org\/{rel}","templated":true}]}}