{"id":62639,"date":"2022-10-13T17:33:50","date_gmt":"2022-10-13T15:33:50","guid":{"rendered":"https:\/\/madelinefashion.pl\/?post_type=product&#038;p=62639"},"modified":"2025-12-19T11:15:44","modified_gmt":"2025-12-19T10:15:44","slug":"kurtka-parka-dwustronna-z-futerkiem-czarno-musztardowa","status":"publish","type":"product","link":"https:\/\/madelinefashion.pl\/sk\/kurtka-parka-dwustronna-z-futerkiem-czarno-musztardowa\/","title":{"rendered":"Obojstrann\u00e1 bunda Parka s ko\u017eu\u0161inovou \u010diernou hor\u010dicou"},"content":{"rendered":"<h3 style=\"text-align: center;\">Obojstrann\u00e1 bunda parka s ko\u017eu\u0161inou v \u010diernej a hor\u010dicovej farbe<\/h3>\n<p style=\"text-align: center;\"><strong>Obojstrann\u00e1 bunda Parka s ko\u017eu\u0161inovou \u010diernou hor\u010dicou<\/strong> je ide\u00e1lna ponuka na zimn\u00e9 obdobie.<b> Bunda <\/b>kr\u00e1sne sed\u00ed na postave<b>\u00a0 Model sa perfektne hod\u00ed k elegantn\u00fdm \u0161tyliz\u00e1ci\u00e1m, ako aj k le\u017e\u00e9rnym kombin\u00e1ci\u00e1m a d\u00e1va ve\u013ea pr\u00edle\u017eitost\u00ed na vytvorenie jedine\u010dn\u00e9ho vzh\u013eadu. <\/b>Dlh\u00e1 parka asymetrick\u00e9ho strihu s kapuc\u0148ou je skvelou vo\u013ebou. Bunda m\u00e1 odop\u00ednate\u013en\u00fd ko\u017e\u00fa\u0161ok, lem, je zateplen\u00e1 ko\u017e\u00fa\u0161kom. M\u00f3dna s dvoma vreckami a kapuc\u0148ou zap\u00ednan\u00e1 na zips. Bunda je obojstrann\u00e1, tak\u017ee v\u00fdberom tohto modelu m\u00e1te dve bundy v jednej \ud83d\ude09. <b>Produkt je dostupn\u00fd vo viacer\u00fdch farebn\u00fdch variantoch. <strong>Zlo\u017eenie: 100% POLYESTER<\/strong><\/b><\/p>\n<p style=\"text-align: center;\"><strong>\u00a0<\/strong><\/p>\n<h3 style=\"text-align: center;\">Rozmery:<\/h3>\n<p style=\"text-align: center;\"><strong>Ve\u013ekos\u0165: 36\/S<\/strong><br \/>\nCelkov\u00e1 predn\u00e1 d\u013a\u017eka - 77 cm<br \/>\nCelkov\u00e1 d\u013a\u017eka chrbta - 82 cm<br \/>\n\u0160\u00edrka od pazuchy po pazuchu - 48 cm<br \/>\nD\u013a\u017eka ruk\u00e1va od ramena - 64 cm<br \/>\nD\u013a\u017eka ruk\u00e1va od podpazu\u0161ia - 47 cm<\/p>\n<p style=\"text-align: center;\"><strong>Ve\u013ekos\u0165: 38\/M<\/strong><br \/>\nCelkov\u00e1 predn\u00e1 d\u013a\u017eka - 77 cm<br \/>\nCelkov\u00e1 d\u013a\u017eka chrbta - 83 cm<br \/>\n\u0160\u00edrka od pazuchy po pazuchu - 50 cm<br \/>\nD\u013a\u017eka ruk\u00e1va od ramena - 64 cm<br \/>\nD\u013a\u017eka ruk\u00e1va od podpazu\u0161ia - 47 cm<\/p>\n<p style=\"text-align: center;\"><strong>Ve\u013ekos\u0165: 40\/L<\/strong><br \/>\nCelkov\u00e1 predn\u00e1 d\u013a\u017eka - 78 cm<br \/>\nCelkov\u00e1 d\u013a\u017eka chrbta - 84 cm<br \/>\n\u0160\u00edrka od pazuchy po pazuchu - 52 cm<br \/>\nD\u013a\u017eka ruk\u00e1va od ramena - 64 cm<br \/>\nD\u013a\u017eka ruk\u00e1va od podpazu\u0161ia - 48 cm<\/p>\n<p>&nbsp;<\/p>\n<p style=\"text-align: center;\"><strong>Ve\u013ekos\u0165: 42\/XL<\/strong><br \/>\nCelkov\u00e1 predn\u00e1 d\u013a\u017eka - 79 cm<br \/>\nCelkov\u00e1 d\u013a\u017eka chrbta - 86 cm<br \/>\n\u0160\u00edrka od pazuchy po pazuchu - 53 cm<br \/>\nD\u013a\u017eka ruk\u00e1va od ramena - 65 cm<br \/>\nD\u013a\u017eka ruk\u00e1va od podpazu\u0161ia - 49 cm<\/p>\n<p style=\"text-align: center;\"><strong>Ve\u013ekos\u0165: 44\/XXL<\/strong><br \/>\nCelkov\u00e1 predn\u00e1 d\u013a\u017eka - 80 cm<br \/>\nCelkov\u00e1 d\u013a\u017eka chrbta - 88 cm<br \/>\n\u0160\u00edrka od pazuchy po pazuchu - 56 cm<br \/>\nD\u013a\u017eka ruk\u00e1va od ramena - 67 cm<br \/>\nD\u013a\u017eka ruk\u00e1va od podpazu\u0161ia - 50 cm<\/p>\n<p style=\"text-align: center;\">Rozmery sa m\u00f4\u017eu mierne l\u00ed\u0161i\u0165 od uveden\u00fdch +\/- 2cm. V\u0161etky uveden\u00e9 rozmery s\u00fa <strong>meran\u00fd byt<\/strong>.\u00a0<strong>rozmer x2<\/strong><\/p>\n<p>&nbsp;<\/p>\n<table width=\"605\">\n<tbody>\n<tr>\n<td width=\"302\">Meno modela<\/td>\n<td width=\"302\">Obojstrann\u00e1 bunda Parka s ko\u017eu\u0161inou<\/td>\n<\/tr>\n<tr>\n<td width=\"302\">Farba<\/td>\n<td width=\"302\">\u010cierna hor\u010dica<\/td>\n<\/tr>\n<tr>\n<td width=\"302\">ve\u013ekosti<\/td>\n<td width=\"302\">\u00a0SML XL XXL<\/td>\n<\/tr>\n<tr>\n<td width=\"302\">Zbierka<\/td>\n<td width=\"302\">Zima<\/td>\n<\/tr>\n<tr>\n<td width=\"302\">Hood<\/td>\n<td width=\"302\">\u00c1no<\/td>\n<\/tr>\n<tr>\n<td width=\"302\">Kvalita<\/td>\n<td width=\"302\">Premium<\/td>\n<\/tr>\n<tr>\n<td width=\"302\">zap\u00ednanie<\/td>\n<td width=\"302\">Z\u00e1mok<\/td>\n<\/tr>\n<\/tbody>\n<\/table>\n<p style=\"text-align: center;\">Model m\u00e1\u00a0<strong>169<\/strong>\u00a0cm vysok\u00fd, nos\u00ed ve\u013ekos\u0165 ka\u017ed\u00fd de\u0148\u00a0<strong>S<\/strong><\/p>\n<p style=\"text-align: center;\">\u0160\u00edrka cez prsia 92 cm<\/p>\n<p style=\"text-align: center;\">\u0160\u00edrka v p\u00e1se 62 cm<\/p>\n<p style=\"text-align: center;\">\u0160\u00edrka v bokoch 94 cm<\/p>\n<p style=\"text-align: center;\"><span style=\"font-size: 10pt;\">\u00a0<\/span><\/p>\n<p style=\"text-align: center;\">","protected":false},"excerpt":{"rendered":"<p>Kurtka Parka Dwustronna z Futerkiem Czarno-Musztardowa Kurtka Parka Dwustronna z Futerkiem Czarno\u00a0 Musztardowa to idealna propozycja na sezon zimowy. Kurtka pi\u0119knie si\u0119 dopasowuje do sylwetki\u00a0 Model \u015bwietnie pasuje do eleganckich stylizacji jak i casualowych zestawie\u0144, daj\u0105c wiele mo\u017cliwo\u015bci tworzenia wyj\u0105tkowych look\u2019\u00f3w. D\u0142uga parka o asymetrycznym kroju z kapturem to \u015bwietny wyb\u00f3r. Kurtka posiada odpinane futerko,<\/p>\n<div class=\"klb-readmore post-buttons\"><a class=\"button black outline size-sm\" href=\"https:\/\/madelinefashion.pl\/sk\/kurtka-parka-dwustronna-z-futerkiem-czarno-musztardowa\/\">\u010c\u00edta\u0165 \u010falej <i class=\"klbth-icon-right-arrow\"><\/i><\/a><\/div>","protected":false},"featured_media":62451,"template":"","meta":[],"product_brand":[],"product_cat":[117,395],"product_tag":[508],"class_list":{"0":"post-62639","1":"product","2":"type-product","3":"status-publish","4":"has-post-thumbnail","6":"product_cat-kurtki","7":"product_cat-nowosci","8":"product_tag-kurtka-zimowa","9":"pa_rozmiar-xl-42","10":"pa_rozmiar-xxl","11":"pa_rozmiar-xs-34","12":"pa_rozmiar-s-36","13":"pa_rozmiar-m-38","14":"pa_rozmiar-l-40","15":"pa_rozmiar-470","17":"first","18":"outofstock","19":"product-type-variable"},"_links":{"self":[{"href":"https:\/\/madelinefashion.pl\/sk\/wp-json\/wp\/v2\/product\/62639","targetHints":{"allow":["GET"]}}],"collection":[{"href":"https:\/\/madelinefashion.pl\/sk\/wp-json\/wp\/v2\/product"}],"about":[{"href":"https:\/\/madelinefashion.pl\/sk\/wp-json\/wp\/v2\/types\/product"}],"wp:featuredmedia":[{"embeddable":true,"href":"https:\/\/madelinefashion.pl\/sk\/wp-json\/wp\/v2\/media\/62451"}],"wp:attachment":[{"href":"https:\/\/madelinefashion.pl\/sk\/wp-json\/wp\/v2\/media?parent=62639"}],"wp:term":[{"taxonomy":"product_brand","embeddable":true,"href":"https:\/\/madelinefashion.pl\/sk\/wp-json\/wp\/v2\/product_brand?post=62639"},{"taxonomy":"product_cat","embeddable":true,"href":"https:\/\/madelinefashion.pl\/sk\/wp-json\/wp\/v2\/product_cat?post=62639"},{"taxonomy":"product_tag","embeddable":true,"href":"https:\/\/madelinefashion.pl\/sk\/wp-json\/wp\/v2\/product_tag?post=62639"}],"curies":[{"name":"pracovn\u00fd list","href":"https:\/\/api.w.org\/{rel}","templated":true}]}}