{"id":66695,"date":"2022-11-21T09:40:20","date_gmt":"2022-11-21T08:40:20","guid":{"rendered":"https:\/\/madelinefashion.pl\/?post_type=product&#038;p=66695"},"modified":"2026-03-05T17:03:13","modified_gmt":"2026-03-05T16:03:13","slug":"sukienka-sweterkowa-maxi-ze-sciagaczem-cloe-fuksja","status":"publish","type":"product","link":"https:\/\/madelinefashion.pl\/sk\/sukienka-sweterkowa-maxi-ze-sciagaczem-cloe-fuksja\/","title":{"rendered":"Maxi svetr\u00edkov\u00e9 \u0161aty s lemom Cloe Fuchsia"},"content":{"rendered":"<h3 style=\"text-align: center;\">Maxi svetr\u00edkov\u00e9 \u0161aty s lemom Cloe Fuchsia<\/h3>\n<p style=\"text-align: center;\"><strong>Cloe rebrovan\u00e9 svetrov\u00e9 \u0161aty\u00a0<\/strong>\u00a0 v maxi verzii<strong> s dlh\u00fdm ruk\u00e1vom, v\u010faka \u010domu je ide\u00e1lna na chladnej\u0161ie dni<\/strong>. Model m\u00e1 lem na ruk\u00e1ve a v spodnej \u010dasti. <span style=\"font-family: arial, helvetica, sans-serif;\"><span style=\"font-size: 10pt;\">S \u00faspechom ju m\u00f4\u017eete nosi\u0165 na ka\u017edodenn\u00e9 v\u00fdlety, do pr\u00e1ce, na rodinn\u00e9 stretnutie alebo aj na v\u00fdznamnej\u0161iu pr\u00edle\u017eitos\u0165. Modelka v najm\u00f3dnej\u0161\u00edch pruhoch tejto sez\u00f3ny.<\/span><\/span>\u00a0V\u010faka \u0161trukt\u00fare materi\u00e1lu sa s n\u00edm bude lep\u0161ie pracova\u0165 <strong>po\u010das chladnej\u0161\u00edch dn\u00ed a prechodn\u00fdch obdob\u00ed<\/strong> alebo na zimu v kombin\u00e1cii s bundou. Odpor\u00fa\u010dame skombinova\u0165 s vysok\u00fdmi \u010di\u017emami, v\u010faka ktor\u00fdm vyniknete z davu.\u00a0 <strong>Ve\u013ekos\u0165 je UNIVERZ\u00c1LNA\u00a0 <\/strong><strong>,<\/strong>\u00a0ale odpor\u00fa\u010dame\u00a0<strong>presn\u00e9 meranie <\/strong>pod\u013ea ni\u017e\u0161ie uvedenej tabu\u013eky rozmerov. Zodpovedaj\u00faci sveter <b>\u0161aty<\/b> vyroben\u00e9 z ve\u013emi pr\u00edjemn\u00e9ho materi\u00e1lu. Verzia s d\u013a\u017ekou <strong>za kolenom<\/strong> . Pru\u017en\u00e1 l\u00e1tka sa dokonale prisp\u00f4sob\u00ed telu a pod\u010diarkne v\u0161etky prednosti va\u0161ej postavy.<br \/>\nDostupn\u00e9 na na\u0161om e-shope vo viacer\u00fdch farebn\u00fdch variantoch, tak nev\u00e1hajte a vyberte si t\u00fa, ktor\u00e1 je pre v\u00e1s ako stvoren\u00e1. Ak sa neviete rozhodn\u00fa\u0165, ktor\u00e1 farba je pre v\u00e1s najlep\u0161ia, kontaktujte n\u00e1s na Facebooku alebo telefonicky. <strong>Odpor\u00fa\u010da sa pre \u013eud\u00ed, ktor\u00ed nosia od s do xl.<\/strong><\/p>\n<h3 style=\"text-align: center;\">Rozmery \u0161iat:<\/h3>\n<ul style=\"text-align: center;\">\n<li>Celkov\u00e1 d\u013a\u017eka 128 cm<\/li>\n<li>\u0160\u00edrka od pazuchy po pazuchu: 52 cm - 62 cm<\/li>\n<li>\u0160\u00edrka v bokoch: 45 cm - 58 cm<\/li>\n<li>D\u013a\u017eka ruk\u00e1va od ramena 70 cm<\/li>\n<li>D\u013a\u017eka ruk\u00e1va od podpazu\u0161ia 67 cm<\/li>\n<li>D\u013a\u017eka man\u017eety 12 cm<\/li>\n<li><\/li>\n<\/ul>\n<p style=\"text-align: center;\">Rozmery sa m\u00f4\u017eu mierne l\u00ed\u0161i\u0165 od uveden\u00fdch +\/- 2cm. V\u0161etky uveden\u00e9 rozmery s\u00fa meran\u00e9 plo\u0161ne.<\/p>\n<p style=\"text-align: center;\">rozmer x2<\/p>\n<p style=\"text-align: center;\">Popruh nie je s\u00fa\u010das\u0165ou<\/p>\n<table width=\"610\">\n<tbody>\n<tr>\n<td width=\"302\">Meno modela<\/td>\n<td width=\"302\">Chloe<\/td>\n<\/tr>\n<tr>\n<td width=\"302\">Farba<\/td>\n<td width=\"302\">Fuchsiov\u00e1<\/td>\n<\/tr>\n<tr>\n<td width=\"302\">ve\u013ekosti<\/td>\n<td width=\"302\">Univerz\u00e1lny<\/td>\n<\/tr>\n<tr>\n<td width=\"302\">Zbierka<\/td>\n<td width=\"302\">Jesenn\u00e1 zima<\/td>\n<\/tr>\n<tr>\n<td width=\"302\">Hood<\/td>\n<td width=\"302\">Bez kapucne<\/td>\n<\/tr>\n<tr>\n<td width=\"302\">izolovan\u00e9<\/td>\n<td width=\"302\">jednopl\u00e1\u0161\u0165ov\u00e9<\/td>\n<\/tr>\n<tr>\n<td width=\"302\"><\/td>\n<td width=\"302\"><\/td>\n<\/tr>\n<\/tbody>\n<\/table>\n<section class=\"page-product-box\">\n<div class=\"rte\">\n<p style=\"text-align: center;\">Model m\u00e1\u00a0<strong>169<\/strong>\u00a0cm vysok\u00fd, nos\u00ed ve\u013ekos\u0165 ka\u017ed\u00fd de\u0148\u00a0<strong>S<\/strong><\/p>\n<p style=\"text-align: center;\">\u0160\u00edrka cez prsia 92 cm<\/p>\n<p style=\"text-align: center;\">\u0160\u00edrka v p\u00e1se 62 cm<\/p>\n<p style=\"text-align: center;\">\u0160\u00edrka v bokoch 94 cm<\/p>\n<\/div>\n<\/section>","protected":false},"excerpt":{"rendered":"<p>Sukienka Sweterkowa Maxi ze \u015aci\u0105gaczem Cloe Fuksja Sukienka Sweterkowa\u00a0 ze \u015aci\u0105gaczem Cloe\u00a0\u00a0 w wersji maxi na d\u0142ugi r\u0119kaw przez co idealnie sprawdzi si\u0119 na ch\u0142odniejsze dni. Model posiada \u015bci\u0105gacz na r\u0119kawie i na dole. Z powodzeniem mo\u017cesz j\u0105 ubra\u0107 na codzienne wyj\u015bcia, do pracy, spotkanie rodzinne czy nawet na wa\u017cniejsz\u0105 okazj\u0119. Model w najmodniejsze w<\/p>\n<div class=\"klb-readmore post-buttons\"><a class=\"button black outline size-sm\" href=\"https:\/\/madelinefashion.pl\/sk\/sukienka-sweterkowa-maxi-ze-sciagaczem-cloe-fuksja\/\">\u010c\u00edta\u0165 \u010falej <i class=\"klbth-icon-right-arrow\"><\/i><\/a><\/div>","protected":false},"featured_media":66675,"template":"","meta":[],"product_brand":[],"product_cat":[158],"product_tag":[419,296],"class_list":{"0":"post-66695","1":"product","2":"type-product","3":"status-publish","4":"has-post-thumbnail","6":"product_cat-sukienki-sweterkowe","7":"product_tag-sweterkowa","8":"product_tag-tuniki","10":"first","11":"instock","12":"sale","13":"purchasable","14":"product-type-simple"},"_links":{"self":[{"href":"https:\/\/madelinefashion.pl\/sk\/wp-json\/wp\/v2\/product\/66695","targetHints":{"allow":["GET"]}}],"collection":[{"href":"https:\/\/madelinefashion.pl\/sk\/wp-json\/wp\/v2\/product"}],"about":[{"href":"https:\/\/madelinefashion.pl\/sk\/wp-json\/wp\/v2\/types\/product"}],"wp:featuredmedia":[{"embeddable":true,"href":"https:\/\/madelinefashion.pl\/sk\/wp-json\/wp\/v2\/media\/66675"}],"wp:attachment":[{"href":"https:\/\/madelinefashion.pl\/sk\/wp-json\/wp\/v2\/media?parent=66695"}],"wp:term":[{"taxonomy":"product_brand","embeddable":true,"href":"https:\/\/madelinefashion.pl\/sk\/wp-json\/wp\/v2\/product_brand?post=66695"},{"taxonomy":"product_cat","embeddable":true,"href":"https:\/\/madelinefashion.pl\/sk\/wp-json\/wp\/v2\/product_cat?post=66695"},{"taxonomy":"product_tag","embeddable":true,"href":"https:\/\/madelinefashion.pl\/sk\/wp-json\/wp\/v2\/product_tag?post=66695"}],"curies":[{"name":"pracovn\u00fd list","href":"https:\/\/api.w.org\/{rel}","templated":true}]}}