{"id":67043,"date":"2022-11-22T15:23:31","date_gmt":"2022-11-22T14:23:31","guid":{"rendered":"https:\/\/madelinefashion.pl\/?post_type=product&#038;p=67043"},"modified":"2026-03-05T17:03:08","modified_gmt":"2026-03-05T16:03:08","slug":"sukienka-sweterkowa-z-paskiem-flora-ciemny-karmel","status":"publish","type":"product","link":"https:\/\/madelinefashion.pl\/sk\/sukienka-sweterkowa-z-paskiem-flora-ciemny-karmel\/","title":{"rendered":"Flora tmav\u00e9 karamelov\u00e9 svetre \u0161aty s opaskom"},"content":{"rendered":"<h3 style=\"text-align: center;\">Flora tmav\u00e9 karamelov\u00e9 svetre \u0161aty s opaskom<\/h3>\n<p style=\"text-align: center;\"><strong>Flora svetrov\u00e9 \u0161aty s opaskom<\/strong> kr\u00e1sne zv\u00fdrazn\u00ed postavu <strong>\u017eensk\u00e9 tvary<\/strong>. \u0160aty nemaj\u00fa v\u00fdstrih<strong> s dlh\u00fdm ruk\u00e1vom, v\u010faka \u010domu je ide\u00e1lna na chladnej\u0161ie dni<\/strong>. <span style=\"font-family: arial, helvetica, sans-serif;\"><span style=\"font-size: 10pt;\">\u0160aty s\u00fa mierne roz\u0161\u00edren\u00e9, \u010do dod\u00e1va \u013eahkos\u0165. S \u00faspechom ju m\u00f4\u017eete nosi\u0165 na ka\u017edodenn\u00e9 v\u00fdlety, do pr\u00e1ce, na rodinn\u00e9 stretnutie alebo aj na v\u00fdznamnej\u0161iu pr\u00edle\u017eitos\u0165. <\/span><\/span>\u00a0V\u010faka \u0161trukt\u00fare materi\u00e1lu sa s n\u00edm bude lep\u0161ie pracova\u0165 <strong>po\u010das chladnej\u0161\u00edch dn\u00ed a prechodn\u00fdch obdob\u00ed<\/strong> alebo na zimu v kombin\u00e1cii s bundou. Odpor\u00fa\u010dame skombinova\u0165 s vysok\u00fdmi \u010di\u017emami, v\u010faka ktor\u00fdm vyniknete z davu.\u00a0 <strong>Ve\u013ekos\u0165 je UNIVERZ\u00c1LNA\u00a0 <\/strong><strong>,<\/strong>\u00a0ale odpor\u00fa\u010dame\u00a0<strong>presn\u00e9 meranie <\/strong>pod\u013ea ni\u017e\u0161ie uvedenej tabu\u013eky rozmerov. Zodpovedaj\u00faci sveter <b>\u0161aty<\/b> vyroben\u00e9 z ve\u013emi pr\u00edjemn\u00e9ho materi\u00e1lu. Pru\u017en\u00e1 l\u00e1tka sa dokonale prisp\u00f4sob\u00ed telu a pod\u010diarkne v\u0161etky prednosti va\u0161ej postavy.<br \/>\nDostupn\u00e9 na na\u0161om e-shope vo viacer\u00fdch farebn\u00fdch variantoch, tak nev\u00e1hajte a vyberte si t\u00fa, ktor\u00e1 je pre v\u00e1s ako stvoren\u00e1. Ak sa neviete rozhodn\u00fa\u0165, ktor\u00e1 farba je pre v\u00e1s najlep\u0161ia, kontaktujte n\u00e1s na Facebooku alebo telefonicky. <strong>Odpor\u00fa\u010da sa pre \u013eud\u00ed, ktor\u00ed nosia od s do xl.<\/strong><\/p>\n<h3 style=\"text-align: center;\">Rozmery \u0161iat:<\/h3>\n<ul style=\"text-align: center;\">\n<li>Celkov\u00e1 d\u013a\u017eka 97 cm<\/li>\n<li>\u0160\u00edrka od pazuchy po pazuchu 38 cm - 43 cm<\/li>\n<li>\u0160\u00edrka v p\u00e1se 37 cm - 41 cm<br \/>\nD\u013a\u017eka ruk\u00e1va od ramena 60 cm<\/li>\n<li>D\u013a\u017eka ruk\u00e1va od podpazu\u0161ia 44 cm<\/li>\n<li><\/li>\n<\/ul>\n<p style=\"text-align: center;\">Rozmery sa m\u00f4\u017eu mierne l\u00ed\u0161i\u0165 od uveden\u00fdch +\/- 2cm. V\u0161etky uveden\u00e9 rozmery s\u00fa meran\u00e9 plo\u0161ne.<\/p>\n<p style=\"text-align: center;\">rozmer x2<\/p>\n<table width=\"610\">\n<tbody>\n<tr>\n<td width=\"302\">Meno modela<\/td>\n<td width=\"302\">Flora<\/td>\n<\/tr>\n<tr>\n<td width=\"302\">Farba<\/td>\n<td width=\"302\">Tmav\u00fd karamel<\/td>\n<\/tr>\n<tr>\n<td width=\"302\">ve\u013ekosti<\/td>\n<td width=\"302\">Univerz\u00e1lny<\/td>\n<\/tr>\n<tr>\n<td width=\"302\">Zbierka<\/td>\n<td width=\"302\">Jesenn\u00e1 zima<\/td>\n<\/tr>\n<tr>\n<td width=\"302\">Hood<\/td>\n<td width=\"302\">Bez kapucne<\/td>\n<\/tr>\n<tr>\n<td width=\"302\">izolovan\u00e9<\/td>\n<td width=\"302\">jednopl\u00e1\u0161\u0165ov\u00e9<\/td>\n<\/tr>\n<tr>\n<td width=\"302\">Materi\u00e1l<\/td>\n<td width=\"302\">100% akryl<\/td>\n<\/tr>\n<\/tbody>\n<\/table>\n<section class=\"page-product-box\">\n<div class=\"rte\">\n<p style=\"text-align: center;\">Model m\u00e1\u00a0<strong>169<\/strong>\u00a0cm vysok\u00fd, nos\u00ed ve\u013ekos\u0165 ka\u017ed\u00fd de\u0148\u00a0<strong>S<\/strong><\/p>\n<p style=\"text-align: center;\">\u0160\u00edrka cez prsia 92 cm<\/p>\n<p style=\"text-align: center;\">\u0160\u00edrka v p\u00e1se 62 cm<\/p>\n<p style=\"text-align: center;\">\u0160\u00edrka v bokoch 94 cm<\/p>\n<\/div>\n<\/section>","protected":false},"excerpt":{"rendered":"<p>Svetrov\u00e9 \u0161aty Flora v tmavom karamelovom preveden\u00ed s opaskom kr\u00e1sne zv\u00fdraznia postavu a \u017eensk\u00e9 krivky. \u0160aty nemaj\u00fa v\u00fdstrih a maj\u00fa dlh\u00e9 ruk\u00e1vy, v\u010faka \u010domu s\u00fa ide\u00e1lne na chladnej\u0161ie dni. \u0160aty s\u00fa mierne roz\u0161\u00edren\u00e9, \u010do im dod\u00e1va n\u00e1dych \u013eahkosti. M\u00f4\u017eete ich \u013eahko nosi\u0165 na ka\u017edodenn\u00e9 v\u00fdlety, do pr\u00e1ce, na rodinn\u00e9 stretnutia alebo dokonca na \u0161peci\u00e1lnu pr\u00edle\u017eitos\u0165.<\/p>\n<div class=\"klb-readmore post-buttons\"><a class=\"button black outline size-sm\" href=\"https:\/\/madelinefashion.pl\/sk\/sukienka-sweterkowa-z-paskiem-flora-ciemny-karmel\/\">\u010c\u00edta\u0165 \u010falej <i class=\"klbth-icon-right-arrow\"><\/i><\/a><\/div>","protected":false},"featured_media":67021,"template":"","meta":[],"product_brand":[],"product_cat":[158],"product_tag":[419,296],"class_list":{"0":"post-67043","1":"product","2":"type-product","3":"status-publish","4":"has-post-thumbnail","6":"product_cat-sukienki-sweterkowe","7":"product_tag-sweterkowa","8":"product_tag-tuniki","10":"first","11":"instock","12":"sale","13":"purchasable","14":"product-type-simple"},"_links":{"self":[{"href":"https:\/\/madelinefashion.pl\/sk\/wp-json\/wp\/v2\/product\/67043","targetHints":{"allow":["GET"]}}],"collection":[{"href":"https:\/\/madelinefashion.pl\/sk\/wp-json\/wp\/v2\/product"}],"about":[{"href":"https:\/\/madelinefashion.pl\/sk\/wp-json\/wp\/v2\/types\/product"}],"wp:featuredmedia":[{"embeddable":true,"href":"https:\/\/madelinefashion.pl\/sk\/wp-json\/wp\/v2\/media\/67021"}],"wp:attachment":[{"href":"https:\/\/madelinefashion.pl\/sk\/wp-json\/wp\/v2\/media?parent=67043"}],"wp:term":[{"taxonomy":"product_brand","embeddable":true,"href":"https:\/\/madelinefashion.pl\/sk\/wp-json\/wp\/v2\/product_brand?post=67043"},{"taxonomy":"product_cat","embeddable":true,"href":"https:\/\/madelinefashion.pl\/sk\/wp-json\/wp\/v2\/product_cat?post=67043"},{"taxonomy":"product_tag","embeddable":true,"href":"https:\/\/madelinefashion.pl\/sk\/wp-json\/wp\/v2\/product_tag?post=67043"}],"curies":[{"name":"pracovn\u00fd list","href":"https:\/\/api.w.org\/{rel}","templated":true}]}}