{"id":67298,"date":"2022-11-23T11:44:46","date_gmt":"2022-11-23T10:44:46","guid":{"rendered":"https:\/\/madelinefashion.pl\/?post_type=product&#038;p=67298"},"modified":"2026-03-05T17:03:07","modified_gmt":"2026-03-05T16:03:07","slug":"sukienka-sweterkowa-z-golfem-dluga-denver-ciemno-szara-2","status":"publish","type":"product","link":"https:\/\/madelinefashion.pl\/sk\/sukienka-sweterkowa-z-golfem-dluga-denver-ciemno-szara-2\/","title":{"rendered":"Denver dlh\u00e9 rol\u00e1kov\u00e9 \u0161aty tmavosiv\u00e9"},"content":{"rendered":"<h2 style=\"text-align: center;\">Denver dlh\u00e9 rol\u00e1kov\u00e9 \u0161aty tmavosiv\u00e9<\/h2>\n<p style=\"text-align: center;\">Strih \u0161iat je kr\u00e1sny <strong>zv\u00fdraz\u0148uje postavu a \u017eensk\u00e9 tvary<\/strong>. Ve\u013emi pohodln\u00e9 a na dotyk pr\u00edjemn\u00e9 pleten\u00e9 \u0161aty sa bud\u00fa hodi\u0165 na ka\u017ed\u00fd de\u0148, ke\u010f chcete vyzera\u0165 perfektne a z\u00e1rove\u0148 sa skvele c\u00edti\u0165. <strong>S<\/strong><strong>dlh\u00e9 \u0161aty s rol\u00e1kom s jemn\u00fdm rozparkom v spodnej \u010dasti. <\/strong>Model, v ktorom za\u017eiarite v partii priate\u013eov alebo na rodinnom stretnut\u00ed. V\u010faka ich materi\u00e1lu sa s nimi bude lep\u0161ie pracova\u0165\u00a0<strong>po\u010das chladnej\u0161\u00edch dn\u00ed a prechodn\u00fdch obdob\u00ed<\/strong> alebo na zimu v kombin\u00e1cii s bundou. . Jedna ve\u013ekos\u0165 je vhodn\u00e1 pre v\u0161etky \u017eeny <strong>SML<\/strong> <b>XL . <a href=\"https:\/\/madelinefashion.pl\/sk\/czapki-dodatki\/dodatki\/\">Opasok<\/a> na obr\u00e1zku nie je s\u00fa\u010das\u0165ou.\u00a0<\/b><\/p>\n<h2 style=\"text-align: center;\">Rozmery \u0161iat:<\/h2>\n<ul style=\"text-align: center;\">\n<li>celkov\u00e1 d\u013a\u017eka 124 cm<\/li>\n<li>\u0161\u00edrka bokov 40-60 cm<\/li>\n<li>\u0161\u00edrka od pazuchy po pazuchu: 44-57 cm<\/li>\n<li>d\u013a\u017eka ruk\u00e1va od ramena: 60 cm<\/li>\n<li>d\u013a\u017eka ruk\u00e1va od pazuchy 50 cm<\/li>\n<li>d\u013a\u017eka \u0161iat po prsia 88 cm<\/li>\n<li><\/li>\n<\/ul>\n<p style=\"text-align: center;\">Rozmery sa m\u00f4\u017eu mierne l\u00ed\u0161i\u0165 od uveden\u00fdch +\/- 2cm. V\u0161etky uveden\u00e9 rozmery s\u00fa meran\u00e9 plo\u0161ne.<\/p>\n<p style=\"text-align: center;\">rozmer x2<\/p>\n<table style=\"height: 250px;\" width=\"565\">\n<tbody>\n<tr>\n<td width=\"302\">Meno modela<\/td>\n<td width=\"302\">Dlh\u00e9 rol\u00e1kov\u00e9 svetre Denver<\/td>\n<\/tr>\n<tr>\n<td width=\"302\">Farba<\/td>\n<td width=\"302\">Tmavo-siv\u00e1<\/td>\n<\/tr>\n<tr>\n<td width=\"302\">Zbierka<\/td>\n<td width=\"302\">jar\/jese\u0148\/zima<\/td>\n<\/tr>\n<tr>\n<td width=\"302\">ve\u013ekosti<\/td>\n<td width=\"302\">Univerz\u00e1lny<\/td>\n<\/tr>\n<tr>\n<td width=\"302\">Zlo\u017eenie<\/td>\n<td width=\"302\">40% akryl, 30% vlna, 30% moh\u00e9r<\/td>\n<\/tr>\n<tr>\n<td width=\"302\">D\u013a\u017eka<\/td>\n<td width=\"302\">Cez koleno<\/td>\n<\/tr>\n<tr>\n<td width=\"302\">\u0160tiepenie<\/td>\n<td width=\"302\">Golf<\/td>\n<\/tr>\n<\/tbody>\n<\/table>\n<p>&nbsp;<\/p>\n<section class=\"page-product-box\">\n<div class=\"rte\">\n<p style=\"text-align: center;\">Model m\u00e1\u00a0<strong>169<\/strong>\u00a0cm vysok\u00fd, nos\u00ed ve\u013ekos\u0165 ka\u017ed\u00fd de\u0148\u00a0<strong>S<\/strong><\/p>\n<p style=\"text-align: center;\">\u0160\u00edrka cez prsia 92 cm<\/p>\n<p style=\"text-align: center;\">\u0160\u00edrka v p\u00e1se 62 cm<\/p>\n<p style=\"text-align: center;\">\u0160\u00edrka v bokoch 94 cm<\/p>\n<p style=\"text-align: center;\">\n<\/div>\n<\/section>","protected":false},"excerpt":{"rendered":"<p>Sukienka Sweterkowa z Golfem D\u0142uga Denver Ciemno Szara Kr\u00f3j sukienki pi\u0119knie podkre\u015bla figur\u0119 i kobiece kszta\u0142ty. Bardzo wygodna i przyjemna w dotyku dzianinowa sukienka \u015bwietnie sprawdzi si\u0119 na co dzie\u0144, gdy chcesz wygl\u0105da\u0107 idealnie i jednocze\u015bnie \u015bwietnie si\u0119 czu\u0107. Sukienka d\u0142uga z golfem z delikatnym rozci\u0119ciem na dole. Model w kt\u00f3rym zab\u0142y\u015bniesz w gronie przyjaci\u00f3\u0142<\/p>\n<div class=\"klb-readmore post-buttons\"><a class=\"button black outline size-sm\" href=\"https:\/\/madelinefashion.pl\/sk\/sukienka-sweterkowa-z-golfem-dluga-denver-ciemno-szara-2\/\">\u010c\u00edta\u0165 \u010falej <i class=\"klbth-icon-right-arrow\"><\/i><\/a><\/div>","protected":false},"featured_media":67297,"template":"","meta":[],"product_brand":[],"product_cat":[158,395],"product_tag":[214],"class_list":{"0":"post-67298","1":"product","2":"type-product","3":"status-publish","4":"has-post-thumbnail","6":"product_cat-sukienki-sweterkowe","7":"product_cat-nowosci","8":"product_tag-sukienka-szara","10":"first","11":"instock","12":"sale","13":"purchasable","14":"product-type-simple"},"_links":{"self":[{"href":"https:\/\/madelinefashion.pl\/sk\/wp-json\/wp\/v2\/product\/67298","targetHints":{"allow":["GET"]}}],"collection":[{"href":"https:\/\/madelinefashion.pl\/sk\/wp-json\/wp\/v2\/product"}],"about":[{"href":"https:\/\/madelinefashion.pl\/sk\/wp-json\/wp\/v2\/types\/product"}],"wp:featuredmedia":[{"embeddable":true,"href":"https:\/\/madelinefashion.pl\/sk\/wp-json\/wp\/v2\/media\/67297"}],"wp:attachment":[{"href":"https:\/\/madelinefashion.pl\/sk\/wp-json\/wp\/v2\/media?parent=67298"}],"wp:term":[{"taxonomy":"product_brand","embeddable":true,"href":"https:\/\/madelinefashion.pl\/sk\/wp-json\/wp\/v2\/product_brand?post=67298"},{"taxonomy":"product_cat","embeddable":true,"href":"https:\/\/madelinefashion.pl\/sk\/wp-json\/wp\/v2\/product_cat?post=67298"},{"taxonomy":"product_tag","embeddable":true,"href":"https:\/\/madelinefashion.pl\/sk\/wp-json\/wp\/v2\/product_tag?post=67298"}],"curies":[{"name":"pracovn\u00fd list","href":"https:\/\/api.w.org\/{rel}","templated":true}]}}