{"id":68895,"date":"2022-11-30T15:07:04","date_gmt":"2022-11-30T14:07:04","guid":{"rendered":"https:\/\/madelinefashion.pl\/?post_type=product&#038;p=68895"},"modified":"2026-03-26T12:39:52","modified_gmt":"2026-03-26T11:39:52","slug":"sukienka-cekinowa-na-ramiaczkach-z-piorkami-ermela-butelkowa-zielen","status":"publish","type":"product","link":"https:\/\/madelinefashion.pl\/sk\/sukienka-cekinowa-na-ramiaczkach-z-piorkami-ermela-butelkowa-zielen\/","title":{"rendered":"Ermela flitrov\u00e9 \u0161aty s pierkov\u00fdmi ramienkami f\u013ea\u0161a zelen\u00e1"},"content":{"rendered":"<h3 style=\"text-align: center;\">Ermela flitrov\u00e9 \u0161aty s pierkov\u00fdmi ramienkami f\u013ea\u0161a zelen\u00e1<\/h3>\n<p style=\"text-align: center;\">Kr\u00e1sne flitrov\u00e9 \u0161aty, priliehav\u00e9 na telo ozdobn\u00fdmi pierkami pri v\u00fdstrihu. Oble\u010dte si ho na \u0161peci\u00e1lnu pr\u00edle\u017eitos\u0165 a zabezpe\u010dte, aby okolo v\u00e1s nikto \u013eahostajne nepre\u0161iel. \u0160aty bez ramienok s kr\u00e1snym v\u00fdstrihom do V, \u0161aty maj\u00fa v p\u00e1se gumu, ktor\u00e1 kr\u00e1sne zv\u00fdrazn\u00ed \u017eensk\u00e9 tvary. <strong>Ve\u013ekos\u0165 je UNIVERZ\u00c1LNA\u00a0<\/strong>\u00a0odpor\u00fa\u010dan\u00e9 pre d\u00e1my nosiace XS,S,M,L\u00a0<strong>,<\/strong>\u00a0ale odpor\u00fa\u010dame\u00a0<strong>presn\u00e9 meranie\u00a0<\/strong>pod\u013ea ni\u017e\u0161ie uvedenej tabu\u013eky rozmerov. Dostupn\u00e9 na na\u0161om e-shope vo viacer\u00fdch farebn\u00fdch variantoch, tak nev\u00e1hajte a vyberte si t\u00fa, ktor\u00e1 je pre v\u00e1s ako stvoren\u00e1.<\/p>\n<h3 style=\"text-align: center;\">Rozmery \u0161iat<\/h3>\n<ul>\n<li style=\"text-align: center;\">celkov\u00e1 d\u013a\u017eka od podpazu\u0161ia: 86 cm (nastavite\u013en\u00e9 ramienka)<\/li>\n<li style=\"text-align: center;\">\u0161\u00edrka od pazuchy po pazuchu: 33 - 38 cm<\/li>\n<li style=\"text-align: center;\">\u0161\u00edrka p\u00e1sa: 30-36<\/li>\n<li style=\"text-align: center;\"><\/li>\n<\/ul>\n<p>&nbsp;<\/p>\n<p style=\"text-align: center;\">Rozmery sa m\u00f4\u017eu mierne l\u00ed\u0161i\u0165 od uveden\u00fdch +\/- 2cm. V\u0161etky uveden\u00e9 rozmery s\u00fa meran\u00e9 plo\u0161ne. rozmer x2<\/p>\n<p style=\"text-align: center;\"><strong>\u00a0<\/strong><\/p>\n<table style=\"height: 197px;\" width=\"662\">\n<tbody>\n<tr>\n<td width=\"302\">Meno modela<\/td>\n<td width=\"302\">Ermel<\/td>\n<\/tr>\n<tr>\n<td width=\"302\">Farba<\/td>\n<td width=\"302\">F\u013ea\u0161a zelen\u00e1<\/td>\n<\/tr>\n<tr>\n<td width=\"302\">Zbierka<\/td>\n<td width=\"302\">jese\u0148\/zima\/jar\/leto<\/td>\n<\/tr>\n<tr>\n<td width=\"302\">ve\u013ekosti<\/td>\n<td width=\"302\">Univerz\u00e1lny<\/td>\n<\/tr>\n<tr>\n<td width=\"302\">M\u00f3da<\/td>\n<td width=\"302\">Priliehav\u00e9 \/ Elastick\u00e9 \/ Asymetrick\u00e9<\/td>\n<\/tr>\n<tr>\n<td width=\"302\">Dekor\u00e1cia<\/td>\n<td width=\"302\">Flitre<\/td>\n<\/tr>\n<\/tbody>\n<\/table>\n<p>&nbsp;<\/p>\n<section class=\"page-product-box\">\n<div class=\"rte\">\n<p style=\"text-align: center;\">Model m\u00e1\u00a0<strong>169<\/strong>\u00a0cm vysok\u00fd, nos\u00ed ve\u013ekos\u0165 ka\u017ed\u00fd de\u0148\u00a0<strong>S<\/strong><\/p>\n<p style=\"text-align: center;\">\u0160\u00edrka cez prsia 92 cm<\/p>\n<p style=\"text-align: center;\">\u0160\u00edrka v p\u00e1se 62 cm<\/p>\n<p style=\"text-align: center;\">\u0160\u00edrka v bokoch 94 cm<\/p>\n<p>&nbsp;<\/p>\n<p style=\"text-align: center;\">\n<\/div>\n<\/section>","protected":false},"excerpt":{"rendered":"<p>Flitrovan\u00e9 \u0161aty Ermela s ramienkami a pierkami vo f\u013ea\u0161kovo zelenej farbe. Kr\u00e1sne flitrovan\u00e9 \u0161aty, priliehav\u00e9 k telu, s ozdobn\u00fdm pierkami na v\u00fdstrihu. Oble\u010dte si ich na \u0161peci\u00e1lnu pr\u00edle\u017eitos\u0165 a uistite sa, \u017ee v\u00e1s nikto neprehliadne. Tieto \u0161aty bez ramienok s kr\u00e1snym v\u00fdstrihom do V maj\u00fa elastick\u00fd p\u00e1s, ktor\u00fd kr\u00e1sne zv\u00fdraz\u0148uje \u017eensk\u00e9 krivky. Univerz\u00e1lna ve\u013ekos\u0165, odpor\u00fa\u010dan\u00e1 pre \u017eeny.<\/p>\n<div class=\"klb-readmore post-buttons\"><a class=\"button black outline size-sm\" href=\"https:\/\/madelinefashion.pl\/sk\/sukienka-cekinowa-na-ramiaczkach-z-piorkami-ermela-butelkowa-zielen\/\">\u010c\u00edta\u0165 \u010falej <i class=\"klbth-icon-right-arrow\"><\/i><\/a><\/div>","protected":false},"featured_media":68884,"template":"","meta":[],"product_brand":[],"product_cat":[80,124,395,559,558],"product_tag":[504,262,535],"class_list":{"0":"post-68895","1":"product","2":"type-product","3":"status-publish","4":"has-post-thumbnail","6":"product_cat-sukienki-i-kombinezony","7":"product_cat-sukienki-okolicznosciowe","8":"product_cat-nowosci","9":"product_cat-noworoczna-sekcja-okazji","10":"product_cat-sukienki-cekinowe","11":"product_tag-party-time","12":"product_tag-sukienki-krotkie","13":"product_tag-zielone-sukienki","15":"first","16":"instock","17":"sale","18":"purchasable","19":"product-type-simple"},"_links":{"self":[{"href":"https:\/\/madelinefashion.pl\/sk\/wp-json\/wp\/v2\/product\/68895","targetHints":{"allow":["GET"]}}],"collection":[{"href":"https:\/\/madelinefashion.pl\/sk\/wp-json\/wp\/v2\/product"}],"about":[{"href":"https:\/\/madelinefashion.pl\/sk\/wp-json\/wp\/v2\/types\/product"}],"wp:featuredmedia":[{"embeddable":true,"href":"https:\/\/madelinefashion.pl\/sk\/wp-json\/wp\/v2\/media\/68884"}],"wp:attachment":[{"href":"https:\/\/madelinefashion.pl\/sk\/wp-json\/wp\/v2\/media?parent=68895"}],"wp:term":[{"taxonomy":"product_brand","embeddable":true,"href":"https:\/\/madelinefashion.pl\/sk\/wp-json\/wp\/v2\/product_brand?post=68895"},{"taxonomy":"product_cat","embeddable":true,"href":"https:\/\/madelinefashion.pl\/sk\/wp-json\/wp\/v2\/product_cat?post=68895"},{"taxonomy":"product_tag","embeddable":true,"href":"https:\/\/madelinefashion.pl\/sk\/wp-json\/wp\/v2\/product_tag?post=68895"}],"curies":[{"name":"pracovn\u00fd list","href":"https:\/\/api.w.org\/{rel}","templated":true}]}}