{"id":69066,"date":"2022-12-01T14:04:46","date_gmt":"2022-12-01T13:04:46","guid":{"rendered":"https:\/\/madelinefashion.pl\/?post_type=product&#038;p=69066"},"modified":"2024-04-01T21:28:48","modified_gmt":"2024-04-01T19:28:48","slug":"kombinezon-z-odkrytymi-plecami-wiazany-perfect-czarny","status":"publish","type":"product","link":"https:\/\/madelinefashion.pl\/sk\/kombinezon-z-odkrytymi-plecami-wiazany-perfect-czarny\/","title":{"rendered":"Perfektn\u00e1 \u010dierna kombin\u00e9za s otvoren\u00fdm chrbtom"},"content":{"rendered":"<h3 style=\"text-align: center;\">Perfektn\u00e1 \u010dierna kombin\u00e9za s otvoren\u00fdm chrbtom<\/h3>\n<p style=\"text-align: center;\"><strong>Perfektn\u00fd overal s kravatou a otvoren\u00fdm chrbtom<\/strong> je ide\u00e1lnym variantom pre \u017eeny, ktor\u00e9 sa c\u00edtia lep\u0161ie v nohaviciach ako v \u0161at\u00e1ch.Jedine\u010dn\u00fd strih sp\u00e1ja pohodlie, extravaganciu a vo\u013en\u00fd charakter. Kombin\u00e9za je n\u00e1vrhom pre \u017eeny, ktor\u00e9 si cenia jedine\u010dnos\u0165 svojho vzh\u013eadu. Flitrov\u00fd overal obohat\u00ed v\u00e1\u0161 \u0161atn\u00edk. Skvele sa hod\u00ed k podp\u00e4tkom. Bude ide\u00e1lny na ve\u010dern\u00e9 vych\u00e1dzky. M\u00e1 pomerne hlbok\u00fd v\u00fdstrih a zav\u00e4zuje sa pri krku.<\/p>\n<p align=\"center\">\n<p align=\"center\">- univerz\u00e1lny<\/p>\n<p align=\"center\">- flitre<\/p>\n<p align=\"center\">-\u017eensk\u00fd<\/p>\n<p align=\"center\">-odv\u00e1\u017ene<\/p>\n<p align=\"center\">- v\u00fdnimo\u010dn\u00fd<\/p>\n<p align=\"center\">- viazanie okolo krku<\/p>\n<p align=\"center\">- \u0161tiepenie<\/p>\n<p style=\"text-align: center;\"><strong><span lang=\"pl-pl\" xml:lang=\"pl-pl\">\u00a0\u00a0<\/span><\/strong><span lang=\"pl-pl\" xml:lang=\"pl-pl\">Dostupn\u00e9 v na\u0161ej predajni vo viacer\u00fdch farebn\u00fdch variantoch. Odpor\u00fa\u010dame pre d\u00e1my vo ve\u013ekosti SML XL<\/span><\/p>\n<h3 style=\"text-align: center;\">Rozmery:<\/h3>\n<ul style=\"text-align: center;\">\n<li><span style=\"font-size: 10pt;\">\u00a0\u00a0\u00a0\u00a0\u00a0\u00a0\u00a0 d\u013a\u017eka od p\u00e1sa: 108 cm<\/span><\/li>\n<li><span style=\"font-size: 10pt;\">\u00a0\u00a0\u00a0\u00a0\u00a0\u00a0\u00a0 \u0161\u00edrka p\u00e1sa 30-45 cm (elastick\u00fd)<\/span><\/li>\n<li><span style=\"font-size: 10pt;\">\u00a0\u00a0\u00a0\u00a0\u00a0\u00a0\u00a0 d\u013a\u017eka nohav\u00edc od rozkroku: 70 cm<\/span><\/li>\n<li><\/li>\n<\/ul>\n<p style=\"text-align: center;\"><span style=\"vertical-align: inherit;\">Rozmery sa m\u00f4\u017eu l\u00ed\u0161i\u0165 od uveden\u00fdch +\/- 2cm. V\u0161etky uveden\u00e9 rozmery s\u00fa meran\u00e9 plo\u0161ne. rozmer x2<\/span><\/p>\n<p style=\"text-align: center;\"><span style=\"font-size: 10pt;\"><strong>\u00a0<\/strong>\u00a0<\/span><\/p>\n<p>&nbsp;<\/p>\n<table style=\"height: 166px;\" width=\"670\">\n<tbody>\n<tr>\n<td width=\"302\"><span style=\"font-size: 10pt;\">Meno modela<\/span><\/td>\n<td width=\"302\">perfektn\u00e9<\/td>\n<\/tr>\n<tr>\n<td width=\"302\"><span style=\"font-size: 10pt;\">Farba<\/span><\/td>\n<td width=\"302\"><span style=\"font-size: 10pt;\">\u010dierna<\/span><\/td>\n<\/tr>\n<tr>\n<td width=\"302\"><span style=\"font-size: 10pt;\">M\u00f3da<\/span><\/td>\n<td width=\"302\"><span style=\"font-size: 13.3333px;\">Elegantn\u00fd<\/span><\/td>\n<\/tr>\n<tr>\n<td width=\"302\"><span style=\"font-size: 10pt;\">Materi\u00e1l<\/span><\/td>\n<td width=\"302\"><span style=\"font-size: 10pt;\">95 %Polyester 5% Elastan<\/span><\/td>\n<\/tr>\n<tr>\n<td width=\"302\"><span style=\"font-size: 10pt;\">D\u013a\u017eka<\/span><\/td>\n<td width=\"302\"><span style=\"font-size: 13.3333px;\">maxi<\/span><\/td>\n<\/tr>\n<\/tbody>\n<\/table>\n<p style=\"text-align: center;\">Model m\u00e1\u00a0<strong>169<\/strong>\u00a0cm vysok\u00fd, nos\u00ed ve\u013ekos\u0165 ka\u017ed\u00fd de\u0148\u00a0<strong>S<\/strong><\/p>\n<p style=\"text-align: center;\">\u0160\u00edrka cez prsia 92 cm<\/p>\n<p style=\"text-align: center;\">\u0160\u00edrka v p\u00e1se 62 cm<\/p>\n<p style=\"text-align: center;\">\u0160\u00edrka v bokoch 94 cm<\/p>\n<div class=\"additional-details\" style=\"text-align: center;\">\n<p style=\"text-align: center;\"><span style=\"font-size: 10pt;\">\u00a0<\/span><\/p>\n<\/div>","protected":false},"excerpt":{"rendered":"<p>Kombinezon z Odkrytymi Plecami Wi\u0105zany Perfect Czarny Kombinezon z Odkrytymi Plecami Wi\u0105zany Perfect jest idealn\u0105 opcj\u0105 dla Pa\u0144, kt\u00f3re lepiej czuj\u0105 si\u0119 w spodniach ni\u017c w sukience Unikatowy kr\u00f3j \u0142\u0105czy w sobie wygod\u0119, ekstrawagancj\u0119 i lu\u017any charakter. Kombinezon to propozycja dla Pa\u0144 ceni\u0105cych sobie niepowtarzalno\u015b\u0107 w swoim looku.\u00a0Kombinezon\u00a0cekinowy\u00a0wzbogaci twoj\u0105 garderob\u0119. \u015awietnie komponuje si\u0119 ze szpilkami.\u00a0Sprawdzi<\/p>\n<div class=\"klb-readmore post-buttons\"><a class=\"button black outline size-sm\" href=\"https:\/\/madelinefashion.pl\/sk\/kombinezon-z-odkrytymi-plecami-wiazany-perfect-czarny\/\">\u010c\u00edta\u0165 \u010falej <i class=\"klbth-icon-right-arrow\"><\/i><\/a><\/div>","protected":false},"featured_media":69036,"template":"","meta":[],"product_brand":[],"product_cat":[80,395],"product_tag":[297,504],"class_list":{"0":"post-69066","1":"product","2":"type-product","3":"status-publish","4":"has-post-thumbnail","6":"product_cat-sukienki-i-kombinezony","7":"product_cat-nowosci","8":"product_tag-kombinezony","9":"product_tag-party-time","11":"first","12":"instock","13":"purchasable","14":"product-type-simple"},"_links":{"self":[{"href":"https:\/\/madelinefashion.pl\/sk\/wp-json\/wp\/v2\/product\/69066","targetHints":{"allow":["GET"]}}],"collection":[{"href":"https:\/\/madelinefashion.pl\/sk\/wp-json\/wp\/v2\/product"}],"about":[{"href":"https:\/\/madelinefashion.pl\/sk\/wp-json\/wp\/v2\/types\/product"}],"wp:featuredmedia":[{"embeddable":true,"href":"https:\/\/madelinefashion.pl\/sk\/wp-json\/wp\/v2\/media\/69036"}],"wp:attachment":[{"href":"https:\/\/madelinefashion.pl\/sk\/wp-json\/wp\/v2\/media?parent=69066"}],"wp:term":[{"taxonomy":"product_brand","embeddable":true,"href":"https:\/\/madelinefashion.pl\/sk\/wp-json\/wp\/v2\/product_brand?post=69066"},{"taxonomy":"product_cat","embeddable":true,"href":"https:\/\/madelinefashion.pl\/sk\/wp-json\/wp\/v2\/product_cat?post=69066"},{"taxonomy":"product_tag","embeddable":true,"href":"https:\/\/madelinefashion.pl\/sk\/wp-json\/wp\/v2\/product_tag?post=69066"}],"curies":[{"name":"pracovn\u00fd list","href":"https:\/\/api.w.org\/{rel}","templated":true}]}}