{"id":69662,"date":"2022-12-05T16:49:31","date_gmt":"2022-12-05T15:49:31","guid":{"rendered":"https:\/\/madelinefashion.pl\/?post_type=product&#038;p=69662"},"modified":"2026-03-01T12:58:22","modified_gmt":"2026-03-01T11:58:22","slug":"opaska-z-alpaki-czerwona","status":"publish","type":"product","link":"https:\/\/madelinefashion.pl\/sk\/opaska-z-alpaki-czerwona\/","title":{"rendered":"\u010celenka z \u010dervenej alpaky"},"content":{"rendered":"<h3 style=\"text-align: center;\">\u010celenka z \u010dervenej alpaky<\/h3>\n<p style=\"text-align: center;\"><b>Alpaka \u010delenka Powder Pink PO\u013dSK\u00c1 V\u00ddROBA!! <\/b>M\u00f3da na sez\u00f3nu jese\u0148-zima vyroben\u00e1 z pr\u00edjemn\u00e9ho a na dotyk pr\u00edjemnej\u0161ieho\u00a0<b>ALPACA<\/b>. Klasick\u00fd jednotn\u00fd strih, ktor\u00fd sa hod\u00ed k v\u00e4\u010d\u0161ine \u0161t\u00fdlov. <strong>\u010celenka hotov\u00e1<\/strong>\u00a0 vyroben\u00e9 z l\u00e1tky imituj\u00facej ko\u017eu\u0161inu alpaky.<\/p>\n<form id=\"projector_form\" class=\"projector_details disable\" action=\"https:\/\/www.sklep.kochamczapki.pl\/pl\/basketchange.html\" method=\"post\" data-product_id=\"9107\" data-type=\"product_item\">\n<div class=\"projector_details__wrapper\">\n<div id=\"projector_prices_wrapper\" class=\"projector_details__prices projector_prices\"><\/div>\n<\/div>\n<\/form>\n<ul>\n<li style=\"text-align: center;\"><\/li>\n<li style=\"text-align: center;\">pohodln\u00e9, netla\u010d\u00ed na hlavu,<\/li>\n<li style=\"text-align: center;\">\u0161\u00edrka p\u00e1sika: 9,5 cm<\/li>\n<li style=\"text-align: center;\">ve\u013ea farebn\u00fdch variantov<\/li>\n<\/ul>\n<p>&nbsp;<\/p>\n<p>&nbsp;<\/p>\n<table width=\"611\">\n<tbody>\n<tr>\n<td width=\"302\">Model<\/td>\n<td width=\"302\">\u010celenka z alpaky<\/td>\n<\/tr>\n<tr>\n<td width=\"302\">Farba<\/td>\n<td width=\"302\">\u010cerven\u00e1<\/td>\n<\/tr>\n<tr>\n<td width=\"302\">Zbierka<\/td>\n<td width=\"302\">jar\/jese\u0148\/zima<\/td>\n<\/tr>\n<tr>\n<td width=\"302\">ve\u013ekosti<\/td>\n<td width=\"302\">Univerz\u00e1lny<\/td>\n<\/tr>\n<tr>\n<td width=\"302\">Materi\u00e1l<\/td>\n<td width=\"302\">100% akryl<\/td>\n<\/tr>\n<tr>\n<td width=\"302\">izolovan\u00e9<\/td>\n<td width=\"302\">Alpaka<\/td>\n<\/tr>\n<tr>\n<td width=\"302\"><\/td>\n<td width=\"302\"><\/td>\n<\/tr>\n<\/tbody>\n<\/table>\n<p style=\"text-align: center;\">","protected":false},"excerpt":{"rendered":"<p>Opaska z Alpaki Czerwona Opaska z Alpaki Pudrowy R\u00f3\u017c POLSKIEJ PRODUKCJI !! Fason na sezon jesienno-zimowy wykonany z mi\u0142ej i przyjemniej w dotyku\u00a0ALPAKI. Klasyczna, jednolita fason, kt\u00f3ra b\u0119dzie pasowa\u0142 do wi\u0119kszo\u015bci stylizacji. Opaska wykonana\u00a0 z tkaniny imituj\u0105cej futerko alpaki. wygodna, nie uciska g\u0142owy, szeroko\u015b\u0107 opaski : 9,5 cm wiele wariant\u00f3w kolorystycznych &nbsp; &nbsp; Model Opaska<\/p>\n<div class=\"klb-readmore post-buttons\"><a class=\"button black outline size-sm\" href=\"https:\/\/madelinefashion.pl\/sk\/opaska-z-alpaki-czerwona\/\">\u010c\u00edta\u0165 \u010falej <i class=\"klbth-icon-right-arrow\"><\/i><\/a><\/div>","protected":false},"featured_media":69640,"template":"","meta":[],"product_brand":[],"product_cat":[113],"product_tag":[],"class_list":{"0":"post-69662","1":"product","2":"type-product","3":"status-publish","4":"has-post-thumbnail","6":"product_cat-dodatki","8":"first","9":"instock","10":"sale","11":"purchasable","12":"product-type-simple"},"_links":{"self":[{"href":"https:\/\/madelinefashion.pl\/sk\/wp-json\/wp\/v2\/product\/69662","targetHints":{"allow":["GET"]}}],"collection":[{"href":"https:\/\/madelinefashion.pl\/sk\/wp-json\/wp\/v2\/product"}],"about":[{"href":"https:\/\/madelinefashion.pl\/sk\/wp-json\/wp\/v2\/types\/product"}],"wp:featuredmedia":[{"embeddable":true,"href":"https:\/\/madelinefashion.pl\/sk\/wp-json\/wp\/v2\/media\/69640"}],"wp:attachment":[{"href":"https:\/\/madelinefashion.pl\/sk\/wp-json\/wp\/v2\/media?parent=69662"}],"wp:term":[{"taxonomy":"product_brand","embeddable":true,"href":"https:\/\/madelinefashion.pl\/sk\/wp-json\/wp\/v2\/product_brand?post=69662"},{"taxonomy":"product_cat","embeddable":true,"href":"https:\/\/madelinefashion.pl\/sk\/wp-json\/wp\/v2\/product_cat?post=69662"},{"taxonomy":"product_tag","embeddable":true,"href":"https:\/\/madelinefashion.pl\/sk\/wp-json\/wp\/v2\/product_tag?post=69662"}],"curies":[{"name":"pracovn\u00fd list","href":"https:\/\/api.w.org\/{rel}","templated":true}]}}