{"id":69677,"date":"2022-12-05T17:31:27","date_gmt":"2022-12-05T16:31:27","guid":{"rendered":"https:\/\/madelinefashion.pl\/?post_type=product&#038;p=69677"},"modified":"2026-03-01T12:58:21","modified_gmt":"2026-03-01T11:58:21","slug":"opaska-ze-wzorem-warkoczowym-czarna","status":"publish","type":"product","link":"https:\/\/madelinefashion.pl\/sk\/opaska-ze-wzorem-warkoczowym-czarna\/","title":{"rendered":"\u010celenka s vrko\u010dov\u00fdm vzorom \u010dierna"},"content":{"rendered":"<h3 style=\"text-align: center;\">\u010celenka s vrko\u010dov\u00fdm vzorom \u010dierna<\/h3>\n<h6 style=\"text-align: center;\">\u010celenka s vrko\u010dov\u00fdm vzorom je tepl\u00fdm a elegantn\u00fdm doplnkom na hlavu po\u010das chladnej zimy. Pohodln\u00e1 a praktick\u00e1 \u010delenka bude zauj\u00edmavou alternat\u00edvou k tradi\u010dn\u00fdm klob\u00fakom pre \u013eud\u00ed, ktor\u00ed si radi zvia\u017eu vlasy do copu.<\/h6>\n<div class=\"projector_details__wrapper\">\n<div id=\"projector_prices_wrapper\" class=\"projector_details__prices projector_prices\">c<\/div>\n<\/div>\n<ul>\n<li style=\"text-align: center;\"><\/li>\n<li style=\"text-align: center;\">\n<h6>pohodln\u00e9, netla\u010d\u00ed na hlavu,<\/h6>\n<\/li>\n<li style=\"text-align: center;\">\n<h6>\u0161\u00edrka p\u00e1sika: 9,5 cm<\/h6>\n<\/li>\n<li style=\"text-align: center;\">\n<h6>ve\u013ea farebn\u00fdch variantov<\/h6>\n<\/li>\n<\/ul>\n<p>&nbsp;<\/p>\n<p>&nbsp;<\/p>\n<table width=\"611\">\n<tbody>\n<tr>\n<td width=\"302\">Model<\/td>\n<td width=\"302\">\u010celenka s vrko\u010dov\u00fdm vzorom<\/td>\n<\/tr>\n<tr>\n<td width=\"302\">Farba<\/td>\n<td width=\"302\">\u010dierna<\/td>\n<\/tr>\n<tr>\n<td width=\"302\">Zbierka<\/td>\n<td width=\"302\">jar\/jese\u0148\/zima<\/td>\n<\/tr>\n<tr>\n<td width=\"302\">ve\u013ekosti<\/td>\n<td width=\"302\">Univerz\u00e1lny<\/td>\n<\/tr>\n<tr>\n<td width=\"302\">Materi\u00e1l<\/td>\n<td width=\"302\">100% akryl<\/td>\n<\/tr>\n<tr>\n<td width=\"302\"><\/td>\n<td width=\"302\"><\/td>\n<\/tr>\n<tr>\n<td width=\"302\"><\/td>\n<td width=\"302\"><\/td>\n<\/tr>\n<\/tbody>\n<\/table>\n<p style=\"text-align: center;\">","protected":false},"excerpt":{"rendered":"<p>Opaska Ze Wzorem Warkoczowym Czarna Opaska ze wzorem warkoczowym to ciep\u0142y i elegancki dodatek na g\u0142ow\u0119 w okresie mro\u017anej zimy. Wygodna i praktyczna opaska b\u0119dzie ciekaw\u0105 alternatyw\u0105 dla tradycyjnych czapek dla os\u00f3b kt\u00f3re uwielbiaj\u0105 wi\u0105za\u0107 w\u0142osy w kucyk C wygodna, nie uciska g\u0142owy, szeroko\u015b\u0107 opaski : 9,5 cm wiele wariant\u00f3w kolorystycznych &nbsp; &nbsp; Model Opaska<\/p>\n<div class=\"klb-readmore post-buttons\"><a class=\"button black outline size-sm\" href=\"https:\/\/madelinefashion.pl\/sk\/opaska-ze-wzorem-warkoczowym-czarna\/\">\u010c\u00edta\u0165 \u010falej <i class=\"klbth-icon-right-arrow\"><\/i><\/a><\/div>","protected":false},"featured_media":69670,"template":"","meta":[],"product_brand":[],"product_cat":[395,113],"product_tag":[],"class_list":{"0":"post-69677","1":"product","2":"type-product","3":"status-publish","4":"has-post-thumbnail","6":"product_cat-nowosci","7":"product_cat-dodatki","9":"first","10":"instock","11":"sale","12":"purchasable","13":"product-type-simple"},"_links":{"self":[{"href":"https:\/\/madelinefashion.pl\/sk\/wp-json\/wp\/v2\/product\/69677","targetHints":{"allow":["GET"]}}],"collection":[{"href":"https:\/\/madelinefashion.pl\/sk\/wp-json\/wp\/v2\/product"}],"about":[{"href":"https:\/\/madelinefashion.pl\/sk\/wp-json\/wp\/v2\/types\/product"}],"wp:featuredmedia":[{"embeddable":true,"href":"https:\/\/madelinefashion.pl\/sk\/wp-json\/wp\/v2\/media\/69670"}],"wp:attachment":[{"href":"https:\/\/madelinefashion.pl\/sk\/wp-json\/wp\/v2\/media?parent=69677"}],"wp:term":[{"taxonomy":"product_brand","embeddable":true,"href":"https:\/\/madelinefashion.pl\/sk\/wp-json\/wp\/v2\/product_brand?post=69677"},{"taxonomy":"product_cat","embeddable":true,"href":"https:\/\/madelinefashion.pl\/sk\/wp-json\/wp\/v2\/product_cat?post=69677"},{"taxonomy":"product_tag","embeddable":true,"href":"https:\/\/madelinefashion.pl\/sk\/wp-json\/wp\/v2\/product_tag?post=69677"}],"curies":[{"name":"pracovn\u00fd list","href":"https:\/\/api.w.org\/{rel}","templated":true}]}}