{"id":69759,"date":"2022-12-06T12:10:31","date_gmt":"2022-12-06T11:10:31","guid":{"rendered":"https:\/\/madelinefashion.pl\/?post_type=product&#038;p=69759"},"modified":"2026-03-01T12:58:21","modified_gmt":"2026-03-01T11:58:21","slug":"damskie-swiateczne-skarpety-mix-3-pak-merry-christmas-z-kokardka-iii","status":"publish","type":"product","link":"https:\/\/madelinefashion.pl\/sk\/damskie-swiateczne-skarpety-mix-3-pak-merry-christmas-z-kokardka-iii\/","title":{"rendered":"D\u00e1mske viano\u010dn\u00e9 pono\u017eky Mix 3\/ Pak Vesel\u00e9 Vianoce s ma\u0161\u013eou III"},"content":{"rendered":"<h3 style=\"text-align: center;\">D\u00e1mske viano\u010dn\u00e9 pono\u017eky Mix 3\/ Pak Vesel\u00e9 Vianoce s ma\u0161\u013eou III<\/h3>\n<p style=\"text-align: center;\">\u00a0Vianoce s\u00fa za dverami, a tak je \u010das myslie\u0165 na pr\u00edpravy, vr\u00e1tane t\u00fdch, ktor\u00e9 s\u00favisia s osvie\u017een\u00edm \u0161atn\u00edka. V na\u0161ej predajni n\u00e1jdete <a href=\"https:\/\/madelinefashion.pl\/sk\/product-tag\/swiateczny\/\"><strong>viano\u010dn\u00e9 oble\u010denie<\/strong><\/a>v\u010faka tomu sa znova budete c\u00edti\u0165 <strong>k\u00fazlo Vianoc.<\/strong> <strong>Sl\u00e1vnostn\u00fd charakter <\/strong>dobre posl\u00fa\u017ei aj na ka\u017edodenn\u00e9 pou\u017eitie<strong>, <\/strong>ako aj po\u010das ve\u010dere <b>na \u0160tedr\u00fd de\u0148.\u00a0<\/b><\/p>\n<p style=\"text-align: center;\">Vtipn\u00e9 viano\u010dn\u00e9 pono\u017eky s viano\u010dn\u00fdm mot\u00edvom.<br \/>\nNa\u0161e pono\u017eky bud\u00fa perfektn\u00fdm spolo\u010dn\u00edkom na mraziv\u00e9 zimn\u00e9 ve\u010dery. Tieto kvalitn\u00e9 bavlnen\u00e9 pono\u017eky sa vyzna\u010duj\u00fa kr\u00e1snymi viano\u010dn\u00fdmi vzormi, v\u010faka \u010domu s\u00fa kr\u00e1snym dar\u010dekom napr\u00edklad pod viano\u010dn\u00fd strom\u010dek. \ud83d\ude09 Viano\u010dn\u00e9 pono\u017eky \u2013 <strong>Sada obsahuje 3 p\u00e1ry d\u00e1mskych pono\u017eiek<\/strong>.<\/p>\n<p style=\"text-align: center;\"><strong>Ide\u00e1lne na nosenie po\u010das Vianoc a Mikul\u00e1\u0161a.<\/strong><\/p>\n<p style=\"text-align: center;\">Zlo\u017eenie: 95% Bavlna 5% Elastan<\/p>\n<p>WJYC94338<\/p>","protected":false},"excerpt":{"rendered":"<p>D\u00e1mske viano\u010dn\u00e9 pono\u017eky, mix 3 kusov v balen\u00ed, Vesel\u00e9 Vianoce s ma\u0161\u013eou III. Sviatky s\u00fa za rohom, tak\u017ee je \u010das za\u010da\u0165 s pr\u00edpravami vr\u00e1tane osvie\u017eenia v\u00e1\u0161ho \u0161atn\u00edka. V na\u0161om obchode n\u00e1jdete sl\u00e1vnostn\u00e9 oble\u010denie, ktor\u00e9 v\u00e1m pom\u00f4\u017ee znovu pre\u017ei\u0165 \u010daro Vianoc. Tento sl\u00e1vnostn\u00fd outfit bude ide\u00e1lny na ka\u017edodenn\u00e9 nosenie, ale aj na \u0161tedrove\u010dern\u00fa ve\u010deru.\u00a0<\/p>\n<div class=\"klb-readmore post-buttons\"><a class=\"button black outline size-sm\" href=\"https:\/\/madelinefashion.pl\/sk\/damskie-swiateczne-skarpety-mix-3-pak-merry-christmas-z-kokardka-iii\/\">\u010c\u00edta\u0165 \u010falej <i class=\"klbth-icon-right-arrow\"><\/i><\/a><\/div>","protected":false},"featured_media":69737,"template":"","meta":[],"product_brand":[],"product_cat":[113,395],"product_tag":[473,491],"class_list":{"0":"post-69759","1":"product","2":"type-product","3":"status-publish","4":"has-post-thumbnail","6":"product_cat-dodatki","7":"product_cat-nowosci","8":"product_tag-kolekcja-swiateczna","9":"product_tag-skarpetki-swiateczne","11":"first","12":"instock","13":"sale","14":"purchasable","15":"product-type-variable"},"_links":{"self":[{"href":"https:\/\/madelinefashion.pl\/sk\/wp-json\/wp\/v2\/product\/69759","targetHints":{"allow":["GET"]}}],"collection":[{"href":"https:\/\/madelinefashion.pl\/sk\/wp-json\/wp\/v2\/product"}],"about":[{"href":"https:\/\/madelinefashion.pl\/sk\/wp-json\/wp\/v2\/types\/product"}],"wp:featuredmedia":[{"embeddable":true,"href":"https:\/\/madelinefashion.pl\/sk\/wp-json\/wp\/v2\/media\/69737"}],"wp:attachment":[{"href":"https:\/\/madelinefashion.pl\/sk\/wp-json\/wp\/v2\/media?parent=69759"}],"wp:term":[{"taxonomy":"product_brand","embeddable":true,"href":"https:\/\/madelinefashion.pl\/sk\/wp-json\/wp\/v2\/product_brand?post=69759"},{"taxonomy":"product_cat","embeddable":true,"href":"https:\/\/madelinefashion.pl\/sk\/wp-json\/wp\/v2\/product_cat?post=69759"},{"taxonomy":"product_tag","embeddable":true,"href":"https:\/\/madelinefashion.pl\/sk\/wp-json\/wp\/v2\/product_tag?post=69759"}],"curies":[{"name":"pracovn\u00fd list","href":"https:\/\/api.w.org\/{rel}","templated":true}]}}