{"id":7004,"date":"2021-03-31T22:58:37","date_gmt":"2021-03-31T20:58:37","guid":{"rendered":"https:\/\/madelinefashion.pl\/?post_type=product&#038;p=7004"},"modified":"2025-09-09T10:37:06","modified_gmt":"2025-09-09T08:37:06","slug":"sukienka-maxi-w-paski-aurora-czerwona","status":"publish","type":"product","link":"https:\/\/madelinefashion.pl\/sk\/sukienka-maxi-w-paski-aurora-czerwona\/","title":{"rendered":"Aurora \u010derven\u00e9 pruhovan\u00e9 maxi \u0161aty"},"content":{"rendered":"<h3 style=\"text-align: center;\">Aurora \u010derven\u00e9 pruhovan\u00e9 maxi \u0161aty<\/h3>\n<p style=\"text-align: center;\">Ve\u013emi pohodln\u00fd a na dotyk pr\u00edjemn\u00fd \u00faplet <strong>n\u00e1morn\u00edcke \u0161aty<\/strong> ide\u00e1lne na ka\u017edodenn\u00e9 pou\u017eitie, ke\u010f chcete vyzera\u0165 perfektne a z\u00e1rove\u0148 sa c\u00edti\u0165 skvele. \u0160t\u00fdlov\u00e9 pruhovan\u00e9 \u0161aty s\u00fa dokonal\u00e9 <strong>ponuka na jar a leto<\/strong>Mnoho \u017eien si preto vyber\u00e1 pr\u00e1ve t\u00fato t\u00e9mu. Bude to fungova\u0165 skvele v <strong>ka\u017edodenn\u00fd styling,<\/strong> so spr\u00e1vnymi doplnkami v nej v\u0161ak m\u00f4\u017eete vyrazi\u0165 aj na rodinn\u00fa oslavu. \u0160aty s pr\u00fa\u017ekov\u00fdm mot\u00edvom viazan\u00e9 v p\u00e1se umo\u017e\u0148uj\u00fa zv\u00fdrazni\u0165 postavu, no z\u00e1rove\u0148 zais\u0165uj\u00fa maxim\u00e1lny komfort nosenia. <strong>\u0160aty kr\u00e1sne sedia na postave<\/strong>pri\u010dom materi\u00e1l, z ktor\u00e9ho je vyroben\u00fd, zabezpe\u010duje priedu\u0161nos\u0165. Preto sa d\u00e1 nosi\u0165 aj vo ve\u013emi hor\u00facom dni. <strong>Asymetrick\u00e9 \u0161aty<\/strong> s <strong>rozparky na ruk\u00e1voch<\/strong> a v\u00fdstrih na chrbte je model, v ktorom za\u017eiarite. Jedna ve\u013ekos\u0165 je vhodn\u00e1 pre v\u0161etky \u017eeny <strong>SML XL<\/strong>\u00a0.<\/p>\n<h3 style=\"text-align: center;\">Rozmery \u0161iat:<\/h3>\n<ul style=\"text-align: center;\">\n<li>\u00a0\u00a0\u00a0\u00a0\u00a0\u00a0\u00a0 celkov\u00e1 d\u013a\u017eka: 130 cm<\/li>\n<li>celkov\u00e1 d\u013a\u017eka strany: 72 cm<\/li>\n<li>\u0161\u00edrka od pazuchy po pazuchu: 43-55 cm<\/li>\n<li>\u0161\u00edrka p\u00e1sa: 41-55 cm<\/li>\n<\/ul>\n<p style=\"text-align: center;\">Rozmery sa m\u00f4\u017eu mierne l\u00ed\u0161i\u0165 od uveden\u00fdch +\/- 2cm. V\u0161etky uveden\u00e9 rozmery s\u00fa meran\u00e9 plo\u0161ne. <strong>rozmer x2<\/strong><\/p>\n<table style=\"height: 250px;\" width=\"510\">\n<tbody>\n<tr>\n<td width=\"302\">Meno modela<\/td>\n<td width=\"302\">Pruhovan\u00e9 Maxi \u0161aty Aurora<\/td>\n<\/tr>\n<tr>\n<td width=\"302\">Farba<\/td>\n<td width=\"302\">\u010cerven\u00e1<\/td>\n<\/tr>\n<tr>\n<td width=\"302\">Zbierka<\/td>\n<td width=\"302\">Jar leto \/<\/td>\n<\/tr>\n<tr>\n<td width=\"302\">ve\u013ekosti<\/td>\n<td width=\"302\">Univerz\u00e1lny<\/td>\n<\/tr>\n<tr>\n<td width=\"302\">Zlo\u017eenie<\/td>\n<td width=\"302\">95 % Visk\u00f3za 5% Elastan<\/td>\n<\/tr>\n<tr>\n<td width=\"302\">D\u013a\u017eka<\/td>\n<td width=\"302\">maxi<\/td>\n<\/tr>\n<tr>\n<td width=\"302\">Vystrihn\u00fa\u0165<\/td>\n<td width=\"302\">\u00c1no<\/td>\n<\/tr>\n<\/tbody>\n<\/table>\n<p>&nbsp;<\/p>\n<section class=\"page-product-box\">\n<div class=\"rte\">\n<p style=\"text-align: center;\">Model m\u00e1\u00a0<strong>169<\/strong>\u00a0cm vysok\u00fd, nos\u00ed ve\u013ekos\u0165 ka\u017ed\u00fd de\u0148\u00a0<strong>S<\/strong><\/p>\n<p style=\"text-align: center;\">\u0160\u00edrka cez prsia 92 cm<\/p>\n<p style=\"text-align: center;\">\u0160\u00edrka v p\u00e1se 62 cm<\/p>\n<p style=\"text-align: center;\">\u0160\u00edrka v bokoch 94 cm<\/p>\n<\/div>\n<\/section>","protected":false},"excerpt":{"rendered":"<p>Sukienka Maxi w Paski Aurora Czerwona Bardzo wygodna i przyjemna w dotyku dzianinowa sukienka marynarska \u015bwietnie sprawdzi si\u0119 na co dzie\u0144, gdy chcesz wygl\u0105da\u0107 idealnie i jednocze\u015bnie \u015bwietnie si\u0119 czu\u0107. Stylowa sukienka w paski to idealna propozycja na wiosn\u0119 i lato, dlatego wiele kobiet decyduje si\u0119 na ten motyw. \u015awietnie sprawdzi si\u0119 w codziennej stylizacji,<\/p>\n<div class=\"klb-readmore post-buttons\"><a class=\"button black outline size-sm\" href=\"https:\/\/madelinefashion.pl\/sk\/sukienka-maxi-w-paski-aurora-czerwona\/\">\u010c\u00edta\u0165 \u010falej <i class=\"klbth-icon-right-arrow\"><\/i><\/a><\/div>","protected":false},"featured_media":49301,"template":"","meta":[],"product_brand":[],"product_cat":[125,395],"product_tag":[],"class_list":{"0":"post-7004","1":"product","2":"type-product","3":"status-publish","4":"has-post-thumbnail","6":"product_cat-sukienki","7":"product_cat-nowosci","9":"first","10":"instock","11":"purchasable","12":"product-type-simple"},"_links":{"self":[{"href":"https:\/\/madelinefashion.pl\/sk\/wp-json\/wp\/v2\/product\/7004","targetHints":{"allow":["GET"]}}],"collection":[{"href":"https:\/\/madelinefashion.pl\/sk\/wp-json\/wp\/v2\/product"}],"about":[{"href":"https:\/\/madelinefashion.pl\/sk\/wp-json\/wp\/v2\/types\/product"}],"wp:featuredmedia":[{"embeddable":true,"href":"https:\/\/madelinefashion.pl\/sk\/wp-json\/wp\/v2\/media\/49301"}],"wp:attachment":[{"href":"https:\/\/madelinefashion.pl\/sk\/wp-json\/wp\/v2\/media?parent=7004"}],"wp:term":[{"taxonomy":"product_brand","embeddable":true,"href":"https:\/\/madelinefashion.pl\/sk\/wp-json\/wp\/v2\/product_brand?post=7004"},{"taxonomy":"product_cat","embeddable":true,"href":"https:\/\/madelinefashion.pl\/sk\/wp-json\/wp\/v2\/product_cat?post=7004"},{"taxonomy":"product_tag","embeddable":true,"href":"https:\/\/madelinefashion.pl\/sk\/wp-json\/wp\/v2\/product_tag?post=7004"}],"curies":[{"name":"pracovn\u00fd list","href":"https:\/\/api.w.org\/{rel}","templated":true}]}}