{"id":739,"date":"2019-02-09T11:12:42","date_gmt":"2019-02-09T10:12:42","guid":{"rendered":"http:\/\/serwer2078743.home.pl\/?post_type=product&#038;p=739"},"modified":"2026-03-20T13:03:40","modified_gmt":"2026-03-20T12:03:40","slug":"plaszcz-chabrowy-krotki-z-flauszu","status":"publish","type":"product","link":"https:\/\/madelinefashion.pl\/sk\/plaszcz-chabrowy-krotki-z-flauszu\/","title":{"rendered":"Kr\u00e1tky fleecov\u00fd kab\u00e1t z nev\u00e4dze"},"content":{"rendered":"<h3 style=\"text-align: center;\">Elegantn\u00fd kr\u00e1tky fleecov\u00fd kab\u00e1t chrpa modrej farby<\/h3>\n<p style=\"text-align: center;\"><strong>kobalt<\/strong> fleece kab\u00e1t <strong>fleece kr\u00e1tke<\/strong> toto <strong>ide\u00e1lne\u00a0<\/strong>n\u00e1vrh na\u00a0<strong>jar, jese\u0148<\/strong>\u00a0a jemn\u00e9\u00a0<strong>zima<\/strong>. Je to spojenie elegancie, modernosti a funk\u010dnosti - b\u00e9\u017eov\u00fd kab\u00e1t pristane ka\u017edej postave. Kab\u00e1t je univerz\u00e1lny - hod\u00ed sa na ka\u017ed\u00fa pr\u00edle\u017eitos\u0165, na ka\u017ed\u00fa pr\u00edle\u017eitos\u0165 sa bude hodi\u0165\u00a0<strong>ro\u010dn\u00e9 obdobie<\/strong>, navy\u0161e v\u010faka fleecu perfektne sed\u00ed.<\/p>\n<h3 style=\"text-align: center;\">Perfektn\u00fd kab\u00e1t na ka\u017ed\u00fa pr\u00edle\u017eitos\u0165<\/h3>\n<p style=\"text-align: center;\">Kobaltov\u00e1 farba kra\u013euje m\u00f3dnym prehliadkam u\u017e mnoho sez\u00f3n \u2013 t\u00e1to farba je skuto\u010dn\u00fdm hitom, ktor\u00fd si vyber\u00e1 mnoho \u017eien. Kobaltov\u00e1 modr\u00e1, niekedy naz\u00fdvan\u00e1 aj chrpa modr\u00e1, je mimoriadne v\u00fdrazn\u00fd odtie\u0148 modrej. Kobaltov\u00e1 farba je tak\u00e1 tup\u00e1, \u017ee sama dok\u00e1\u017ee vytvori\u0165 cel\u00fd outfit. Kobaltovo modr\u00e9 oble\u010denie a doplnky bud\u00fa vyzera\u0165 skvele na blond aj tmavovlas\u00fdch. Nev\u00e4dza kr\u00e1sne zd\u00f4razn\u00ed jemn\u00fa ple\u0165 a svetl\u00e1 farba vlasov pre blond\u00ednky a brunetky dod\u00e1 na v\u00fdraznosti. Kobaltovo modr\u00e9 oble\u010denie bude tie\u017e ide\u00e1lne pre ka\u017ed\u00e9ho s tmavomodr\u00fdmi o\u010dami, v\u010faka tejto farbe bude naozaj n\u00e1padn\u00fd!<\/p>\n<p style=\"text-align: center;\">Kab\u00e1t je dostupn\u00fd aj v in\u00fdch farebn\u00fdch variantoch - odpor\u00fa\u010dame V\u00e1m zozn\u00e1mi\u0165 sa s na\u0161imi \u010fal\u0161\u00edmi produktmi.<\/p>\n<p style=\"text-align: center;\">Ide\u00e1lne do \u0161koly, pr\u00e1ce, na rande alebo na stretnutie s priate\u013emi!<\/p>\n<p style=\"text-align: center;\"><strong>Ide\u00e1lne pre ka\u017ed\u00fa pr\u00edle\u017eitos\u0165 a \u010das!<\/strong><\/p>\n<h3 style=\"text-align: center;\">Rozmery kab\u00e1ta<\/h3>\n<ul style=\"text-align: center;\">\n<li>celkov\u00e1 d\u013a\u017eka chrbta: 72 cm<\/li>\n<li>\u0161\u00edrka od pazuchy po pazuchu: 52 cm<\/li>\n<li>d\u013a\u017eka ruk\u00e1va od ramena: 62 cm<\/li>\n<li>d\u013a\u017eka ruk\u00e1va od podpazu\u0161ia: 47 cm<\/li>\n<li>odpor\u00fa\u010dan\u00fd maxim\u00e1lny obvod poprsia: 125-130 cm<\/li>\n<li>\u0161\u00edrka v bicepsoch: 36 cm<\/li>\n<\/ul>\n<p style=\"text-align: center;\">Rozmery sa m\u00f4\u017eu mierne l\u00ed\u0161i\u0165 od uveden\u00fdch +\/- 2cm. V\u0161etky uveden\u00e9 rozmery s\u00fa meran\u00e9 plo\u0161ne.<\/p>\n<p style=\"text-align: center;\"><strong>\u00a0<\/strong><\/p>\n<p>&nbsp;<\/p>\n<table>\n<tbody>\n<tr>\n<td width=\"302\">Meno modela<\/td>\n<td width=\"302\">Fl\u00edsov\u00fd kab\u00e1t z nev\u00e4dze<\/td>\n<\/tr>\n<tr>\n<td width=\"302\">Farba<\/td>\n<td width=\"302\">kobalt<\/td>\n<\/tr>\n<tr>\n<td width=\"302\">Zbierka<\/td>\n<td width=\"302\">jar\/jese\u0148\/zima<\/td>\n<\/tr>\n<tr>\n<td width=\"302\">ve\u013ekosti<\/td>\n<td width=\"302\">Univerz\u00e1lny<\/td>\n<\/tr>\n<tr>\n<td width=\"302\">M\u00f3da<\/td>\n<td width=\"302\">Prisp\u00f4soben\u00e9\/vypasovan\u00e9 v p\u00e1se<\/td>\n<\/tr>\n<tr>\n<td width=\"302\">Hood<\/td>\n<td width=\"302\">Bez kapucne<\/td>\n<\/tr>\n<tr>\n<td width=\"302\">izolovan\u00e9<\/td>\n<td width=\"302\">jednopl\u00e1\u0161\u0165ov\u00e9<\/td>\n<\/tr>\n<tr>\n<td width=\"302\">Materi\u00e1l<\/td>\n<td width=\"302\">Petersham<\/td>\n<\/tr>\n<\/tbody>\n<\/table>\n<p>&nbsp;<\/p>\n<p style=\"text-align: center;\">\u00a0Model m\u00e1\u00a0<strong>169<\/strong>\u00a0cm vysok\u00fd, nos\u00ed ve\u013ekos\u0165 ka\u017ed\u00fd de\u0148\u00a0<strong>S<\/strong><\/p>\n<p style=\"text-align: center;\">\u0160\u00edrka cez prsia 92 cm<\/p>\n<p style=\"text-align: center;\">\u0160\u00edrka v p\u00e1se 62 cm<\/p>\n<p style=\"text-align: center;\">\u0160\u00edrka v bokoch 94 cm<\/p>","protected":false},"excerpt":{"rendered":"<p>Elegancki p\u0142aszcz flauszowy\u00a0Kr\u00f3tki Chabrowy Kobaltowy p\u0142aszcz z flauszu kr\u00f3tki z flauszu to idealna\u00a0propozycja na\u00a0wiosn\u0119, jesie\u0144\u00a0i delikatn\u0105\u00a0zim\u0119. Jest to po\u0142\u0105czenie elegancji, nowoczesno\u015bci i funkcjonalno\u015bci \u2013 Be\u017cowy p\u0142aszczyk wpisuje si\u0119 w ka\u017cd\u0105 sylwetk\u0119. P\u0142aszcz jest uniwersalny \u2013 jest stosowny na ka\u017cd\u0105 okazj\u0119, \u015bwietnie sprawdzi si\u0119 w ka\u017cdej\u00a0porze roku, dodatkowo wykonanie z flauszu sprawia, \u017ce idealnie si\u0119 uk\u0142ada.<\/p>\n<div class=\"klb-readmore post-buttons\"><a class=\"button black outline size-sm\" href=\"https:\/\/madelinefashion.pl\/sk\/plaszcz-chabrowy-krotki-z-flauszu\/\">\u010c\u00edta\u0165 \u010falej <i class=\"klbth-icon-right-arrow\"><\/i><\/a><\/div>","protected":false},"featured_media":36478,"template":"","meta":[],"product_brand":[],"product_cat":[119,279],"product_tag":[510],"class_list":{"0":"post-739","1":"product","2":"type-product","3":"status-publish","4":"has-post-thumbnail","6":"product_cat-plaszcze-krotkie","7":"product_cat-plaszcze-wiosenne","8":"product_tag-plaszcze-flauszowe","10":"first","11":"outofstock","12":"sale","13":"purchasable","14":"product-type-simple"},"_links":{"self":[{"href":"https:\/\/madelinefashion.pl\/sk\/wp-json\/wp\/v2\/product\/739","targetHints":{"allow":["GET"]}}],"collection":[{"href":"https:\/\/madelinefashion.pl\/sk\/wp-json\/wp\/v2\/product"}],"about":[{"href":"https:\/\/madelinefashion.pl\/sk\/wp-json\/wp\/v2\/types\/product"}],"wp:featuredmedia":[{"embeddable":true,"href":"https:\/\/madelinefashion.pl\/sk\/wp-json\/wp\/v2\/media\/36478"}],"wp:attachment":[{"href":"https:\/\/madelinefashion.pl\/sk\/wp-json\/wp\/v2\/media?parent=739"}],"wp:term":[{"taxonomy":"product_brand","embeddable":true,"href":"https:\/\/madelinefashion.pl\/sk\/wp-json\/wp\/v2\/product_brand?post=739"},{"taxonomy":"product_cat","embeddable":true,"href":"https:\/\/madelinefashion.pl\/sk\/wp-json\/wp\/v2\/product_cat?post=739"},{"taxonomy":"product_tag","embeddable":true,"href":"https:\/\/madelinefashion.pl\/sk\/wp-json\/wp\/v2\/product_tag?post=739"}],"curies":[{"name":"pracovn\u00fd list","href":"https:\/\/api.w.org\/{rel}","templated":true}]}}