{"id":74056,"date":"2023-01-17T11:44:00","date_gmt":"2023-01-17T10:44:00","guid":{"rendered":"https:\/\/madelinefashion.pl\/?post_type=product&#038;p=74056"},"modified":"2026-04-20T18:53:42","modified_gmt":"2026-04-20T16:53:42","slug":"suknia-biala-tesla-z-rozcieciem","status":"publish","type":"product","link":"https:\/\/madelinefashion.pl\/sk\/suknia-biala-tesla-z-rozcieciem\/","title":{"rendered":"Biele \u0161aty Tesla s rozparkom"},"content":{"rendered":"<h3 style=\"text-align: center;\">Biele \u0161aty Tesla s rozparkom<\/h3>\n<p style=\"text-align: center;\">\u00a0Kr\u00e1sne dlh\u00e9 <strong>ve\u010dern\u00e1 r\u00f3ba<\/strong> zo vzdu\u0161n\u00e9ho materi\u00e1lu s \u010dipkovan\u00fdm topom zdoben\u00fdm n\u00e1dhernou v\u00fd\u0161ivkou a ozdobami v podobe trblietav\u00fdch kry\u0161t\u00e1lov. Kr\u00e1sne odha\u013euje \u017eensk\u00e9 tvary - spodn\u00e1 \u010das\u0165 \u0161iat je cel\u00e1 zo spl\u00fdvav\u00e9ho materi\u00e1lu. \u0160aty maj\u00fa v\u00fdstrih do V. V p\u00e1se s\u00fa z\u00fa\u017een\u00e9 <strong>dokonale zv\u00fdraz\u0148uje p\u00e1s<\/strong>.\u0160aty maj\u00fa vpredu v\u0161it\u00e9 ko\u0161\u00ed\u010dky, tak\u017ee nemus\u00edte nosi\u0165 podprsenku. Vyroben\u00e9 a u\u0161it\u00e9 v Po\u013esku. \u0160aty Tesla s rozparkom v bielej farbe, maxi verzia, s\u00fa perfektnou vo\u013ebou pre v\u00e1s. <strong>svadba<\/strong>.\u00a0 <strong>\u0160aty maj\u00fa vpredu rozparok - kr\u00e1sne odha\u013euje nohu. <\/strong>To zais\u0165uje, \u017ee v\u00fdtvor spln\u00ed svoju \u00falohu v 100% - pritiahne poh\u013eady host\u00ed a prid\u00e1 <strong>v\u00fdnimo\u010dn\u00e9 sebavedomie<\/strong>. Dostupn\u00e9 vo ve\u013ekostiach XS SML XL XXL XXXL. V na\u0161om internetovom obchode dostupn\u00e9 vo viacer\u00fdch farebn\u00fdch variantoch, tak\u017ee nev\u00e1hajte a vyberte si t\u00fa, ktor\u00e1 je pre v\u00e1s ide\u00e1lna. Ak sa neviete rozhodn\u00fa\u0165, ktor\u00fa farbu..., <strong>ve\u013ekos\u0165<\/strong> je pre v\u00e1s to najlep\u0161ie <strong>kontaktuj n\u00e1s<\/strong> cez <a href=\"https:\/\/www.facebook.com\/madelinefashionbutik\" target=\"_blank\" rel=\"noopener\">Facebook<\/a> alebo <a href=\"https:\/\/madelinefashion.pl\/sk\/kontakt\/\">telef\u00f3n<\/a>. Ak ve\u013ekos\u0165 nie je na str\u00e1nke, kontaktujte n\u00e1s.<\/p>\n<h3 style=\"text-align: center;\">ROZMERY \u0161iat:<\/h3>\n<table width=\"556\">\n<tbody>\n<tr>\n<td width=\"202\"><strong>VE\u013dKOS\u0164<\/strong><\/td>\n<td><strong>poprsia<\/strong><\/td>\n<td><strong>P\u00e1s<\/strong><\/td>\n<td><strong>Boky<\/strong><\/td>\n<\/tr>\n<tr>\n<td width=\"202\"><strong>34<\/strong><\/td>\n<td>84-86<\/td>\n<td>64<\/td>\n<td>\u00a0Ak\u00e9ko\u013evek<\/td>\n<\/tr>\n<tr>\n<td width=\"202\"><strong>36<\/strong><\/td>\n<td>88-90<\/td>\n<td>68<\/td>\n<td>\u00a0Ak\u00e9ko\u013evek<\/td>\n<\/tr>\n<tr>\n<td width=\"202\"><strong>38<\/strong><\/td>\n<td>92-94<\/td>\n<td>72<\/td>\n<td>\u00a0Ak\u00e9ko\u013evek<\/td>\n<\/tr>\n<tr>\n<td width=\"202\"><strong>40<\/strong><\/td>\n<td>96-98<\/td>\n<td>76<\/td>\n<td>\u00a0Ak\u00e9ko\u013evek<\/td>\n<\/tr>\n<tr>\n<td width=\"202\"><strong>42<\/strong><\/td>\n<td>100-104<\/td>\n<td>80<\/td>\n<td>\u00a0Ak\u00e9ko\u013evek<\/td>\n<\/tr>\n<tr>\n<td width=\"202\"><strong>44<\/strong><\/td>\n<td>102-106<\/td>\n<td>86<\/td>\n<td>\u00a0Ak\u00e9ko\u013evek<\/td>\n<\/tr>\n<tr>\n<td width=\"202\"><strong>46<\/strong><\/td>\n<td>106-110<\/td>\n<td>88<\/td>\n<td>\u00a0Ak\u00e9ko\u013evek<\/td>\n<\/tr>\n<\/tbody>\n<\/table>\n<p style=\"text-align: center;\"><span style=\"font-size: 10pt;\"><span style=\"font-size: 10pt;\"><span style=\"font-size: 10pt;\"><br \/>\n\u0160aty s\u00fa dostupn\u00e9 aj v in\u00fdch farb\u00e1ch - odpor\u00fa\u010dame v\u00e1m zozn\u00e1mi\u0165 sa s na\u0161imi \u010fal\u0161\u00edmi produktmi. d<\/span>celkov\u00e1 d\u013a\u017eka cca 157 cm <\/span><\/span>(\u0161aty sa daj\u00fa skr\u00e1ti\u0165 pod\u013ea vlastnej chuti)<\/p>\n<p style=\"text-align: center;\"><span style=\"font-size: 10pt;\">Rozmery sa m\u00f4\u017eu mierne l\u00ed\u0161i\u0165 od uveden\u00fdch +\/- 2cm.\u00a0<\/span><\/p>\n<p style=\"text-align: center;\"><span style=\"font-size: 10pt;\"><strong>\u00a0<\/strong>\u00a0<\/span><\/p>\n<table width=\"620\">\n<tbody>\n<tr>\n<td width=\"302\">Meno modela<\/td>\n<td width=\"302\">Tesla<\/td>\n<\/tr>\n<tr>\n<td width=\"302\">Farba<\/td>\n<td width=\"302\">biely<\/td>\n<\/tr>\n<tr>\n<td width=\"302\">Marka<\/td>\n<td width=\"302\">Madelinefashion<\/td>\n<\/tr>\n<tr>\n<td width=\"302\">ve\u013ekosti<\/td>\n<td width=\"302\">34 36 38 40 42 44 46<\/td>\n<\/tr>\n<tr>\n<td width=\"302\">M\u00f3da<\/td>\n<td width=\"302\">Zhoda<\/td>\n<\/tr>\n<tr>\n<td width=\"302\">Materi\u00e1l<\/td>\n<td width=\"302\">Visk\u00f3za, polyester, bavlna<\/td>\n<\/tr>\n<tr>\n<td width=\"302\">D\u013a\u017eka<\/td>\n<td width=\"302\">Na zem<\/td>\n<\/tr>\n<\/tbody>\n<\/table>\n<p style=\"text-align: center;\"><span style=\"font-size: 10pt;\">\u00a0<\/span><\/p>\n<p>&nbsp;<\/p>\n<p style=\"text-align: center;\"><span style=\"font-size: 10pt;\">Aby ste si vybrali <strong>perfektn\u00e9 \u0161aty<\/strong> kontaktujte n\u00e1s telefonicky alebo prostredn\u00edctvom na\u0161ej webovej str\u00e1nky <a href=\"https:\/\/www.facebook.com\/madelinefashionbutik\" target=\"_blank\" rel=\"noopener\">Facebook<\/a> .<\/span><br \/>\n<span style=\"font-size: 10pt;\">N\u00e1\u0161 t\u00edm v\u00e1m pom\u00f4\u017ee <strong>Vyberte si ten spr\u00e1vny<\/strong> . <strong>Na \u017eelanie kupuj\u00faceho vyrob\u00edme ak\u00e9ko\u013evek \u0161aty\u00a0<\/strong><strong>opatrne mera\u0165.\u00a0<\/strong><\/span><\/p>\n<div class=\"additional-details\" style=\"text-align: center;\">\n<p style=\"text-align: center;\"><span style=\"font-size: 10pt;\">\u00a0<\/span><\/p>\n<\/div>","protected":false},"excerpt":{"rendered":"<p>Biele \u0161aty Tesla s rozparkom. Kr\u00e1sne dlh\u00e9 ve\u010dern\u00e9 \u0161aty zo vzdu\u0161n\u00e9ho materi\u00e1lu s \u010dipkovan\u00fdm \u017eiv\u00f4tikom zdoben\u00fdm n\u00e1dhernou v\u00fd\u0161ivkou a trblietav\u00fdmi kry\u0161t\u00e1lmi. Kr\u00e1sne zv\u00fdraz\u0148uj\u00fa \u017eensk\u00e9 tvary - suk\u0148a je cel\u00e1 vyroben\u00e1 zo spl\u00fdvav\u00e9ho materi\u00e1lu. \u0160aty maj\u00fa v\u00fdstrih do V a s\u00fa z\u00fa\u017een\u00e9 v p\u00e1se, \u010d\u00edm kr\u00e1sne zv\u00fdraz\u0148uj\u00fa p\u00e1s. \u0160aty maj\u00fa...<\/p>\n<div class=\"klb-readmore post-buttons\"><a class=\"button black outline size-sm\" href=\"https:\/\/madelinefashion.pl\/sk\/suknia-biala-tesla-z-rozcieciem\/\">\u010c\u00edta\u0165 \u010falej <i class=\"klbth-icon-right-arrow\"><\/i><\/a><\/div>","protected":false},"featured_media":74053,"template":"","meta":[],"product_brand":[],"product_cat":[395,124,564,568,566,632],"product_tag":[257,385,219,163],"class_list":{"0":"post-74056","1":"product","2":"type-product","3":"status-publish","4":"has-post-thumbnail","6":"product_cat-nowosci","7":"product_cat-sukienki-okolicznosciowe","8":"product_cat-sukienki-plus-size","9":"product_cat-sukienki-rozkloszowane-szyfonowe","10":"product_cat-suknie-slubne","11":"product_cat-suknie-slubne-rozkloszowane","12":"product_tag-madelinefashion","13":"product_tag-plus-size","14":"product_tag-sukienka-biala","15":"product_tag-sukienki-dlugie","17":"first","18":"instock","19":"product-type-variable"},"_links":{"self":[{"href":"https:\/\/madelinefashion.pl\/sk\/wp-json\/wp\/v2\/product\/74056","targetHints":{"allow":["GET"]}}],"collection":[{"href":"https:\/\/madelinefashion.pl\/sk\/wp-json\/wp\/v2\/product"}],"about":[{"href":"https:\/\/madelinefashion.pl\/sk\/wp-json\/wp\/v2\/types\/product"}],"wp:featuredmedia":[{"embeddable":true,"href":"https:\/\/madelinefashion.pl\/sk\/wp-json\/wp\/v2\/media\/74053"}],"wp:attachment":[{"href":"https:\/\/madelinefashion.pl\/sk\/wp-json\/wp\/v2\/media?parent=74056"}],"wp:term":[{"taxonomy":"product_brand","embeddable":true,"href":"https:\/\/madelinefashion.pl\/sk\/wp-json\/wp\/v2\/product_brand?post=74056"},{"taxonomy":"product_cat","embeddable":true,"href":"https:\/\/madelinefashion.pl\/sk\/wp-json\/wp\/v2\/product_cat?post=74056"},{"taxonomy":"product_tag","embeddable":true,"href":"https:\/\/madelinefashion.pl\/sk\/wp-json\/wp\/v2\/product_tag?post=74056"}],"curies":[{"name":"pracovn\u00fd list","href":"https:\/\/api.w.org\/{rel}","templated":true}]}}