{"id":741,"date":"2019-02-09T11:16:16","date_gmt":"2019-02-09T10:16:16","guid":{"rendered":"http:\/\/serwer2078743.home.pl\/?post_type=product&#038;p=741"},"modified":"2026-02-07T12:26:07","modified_gmt":"2026-02-07T11:26:07","slug":"plaszcz-czerwony-krotki-z-flauszu","status":"publish","type":"product","link":"https:\/\/madelinefashion.pl\/sk\/plaszcz-czerwony-krotki-z-flauszu\/","title":{"rendered":"Kr\u00e1tky \u010derven\u00fd fleecov\u00fd kab\u00e1t"},"content":{"rendered":"<h3 style=\"text-align: center;\">Kr\u00e1tky \u010derven\u00fd fleecov\u00fd kab\u00e1t<\/h3>\n<p style=\"text-align: center;\">Farba <strong>\u010derven\u00e1 je p\u00fatav\u00e1<\/strong> zaka\u017ed\u00fdm, ke\u010f sa objav\u00ed v sez\u00f3nnych kolekci\u00e1ch. Nad\u010dasov\u00e1 farba - v\u017edy v m\u00f3de. Jedna tvorba m\u00f4\u017ee by\u0165 hlavn\u00fdm bodom pri vytv\u00e1ran\u00ed stylingu pre mnoho r\u00f4znych pr\u00edle\u017eitost\u00ed.<\/p>\n<p style=\"text-align: center;\">\u010cerven\u00fd fleecov\u00fd kab\u00e1t je spojen\u00edm elegancie, modernosti a funk\u010dnosti - \u010cerven\u00fd kab\u00e1t sa hod\u00ed do ka\u017edej siluety a \u0161t\u00fdlu<\/p>\n<p style=\"text-align: center;\">Kab\u00e1t je univerz\u00e1lny - hod\u00ed sa na ka\u017ed\u00fa pr\u00edle\u017eitos\u0165, bude sa hodi\u0165 v ka\u017edom ro\u010dnom obdob\u00ed, navy\u0161e vyroben\u00fd z fleecu skvele sed\u00ed. \u00da\u010dinne chr\u00e1ni pred chladom a dod\u00e1va celku origin\u00e1lny vzh\u013ead. Vyberte si svoju ob\u013e\u00faben\u00fa farbu.<\/p>\n<h3 style=\"text-align: center;\">Perfektn\u00fd kab\u00e1t na ka\u017ed\u00fa pr\u00edle\u017eitos\u0165<\/h3>\n<p style=\"text-align: center;\">Kab\u00e1t je dostupn\u00fd aj v in\u00fdch farebn\u00fdch variantoch - odpor\u00fa\u010dame V\u00e1m zozn\u00e1mi\u0165 sa s na\u0161imi \u010fal\u0161\u00edmi produktmi. V ponuke s\u00fa aj kab\u00e1ty PLUS SIZE<\/p>\n<p style=\"text-align: center;\">Ide\u00e1lne do \u0161koly, pr\u00e1ce, na rande alebo na stretnutie s priate\u013emi!<\/p>\n<p style=\"text-align: center;\"><strong>Ide\u00e1lne pre ka\u017ed\u00fa pr\u00edle\u017eitos\u0165 a \u010das!<\/strong><\/p>\n<h3 style=\"text-align: center;\">Rozmery kab\u00e1ta<\/h3>\n<ul style=\"text-align: center;\">\n<li>celkov\u00e1 d\u013a\u017eka chrbta: 72 cm<\/li>\n<li>\u0161\u00edrka od pazuchy po pazuchu: 52 cm<\/li>\n<li>d\u013a\u017eka ruk\u00e1va od ramena: 62 cm<\/li>\n<li>d\u013a\u017eka ruk\u00e1va od podpazu\u0161ia: 47 cm<\/li>\n<li>odpor\u00fa\u010dan\u00fd maxim\u00e1lny obvod poprsia: 125-130 cm<\/li>\n<li>\u0161\u00edrka v bicepsoch: 36 cm<\/li>\n<\/ul>\n<p style=\"text-align: center;\">Rozmery sa m\u00f4\u017eu mierne l\u00ed\u0161i\u0165 od uveden\u00fdch +\/- 2cm. V\u0161etky uveden\u00e9 rozmery s\u00fa meran\u00e9 plo\u0161ne.<\/p>\n<p style=\"text-align: center;\"><strong>\u00a0<\/strong><\/p>\n<p>&nbsp;<\/p>\n<table>\n<tbody>\n<tr>\n<td width=\"302\">Meno modela<\/td>\n<td width=\"302\">Fl\u00edsov\u00fd kab\u00e1t \u010cerven\u00fd<\/td>\n<\/tr>\n<tr>\n<td width=\"302\">Farba<\/td>\n<td width=\"302\">\u010cerven\u00e1<\/td>\n<\/tr>\n<tr>\n<td width=\"302\">Zbierka<\/td>\n<td width=\"302\">jar\/jese\u0148\/zima<\/td>\n<\/tr>\n<tr>\n<td width=\"302\">ve\u013ekosti<\/td>\n<td width=\"302\">Univerz\u00e1lny<\/td>\n<\/tr>\n<tr>\n<td width=\"302\">M\u00f3da<\/td>\n<td width=\"302\">Prisp\u00f4soben\u00e9\/vypasovan\u00e9 v p\u00e1se<\/td>\n<\/tr>\n<tr>\n<td width=\"302\">Hood<\/td>\n<td width=\"302\">Bez kapucne<\/td>\n<\/tr>\n<tr>\n<td width=\"302\">izolovan\u00e9<\/td>\n<td width=\"302\">jednopl\u00e1\u0161\u0165ov\u00e9<\/td>\n<\/tr>\n<tr>\n<td width=\"302\">Materi\u00e1l<\/td>\n<td width=\"302\">Petersham<\/td>\n<\/tr>\n<\/tbody>\n<\/table>\n<p>&nbsp;<\/p>\n<p style=\"text-align: center;\">\u00a0Model m\u00e1\u00a0<strong>169<\/strong>\u00a0cm vysok\u00fd, nos\u00ed ve\u013ekos\u0165 ka\u017ed\u00fd de\u0148\u00a0<strong>S<\/strong><\/p>\n<p style=\"text-align: center;\">\u0160\u00edrka cez prsia 92 cm<\/p>\n<p style=\"text-align: center;\">\u0160\u00edrka v p\u00e1se 62 cm<\/p>\n<p style=\"text-align: center;\">\u0160\u00edrka v bokoch 94 cm<\/p>","protected":false},"excerpt":{"rendered":"<p>P\u0142aszcz Czerwony Kr\u00f3tki z Flauszu Kolor czerwony przyci\u0105ga wzrok za ka\u017cdym razem, gdy tylko pojawia si\u0119 w sezonowych kolekcjach. Ponadczasowy kolor &#8211; zawsze w modzie . Jedna kreacja mo\u017ce by\u0107 g\u0142\u00f3wnym punktem do stworzenia stylizacji na wiele r\u00f3\u017cnych okazji. Czerwony p\u0142aszcz z flauszu to po\u0142\u0105czenie elegancji, nowoczesno\u015bci i funkcjonalno\u015bci \u2013 Czerwony\u00a0 p\u0142aszczyk wpisuje si\u0119 w<\/p>\n<div class=\"klb-readmore post-buttons\"><a class=\"button black outline size-sm\" href=\"https:\/\/madelinefashion.pl\/sk\/plaszcz-czerwony-krotki-z-flauszu\/\">\u010c\u00edta\u0165 \u010falej <i class=\"klbth-icon-right-arrow\"><\/i><\/a><\/div>","protected":false},"featured_media":36448,"template":"","meta":[],"product_brand":[],"product_cat":[119,279],"product_tag":[510],"class_list":{"0":"post-741","1":"product","2":"type-product","3":"status-publish","4":"has-post-thumbnail","6":"product_cat-plaszcze-krotkie","7":"product_cat-plaszcze-wiosenne","8":"product_tag-plaszcze-flauszowe","10":"first","11":"instock","12":"sale","13":"purchasable","14":"product-type-simple"},"_links":{"self":[{"href":"https:\/\/madelinefashion.pl\/sk\/wp-json\/wp\/v2\/product\/741","targetHints":{"allow":["GET"]}}],"collection":[{"href":"https:\/\/madelinefashion.pl\/sk\/wp-json\/wp\/v2\/product"}],"about":[{"href":"https:\/\/madelinefashion.pl\/sk\/wp-json\/wp\/v2\/types\/product"}],"wp:featuredmedia":[{"embeddable":true,"href":"https:\/\/madelinefashion.pl\/sk\/wp-json\/wp\/v2\/media\/36448"}],"wp:attachment":[{"href":"https:\/\/madelinefashion.pl\/sk\/wp-json\/wp\/v2\/media?parent=741"}],"wp:term":[{"taxonomy":"product_brand","embeddable":true,"href":"https:\/\/madelinefashion.pl\/sk\/wp-json\/wp\/v2\/product_brand?post=741"},{"taxonomy":"product_cat","embeddable":true,"href":"https:\/\/madelinefashion.pl\/sk\/wp-json\/wp\/v2\/product_cat?post=741"},{"taxonomy":"product_tag","embeddable":true,"href":"https:\/\/madelinefashion.pl\/sk\/wp-json\/wp\/v2\/product_tag?post=741"}],"curies":[{"name":"pracovn\u00fd list","href":"https:\/\/api.w.org\/{rel}","templated":true}]}}