{"id":74186,"date":"2023-01-18T09:57:26","date_gmt":"2023-01-18T08:57:26","guid":{"rendered":"https:\/\/madelinefashion.pl\/?post_type=product&#038;p=74186"},"modified":"2026-03-26T12:39:46","modified_gmt":"2026-03-26T11:39:46","slug":"sukienka-dopasowana-bezowa-lena-z-perelkami","status":"publish","type":"product","link":"https:\/\/madelinefashion.pl\/sk\/sukienka-dopasowana-bezowa-lena-z-perelkami\/","title":{"rendered":"\u0160aty Fit Beige Lena s perli\u010dkami"},"content":{"rendered":"<h3 style=\"text-align: center;\">\u0160aty Fit Beige Lena s perli\u010dkami<\/h3>\n<p style=\"text-align: center;\">\u00a0Fenomen\u00e1lne dlh\u00e9, vypasovan\u00e9 \u0161aty. Vrch \u0161iat s kr\u00e1snym zdoben\u00fdm v\u00fdstrihom. Zap\u00edna sa vzadu na zips. \u0160aty s\u00fa vyroben\u00e9 z mierne stre\u010dov\u00e9ho materi\u00e1lu, v\u010faka \u010domu s\u00fa dokonal\u00e9 <strong>prisp\u00f4sob\u00ed sa telu<\/strong>. \u0160aty s rozparkom na nohe. <span style=\"font-size: 10pt;\">\u0160aty maj\u00fa vpredu v\u0161it\u00e9 ko\u0161\u00ed\u010dky, tak\u017ee nemus\u00edte nosi\u0165 podprsenku. Vyroben\u00e9 a \u0161it\u00e9 v Po\u013esku.\u00a0<\/span><br \/>\n<span style=\"font-size: 10pt;\">Dostupn\u00e9 vo ve\u013ekostiach SML. Na\u0161e \u0161aty s\u00fa v\u00fdbornou vo\u013ebou na svadby, plesy, Silvestra a in\u00e9 elegantn\u00e9 \u0161peci\u00e1lne udalosti. Dostupn\u00e9 na na\u0161om e-shope vo viacer\u00fdch farebn\u00fdch variantoch, tak nev\u00e1hajte a vyberte si t\u00fa, ktor\u00e1 je pre v\u00e1s ako stvoren\u00e1. Ak sa neviete rozhodn\u00fa\u0165 ak\u00fa farbu, <strong>ve\u013ekos\u0165<\/strong> je pre v\u00e1s to najlep\u0161ie <strong>kontaktuj n\u00e1s<\/strong> cez <a href=\"https:\/\/www.facebook.com\/madelinefashionbutik\" target=\"_blank\" rel=\"noopener\">Facebook<\/a> alebo <a href=\"https:\/\/madelinefashion.pl\/sk\/kontakt\/\">telef\u00f3n<\/a>. Ak ve\u013ekos\u0165 nie je na str\u00e1nke, kontaktujte n\u00e1s.\u00a0<\/span><\/p>\n<h3 style=\"text-align: center;\">ROZMERY \u0161iat:<\/h3>\n<p>&nbsp;<\/p>\n<table width=\"488\">\n<tbody>\n<tr>\n<td>VE\u013dKOS\u0164<\/td>\n<td><\/td>\n<td>36<\/td>\n<td>38<\/td>\n<td>40<\/td>\n<\/tr>\n<tr>\n<td>poprsia<\/td>\n<td><\/td>\n<td>86-90<\/td>\n<td>90-96<\/td>\n<td>96-102<\/td>\n<\/tr>\n<tr>\n<td>P\u00e1s<\/td>\n<td><\/td>\n<td>72-75<\/td>\n<td>76-79<\/td>\n<td>80-83<\/td>\n<\/tr>\n<tr>\n<td>D\u013a\u017eka<\/td>\n<td><\/td>\n<td>160<\/td>\n<td>162<\/td>\n<td>165<\/td>\n<\/tr>\n<\/tbody>\n<\/table>\n<p style=\"text-align: center;\"><span style=\"font-size: 10pt;\">\u00a0<\/span><\/p>\n<p style=\"text-align: center;\"><span style=\"font-size: 10pt;\">Rozmery sa m\u00f4\u017eu mierne l\u00ed\u0161i\u0165 od uveden\u00fdch +\/- 2cm.\u00a0<\/span><\/p>\n<p style=\"text-align: center;\"><span style=\"font-size: 10pt;\"><strong>\u00a0<\/strong>\u00a0<\/span><\/p>\n<table width=\"620\">\n<tbody>\n<tr>\n<td width=\"302\">Meno modela<\/td>\n<td width=\"302\">Priliehav\u00e9 \u0161aty Lena s perlami<\/td>\n<\/tr>\n<tr>\n<td width=\"302\">Farba<\/td>\n<td width=\"302\">B\u00e9\u017eov\u00e1<\/td>\n<\/tr>\n<tr>\n<td width=\"302\">k\u00f3d<\/td>\n<td width=\"302\">18681<\/td>\n<\/tr>\n<tr>\n<td width=\"302\">ve\u013ekosti<\/td>\n<td width=\"302\">36 38 40<\/td>\n<\/tr>\n<tr>\n<td width=\"302\">M\u00f3da<\/td>\n<td width=\"302\">Zhoda<\/td>\n<\/tr>\n<tr>\n<td width=\"302\">Materi\u00e1l<\/td>\n<td width=\"302\">Visk\u00f3za, polyester, bavlna<\/td>\n<\/tr>\n<tr>\n<td width=\"302\">D\u013a\u017eka<\/td>\n<td width=\"302\">Na zem<\/td>\n<\/tr>\n<\/tbody>\n<\/table>\n<p style=\"text-align: center;\"><span style=\"font-size: 10pt;\">\u00a0<\/span><\/p>\n<p>&nbsp;<\/p>\n<p style=\"text-align: center;\"><span style=\"font-size: 10pt;\">Aby ste si vybrali <strong>perfektn\u00e9 \u0161aty<\/strong> kontaktujte n\u00e1s telefonicky alebo prostredn\u00edctvom na\u0161ej webovej str\u00e1nky <a href=\"https:\/\/www.facebook.com\/madelinefashionbutik\" target=\"_blank\" rel=\"noopener\">Facebook<\/a> .<\/span><br \/>\n<span style=\"font-size: 10pt;\">N\u00e1\u0161 t\u00edm v\u00e1m pom\u00f4\u017ee <strong>Vyberte si ten spr\u00e1vny<\/strong> . <strong>Na \u017eelanie kupuj\u00faceho vyrob\u00edme ak\u00e9ko\u013evek \u0161aty\u00a0<\/strong><strong>opatrne mera\u0165.\u00a0<\/strong><\/span><\/p>\n<div class=\"additional-details\" style=\"text-align: center;\">\n<p style=\"text-align: center;\"><span style=\"font-size: 10pt;\">\u00a0<\/span><\/p>\n<\/div>","protected":false},"excerpt":{"rendered":"<p>Sukienka Dopasowana Be\u017cowa Lena z Pere\u0142kami \u00a0Zjawiskowa d\u0142uga, dopasowana sukienka dopasowana. G\u00f3ra sukienki z pi\u0119knym zdobionym dekoltem . Zapinana z ty\u0142u na zamek. Sukienka uszyta z lekko rozci\u0105gliwego materia\u0142u dzi\u0119ki czemu idealnie dopasowuje si\u0119 do cia\u0142a.\u00a0 Sukienka z rozci\u0119ciem na noge. Sukienka posiada z przodu wszyte miseczki, dzi\u0119ki czemu nie trzeba zak\u0142ada\u0107 biustonosza. Wyprodukowana i<\/p>\n<div class=\"klb-readmore post-buttons\"><a class=\"button black outline size-sm\" href=\"https:\/\/madelinefashion.pl\/sk\/sukienka-dopasowana-bezowa-lena-z-perelkami\/\">\u010c\u00edta\u0165 \u010falej <i class=\"klbth-icon-right-arrow\"><\/i><\/a><\/div>","protected":false},"featured_media":74184,"template":"","meta":[],"product_brand":[],"product_cat":[124,559,380],"product_tag":[257,163],"class_list":{"0":"post-74186","1":"product","2":"type-product","3":"status-publish","4":"has-post-thumbnail","6":"product_cat-sukienki-okolicznosciowe","7":"product_cat-noworoczna-sekcja-okazji","8":"product_cat-wyprzedaz","9":"product_tag-madelinefashion","10":"product_tag-sukienki-dlugie","12":"first","13":"instock","14":"sale","15":"purchasable","16":"product-type-variable"},"_links":{"self":[{"href":"https:\/\/madelinefashion.pl\/sk\/wp-json\/wp\/v2\/product\/74186","targetHints":{"allow":["GET"]}}],"collection":[{"href":"https:\/\/madelinefashion.pl\/sk\/wp-json\/wp\/v2\/product"}],"about":[{"href":"https:\/\/madelinefashion.pl\/sk\/wp-json\/wp\/v2\/types\/product"}],"wp:featuredmedia":[{"embeddable":true,"href":"https:\/\/madelinefashion.pl\/sk\/wp-json\/wp\/v2\/media\/74184"}],"wp:attachment":[{"href":"https:\/\/madelinefashion.pl\/sk\/wp-json\/wp\/v2\/media?parent=74186"}],"wp:term":[{"taxonomy":"product_brand","embeddable":true,"href":"https:\/\/madelinefashion.pl\/sk\/wp-json\/wp\/v2\/product_brand?post=74186"},{"taxonomy":"product_cat","embeddable":true,"href":"https:\/\/madelinefashion.pl\/sk\/wp-json\/wp\/v2\/product_cat?post=74186"},{"taxonomy":"product_tag","embeddable":true,"href":"https:\/\/madelinefashion.pl\/sk\/wp-json\/wp\/v2\/product_tag?post=74186"}],"curies":[{"name":"pracovn\u00fd list","href":"https:\/\/api.w.org\/{rel}","templated":true}]}}