{"id":75369,"date":"2023-01-30T14:00:31","date_gmt":"2023-01-30T13:00:31","guid":{"rendered":"https:\/\/madelinefashion.pl\/?post_type=product&#038;p=75369"},"modified":"2026-03-06T15:51:35","modified_gmt":"2026-03-06T14:51:35","slug":"elegancki-dopasowany-plaszcz-w-pepitke-szary","status":"publish","type":"product","link":"https:\/\/madelinefashion.pl\/sk\/elegancki-dopasowany-plaszcz-w-pepitke-szary\/","title":{"rendered":"Elegantn\u00fd priliehav\u00fd \u0161ed\u00fd kab\u00e1t Houndstooth"},"content":{"rendered":"<h3 style=\"text-align: center;\">Elegantn\u00fd priliehav\u00fd \u0161ed\u00fd kab\u00e1t Houndstooth<\/h3>\n<p style=\"text-align: center;\"><b>Elegantn\u00fd houndstooth kab\u00e1t dostupn\u00fd v nieko\u013ek\u00fdch farb\u00e1ch. <\/b>Je to spojenie elegancie, modernosti a funk\u010dnosti \u2013 \u010dierno-siv\u00fd kab\u00e1t sa hod\u00ed do ka\u017edej siluety a \u0161tyliz\u00e1cie. Vyroben\u00e9 z ve\u013emi m\u00f3dneho a mimoriadne pr\u00edjemn\u00e9ho materi\u00e1lu. Tepl\u00e9, ide\u00e1lne na jar a jese\u0148. <strong>Elegantn\u00fd kab\u00e1t<\/strong> d\u00e1mske jednoduch\u00e9, <strong>klasick\u00fd strih<\/strong>. Kab\u00e1t po kolen\u00e1 m\u00e1 vpredu funk\u010dn\u00e9 vreck\u00e1. Nad\u010dasov\u00fd strih kab\u00e1ta dopln\u00ed ka\u017ed\u00fd styling. V na\u0161om internetovom obchode n\u00e1jdete ve\u013ek\u00fd v\u00fdber kab\u00e1tov. Ide\u00e1lna na ka\u017edodenn\u00e9 nosenie, no so spr\u00e1vnymi doplnkami vytvor\u00edte aj origin\u00e1lny ve\u010dern\u00fd outfit <strong>romantick\u00fa prech\u00e1dzku, ako aj pracovn\u00fd v\u00fdlet<\/strong>. <strong>\u0160t\u00fdlov\u00fd houndstooth kab\u00e1t je n\u00e1vrh, ktor\u00fd sa bude hodi\u0165 do ka\u017ed\u00e9ho \u0161atn\u00edka. Klasick\u00fd strih a dizajn bude v\u017edy vyzera\u0165 dobre a bude zodpoveda\u0165 aktu\u00e1lnym trendom.\u00a0<\/strong>Odpor\u00fa\u010dan\u00e9 pre mu\u017eov vo ve\u013ekosti SML XL Odpor\u00fa\u010dame pre styling <a href=\"https:\/\/madelinefashion.pl\/sk\/product-tag\/paski-damskie\/\">pruhy,<\/a> ktor\u00e9 s\u00fa tie\u017e v na\u0161ej ponuke<\/p>\n<h3 style=\"text-align: center;\">rozmery kab\u00e1ta:<\/h3>\n<p style=\"text-align: center;\">Celkov\u00e1 d\u013a\u017eka - 96 cm<br \/>\n\u0160\u00edrka od pazuchy po pazuchu - 48-54 cm<br \/>\n\u0160\u00edrka v bokoch - 47-59 cm<br \/>\nD\u013a\u017eka ruk\u00e1va od ramena - 64 cm<br \/>\nD\u013a\u017eka ruk\u00e1va od podpazu\u0161ia - 44 cm<br \/>\n\u0160\u00edrka v bicepse - 15-22 cm<\/p>\n<p style=\"text-align: center;\">Rozmery sa m\u00f4\u017eu mierne l\u00ed\u0161i\u0165 od uveden\u00fdch +\/- 2cm. V\u0161etky uveden\u00e9 rozmery s\u00fa meran\u00e9 plo\u0161ne. <strong>rozmer x2\u00a0<\/strong><\/p>\n<p style=\"text-align: center;\"><strong>\u00a0<\/strong><\/p>\n<table width=\"499\">\n<tbody>\n<tr>\n<td width=\"302\">Meno modela<\/td>\n<td width=\"302\">Elegantn\u00fd priliehav\u00fd kab\u00e1t Houndstooth<\/td>\n<\/tr>\n<tr>\n<td width=\"302\">Farba<\/td>\n<td width=\"302\">\u0160ed\u00e1<\/td>\n<\/tr>\n<tr>\n<td width=\"302\">Zbierka<\/td>\n<td width=\"302\">jar\/jese\u0148\/zima<\/td>\n<\/tr>\n<tr>\n<td width=\"302\">ve\u013ekosti<\/td>\n<td width=\"302\">Univerz\u00e1lny<\/td>\n<\/tr>\n<tr>\n<td width=\"302\">M\u00f3da<\/td>\n<td width=\"302\">Zhoda<\/td>\n<\/tr>\n<tr>\n<td width=\"302\">Hood<\/td>\n<td width=\"302\">Nie<\/td>\n<\/tr>\n<tr>\n<td width=\"302\">Zaspievanie<\/td>\n<td width=\"302\">Nedostatok<\/td>\n<\/tr>\n<tr>\n<td width=\"302\">Materi\u00e1l<\/td>\n<td width=\"302\">55 % Bavlna 10% Angora 25% Ka\u0161m\u00edr 10% Elastan<\/td>\n<\/tr>\n<\/tbody>\n<\/table>\n<p style=\"text-align: center;\"><strong>Opasok na fotke nie je s\u00fa\u010das\u0165ou\u00a0<\/strong><\/p>\n<p style=\"text-align: center;\">Model m\u00e1 <strong>169<\/strong>\u00a0cm vysok\u00fd, nos\u00ed ve\u013ekos\u0165 ka\u017ed\u00fd de\u0148\u00a0<strong>S<\/strong><\/p>\n<p style=\"text-align: center;\">\u0160\u00edrka cez prsia 92 cm<\/p>\n<p style=\"text-align: center;\">\u0160\u00edrka v p\u00e1se 62 cm<\/p>\n<p style=\"text-align: center;\">\u0160\u00edrka v bokoch 94 cm<\/p>","protected":false},"excerpt":{"rendered":"<p>Elegancki Dopasowany P\u0142aszcz w Pepitk\u0119 Szary Elegancki P\u0142aszcz w Pepitk\u0119 dost\u0119pny w kilku wariantach kolorystycznych. Jest to po\u0142\u0105czenie elegancji, nowoczesno\u015bci i funkcjonalno\u015bci \u2013 Czarno szary p\u0142aszczyk wpisuje si\u0119 w ka\u017cd\u0105 sylwetk\u0119 i stylizacj\u0119. Wykonany z bardzo modnego i niezwykle przyjemnego materia\u0142u. Ciep\u0142y, idealny na wiosn\u0119 i jesie\u0144. Elegancki p\u0142aszcz damski o prostym, klasycznym kroju. P\u0142aszczyk<\/p>\n<div class=\"klb-readmore post-buttons\"><a class=\"button black outline size-sm\" href=\"https:\/\/madelinefashion.pl\/sk\/elegancki-dopasowany-plaszcz-w-pepitke-szary\/\">\u010c\u00edta\u0165 \u010falej <i class=\"klbth-icon-right-arrow\"><\/i><\/a><\/div>","protected":false},"featured_media":75213,"template":"","meta":[],"product_brand":[],"product_cat":[120,395,279],"product_tag":[],"class_list":{"0":"post-75369","1":"product","2":"type-product","3":"status-publish","4":"has-post-thumbnail","6":"product_cat-plaszcze-dlugie","7":"product_cat-nowosci","8":"product_cat-plaszcze-wiosenne","9":"pa_rozmiar-s","10":"pa_rozmiar-m","11":"pa_rozmiar-l","13":"first","14":"instock","15":"sale","16":"purchasable","17":"product-type-simple"},"_links":{"self":[{"href":"https:\/\/madelinefashion.pl\/sk\/wp-json\/wp\/v2\/product\/75369","targetHints":{"allow":["GET"]}}],"collection":[{"href":"https:\/\/madelinefashion.pl\/sk\/wp-json\/wp\/v2\/product"}],"about":[{"href":"https:\/\/madelinefashion.pl\/sk\/wp-json\/wp\/v2\/types\/product"}],"wp:featuredmedia":[{"embeddable":true,"href":"https:\/\/madelinefashion.pl\/sk\/wp-json\/wp\/v2\/media\/75213"}],"wp:attachment":[{"href":"https:\/\/madelinefashion.pl\/sk\/wp-json\/wp\/v2\/media?parent=75369"}],"wp:term":[{"taxonomy":"product_brand","embeddable":true,"href":"https:\/\/madelinefashion.pl\/sk\/wp-json\/wp\/v2\/product_brand?post=75369"},{"taxonomy":"product_cat","embeddable":true,"href":"https:\/\/madelinefashion.pl\/sk\/wp-json\/wp\/v2\/product_cat?post=75369"},{"taxonomy":"product_tag","embeddable":true,"href":"https:\/\/madelinefashion.pl\/sk\/wp-json\/wp\/v2\/product_tag?post=75369"}],"curies":[{"name":"pracovn\u00fd list","href":"https:\/\/api.w.org\/{rel}","templated":true}]}}