{"id":75418,"date":"2023-01-30T15:10:37","date_gmt":"2023-01-30T14:10:37","guid":{"rendered":"https:\/\/madelinefashion.pl\/?post_type=product&#038;p=75418"},"modified":"2024-01-23T10:43:57","modified_gmt":"2024-01-23T09:43:57","slug":"srebrne-baleriny-zdobione-kamieniami-crystal","status":"publish","type":"product","link":"https:\/\/madelinefashion.pl\/sk\/srebrne-baleriny-zdobione-kamieniami-crystal\/","title":{"rendered":"Strieborn\u00e9 baler\u00ednky zdoben\u00e9 kri\u0161t\u00e1\u013eov\u00fdmi kamienkami"},"content":{"rendered":"<h3 style=\"text-align: center;\">Strieborn\u00e9 baler\u00ednky zdoben\u00e9 kri\u0161t\u00e1\u013eov\u00fdmi kamienkami<\/h3>\n<p style=\"text-align: center;\"><b>Strieborn\u00e1<\/b><strong>\u00a0Baler\u00ednky s kamienkami <\/strong>\u00a0za dostupn\u00fa cenu je v\u00fdbornou vo\u013ebou pre \u017eeny, ktor\u00e9 h\u013eadaj\u00fa pohodln\u00fa obuv. M\u00f3dny strih a zauj\u00edmav\u00e9 ozdoby navy\u0161e dokonale zapadaj\u00fa do modern\u00e9ho \u0161t\u00fdlu. Dizajn a univerz\u00e1lnos\u0165 z nich rob\u00ed ob\u013e\u00faben\u00fa vo\u013ebu medzi \u017eenami. Na druhej strane, pozornos\u0165 v\u00fdrobcu k detailom ich rob\u00ed spo\u013eahliv\u00fdmi. Dodato\u010dne pon\u00fakan\u00e9 nami <strong>baler\u00ednky\u00a0<\/strong>hodia sa ako v kombin\u00e1cii so \u0161ortkami a topom, tak aj so vzdu\u0161n\u00fdmi \u0161atami \u010di suk\u0148ou. Baler\u00ednky s\u00fa skvelou vo\u013ebou pre \u017eeny, ktor\u00e9 si cenia pohodlie. M\u00e4kk\u00fd zvr\u0161ok z ekoko\u017ee sa postar\u00e1 o dokonal\u00e9 uchytenie. vlo\u017ei\u0165 s <strong>pr\u00edrodn\u00e1 ko\u017ea<\/strong> je z\u00e1rukou pohodlia! <strong>Pri v\u00fdbere ve\u013ekosti sa ria\u010fte tabu\u013ekou ve\u013ekost\u00ed.<\/strong><\/p>\n<p>&nbsp;<\/p>\n<p>&nbsp;<\/p>\n<ul>\n<li style=\"text-align: center;\">top\u00e1nky ide\u00e1lne na ka\u017ed\u00fd de\u0148 a p\u00e1rty<\/li>\n<li style=\"text-align: center;\">pohodlie a komfort nosenia zabezpe\u010duje rovn\u00e1 podr\u00e1\u017eka<\/li>\n<li style=\"text-align: center;\">origin\u00e1lny strih - zauj\u00edmav\u00fd vzh\u013ead dod\u00e1vaj\u00fa ozdobn\u00e9 kamene, ktor\u00e9 im dod\u00e1vaj\u00fa \u0161arm<\/li>\n<li style=\"text-align: center;\">vyroben\u00e9 z eko ko\u017ee, ktor\u00e1 poskytuje pln\u00fd komfort<\/li>\n<\/ul>\n<p>&nbsp;<\/p>\n<table width=\"540\">\n<thead>\n<tr>\n<td width=\"216\"><strong>Ve\u013ekos\u0165 E\u00da<\/strong><\/td>\n<td width=\"316\"><strong>D\u013a\u017eka vlo\u017eky<\/strong><\/td>\n<\/tr>\n<\/thead>\n<tbody>\n<tr>\n<td width=\"216\"><strong>36<\/strong><\/td>\n<td width=\"316\">23 cm<\/td>\n<\/tr>\n<tr>\n<td width=\"216\"><strong>37<\/strong><\/td>\n<td width=\"316\">24 cm<\/td>\n<\/tr>\n<tr>\n<td width=\"216\"><strong>38<\/strong><\/td>\n<td width=\"316\">24,5 cm<\/td>\n<\/tr>\n<tr>\n<td width=\"216\"><strong>39<\/strong><\/td>\n<td width=\"316\">25 cm<\/td>\n<\/tr>\n<tr>\n<td width=\"216\"><strong>40<\/strong><\/td>\n<td width=\"316\">26 cm<\/td>\n<\/tr>\n<tr>\n<td width=\"216\"><strong>41<\/strong><\/td>\n<td width=\"316\">26,5 cm<\/td>\n<\/tr>\n<\/tbody>\n<\/table>\n<div class=\"wrap-content\">\n<div class=\"main-container container\">\n<div class=\"row\">\n<section class=\"main-content sidebar-left-false\">\n<div class=\"product-page page\">\n<div class=\"page-content\">\n<div id=\"ProductSizing\" class=\"product-sizing modal fade in\" tabindex=\"-1\" role=\"dialog\" aria-hidden=\"false\">\n<div class=\"modal-dialog\">\n<div class=\"modal-content\">\n<div class=\"widget html_editor\">\n<p>&nbsp;<\/p>\n<\/div>\n<p>&nbsp;<\/p>\n<\/div>\n<\/div>\n<\/div>\n<\/div>\n<\/div>\n<\/section>\n<\/div>\n<\/div>\n<\/div>\n<div class=\"wrap-footer\">\n<footer class=\"\">\n<div class=\"container\">\n<div class=\"footer-newsletter-box\"><\/div>\n<\/div>\n<\/footer>\n<\/div>\n<table>\n<tbody>\n<tr>\n<td width=\"302\">Meno modela<\/td>\n<td width=\"302\">Strieborn\u00e9 baler\u00ednky s kamienkami<\/td>\n<\/tr>\n<tr>\n<td width=\"302\">Farba<\/td>\n<td width=\"302\">Strieborn\u00e1<\/td>\n<\/tr>\n<tr>\n<td width=\"302\">ve\u013ekosti<\/td>\n<td width=\"302\">36 37\u00a0 38\u00a0 39 40 41<\/td>\n<\/tr>\n<tr>\n<td width=\"302\">Podo\u0161va<\/td>\n<td width=\"302\">Ploch\u00e1 p\u00e4ta<\/td>\n<\/tr>\n<tr>\n<td width=\"302\">Pridan\u00e9 vlastnosti<\/td>\n<td width=\"302\">Kamenn\u00e9 dekor\u00e1cie<\/td>\n<\/tr>\n<tr>\n<td width=\"302\">Spona<\/td>\n<td width=\"302\">Nie (posuvn\u00e9)<\/td>\n<\/tr>\n<tr>\n<td width=\"302\">Zbierka<\/td>\n<td width=\"302\">Jar\/Jese\u0148\/Leto<\/td>\n<\/tr>\n<\/tbody>\n<\/table>\n<div class=\"tabs tabs-bb clear mb-80\">\n<div class=\"tab-content\">\n<div id=\"tab-description\" class=\"tab-pane fade in woocommerce-Tabs-panel--description active\">\n<p style=\"text-align: left;\">K\u00d3D PRODUKTU: C87P<\/p>\n<\/div>\n<\/div>\n<\/div>\n<section class=\"up-sells upsells products mb-80\"><\/section>\n<p style=\"text-align: left;\">","protected":false},"excerpt":{"rendered":"<p>Srebrne Baleriny Zdobione Kamieniami Crystal Srebrne\u00a0Baleriny z kamieniami \u00a0w przyst\u0119pnej cenie to doskona\u0142y wyb\u00f3r dla kobiet, kt\u00f3re poszukuj\u0105 wygodnego obuwia. Dodatkowo modny fason\u00a0 i ciekawe ozdoby doskonale wpisuj\u0105 si\u0119 w nowoczesny styl. Design i\u00a0 uniwersalno\u015b\u0107 sprawiaj\u0105, \u017ce s\u0105 ch\u0119tnie wybierane przez kobiety. Z kolei dba\u0142o\u015b\u0107 producenta o detale sprawia, \u017ce s\u0105 niezawodne. Dodatkowo oferowane przez<\/p>\n<div class=\"klb-readmore post-buttons\"><a class=\"button black outline size-sm\" href=\"https:\/\/madelinefashion.pl\/sk\/srebrne-baleriny-zdobione-kamieniami-crystal\/\">\u010c\u00edta\u0165 \u010falej <i class=\"klbth-icon-right-arrow\"><\/i><\/a><\/div>","protected":false},"featured_media":77848,"template":"","meta":[],"product_brand":[],"product_cat":[400],"product_tag":[],"class_list":{"0":"post-75418","1":"product","2":"type-product","3":"status-publish","4":"has-post-thumbnail","6":"product_cat-buty","8":"first","9":"outofstock","10":"product-type-variable"},"_links":{"self":[{"href":"https:\/\/madelinefashion.pl\/sk\/wp-json\/wp\/v2\/product\/75418","targetHints":{"allow":["GET"]}}],"collection":[{"href":"https:\/\/madelinefashion.pl\/sk\/wp-json\/wp\/v2\/product"}],"about":[{"href":"https:\/\/madelinefashion.pl\/sk\/wp-json\/wp\/v2\/types\/product"}],"wp:featuredmedia":[{"embeddable":true,"href":"https:\/\/madelinefashion.pl\/sk\/wp-json\/wp\/v2\/media\/77848"}],"wp:attachment":[{"href":"https:\/\/madelinefashion.pl\/sk\/wp-json\/wp\/v2\/media?parent=75418"}],"wp:term":[{"taxonomy":"product_brand","embeddable":true,"href":"https:\/\/madelinefashion.pl\/sk\/wp-json\/wp\/v2\/product_brand?post=75418"},{"taxonomy":"product_cat","embeddable":true,"href":"https:\/\/madelinefashion.pl\/sk\/wp-json\/wp\/v2\/product_cat?post=75418"},{"taxonomy":"product_tag","embeddable":true,"href":"https:\/\/madelinefashion.pl\/sk\/wp-json\/wp\/v2\/product_tag?post=75418"}],"curies":[{"name":"pracovn\u00fd list","href":"https:\/\/api.w.org\/{rel}","templated":true}]}}