{"id":755,"date":"2019-02-09T11:31:53","date_gmt":"2019-02-09T10:31:53","guid":{"rendered":"http:\/\/serwer2078743.home.pl\/?post_type=product&#038;p=755"},"modified":"2026-01-15T12:43:43","modified_gmt":"2026-01-15T11:43:43","slug":"plaszcz-koral-krotki-z-flauszu","status":"publish","type":"product","link":"https:\/\/madelinefashion.pl\/sk\/plaszcz-koral-krotki-z-flauszu\/","title":{"rendered":"Koralov\u00fd kr\u00e1tky fleecov\u00fd kab\u00e1t"},"content":{"rendered":"<h3 style=\"text-align: center;\">Koralov\u00fd kr\u00e1tky fleecov\u00fd kab\u00e1t<\/h3>\n<p style=\"text-align: center;\">Koralov\u00e1 je najhor\u00facej\u0161ou farbou roka. Kab\u00e1t v tomto odtieni v\u00e1s dod\u00e1 kytici kvetov a pri\u0165ahuje pozornos\u0165 ako magnet. Tento kab\u00e1t je v\u0161estrann\u00fd \u2013 hod\u00ed sa na ka\u017ed\u00fa pr\u00edle\u017eitos\u0165 a je perfektn\u00fd pre ka\u017ed\u00e9 ro\u010dn\u00e9 obdobie. Navy\u0161e, jeho fl\u00edsov\u00e1 kon\u0161trukcia zais\u0165uje perfektn\u00fd strih. \u00da\u010dinne chr\u00e1ni pred chladom a dod\u00e1va cel\u00e9mu vzh\u013eadu jedine\u010dn\u00fd vzh\u013ead. Vyberte si svoju ob\u013e\u00faben\u00fa farbu \u2013 Madelinefashion.pl<\/p>\n<h3 style=\"text-align: center;\">Perfektn\u00fd kab\u00e1t na ka\u017ed\u00fa pr\u00edle\u017eitos\u0165<\/h3>\n<p style=\"text-align: center;\">Kor\u00e1lov\u00e1 farba kab\u00e1ta je skuto\u010dn\u00fdm hitom \u2013 vyber\u00e1 si ju ve\u013ea \u017eien. Dod\u00e1va kab\u00e1tu charakter, ale z\u00e1rove\u0148 umo\u017e\u0148uje prisp\u00f4sobi\u0165 ho r\u00f4znym \u0161t\u00fdlom.<\/p>\n<p style=\"text-align: center;\">Kab\u00e1t je dostupn\u00fd aj v in\u00fdch farebn\u00fdch variantoch - odpor\u00fa\u010dame V\u00e1m zozn\u00e1mi\u0165 sa s na\u0161imi \u010fal\u0161\u00edmi produktmi.<\/p>\n<p style=\"text-align: center;\">Ide\u00e1lne do \u0161koly, pr\u00e1ce, na rande alebo na stretnutie s priate\u013emi!<\/p>\n<p style=\"text-align: center;\"><strong>Ide\u00e1lne pre ka\u017ed\u00fa pr\u00edle\u017eitos\u0165 a \u010das!<\/strong><\/p>\n<h3 style=\"text-align: center;\">Rozmery kab\u00e1ta<\/h3>\n<ul style=\"text-align: center;\">\n<li>celkov\u00e1 d\u013a\u017eka chrbta: 72 cm<\/li>\n<li>\u0161\u00edrka od pazuchy po pazuchu: 52 cm<\/li>\n<li>d\u013a\u017eka ruk\u00e1va od ramena: 62 cm<\/li>\n<li>d\u013a\u017eka ruk\u00e1va od podpazu\u0161ia: 47 cm<\/li>\n<li>odpor\u00fa\u010dan\u00fd maxim\u00e1lny obvod poprsia: 125-130 cm<\/li>\n<li>\u0161\u00edrka v bicepsoch: 36 cm<\/li>\n<\/ul>\n<p style=\"text-align: center;\">Rozmery sa m\u00f4\u017eu mierne l\u00ed\u0161i\u0165 od uveden\u00fdch +\/- 2cm. V\u0161etky uveden\u00e9 rozmery s\u00fa meran\u00e9 plo\u0161ne.<\/p>\n<p style=\"text-align: center;\"><strong> Univerz\u00e1lna ve\u013ekos\u0165, odpor\u00fa\u010dan\u00e1 od S po XL\u00a0<\/strong><\/p>\n<p>&nbsp;<\/p>\n<table>\n<tbody>\n<tr>\n<td width=\"302\">Meno modela<\/td>\n<td width=\"302\">Kor\u00e1lov\u00fd fl\u00edsov\u00fd kab\u00e1t<\/td>\n<\/tr>\n<tr>\n<td width=\"302\">Farba<\/td>\n<td width=\"302\">Coral<\/td>\n<\/tr>\n<tr>\n<td width=\"302\">Zbierka<\/td>\n<td width=\"302\">jar\/jese\u0148\/zima<\/td>\n<\/tr>\n<tr>\n<td width=\"302\">ve\u013ekosti<\/td>\n<td width=\"302\">Univerz\u00e1lny<\/td>\n<\/tr>\n<tr>\n<td width=\"302\">M\u00f3da<\/td>\n<td width=\"302\">Prisp\u00f4soben\u00e9\/vypasovan\u00e9 v p\u00e1se<\/td>\n<\/tr>\n<tr>\n<td width=\"302\">Hood<\/td>\n<td width=\"302\">Bez kapucne<\/td>\n<\/tr>\n<tr>\n<td width=\"302\">izolovan\u00e9<\/td>\n<td width=\"302\">jednopl\u00e1\u0161\u0165ov\u00e9<\/td>\n<\/tr>\n<tr>\n<td width=\"302\">Materi\u00e1l<\/td>\n<td width=\"302\">Petersham<\/td>\n<\/tr>\n<\/tbody>\n<\/table>\n<p>&nbsp;<\/p>\n<p style=\"text-align: center;\">Model m\u00e1\u00a0<strong>169<\/strong>\u00a0cm vysok\u00fd, nos\u00ed ve\u013ekos\u0165 ka\u017ed\u00fd de\u0148\u00a0<strong>S<\/strong><\/p>\n<p style=\"text-align: center;\">\u0160\u00edrka cez prsia 92 cm<\/p>\n<p style=\"text-align: center;\">\u0160\u00edrka v p\u00e1se 62 cm<\/p>\n<p style=\"text-align: center;\">\u0160\u00edrka v bokoch 94 cm<\/p>","protected":false},"excerpt":{"rendered":"<p>P\u0142aszcz Koral Kr\u00f3tki z Flauszu Koral to najmodniejszy kolor roku . W p\u0142aszczu w tym kolorze wygl\u0105dasz jak bukiet kwiat\u00f3w i przyci\u0105gasz wzrok jak magnes.\u00a0 P\u0142aszcz jest uniwersalny \u2013 jest stosowny na ka\u017cd\u0105 okazj\u0119, \u015bwietnie sprawdzi si\u0119\u00a0o ka\u017cdej porze roku, dodatkowo wykonanie z flauszu sprawia, \u017ce idealnie si\u0119 uk\u0142ada.\u00a0Skutecznie ochrania przed zimnem oraz nadaje ca\u0142o\u015bci<\/p>\n<div class=\"klb-readmore post-buttons\"><a class=\"button black outline size-sm\" href=\"https:\/\/madelinefashion.pl\/sk\/plaszcz-koral-krotki-z-flauszu\/\">\u010c\u00edta\u0165 \u010falej <i class=\"klbth-icon-right-arrow\"><\/i><\/a><\/div>","protected":false},"featured_media":81486,"template":"","meta":[],"product_brand":[],"product_cat":[119,279],"product_tag":[510],"class_list":{"0":"post-755","1":"product","2":"type-product","3":"status-publish","4":"has-post-thumbnail","6":"product_cat-plaszcze-krotkie","7":"product_cat-plaszcze-wiosenne","8":"product_tag-plaszcze-flauszowe","10":"first","11":"instock","12":"sale","13":"purchasable","14":"product-type-simple"},"_links":{"self":[{"href":"https:\/\/madelinefashion.pl\/sk\/wp-json\/wp\/v2\/product\/755","targetHints":{"allow":["GET"]}}],"collection":[{"href":"https:\/\/madelinefashion.pl\/sk\/wp-json\/wp\/v2\/product"}],"about":[{"href":"https:\/\/madelinefashion.pl\/sk\/wp-json\/wp\/v2\/types\/product"}],"wp:featuredmedia":[{"embeddable":true,"href":"https:\/\/madelinefashion.pl\/sk\/wp-json\/wp\/v2\/media\/81486"}],"wp:attachment":[{"href":"https:\/\/madelinefashion.pl\/sk\/wp-json\/wp\/v2\/media?parent=755"}],"wp:term":[{"taxonomy":"product_brand","embeddable":true,"href":"https:\/\/madelinefashion.pl\/sk\/wp-json\/wp\/v2\/product_brand?post=755"},{"taxonomy":"product_cat","embeddable":true,"href":"https:\/\/madelinefashion.pl\/sk\/wp-json\/wp\/v2\/product_cat?post=755"},{"taxonomy":"product_tag","embeddable":true,"href":"https:\/\/madelinefashion.pl\/sk\/wp-json\/wp\/v2\/product_tag?post=755"}],"curies":[{"name":"pracovn\u00fd list","href":"https:\/\/api.w.org\/{rel}","templated":true}]}}