{"id":757,"date":"2019-02-09T11:32:40","date_gmt":"2019-02-09T10:32:40","guid":{"rendered":"http:\/\/serwer2078743.home.pl\/?post_type=product&#038;p=757"},"modified":"2026-01-15T12:43:43","modified_gmt":"2026-01-15T11:43:43","slug":"plaszcz-musztardowy-krotki-z-flauszu","status":"publish","type":"product","link":"https:\/\/madelinefashion.pl\/sk\/plaszcz-musztardowy-krotki-z-flauszu\/","title":{"rendered":"Kr\u00e1tky fl\u00edsov\u00fd kab\u00e1t z hor\u010dice"},"content":{"rendered":"<h3 style=\"text-align: center;\">Kr\u00e1tky fl\u00edsov\u00fd kab\u00e1t z hor\u010dice<\/h3>\n<p style=\"text-align: center;\">Energick\u00e1 hor\u010dicov\u00e1 farba - o\u017eivte svoj \u0161t\u00fdl nielen na jar! Prehliadkov\u00fdm m\u00f3lam kra\u013euje ne\u00f3nov\u00e9 oble\u010denie, siahnete po tejto farbe aj vy? Farba hor\u010dice, \u010dasto ozna\u010dovan\u00e1 aj ako sp\u00e1len\u00e1 \u017elt\u00e1, je jednou z farieb, ktor\u00e9 na jese\u0148 dominuj\u00fa rebr\u00ed\u010dkom ob\u013e\u00fabenosti. Je spojen\u00edm elegancie, modernosti a funk\u010dnosti - Kab\u00e1t je univerz\u00e1lny - hod\u00ed sa na ka\u017ed\u00fa pr\u00edle\u017eitos\u0165, bude perfektn\u00fd v ka\u017edom ro\u010dnom obdob\u00ed, navy\u0161e vyroben\u00fd z fleecu skvele padne.<\/p>\n<h3 style=\"text-align: center;\">Perfektn\u00fd kab\u00e1t na ka\u017ed\u00fa pr\u00edle\u017eitos\u0165<\/h3>\n<p style=\"text-align: center;\">Skuto\u010dn\u00fdm hitom je hor\u010dicov\u00e1 farba kab\u00e1ta \u2013 t\u00e1to farba je skuto\u010dn\u00fdm bestsellerom, ktor\u00fd si vyber\u00e1 mnoho \u017eien. Farba dod\u00e1va energiu a charakter, ale tie\u017e v\u00e1m umo\u017e\u0148uje zladi\u0165 ju s r\u00f4znymi \u0161t\u00fdlmi.<\/p>\n<p style=\"text-align: center;\">Kab\u00e1t je dostupn\u00fd aj v in\u00fdch farebn\u00fdch variantoch - odpor\u00fa\u010dame V\u00e1m zozn\u00e1mi\u0165 sa s na\u0161imi \u010fal\u0161\u00edmi produktmi.<\/p>\n<p style=\"text-align: center;\">Ide\u00e1lne do \u0161koly, pr\u00e1ce, na rande alebo na stretnutie s priate\u013emi!<\/p>\n<p style=\"text-align: center;\"><strong>Ide\u00e1lne pre ka\u017ed\u00fa pr\u00edle\u017eitos\u0165 a \u010das!<\/strong><\/p>\n<h3 style=\"text-align: center;\">rozmery kab\u00e1ta:<\/h3>\n<ul style=\"text-align: center;\">\n<li>celkov\u00e1 d\u013a\u017eka chrbta: 72 cm<\/li>\n<li>\u0161\u00edrka od pazuchy po pazuchu: 52 cm<\/li>\n<li>d\u013a\u017eka ruk\u00e1va od ramena: 62 cm<\/li>\n<li>d\u013a\u017eka ruk\u00e1va od podpazu\u0161ia: 47 cm<\/li>\n<li>odpor\u00fa\u010dan\u00fd maxim\u00e1lny obvod poprsia: 125-130 cm<\/li>\n<li>\u0161\u00edrka v bicepsoch: 36 cm<\/li>\n<\/ul>\n<p style=\"text-align: center;\">Rozmery sa m\u00f4\u017eu mierne l\u00ed\u0161i\u0165 od uveden\u00fdch +\/- 2cm. V\u0161etky uveden\u00e9 rozmery s\u00fa meran\u00e9 plo\u0161ne.<\/p>\n<p style=\"text-align: center;\"><strong>\u00a0<\/strong><\/p>\n<p>&nbsp;<\/p>\n<table>\n<tbody>\n<tr>\n<td width=\"302\">Meno modela<\/td>\n<td width=\"302\">Fl\u00edsov\u00fd kab\u00e1t Hor\u010dice<\/td>\n<\/tr>\n<tr>\n<td width=\"302\">Farba<\/td>\n<td width=\"302\">Hor\u010dica<\/td>\n<\/tr>\n<tr>\n<td width=\"302\">Zbierka<\/td>\n<td width=\"302\">jar\/jese\u0148\/zima<\/td>\n<\/tr>\n<tr>\n<td width=\"302\">ve\u013ekosti<\/td>\n<td width=\"302\">Univerz\u00e1lny<\/td>\n<\/tr>\n<tr>\n<td width=\"302\">M\u00f3da<\/td>\n<td width=\"302\">Prisp\u00f4soben\u00e9\/vypasovan\u00e9 v p\u00e1se<\/td>\n<\/tr>\n<tr>\n<td width=\"302\">Hood<\/td>\n<td width=\"302\">Bez kapucne<\/td>\n<\/tr>\n<tr>\n<td width=\"302\">izolovan\u00e9<\/td>\n<td width=\"302\">jednopl\u00e1\u0161\u0165ov\u00e9<\/td>\n<\/tr>\n<tr>\n<td width=\"302\">Materi\u00e1l<\/td>\n<td width=\"302\">Petersham<\/td>\n<\/tr>\n<\/tbody>\n<\/table>\n<p>&nbsp;<\/p>\n<p style=\"text-align: center;\">Odpor\u00fa\u010da sa pre \u013eud\u00ed, ktor\u00ed nosia od\u00a0<strong>p<\/strong>\u00a0dole\u00a0<strong>xl\u00a0<\/strong><\/p>","protected":false},"excerpt":{"rendered":"<p>P\u0142aszcz Musztardowy Kr\u00f3tki z Flauszu Energetyczny kolor Musztardowy\u00a0 &#8211; o\u017cyw sw\u00f3j styl nie tylko na wiosn\u0119!\u00a0\u00a0Neonowe ubrania kr\u00f3luj\u0105 na wybiegach, czy i Ty si\u0119gniesz po ten kolor ?\u00a0\u00a0Kolor musztardy, okre\u015blany te\u017c cz\u0119sto mianem palonej \u017c\u00f3\u0142ci, to jeden z kolor\u00f3w, kt\u00f3re\u00a0 jesieni\u0105 kr\u00f3luj\u0105 w rankingach popularno\u015bci. Jest to po\u0142\u0105czenie elegancji, nowoczesno\u015bci i funkcjonalno\u015bci \u2013 P\u0142aszcz jest<\/p>\n<div class=\"klb-readmore post-buttons\"><a class=\"button black outline size-sm\" href=\"https:\/\/madelinefashion.pl\/sk\/plaszcz-musztardowy-krotki-z-flauszu\/\">\u010c\u00edta\u0165 \u010falej <i class=\"klbth-icon-right-arrow\"><\/i><\/a><\/div>","protected":false},"featured_media":31923,"template":"","meta":[],"product_brand":[],"product_cat":[119,279],"product_tag":[510],"class_list":{"0":"post-757","1":"product","2":"type-product","3":"status-publish","4":"has-post-thumbnail","6":"product_cat-plaszcze-krotkie","7":"product_cat-plaszcze-wiosenne","8":"product_tag-plaszcze-flauszowe","10":"first","11":"outofstock","12":"sale","13":"purchasable","14":"product-type-simple"},"_links":{"self":[{"href":"https:\/\/madelinefashion.pl\/sk\/wp-json\/wp\/v2\/product\/757","targetHints":{"allow":["GET"]}}],"collection":[{"href":"https:\/\/madelinefashion.pl\/sk\/wp-json\/wp\/v2\/product"}],"about":[{"href":"https:\/\/madelinefashion.pl\/sk\/wp-json\/wp\/v2\/types\/product"}],"wp:featuredmedia":[{"embeddable":true,"href":"https:\/\/madelinefashion.pl\/sk\/wp-json\/wp\/v2\/media\/31923"}],"wp:attachment":[{"href":"https:\/\/madelinefashion.pl\/sk\/wp-json\/wp\/v2\/media?parent=757"}],"wp:term":[{"taxonomy":"product_brand","embeddable":true,"href":"https:\/\/madelinefashion.pl\/sk\/wp-json\/wp\/v2\/product_brand?post=757"},{"taxonomy":"product_cat","embeddable":true,"href":"https:\/\/madelinefashion.pl\/sk\/wp-json\/wp\/v2\/product_cat?post=757"},{"taxonomy":"product_tag","embeddable":true,"href":"https:\/\/madelinefashion.pl\/sk\/wp-json\/wp\/v2\/product_tag?post=757"}],"curies":[{"name":"pracovn\u00fd list","href":"https:\/\/api.w.org\/{rel}","templated":true}]}}