{"id":76456,"date":"2023-02-06T10:39:36","date_gmt":"2023-02-06T09:39:36","guid":{"rendered":"https:\/\/madelinefashion.pl\/?post_type=product&#038;p=76456"},"modified":"2026-01-15T12:43:07","modified_gmt":"2026-01-15T11:43:07","slug":"plaszczyk-kurtka-pikowana-karmelowa-nevada","status":"publish","type":"product","link":"https:\/\/madelinefashion.pl\/sk\/plaszczyk-kurtka-pikowana-karmelowa-nevada\/","title":{"rendered":"Kab\u00e1t Caramel Nevada pre\u0161\u00edvan\u00e1 bunda"},"content":{"rendered":"<h3 style=\"text-align: center;\">Kab\u00e1t Caramel Nevada pre\u0161\u00edvan\u00e1 bunda<\/h3>\n<p style=\"text-align: center;\">Nevada je ide\u00e1lna bunda na jarn\u00e9 dni. D\u00e1 sa pou\u017ei\u0165 v akomko\u013evek \u0161t\u00fdle, ako s klasick\u00fdmi d\u017e\u00ednsami, tak aj s bielym tri\u010dkom na ka\u017edodenn\u00e9 vych\u00e1dzky. Bunda je asymetrick\u00e1 <strong>Model sa vyzna\u010duje ve\u013ek\u00fdm, v\u0161it\u00fdm zipsom, m\u00e1 vreck\u00e1<\/strong> . Je to ist\u00e9 <strong>musie\u0165 ma\u0165<\/strong> v ka\u017edom \u0161atn\u00edku! V\u010faka spr\u00e1vne zvolen\u00fdm doplnkom \u013eahko vytvor\u00edte jedine\u010dn\u00e9 \u0161tyliz\u00e1cie. Dostupn\u00e9 vo viacer\u00fdch farebn\u00fdch variantoch. Vyst\u00fapte z davu s na\u0161ou bundou. Bunda sa dod\u00e1va vo ve\u013e<strong> SML XL XXL.<br \/>\n<\/strong><\/p>\n<h3 style=\"text-align: center;\">Rozmery:<\/h3>\n<p style=\"text-align: center;\"><strong>S<br \/>\n<\/strong>\u0160\u00edrka od pazuchy po pazuchu: 2\u00d751 cm<br \/>\n\u0160\u00edrka v p\u00e1se: 44 cm<br \/>\nD\u013a\u017eka ruk\u00e1va od ramena: 58 cm<br \/>\nD\u013a\u017eka ruk\u00e1va od podpazu\u0161ia: 46 cm<br \/>\nCelkov\u00e1 predn\u00e1 d\u013a\u017eka: 90 cm<br \/>\nCelkov\u00e1 d\u013a\u017eka chrbta: 117 cm<br \/>\nObvod hrudn\u00edka: 102 cm<\/p>\n<p style=\"text-align: center;\"><strong>m<br \/>\n<\/strong>\u0160\u00edrka od pazuchy po pazuchu: 2\u00d753 cm<br \/>\n\u0160\u00edrka v p\u00e1se: 48 cm<br \/>\nD\u013a\u017eka ruk\u00e1va od ramena: 59 cm<br \/>\nD\u013a\u017eka ruk\u00e1va od podpazu\u0161ia: 46 cm<br \/>\nCelkov\u00e1 predn\u00e1 d\u013a\u017eka: 91 cm<br \/>\nCelkov\u00e1 d\u013a\u017eka chrbta: 118 cm<br \/>\nObvod hrudn\u00edka: 106 cm<\/p>\n<p style=\"text-align: center;\"><strong>L<br \/>\n<\/strong>\u0160\u00edrka od pazuchy po pazuchu: 2\u00d757 cm<br \/>\n\u0160\u00edrka v p\u00e1se: 50 cm<br \/>\nD\u013a\u017eka ruk\u00e1va od ramena: 61 cm<br \/>\nD\u013a\u017eka ruk\u00e1va od podpazu\u0161ia: 47 cm<br \/>\nCelkov\u00e1 predn\u00e1 d\u013a\u017eka: 92 cm<br \/>\nCelkov\u00e1 d\u013a\u017eka chrbta: 123 cm<br \/>\nObvod hrudn\u00edka: 114 cm<\/p>\n<p style=\"text-align: center;\"><strong>XL<\/strong><br \/>\n\u0160\u00edrka od pazuchy po pazuchu: 2\u00d760 cm<br \/>\n\u0160\u00edrka v p\u00e1se: 55 cm<br \/>\nD\u013a\u017eka ruk\u00e1va od ramena: 61 cm<br \/>\nD\u013a\u017eka ruk\u00e1va od podpazu\u0161ia: 47 cm<br \/>\nCelkov\u00e1 predn\u00e1 d\u013a\u017eka: 94 cm<br \/>\nCelkov\u00e1 d\u013a\u017eka chrbta: 124 cm<br \/>\nObvod hrudn\u00edka: 120 cm<\/p>\n<p style=\"text-align: center;\">Rozmery sa m\u00f4\u017eu mierne l\u00ed\u0161i\u0165 od uveden\u00fdch +\/- 2cm. V\u0161etky uveden\u00e9 rozmery s\u00fa meran\u00e9 plo\u0161ne.<strong> rozmer x2<\/strong><\/p>\n<p>&nbsp;<\/p>\n<table class=\"aligncenter table\" width=\"610\">\n<tbody>\n<tr>\n<td width=\"302\">\u00a0n\u00e1zov<\/td>\n<td width=\"302\">Kab\u00e1t Caramel Nevada pre\u0161\u00edvan\u00e1 bunda<\/td>\n<\/tr>\n<tr>\n<td width=\"302\">Farba<\/td>\n<td width=\"302\">tyrkysov\u00e1<\/td>\n<\/tr>\n<tr>\n<td width=\"302\">ve\u013ekosti<\/td>\n<td width=\"302\">SML XL<\/td>\n<\/tr>\n<tr>\n<td width=\"302\">M\u00f3da<\/td>\n<td width=\"302\">Zhoda<\/td>\n<\/tr>\n<tr>\n<td width=\"302\">Hood<\/td>\n<td width=\"302\">\u00c1no<\/td>\n<\/tr>\n<tr>\n<td width=\"302\">Zlo\u017eenie<\/td>\n<td width=\"302\">100 % Polyester<\/td>\n<\/tr>\n<\/tbody>\n<\/table>\n<p>&nbsp;<\/p>\n<p style=\"text-align: center;\"><strong><span style=\"font-size: 10pt;\">\u00a0<\/span><\/strong><\/p>\n<p style=\"text-align: center;\">Modelka je vysok\u00e1 169 cm a be\u017ene nos\u00ed ve\u013ekos\u0165 S<\/p>\n<p style=\"text-align: center;\">\u0160\u00edrka cez prsia 92 cm<\/p>\n<p style=\"text-align: center;\">\u0160\u00edrka v p\u00e1se 62 cm<\/p>\n<p style=\"text-align: center;\">\u0160\u00edrka v bokoch 94 cm<\/p>","protected":false},"excerpt":{"rendered":"<p>P\u0142aszczyk Kurtka Pikowana Karmelowa Nevada Nevada to idealna kurtka na wiosenne dni . Mo\u017cna j\u0105 wykorzysta\u0107 w ka\u017cdej stylizacji, zar\u00f3wno do klasycznych jeans\u00f3w, bia\u0142ego t-shirtu na codzienne wyj\u015bcia. Kurteczka jest asymetryczna Model wyr\u00f3\u017cnia si\u0119 du\u017cym, doszytym suwakiem, posiada kieszenie . Jest to zdecydowany must have w ka\u017cdej garderobie! \u00a0Dzi\u0119ki odpowiednio dobranym dodatkom z \u0142atwo\u015bci\u0105 stworzysz<\/p>\n<div class=\"klb-readmore post-buttons\"><a class=\"button black outline size-sm\" href=\"https:\/\/madelinefashion.pl\/sk\/plaszczyk-kurtka-pikowana-karmelowa-nevada\/\">\u010c\u00edta\u0165 \u010falej <i class=\"klbth-icon-right-arrow\"><\/i><\/a><\/div>","protected":false},"featured_media":76406,"template":"","meta":[],"product_brand":[],"product_cat":[117,120,395],"product_tag":[],"class_list":{"0":"post-76456","1":"product","2":"type-product","3":"status-publish","4":"has-post-thumbnail","6":"product_cat-kurtki","7":"product_cat-plaszcze-dlugie","8":"product_cat-nowosci","9":"pa_rozmiar-xxl","10":"pa_rozmiar-s","11":"pa_rozmiar-m","12":"pa_rozmiar-l","13":"pa_rozmiar-xl","15":"first","16":"instock","17":"sale","18":"purchasable","19":"product-type-variable"},"_links":{"self":[{"href":"https:\/\/madelinefashion.pl\/sk\/wp-json\/wp\/v2\/product\/76456","targetHints":{"allow":["GET"]}}],"collection":[{"href":"https:\/\/madelinefashion.pl\/sk\/wp-json\/wp\/v2\/product"}],"about":[{"href":"https:\/\/madelinefashion.pl\/sk\/wp-json\/wp\/v2\/types\/product"}],"wp:featuredmedia":[{"embeddable":true,"href":"https:\/\/madelinefashion.pl\/sk\/wp-json\/wp\/v2\/media\/76406"}],"wp:attachment":[{"href":"https:\/\/madelinefashion.pl\/sk\/wp-json\/wp\/v2\/media?parent=76456"}],"wp:term":[{"taxonomy":"product_brand","embeddable":true,"href":"https:\/\/madelinefashion.pl\/sk\/wp-json\/wp\/v2\/product_brand?post=76456"},{"taxonomy":"product_cat","embeddable":true,"href":"https:\/\/madelinefashion.pl\/sk\/wp-json\/wp\/v2\/product_cat?post=76456"},{"taxonomy":"product_tag","embeddable":true,"href":"https:\/\/madelinefashion.pl\/sk\/wp-json\/wp\/v2\/product_tag?post=76456"}],"curies":[{"name":"pracovn\u00fd list","href":"https:\/\/api.w.org\/{rel}","templated":true}]}}