{"id":76621,"date":"2023-02-06T15:57:49","date_gmt":"2023-02-06T14:57:49","guid":{"rendered":"https:\/\/madelinefashion.pl\/?post_type=product&#038;p=76621"},"modified":"2026-04-14T12:49:05","modified_gmt":"2026-04-14T10:49:05","slug":"czarne-zamszowe-kozaki-przed-kolano-ze-zlotym-akcentem","status":"publish","type":"product","link":"https:\/\/madelinefashion.pl\/sk\/czarne-zamszowe-kozaki-przed-kolano-ze-zlotym-akcentem\/","title":{"rendered":"\u010cierne semi\u0161ov\u00e9 \u010di\u017emy nad kolen\u00e1 so zlat\u00fdm akcentom"},"content":{"rendered":"<h3 style=\"text-align: center;\">\u010cierne semi\u0161ov\u00e9 \u010di\u017emy nad kolen\u00e1 so zlat\u00fdm akcentom<\/h3>\n<p style=\"text-align: center;\">Elegantn\u00e9 d\u00e1mske \u010di\u017emy na vysokom op\u00e4tku s v\u00fd\u0161kou 7,5 cm. Maj\u00fa klasick\u00fd, elegantn\u00fd strih s nosom v jemnom klase. Perfektn\u00e9 na ka\u017edodenn\u00fd styling, ale ide\u00e1lne aj k \u0161at\u00e1m. S\u00fa to jedine\u010dn\u00e9 top\u00e1nky - presved\u010dte sa sami :) Po celej d\u013a\u017eke zvr\u0161ku maj\u00fa praktick\u00fd zips, ktor\u00fd u\u013eah\u010duje ob\u00favanie. S\u00fa vyroben\u00e9 z ekologick\u00e9ho semi\u0161u, vn\u00fatro je pod\u0161it\u00e9 jemnou ko\u017eu\u0161inkou.<\/p>\n<p>&nbsp;<\/p>\n<p>&nbsp;<\/p>\n<h3 style=\"text-align: center;\">Rozmery:<\/h3>\n<table width=\"540\">\n<thead>\n<tr>\n<td width=\"216\"><strong>Ve\u013ekos\u0165 E\u00da<\/strong><\/td>\n<td width=\"316\"><strong>D\u013a\u017eka vlo\u017eky<\/strong><\/td>\n<\/tr>\n<\/thead>\n<tbody>\n<tr>\n<td width=\"216\"><strong>36<\/strong><\/td>\n<td width=\"316\">23 cm<\/td>\n<\/tr>\n<tr>\n<td width=\"216\"><strong>37<\/strong><\/td>\n<td width=\"316\">23,5 cm<\/td>\n<\/tr>\n<tr>\n<td width=\"216\"><strong>38<\/strong><\/td>\n<td width=\"316\">25 cm<\/td>\n<\/tr>\n<tr>\n<td width=\"216\"><strong>39<\/strong><\/td>\n<td width=\"316\">25,5 cm<\/td>\n<\/tr>\n<tr>\n<td width=\"216\"><strong>40<\/strong><\/td>\n<td width=\"316\">26 cm<\/td>\n<\/tr>\n<tr>\n<td width=\"216\"><strong>41<\/strong><\/td>\n<td width=\"316\">26,5 cm<\/td>\n<\/tr>\n<\/tbody>\n<\/table>\n<div class=\"wrap-content\">\n<div class=\"main-container container\">\n<div class=\"row\">\n<section class=\"main-content sidebar-left-false\">\n<div class=\"product-page page\">\n<div class=\"page-content\">\n<div id=\"ProductSizing\" class=\"product-sizing modal fade in\" tabindex=\"-1\" role=\"dialog\" aria-hidden=\"false\">\n<div class=\"modal-dialog\">\n<div class=\"modal-content\">\n<div class=\"widget html_editor\">\n<p>&nbsp;<\/p>\n<\/div>\n<p>&nbsp;<\/p>\n<\/div>\n<\/div>\n<\/div>\n<\/div>\n<\/div>\n<\/section>\n<\/div>\n<\/div>\n<\/div>\n<div class=\"wrap-footer\">\n<footer class=\"\">\n<div class=\"container\">\n<div class=\"footer-newsletter-box\"><\/div>\n<\/div>\n<\/footer>\n<\/div>\n<table>\n<tbody>\n<tr>\n<td width=\"302\">Meno modela<\/td>\n<td width=\"302\">\u010cierne semi\u0161ov\u00e9 \u010di\u017emy nad kolen\u00e1 so zlat\u00fdm akcentom<\/td>\n<\/tr>\n<tr>\n<td width=\"302\">Farba<\/td>\n<td width=\"302\">\u010dierna<\/td>\n<\/tr>\n<tr>\n<td width=\"302\">ve\u013ekosti<\/td>\n<td width=\"302\">36 37\u00a0 38\u00a0 39 40 41<\/td>\n<\/tr>\n<tr>\n<td width=\"302\">Materi\u00e1l<\/td>\n<td width=\"302\">Semi\u0161 - ekologick\u00fd<\/td>\n<\/tr>\n<tr>\n<td width=\"302\">Otep\u013eovanie<\/td>\n<td width=\"302\">\u00c1no<\/td>\n<\/tr>\n<tr>\n<td width=\"302\">Spona<\/td>\n<td width=\"302\">Z\u00e1mok<\/td>\n<\/tr>\n<tr>\n<td width=\"302\">Zbierka<\/td>\n<td width=\"302\">jar\/jese\u0148\/zima<\/td>\n<\/tr>\n<\/tbody>\n<\/table>\n<div class=\"tabs tabs-bb clear mb-80\">\n<div class=\"tab-content\">\n<div id=\"tab-description\" class=\"tab-pane fade in woocommerce-Tabs-panel--description active\">\n<p style=\"text-align: center;\">\n<\/div>\n<\/div>\n<\/div>\n<section class=\"up-sells upsells products mb-80\"><\/section>\n<p style=\"text-align: center;\">","protected":false},"excerpt":{"rendered":"<p>Czarne Zamszowe Kozaki Przed Kolano Ze Z\u0142otym Akcentem Eleganckie kozaki damskie na obcasie o wysoko\u015bci 7,5 cm. Maj\u0105 klasyczny, zgrabny fason z noskami w delikatny szpic. Idealne do codziennych stylizacji, ale r\u00f3wnie\u017c idealnie sprawdz\u0105 si\u0119 do sukienki. To buty jedyne w swoim rodzaju &#8211; przekonaj si\u0119 o tym sama : ) Przez ca\u0142\u0105 d\u0142ugo\u015b\u0107 cholewki<\/p>\n<div class=\"klb-readmore post-buttons\"><a class=\"button black outline size-sm\" href=\"https:\/\/madelinefashion.pl\/sk\/czarne-zamszowe-kozaki-przed-kolano-ze-zlotym-akcentem\/\">\u010c\u00edta\u0165 \u010falej <i class=\"klbth-icon-right-arrow\"><\/i><\/a><\/div>","protected":false},"featured_media":76565,"template":"","meta":[],"product_brand":[],"product_cat":[400,395],"product_tag":[493],"class_list":{"0":"post-76621","1":"product","2":"type-product","3":"status-publish","4":"has-post-thumbnail","6":"product_cat-buty","7":"product_cat-nowosci","8":"product_tag-kozaki","10":"first","11":"instock","12":"product-type-variable"},"_links":{"self":[{"href":"https:\/\/madelinefashion.pl\/sk\/wp-json\/wp\/v2\/product\/76621","targetHints":{"allow":["GET"]}}],"collection":[{"href":"https:\/\/madelinefashion.pl\/sk\/wp-json\/wp\/v2\/product"}],"about":[{"href":"https:\/\/madelinefashion.pl\/sk\/wp-json\/wp\/v2\/types\/product"}],"wp:featuredmedia":[{"embeddable":true,"href":"https:\/\/madelinefashion.pl\/sk\/wp-json\/wp\/v2\/media\/76565"}],"wp:attachment":[{"href":"https:\/\/madelinefashion.pl\/sk\/wp-json\/wp\/v2\/media?parent=76621"}],"wp:term":[{"taxonomy":"product_brand","embeddable":true,"href":"https:\/\/madelinefashion.pl\/sk\/wp-json\/wp\/v2\/product_brand?post=76621"},{"taxonomy":"product_cat","embeddable":true,"href":"https:\/\/madelinefashion.pl\/sk\/wp-json\/wp\/v2\/product_cat?post=76621"},{"taxonomy":"product_tag","embeddable":true,"href":"https:\/\/madelinefashion.pl\/sk\/wp-json\/wp\/v2\/product_tag?post=76621"}],"curies":[{"name":"pracovn\u00fd list","href":"https:\/\/api.w.org\/{rel}","templated":true}]}}