{"id":76728,"date":"2023-02-07T10:15:39","date_gmt":"2023-02-07T09:15:39","guid":{"rendered":"https:\/\/madelinefashion.pl\/?post_type=product&#038;p=76728"},"modified":"2026-03-26T11:40:34","modified_gmt":"2026-03-26T10:40:34","slug":"sandalki-espadryle-bezowe","status":"publish","type":"product","link":"https:\/\/madelinefashion.pl\/sk\/sandalki-espadryle-bezowe\/","title":{"rendered":"Sand\u00e1le Espadrilky B\u00e9\u017eov\u00e9"},"content":{"rendered":"<h3 style=\"text-align: center;\">Sand\u00e1le Espadrilky B\u00e9\u017eov\u00e9<\/h3>\n<p style=\"text-align: center;\">Sand\u00e1le Espadriles Beige za prijate\u013en\u00fa cenu s\u00fa skvelou vo\u013ebou pre \u017eeny, ktor\u00e9 h\u013eadaj\u00fa letn\u00fa obuv. M\u00f3dny strih a zauj\u00edmav\u00e9 ozdoby navy\u0161e dokonale zapadaj\u00fa do modern\u00e9ho \u0161t\u00fdlu. Na platforme zdobenej jutovou v\u00e4zbou s nosom. Vyroben\u00e9 z textiln\u00e9ho materi\u00e1lu v tvare h\u00e1\u010dkovanej \u010dipky. Zav\u00e4zovanie okolo \u010dlenku tenk\u00fdmi \u0161n\u00farkami siahaj\u00facimi od priehlavku a zakon\u010den\u00e9 \u0161t\u00fdlov\u00fdmi strapcami. Na druhej strane, pozornos\u0165 v\u00fdrobcu k detailom ich rob\u00ed spo\u013eahliv\u00fdmi. Dodato\u010dne pon\u00fakan\u00e9 nami <strong>espadrilky<\/strong> hodia sa ako v kombin\u00e1cii so \u0161ortkami a topom, tak aj so vzdu\u0161n\u00fdmi \u0161atami \u010di suk\u0148ou. <strong>Pri v\u00fdbere ve\u013ekosti sa ria\u010fte tabu\u013ekou ve\u013ekost\u00ed.<\/strong><\/p>\n<p>&nbsp;<\/p>\n<p>&nbsp;<\/p>\n<p>&nbsp;<\/p>\n<p>&nbsp;<\/p>\n<table width=\"540\">\n<thead>\n<tr>\n<td width=\"216\"><strong>Ve\u013ekos\u0165 E\u00da<\/strong><\/td>\n<td width=\"316\"><strong>D\u013a\u017eka vlo\u017eky<\/strong><\/td>\n<\/tr>\n<\/thead>\n<tbody>\n<tr>\n<td width=\"216\"><strong>36<\/strong><\/td>\n<td width=\"316\">23 cm<\/td>\n<\/tr>\n<tr>\n<td width=\"216\"><strong>37<\/strong><\/td>\n<td width=\"316\">23,5 cm<\/td>\n<\/tr>\n<tr>\n<td width=\"216\"><strong>38<\/strong><\/td>\n<td width=\"316\">24 cm<\/td>\n<\/tr>\n<tr>\n<td width=\"216\"><strong>39<\/strong><\/td>\n<td width=\"316\">24,5 cm<\/td>\n<\/tr>\n<tr>\n<td width=\"216\"><strong>40<\/strong><\/td>\n<td width=\"316\">25 cm<\/td>\n<\/tr>\n<tr>\n<td width=\"216\"><strong>41<\/strong><\/td>\n<td width=\"316\">25,5 cm<\/td>\n<\/tr>\n<\/tbody>\n<\/table>\n<div class=\"wrap-content\">\n<div class=\"main-container container\">\n<div class=\"row\">\n<section class=\"main-content sidebar-left-false\">\n<div class=\"product-page page\">\n<div class=\"page-content\">\n<div id=\"ProductSizing\" class=\"product-sizing modal fade in\" tabindex=\"-1\" role=\"dialog\" aria-hidden=\"false\">\n<div class=\"modal-dialog\">\n<div class=\"modal-content\">\n<div class=\"widget html_editor\">\n<p>&nbsp;<\/p>\n<\/div>\n<p>&nbsp;<\/p>\n<\/div>\n<\/div>\n<\/div>\n<\/div>\n<\/div>\n<\/section>\n<\/div>\n<\/div>\n<\/div>\n<div class=\"wrap-footer\">\n<footer class=\"\">\n<div class=\"container\">\n<div class=\"footer-newsletter-box\"><\/div>\n<\/div>\n<\/footer>\n<\/div>\n<table>\n<tbody>\n<tr>\n<td width=\"302\">Meno modela<\/td>\n<td width=\"302\">Sand\u00e1le Espadrilky B\u00e9\u017eov\u00e9<\/td>\n<\/tr>\n<tr>\n<td width=\"302\">Farba<\/td>\n<td width=\"302\">B\u00e9\u017eov\u00e1<\/td>\n<\/tr>\n<tr>\n<td width=\"302\">ve\u013ekosti<\/td>\n<td width=\"302\">36 37\u00a0 38\u00a0 39 40 41<\/td>\n<\/tr>\n<tr>\n<td width=\"302\">K\u00f3d produktu<\/td>\n<td width=\"302\">BZSJ2058<\/td>\n<\/tr>\n<tr>\n<td width=\"302\">Typ<\/td>\n<td width=\"302\">Espadrilky<\/td>\n<\/tr>\n<tr>\n<td width=\"302\">Spona<\/td>\n<td width=\"302\">Viazanie na \u010dlenku<\/td>\n<\/tr>\n<tr>\n<td width=\"302\">Zbierka<\/td>\n<td width=\"302\">Jar\/Jese\u0148\/Leto<\/td>\n<\/tr>\n<\/tbody>\n<\/table>\n<div class=\"tabs tabs-bb clear mb-80\">\n<div class=\"tab-content\">\n<div id=\"tab-description\" class=\"tab-pane fade in woocommerce-Tabs-panel--description active\">\n<p style=\"text-align: center;\">\n<\/div>\n<\/div>\n<\/div>\n<section class=\"up-sells upsells products mb-80\"><\/section>\n<p style=\"text-align: left;\">","protected":false},"excerpt":{"rendered":"<p>Sanda\u0142ki Espadryle Be\u017cowe Sanda\u0142ki Espadryle Be\u017cowe w przyst\u0119pnej cenie to doskona\u0142y wyb\u00f3r dla kobiet, kt\u00f3re poszukuj\u0105 obuwia na lato. Dodatkowo modny fason\u00a0 i ciekawe ozdoby doskonale wpisuj\u0105 si\u0119 w nowoczesny styl. Osadzone na platformie udekorowanej wraz z noskiem jutowym splotem. Wykonane z materia\u0142u tekstylnego o fasonie szyde\u0142kowej koronki. Wi\u0105zane wok\u00f3\u0142 kostki na cienkie sznurki wychodz\u0105ce<\/p>\n<div class=\"klb-readmore post-buttons\"><a class=\"button black outline size-sm\" href=\"https:\/\/madelinefashion.pl\/sk\/sandalki-espadryle-bezowe\/\">\u010c\u00edta\u0165 \u010falej <i class=\"klbth-icon-right-arrow\"><\/i><\/a><\/div>","protected":false},"featured_media":598549,"template":"","meta":[],"product_brand":[],"product_cat":[400],"product_tag":[496],"class_list":{"0":"post-76728","1":"product","2":"type-product","3":"status-publish","4":"has-post-thumbnail","6":"product_cat-buty","7":"product_tag-sandalki","9":"first","10":"instock","11":"purchasable","12":"product-type-variable"},"_links":{"self":[{"href":"https:\/\/madelinefashion.pl\/sk\/wp-json\/wp\/v2\/product\/76728","targetHints":{"allow":["GET"]}}],"collection":[{"href":"https:\/\/madelinefashion.pl\/sk\/wp-json\/wp\/v2\/product"}],"about":[{"href":"https:\/\/madelinefashion.pl\/sk\/wp-json\/wp\/v2\/types\/product"}],"wp:featuredmedia":[{"embeddable":true,"href":"https:\/\/madelinefashion.pl\/sk\/wp-json\/wp\/v2\/media\/598549"}],"wp:attachment":[{"href":"https:\/\/madelinefashion.pl\/sk\/wp-json\/wp\/v2\/media?parent=76728"}],"wp:term":[{"taxonomy":"product_brand","embeddable":true,"href":"https:\/\/madelinefashion.pl\/sk\/wp-json\/wp\/v2\/product_brand?post=76728"},{"taxonomy":"product_cat","embeddable":true,"href":"https:\/\/madelinefashion.pl\/sk\/wp-json\/wp\/v2\/product_cat?post=76728"},{"taxonomy":"product_tag","embeddable":true,"href":"https:\/\/madelinefashion.pl\/sk\/wp-json\/wp\/v2\/product_tag?post=76728"}],"curies":[{"name":"pracovn\u00fd list","href":"https:\/\/api.w.org\/{rel}","templated":true}]}}