{"id":7703,"date":"2021-04-09T23:49:16","date_gmt":"2021-04-09T21:49:16","guid":{"rendered":"https:\/\/madelinefashion.pl\/?post_type=product&#038;p=7703"},"modified":"2026-04-23T21:12:06","modified_gmt":"2026-04-23T19:12:06","slug":"kardigan-z-kapturem-blogerski-ciemno-szary","status":"publish","type":"product","link":"https:\/\/madelinefashion.pl\/sk\/kardigan-z-kapturem-blogerski-ciemno-szary\/","title":{"rendered":"Tmavosiv\u00fd blogersk\u00fd sveter s kapuc\u0148ou"},"content":{"rendered":"<h3 style=\"text-align: center;\">Tmavosiv\u00fd blogersk\u00fd sveter s kapuc\u0148ou<\/h3>\n<p style=\"text-align: center;\">Snov\u00e9 <strong>cardigan s kapuc\u0148ou<\/strong> vyroben\u00e9 z m\u00e4sit\u00e9ho materi\u00e1lu. V chladnej\u0161\u00edch d\u0148och v\u00e1s ur\u010dite zbal\u00ed. Model je mierne vo\u013enej\u0161\u00ed, v\u010faka \u010domu poskytne pohodlie a komfort. Skvele sa bude hodi\u0165 na ka\u017edodenn\u00e9 \u0161tyliz\u00e1cie aj form\u00e1lnej\u0161ie kombin\u00e1cie. Kardigan s dlh\u00fdmi ruk\u00e1vmi ukon\u010den\u00fd rebrovan\u00edm, spodn\u00e1 \u010das\u0165 svetra je tie\u017e zakon\u010den\u00e1 rebrovan\u00edm. Peler\u00edna vo ve\u013ekosti Universal je odpor\u00fa\u010dan\u00e1 pre osoby vo ve\u013ekosti SML XL XXL<\/p>\n<h3 style=\"text-align: center;\">Perfektn\u00fd kardigan na ka\u017ed\u00fa pr\u00edle\u017eitos\u0165<\/h3>\n<p style=\"text-align: center;\">Ide\u00e1lne do \u0161koly, pr\u00e1ce, na rande alebo na stretnutie s priate\u013emi!<\/p>\n<p style=\"text-align: center;\"><strong>Ide\u00e1lne pre ka\u017ed\u00fa pr\u00edle\u017eitos\u0165 a \u010das!<\/strong><\/p>\n<h3 style=\"text-align: center;\">Rozmery<\/h3>\n<ul style=\"text-align: center;\">\n<li>D\u013a\u017eka: 90 cm<\/li>\n<li>\u0160\u00edrka pod pazuchami: 2 x 53-58 cm<\/li>\n<li>\u0160\u00edrka v p\u00e1se: 2 x 53-58 cm<\/li>\n<li>D\u013a\u017eka ruk\u00e1va od podpazu\u0161ia: 50 cm<\/li>\n<\/ul>\n<p style=\"text-align: center;\">Rozmery sa m\u00f4\u017eu mierne l\u00ed\u0161i\u0165 od uveden\u00fdch +\/- 2cm. V\u0161etky uveden\u00e9 rozmery s\u00fa meran\u00e9 plo\u0161ne. <strong>rozmer x2<\/strong><\/p>\n<h3 style=\"text-align: center;\">Vlastnosti:<\/h3>\n<ul>\n<li style=\"text-align: center;\"><b>M\u00f3dny strih s kapuc\u0148ou<\/b><\/li>\n<li style=\"text-align: center;\">Kr\u00e1sne tkan\u00e9 vrko\u010de<\/li>\n<li style=\"text-align: center;\">\u0160t\u00fdlov\u00fd, hrub\u00fd kardigan<\/li>\n<li style=\"text-align: center;\">Ve\u013emi tepl\u00e9 a pr\u00edjemn\u00e9 na dotyk<\/li>\n<li style=\"text-align: center;\">Hood<\/li>\n<li style=\"text-align: center;\">Eur\u00f3psky produkt -\u00a0<b>NAJVY\u0160\u0160IA KVALITA<\/b><\/li>\n<\/ul>\n<p style=\"text-align: center;\"><strong>\u00a0<\/strong><\/p>\n<table width=\"614\">\n<tbody>\n<tr>\n<td width=\"302\">Meno modela<\/td>\n<td width=\"302\">Blogersk\u00fd sveter s kapuc\u0148ou<\/td>\n<\/tr>\n<tr>\n<td width=\"302\">Farba<\/td>\n<td width=\"302\">Tmavo-siv\u00e1<\/td>\n<\/tr>\n<tr>\n<td width=\"302\">ve\u013ekosti<\/td>\n<td width=\"302\">Univerz\u00e1lny<\/td>\n<\/tr>\n<tr>\n<td width=\"302\">M\u00f3da<\/td>\n<td width=\"302\">nadrozmern\u00e9<\/td>\n<\/tr>\n<tr>\n<td width=\"302\">Hood<\/td>\n<td width=\"302\">\u00c1no<\/td>\n<\/tr>\n<tr>\n<td width=\"302\">izolovan\u00e9<\/td>\n<td width=\"302\">jednopl\u00e1\u0161\u0165ov\u00e9<\/td>\n<\/tr>\n<tr>\n<td width=\"302\">Materi\u00e1l<\/td>\n<td width=\"302\">Akryl 85% Nylon 15%<\/td>\n<\/tr>\n<\/tbody>\n<\/table>\n<div class=\"tabs tabs-bb clear mb-80\">\n<div class=\"tab-content\">\n<div id=\"tab-description\" class=\"tab-pane fade in woocommerce-Tabs-panel--description active\">\n<p style=\"text-align: center;\">\u00a0Model m\u00e1\u00a0<strong>169<\/strong>\u00a0cm vysok\u00fd, nos\u00ed ve\u013ekos\u0165 ka\u017ed\u00fd de\u0148\u00a0<strong>S<\/strong><\/p>\n<p style=\"text-align: center;\">\u0160\u00edrka cez prsia 92 cm<\/p>\n<p style=\"text-align: center;\">\u0160\u00edrka v p\u00e1se 62 cm<\/p>\n<p style=\"text-align: center;\">\u0160\u00edrka v bokoch 94 cm<\/p>\n<\/div>\n<\/div>\n<\/div>\n<section class=\"related products mb-80\"><\/section>\n<section class=\"page-product-box\">\n<div class=\"rte\"><\/div>\n<\/section>","protected":false},"excerpt":{"rendered":"<p>Kardigan z Kapturem Blogerski Ciemno Szary Zjawiskowy kardigan z kapturem wykonany z mi\u0119sistego materia\u0142u. Z pewno\u015bci\u0105 otuli Ci\u0119 w ch\u0142odniejsze dni. Model nieco lu\u017aniejszy, dzi\u0119ki czemu zapewni wygod\u0119 i komfort noszenia. .\u015awietnie sprawdzi si\u0119 do codziennych stylizacji, jak i bardziej formalnych zestawie\u0144. \u00a0Kardigan z d\u0142ugim r\u0119kawem zako\u0144czonym \u015bci\u0105gaczem, d\u00f3\u0142 swetra r\u00f3wnie\u017c zako\u0144czony \u015bci\u0105gaczem. Narzutka w<\/p>\n<div class=\"klb-readmore post-buttons\"><a class=\"button black outline size-sm\" href=\"https:\/\/madelinefashion.pl\/sk\/kardigan-z-kapturem-blogerski-ciemno-szary\/\">\u010c\u00edta\u0165 \u010falej <i class=\"klbth-icon-right-arrow\"><\/i><\/a><\/div>","protected":false},"featured_media":32791,"template":"","meta":[],"product_brand":[],"product_cat":[91],"product_tag":[],"class_list":{"0":"post-7703","1":"product","2":"type-product","3":"status-publish","4":"has-post-thumbnail","6":"product_cat-kardigany-damskie","8":"first","9":"instock","10":"purchasable","11":"product-type-simple"},"_links":{"self":[{"href":"https:\/\/madelinefashion.pl\/sk\/wp-json\/wp\/v2\/product\/7703","targetHints":{"allow":["GET"]}}],"collection":[{"href":"https:\/\/madelinefashion.pl\/sk\/wp-json\/wp\/v2\/product"}],"about":[{"href":"https:\/\/madelinefashion.pl\/sk\/wp-json\/wp\/v2\/types\/product"}],"wp:featuredmedia":[{"embeddable":true,"href":"https:\/\/madelinefashion.pl\/sk\/wp-json\/wp\/v2\/media\/32791"}],"wp:attachment":[{"href":"https:\/\/madelinefashion.pl\/sk\/wp-json\/wp\/v2\/media?parent=7703"}],"wp:term":[{"taxonomy":"product_brand","embeddable":true,"href":"https:\/\/madelinefashion.pl\/sk\/wp-json\/wp\/v2\/product_brand?post=7703"},{"taxonomy":"product_cat","embeddable":true,"href":"https:\/\/madelinefashion.pl\/sk\/wp-json\/wp\/v2\/product_cat?post=7703"},{"taxonomy":"product_tag","embeddable":true,"href":"https:\/\/madelinefashion.pl\/sk\/wp-json\/wp\/v2\/product_tag?post=7703"}],"curies":[{"name":"pracovn\u00fd list","href":"https:\/\/api.w.org\/{rel}","templated":true}]}}