{"id":78401,"date":"2023-02-22T17:00:49","date_gmt":"2023-02-22T16:00:49","guid":{"rendered":"https:\/\/madelinefashion.pl\/?post_type=product&#038;p=78401"},"modified":"2026-01-20T10:33:37","modified_gmt":"2026-01-20T09:33:37","slug":"koszula-biala-asymetryczna-rocci-la-luna","status":"publish","type":"product","link":"https:\/\/madelinefashion.pl\/sk\/koszula-biala-asymetryczna-rocci-la-luna\/","title":{"rendered":"Biela asymetrick\u00e1 ko\u0161e\u013ea Rocci La Luna"},"content":{"rendered":"<h3 style=\"text-align: center;\">Biela asymetrick\u00e1 ko\u0161e\u013ea Rocci La Luna<\/h3>\n<p style=\"text-align: center;\">o ko\u0161e\u013eu <strong>oversized strih<\/strong> je to skvel\u00e1 vo\u013eba na r\u00f4zne pr\u00edle\u017eitosti! Zap\u00ednanie na gomb\u00edky, v\u010faka ktor\u00fdm zv\u00fdrazn\u00edte dekolt tak, ako sa v\u00e1m p\u00e1\u010di. Zdoben\u00e9 zlat\u00fdm p\u00edsmenom &quot;R&quot; na ruk\u00e1ve. Tento n\u00e1vrh je ide\u00e1lny pre ka\u017edodenn\u00e9 aj ofici\u00e1lne v\u00fdlety. Perfektne sa hod\u00ed k setu s nohavicami alebo leg\u00ednami.<\/p>\n<h2 style=\"text-align: center;\">Rozmery:<\/h2>\n<p style=\"text-align: center;\">celkov\u00e1 predn\u00e1 d\u013a\u017eka: 77 cm<br \/>\ncelkov\u00e1 d\u013a\u017eka chrbta: 85 cm<\/p>\n<p style=\"text-align: center;\">\u0161\u00edrka od pazuchy po pazuchu: 57,5 - 60 cm<br \/>\nd\u013a\u017eka ruk\u00e1va od ramena: 34 cm<\/p>\n<p style=\"text-align: center;\">d\u013a\u017eka ruk\u00e1va od podpazu\u0161ia: 37 cm<\/p>\n<p>&nbsp;<\/p>\n<table style=\"height: 288px;\" width=\"432\">\n<tbody>\n<tr>\n<td>Meno modela<\/td>\n<td>\n<p style=\"text-align: left;\">Asymetrick\u00e1 ko\u0161e\u013ea Rocci La Luna<\/p>\n<\/td>\n<\/tr>\n<tr>\n<td>Farba<\/td>\n<td>biely<\/td>\n<\/tr>\n<tr>\n<td>Zbierka<\/td>\n<td>Jar leto jese\u0148 zima<\/td>\n<\/tr>\n<tr>\n<td>Ve\u013ekos\u0165<\/td>\n<td>Univerz\u00e1lny<\/td>\n<\/tr>\n<tr>\n<td>M\u00f3da<\/td>\n<td>nadrozmern\u00e9<\/td>\n<\/tr>\n<tr>\n<td>zap\u00ednanie<\/td>\n<td>tla\u010didl\u00e1<\/td>\n<\/tr>\n<tr>\n<td>Zlo\u017eenie materi\u00e1lov<\/td>\n<td>70%Polyester 30% visk\u00f3za<\/td>\n<\/tr>\n<\/tbody>\n<\/table>\n<p style=\"text-align: center;\">Model m\u00e1\u00a0<strong>169<\/strong>\u00a0cm vysok\u00fd, nos\u00ed ve\u013ekos\u0165 ka\u017ed\u00fd de\u0148\u00a0<strong>S<\/strong><\/p>\n<p style=\"text-align: center;\">\u0160\u00edrka cez prsia 92 cm<\/p>\n<p style=\"text-align: center;\">\u0160\u00edrka v p\u00e1se 62 cm<\/p>\n<p style=\"text-align: center;\">\u0160\u00edrka v bokoch 94 cm<\/p>\n<p style=\"text-align: center;\"><strong>\u00a0<\/strong><\/p>","protected":false},"excerpt":{"rendered":"<p>Koszula Bia\u0142a Asymetryczna Rocci La Luna Koszula o oversizowym kroju to \u015bwietny wyb\u00f3r na r\u00f3\u017cne okazje! Zapinana na guziki dzi\u0119ki czemu podkre\u015blisz sw\u00f3j dekolt tak jak lubisz. Zdobiona z\u0142ot\u0105 literk\u0105 &#8221; R&#8221; na r\u0119kawie. Ta propozycja idealnie sprawdzi si\u0119 zar\u00f3wno na co dzie\u0144, jak i na oficjalne wyj\u015bcia. Idealnie sprawdzi si\u0119 w zestawie ze spodniami<\/p>\n<div class=\"klb-readmore post-buttons\"><a class=\"button black outline size-sm\" href=\"https:\/\/madelinefashion.pl\/sk\/koszula-biala-asymetryczna-rocci-la-luna\/\">\u010c\u00edta\u0165 \u010falej <i class=\"klbth-icon-right-arrow\"><\/i><\/a><\/div>","protected":false},"featured_media":78299,"template":"","meta":[],"product_brand":[],"product_cat":[92],"product_tag":[414],"class_list":{"0":"post-78401","1":"product","2":"type-product","3":"status-publish","4":"has-post-thumbnail","6":"product_cat-koszule","7":"product_tag-koszule","9":"first","10":"instock","11":"sale","12":"purchasable","13":"product-type-simple"},"_links":{"self":[{"href":"https:\/\/madelinefashion.pl\/sk\/wp-json\/wp\/v2\/product\/78401","targetHints":{"allow":["GET"]}}],"collection":[{"href":"https:\/\/madelinefashion.pl\/sk\/wp-json\/wp\/v2\/product"}],"about":[{"href":"https:\/\/madelinefashion.pl\/sk\/wp-json\/wp\/v2\/types\/product"}],"wp:featuredmedia":[{"embeddable":true,"href":"https:\/\/madelinefashion.pl\/sk\/wp-json\/wp\/v2\/media\/78299"}],"wp:attachment":[{"href":"https:\/\/madelinefashion.pl\/sk\/wp-json\/wp\/v2\/media?parent=78401"}],"wp:term":[{"taxonomy":"product_brand","embeddable":true,"href":"https:\/\/madelinefashion.pl\/sk\/wp-json\/wp\/v2\/product_brand?post=78401"},{"taxonomy":"product_cat","embeddable":true,"href":"https:\/\/madelinefashion.pl\/sk\/wp-json\/wp\/v2\/product_cat?post=78401"},{"taxonomy":"product_tag","embeddable":true,"href":"https:\/\/madelinefashion.pl\/sk\/wp-json\/wp\/v2\/product_tag?post=78401"}],"curies":[{"name":"pracovn\u00fd list","href":"https:\/\/api.w.org\/{rel}","templated":true}]}}