{"id":78473,"date":"2023-02-23T12:20:43","date_gmt":"2023-02-23T11:20:43","guid":{"rendered":"https:\/\/madelinefashion.pl\/?post_type=product&#038;p=78473"},"modified":"2026-01-20T10:33:35","modified_gmt":"2026-01-20T09:33:35","slug":"bezowa-elegancka-koszula-zdobiona-fiella","status":"publish","type":"product","link":"https:\/\/madelinefashion.pl\/sk\/bezowa-elegancka-koszula-zdobiona-fiella\/","title":{"rendered":"B\u00e9\u017eov\u00e1 elegantn\u00e1 ko\u0161e\u013ea zdoben\u00e1 Fiellou"},"content":{"rendered":"<h3 style=\"text-align: center;\">B\u00e9\u017eov\u00e1 elegantn\u00e1 ko\u0161e\u013ea zdoben\u00e1 Fiellou<\/h3>\n<p style=\"text-align: center;\"><strong>Be\u017cowa Elegancka Koszula zdobiona Fiella must have w Twojej szafie.<\/strong> Asymetrick\u00e1 ko\u0161e\u013ea bude skvel\u00e1 v mnoh\u00fdch verzi\u00e1ch<strong>ako ofici\u00e1lne, tak aj <\/strong>ako aj ka\u017edodenn\u00fd. Na man\u017eete m\u00e1 tri zlat\u00e9 gomb\u00edky. Ozdoby na ko\u0161eli ju robia jedine\u010dnou. Zap\u00edna sa vzadu na jeden gomb\u00edk.<strong>\u00a0<\/strong>Tento \u0161t\u00fdl je ide\u00e1lny na zastr\u010denie do nohav\u00edc alebo sukn\u00ed. Na\u0161a ko\u0161e\u013ea m\u00f4\u017ee by\u0165 z\u00e1kladom pre mnoho elegantn\u00fdch a nad\u010dasov\u00fdch \u0161t\u00fdlov. Ur\u010dite sa bude hodi\u0165 k ceruzkov\u00fdm sukniam alebo klasick\u00fdm \u0161at\u00e1m. <a href=\"https:\/\/madelinefashion.pl\/sk\/spodnie-jeansowe-paradise-jasne\/\">d\u017e\u00ednsy,.<\/a>\u00a0Ko\u0161e\u013ea je ide\u00e1lnym n\u00e1vrhom do pr\u00e1ce, na ka\u017ed\u00fd de\u0148, na rodinn\u00e9 stretnutia a mnoh\u00e9 in\u00e9 pr\u00edle\u017eitosti.<\/p>\n<h3 style=\"text-align: center;\">\u00a0 \u00a0 \u00a0Rozmery:<\/h3>\n<p style=\"text-align: center;\"><strong>\u00a0<\/strong><\/p>\n<ul>\n<li style=\"text-align: center;\">celkov\u00e1 predn\u00e1 d\u013a\u017eka: 60 cm<br \/>\ncelkov\u00e1 d\u013a\u017eka chrbta: 71 cm<\/li>\n<li style=\"text-align: center;\">\u0161\u00edrka od pazuchy po pazuchu: 59 cm<\/li>\n<li style=\"text-align: center;\">d\u013a\u017eka ruk\u00e1va od ramena: 60 cm<\/li>\n<li style=\"text-align: center;\">d\u013a\u017eka ruk\u00e1va od pazuchy: 39 cm<\/li>\n<\/ul>\n<p style=\"text-align: center;\">Rozmery sa m\u00f4\u017eu mierne l\u00ed\u0161i\u0165 od uveden\u00fdch +\/- 2cm. V\u0161etky uveden\u00e9 rozmery s\u00fa meran\u00e9 plo\u0161ne.<\/p>\n<p style=\"text-align: center;\"><strong>\u00a0<\/strong><\/p>\n<table style=\"height: 288px;\" width=\"433\">\n<tbody>\n<tr>\n<td>Meno modela<\/td>\n<td>\u00a0Elegantn\u00e1 ko\u0161e\u013ea zdoben\u00e1 Fiellou<\/td>\n<\/tr>\n<tr>\n<td>Farba<\/td>\n<td>B\u00e9\u017eov\u00e1<\/td>\n<\/tr>\n<tr>\n<td>Zbierka<\/td>\n<td>Jar leto jese\u0148 zima<\/td>\n<\/tr>\n<tr>\n<td>Ve\u013ekos\u0165<\/td>\n<td>Univerz\u00e1lny<\/td>\n<\/tr>\n<tr>\n<td>M\u00f3da<\/td>\n<td>nadrozmern\u00e9<\/td>\n<\/tr>\n<tr>\n<td>zap\u00ednanie<\/td>\n<td>Zlat\u00e9 tla\u010didlo<\/td>\n<\/tr>\n<tr>\n<td>Zlo\u017eenie materi\u00e1lov<\/td>\n<td>97% Bavlna 3% Elastan<\/td>\n<\/tr>\n<\/tbody>\n<\/table>\n<p style=\"text-align: center;\">\u00a0Model m\u00e1\u00a0<strong>169<\/strong>\u00a0cm vysok\u00fd, nos\u00ed ve\u013ekos\u0165 ka\u017ed\u00fd de\u0148\u00a0<strong>S<\/strong><\/p>\n<p style=\"text-align: center;\">\u0160\u00edrka cez prsia 92 cm<\/p>\n<p style=\"text-align: center;\">\u0160\u00edrka v p\u00e1se 62 cm<\/p>\n<p style=\"text-align: center;\">\u0160\u00edrka v bokoch 94 cm<strong>\u00a0<\/strong><\/p>","protected":false},"excerpt":{"rendered":"<p>Be\u017cowa Elegancka Koszula zdobiona Fiella Be\u017cowa Elegancka Koszula zdobiona Fiella must have w Twojej szafie. Asymetryczna koszula \u015bwietnie sprawdzi si\u0119 w wielu ods\u0142onach, zar\u00f3wno tych oficjalnych, jak i codziennych. Na mankiecie posiada trzy z\u0142ote guziki. Zdobienia na koszuli sprawiaj\u0105, \u017ce jest unikatowa. Z ty\u0142u zapinana jest na jeden guzik.\u00a0Fason idealnie nadaje si\u0119 do &#8222;wpuszczenia&#8221; w<\/p>\n<div class=\"klb-readmore post-buttons\"><a class=\"button black outline size-sm\" href=\"https:\/\/madelinefashion.pl\/sk\/bezowa-elegancka-koszula-zdobiona-fiella\/\">\u010c\u00edta\u0165 \u010falej <i class=\"klbth-icon-right-arrow\"><\/i><\/a><\/div>","protected":false},"featured_media":78392,"template":"","meta":[],"product_brand":[],"product_cat":[92,395],"product_tag":[414],"class_list":{"0":"post-78473","1":"product","2":"type-product","3":"status-publish","4":"has-post-thumbnail","6":"product_cat-koszule","7":"product_cat-nowosci","8":"product_tag-koszule","9":"pa_rozmiar-m","10":"pa_rozmiar-l","11":"pa_rozmiar-xl","12":"pa_rozmiar-xxl","13":"pa_rozmiar-s","15":"first","16":"outofstock","17":"sale","18":"purchasable","19":"product-type-simple"},"_links":{"self":[{"href":"https:\/\/madelinefashion.pl\/sk\/wp-json\/wp\/v2\/product\/78473","targetHints":{"allow":["GET"]}}],"collection":[{"href":"https:\/\/madelinefashion.pl\/sk\/wp-json\/wp\/v2\/product"}],"about":[{"href":"https:\/\/madelinefashion.pl\/sk\/wp-json\/wp\/v2\/types\/product"}],"wp:featuredmedia":[{"embeddable":true,"href":"https:\/\/madelinefashion.pl\/sk\/wp-json\/wp\/v2\/media\/78392"}],"wp:attachment":[{"href":"https:\/\/madelinefashion.pl\/sk\/wp-json\/wp\/v2\/media?parent=78473"}],"wp:term":[{"taxonomy":"product_brand","embeddable":true,"href":"https:\/\/madelinefashion.pl\/sk\/wp-json\/wp\/v2\/product_brand?post=78473"},{"taxonomy":"product_cat","embeddable":true,"href":"https:\/\/madelinefashion.pl\/sk\/wp-json\/wp\/v2\/product_cat?post=78473"},{"taxonomy":"product_tag","embeddable":true,"href":"https:\/\/madelinefashion.pl\/sk\/wp-json\/wp\/v2\/product_tag?post=78473"}],"curies":[{"name":"pracovn\u00fd list","href":"https:\/\/api.w.org\/{rel}","templated":true}]}}