{"id":78860,"date":"2023-02-27T13:49:31","date_gmt":"2023-02-27T12:49:31","guid":{"rendered":"https:\/\/madelinefashion.pl\/?post_type=product&#038;p=78860"},"modified":"2026-03-01T12:58:10","modified_gmt":"2026-03-01T11:58:10","slug":"torebka-ala-pinko-rozowa-mala","status":"publish","type":"product","link":"https:\/\/madelinefashion.pl\/sk\/torebka-ala-pinko-rozowa-mala\/","title":{"rendered":"Pinko Mal\u00e1 kabelka Pinko"},"content":{"rendered":"<h3 style=\"text-align: center;\">Pinko Mal\u00e1 kabelka Pinko<\/h3>\n<p style=\"text-align: center;\">Kabelka je nevyhnutnos\u0165ou<strong> \u0161atn\u00edk ka\u017edej \u017eeny<\/strong>. Tento model sa vyzna\u010duje nielen svojou praktickos\u0165ou, ale aj eleganciou. Elegantn\u00e1 d\u00e1mska kabelka z ekoko\u017ee pre \u017eeny sleduj\u00face najnov\u0161ie m\u00f3dne trendy. Charakteristick\u00e9 lastovi\u010dky boli in\u0161pirovan\u00e9 \u0161t\u00fdlom svetov\u00e9ho m\u00f3dneho predchodcu. Kabelka so zlatou retiazkou je skvel\u00fdm doplnkom form\u00e1lnych \u0161tyliz\u00e1ci\u00ed. M\u00f4\u017eete si ho obliec\u0165 ku kab\u00e1tu, \u0161at\u00e1m, ale aj k d\u00e1mskemu obleku \u2013 bude vyzera\u0165 skvele v ka\u017edej z t\u00fdchto kombin\u00e1ci\u00ed.<\/p>\n<p>&nbsp;<\/p>\n<h3 style=\"text-align: center;\">Charakteristika:<\/h3>\n<p>&nbsp;<\/p>\n<ul>\n<li style=\"text-align: center;\">vn\u00fatorn\u00e9 vrecko na zips<\/li>\n<li style=\"text-align: center;\">2 \u010fal\u0161ie mal\u00e9 vreck\u00e1<\/li>\n<li style=\"text-align: center;\">v\u0161etko upevnen\u00e9 na magnet<\/li>\n<\/ul>\n<p>&nbsp;<\/p>\n<h3 style=\"text-align: center;\">Rozmery ta\u0161ky:<\/h3>\n<ul style=\"text-align: center;\">\n<li>v\u00fd\u0161ka - 17,5 cm<\/li>\n<li>\u0161\u00edrka - 2,5 cm<\/li>\n<li>d\u013a\u017eka opasku (re\u0165aze) - max -117 cm<\/li>\n<li><\/li>\n<\/ul>","protected":false},"excerpt":{"rendered":"<p>Torebka a&#8217;la Pinko R\u00f3\u017cowa Ma\u0142a Torebka, to niezb\u0119dny przedmiot w garderobie ka\u017cdej kobiety. Ten model charakteryzuje si\u0119 nie tylko sw\u0105 praktyczno\u015bci\u0105, ale r\u00f3wnie\u017c elegancj\u0105.\u00a0 Elegancka torebka damska\u00a0z eko-sk\u00f3ry dla kobiet pod\u0105\u017caj\u0105cych za najnowszymi\u00a0trendami w modzie.\u00a0Charakterystyczne\u00a0jask\u00f3\u0142ki zosta\u0142y zainspirowane stylem \u015bwiatowego prekursora mody. Torebka ze z\u0142otym \u0142a\u0144cuszkiem stanowi \u015bwietne uzupe\u0142nienie\u00a0formalnych stylizacji. Mo\u017cesz za\u0142o\u017cy\u0107 j\u0105 do p\u0142aszcza, sukienki,<\/p>\n<div class=\"klb-readmore post-buttons\"><a class=\"button black outline size-sm\" href=\"https:\/\/madelinefashion.pl\/sk\/torebka-ala-pinko-rozowa-mala\/\">\u010c\u00edta\u0165 \u010falej <i class=\"klbth-icon-right-arrow\"><\/i><\/a><\/div>","protected":false},"featured_media":78849,"template":"","meta":[],"product_brand":[],"product_cat":[113,395],"product_tag":[412],"class_list":{"0":"post-78860","1":"product","2":"type-product","3":"status-publish","4":"has-post-thumbnail","6":"product_cat-dodatki","7":"product_cat-nowosci","8":"product_tag-torebki-damskie","10":"first","11":"outofstock","12":"sale","13":"purchasable","14":"product-type-simple"},"_links":{"self":[{"href":"https:\/\/madelinefashion.pl\/sk\/wp-json\/wp\/v2\/product\/78860","targetHints":{"allow":["GET"]}}],"collection":[{"href":"https:\/\/madelinefashion.pl\/sk\/wp-json\/wp\/v2\/product"}],"about":[{"href":"https:\/\/madelinefashion.pl\/sk\/wp-json\/wp\/v2\/types\/product"}],"wp:featuredmedia":[{"embeddable":true,"href":"https:\/\/madelinefashion.pl\/sk\/wp-json\/wp\/v2\/media\/78849"}],"wp:attachment":[{"href":"https:\/\/madelinefashion.pl\/sk\/wp-json\/wp\/v2\/media?parent=78860"}],"wp:term":[{"taxonomy":"product_brand","embeddable":true,"href":"https:\/\/madelinefashion.pl\/sk\/wp-json\/wp\/v2\/product_brand?post=78860"},{"taxonomy":"product_cat","embeddable":true,"href":"https:\/\/madelinefashion.pl\/sk\/wp-json\/wp\/v2\/product_cat?post=78860"},{"taxonomy":"product_tag","embeddable":true,"href":"https:\/\/madelinefashion.pl\/sk\/wp-json\/wp\/v2\/product_tag?post=78860"}],"curies":[{"name":"pracovn\u00fd list","href":"https:\/\/api.w.org\/{rel}","templated":true}]}}