{"id":79021,"date":"2023-02-27T17:01:18","date_gmt":"2023-02-27T16:01:18","guid":{"rendered":"https:\/\/madelinefashion.pl\/?post_type=product&#038;p=79021"},"modified":"2026-03-01T12:58:10","modified_gmt":"2026-03-01T11:58:10","slug":"damska-torebka-pojemna-shopperka-laura-biaggi-czarna","status":"publish","type":"product","link":"https:\/\/madelinefashion.pl\/sk\/damska-torebka-pojemna-shopperka-laura-biaggi-czarna\/","title":{"rendered":"D\u00e1mska ve\u013ek\u00e1 n\u00e1kupn\u00e1 ta\u0161ka Laura Biaggi \u010dierna"},"content":{"rendered":"<h3 style=\"text-align: center;\">D\u00e1mska ve\u013ek\u00e1 n\u00e1kupn\u00e1 ta\u0161ka Laura Biaggi \u010dierna<\/h3>\n<p style=\"text-align: center;\">\u00a0Ten \u0161t\u00fdlov\u00fd\u00a0<strong>d\u00e1mska ta\u0161ka<\/strong> bude pohodln\u00fdm a elegantn\u00fdm doplnkom na ka\u017ed\u00fd de\u0148. Kabelka Laura Biaggi. Ma <strong>slim strih<\/strong>napriek tomu sa do nej zmest\u00ed v\u0161etko, \u010do potrebujete na cel\u00fd de\u0148: telef\u00f3n, pe\u0148a\u017eenka, doklady vo form\u00e1te A4, kozmetick\u00e1 ta\u0161ti\u010dka, termohrn\u010dek a zop\u00e1r drobnost\u00ed. Tento univerz\u00e1lny model m\u00f4\u017eete nosi\u0165 so sebou do pr\u00e1ce aj po pr\u00e1ci, napr\u00edklad na n\u00e1kupy alebo prech\u00e1dzku. Bude sa hodi\u0165 ako ku klasick\u00e9mu tren\u010dkotu, tak aj ku ko\u017eenej bunde ramones<strong>.Nakupuj\u00faci<\/strong>\u00a0s dekor\u00e1ciami sa bude skvele hodi\u0165 k elegantn\u00fdm \u0161tyliz\u00e1ci\u00e1m aj k t\u00fdm celkom le\u017e\u00e9rnym.<\/p>\n<p>&nbsp;<\/p>\n<h3 style=\"text-align: center;\">Charakteristika:<\/h3>\n<p>&nbsp;<\/p>\n<ul>\n<li style=\"text-align: center;\">\u00a0vrecko na zips<\/li>\n<li style=\"text-align: center;\">2 \u010fal\u0161ie mal\u00e9 vreck\u00e1<\/li>\n<li style=\"text-align: center;\">v\u0161etko sa zap\u00edna na zips<\/li>\n<\/ul>\n<p>&nbsp;<\/p>\n<h3 style=\"text-align: center;\">Rozmery ta\u0161ky:<\/h3>\n<ul style=\"text-align: center;\">\n<li>v\u00fd\u0161ka - 32 cm<br \/>\nh\u013abka 13 cm<\/li>\n<li>\u0161\u00edrka - 41 cm<\/li>\n<li>d\u013a\u017eka rukov\u00e4te - 20 cm<\/li>\n<li><\/li>\n<\/ul>","protected":false},"excerpt":{"rendered":"<p>Damska Torebka Pojemna Shopperka Laura Biaggi Czarna \u00a0Ta stylowa\u00a0damska torba b\u0119dzie wygodnym i eleganckim dodatkiem na ka\u017cdy dzie\u0144. Torebka firmy Laura Biaggi. Ma smuk\u0142y fason, a jednak zmie\u015bci wszystko, co potrzebne na ca\u0142y dzie\u0144: telefon, portfel, dokumenty w formacie A4, kosmetyczk\u0119, kubek termiczny i kilka drobiazg\u00f3w. Ten uniwersalny model mo\u017cesz nosi\u0107 ze sob\u0105 do pracy,<\/p>\n<div class=\"klb-readmore post-buttons\"><a class=\"button black outline size-sm\" href=\"https:\/\/madelinefashion.pl\/sk\/damska-torebka-pojemna-shopperka-laura-biaggi-czarna\/\">\u010c\u00edta\u0165 \u010falej <i class=\"klbth-icon-right-arrow\"><\/i><\/a><\/div>","protected":false},"featured_media":79023,"template":"","meta":[],"product_brand":[],"product_cat":[113,395],"product_tag":[412],"class_list":{"0":"post-79021","1":"product","2":"type-product","3":"status-publish","4":"has-post-thumbnail","6":"product_cat-dodatki","7":"product_cat-nowosci","8":"product_tag-torebki-damskie","10":"first","11":"instock","12":"sale","13":"purchasable","14":"product-type-simple"},"_links":{"self":[{"href":"https:\/\/madelinefashion.pl\/sk\/wp-json\/wp\/v2\/product\/79021","targetHints":{"allow":["GET"]}}],"collection":[{"href":"https:\/\/madelinefashion.pl\/sk\/wp-json\/wp\/v2\/product"}],"about":[{"href":"https:\/\/madelinefashion.pl\/sk\/wp-json\/wp\/v2\/types\/product"}],"wp:featuredmedia":[{"embeddable":true,"href":"https:\/\/madelinefashion.pl\/sk\/wp-json\/wp\/v2\/media\/79023"}],"wp:attachment":[{"href":"https:\/\/madelinefashion.pl\/sk\/wp-json\/wp\/v2\/media?parent=79021"}],"wp:term":[{"taxonomy":"product_brand","embeddable":true,"href":"https:\/\/madelinefashion.pl\/sk\/wp-json\/wp\/v2\/product_brand?post=79021"},{"taxonomy":"product_cat","embeddable":true,"href":"https:\/\/madelinefashion.pl\/sk\/wp-json\/wp\/v2\/product_cat?post=79021"},{"taxonomy":"product_tag","embeddable":true,"href":"https:\/\/madelinefashion.pl\/sk\/wp-json\/wp\/v2\/product_tag?post=79021"}],"curies":[{"name":"pracovn\u00fd list","href":"https:\/\/api.w.org\/{rel}","templated":true}]}}