{"id":79468,"date":"2023-03-02T15:55:46","date_gmt":"2023-03-02T14:55:46","guid":{"rendered":"https:\/\/madelinefashion.pl\/?post_type=product&#038;p=79468"},"modified":"2026-03-01T12:58:08","modified_gmt":"2026-03-01T11:58:08","slug":"torebka-kopertowa-szara-laura-biaggi","status":"publish","type":"product","link":"https:\/\/madelinefashion.pl\/sk\/torebka-kopertowa-szara-laura-biaggi\/","title":{"rendered":"\u0160ed\u00e1 spojkov\u00e1 ta\u0161ka Laura Biaggi"},"content":{"rendered":"<h3 style=\"text-align: center;\">\u0160ed\u00e1 spojkov\u00e1 ta\u0161ka Laura Biaggi<\/h3>\n<p style=\"text-align: center;\">Kabelka je nevyhnutnou s\u00fa\u010das\u0165ou ve\u010dern\u00e9ho outfitu. Tento model sa vyzna\u010duje nielen svojou praktickos\u0165ou, ale aj eleganciou. Elegantn\u00e1 kabelka sa bude hodi\u0165 ka\u017edej \u017eene, ktor\u00e1 sleduje najnov\u0161ie m\u00f3dne trendy. Kabelky LAURA BIAGGI s\u00fa navrhnut\u00e9 tak, aby sa dali \u013eahko kombinova\u0165 s r\u00f4znymi \u0161t\u00fdlmi. Odpor\u00fa\u010dame jemn\u00fa kabelku, ktor\u00e1 kr\u00e1sne dopln\u00ed a zv\u00fdrazn\u00ed v\u00e1\u0161 look. Ta\u0161ka v s\u00faprave m\u00e1 retiazku.<\/p>\n<p>&nbsp;<\/p>\n<h3 style=\"text-align: center;\">Charakteristika:<\/h3>\n<p>&nbsp;<\/p>\n<p style=\"text-align: center;\">ve\u010der<\/p>\n<p style=\"text-align: center;\">ide\u00e1lne na svadbu \/ ples \/ ples<\/p>\n<p>&nbsp;<\/p>\n<h3 style=\"text-align: center;\">Rozmery ta\u0161ky:<\/h3>\n<ul style=\"text-align: center;\">\n<li>v\u00fd\u0161ka - 15 cm<\/li>\n<li>\u0161\u00edrka - 28 cm<br \/>\nh\u013abka - 3 cm<\/li>\n<li><\/li>\n<\/ul>","protected":false},"excerpt":{"rendered":"<p>Siv\u00e1 kabelka Laura Biaggi Envelope. T\u00e1to kabelka je nevyhnutnou s\u00fa\u010das\u0165ou ve\u010dern\u00e9ho outfitu. Tento model sa vyzna\u010duje nielen svojou praktickos\u0165ou, ale aj eleganciou. T\u00e1to elegantn\u00e1 kabelka je ide\u00e1lna pre ka\u017ed\u00fa \u017eenu, ktor\u00e1 sleduje najnov\u0161ie m\u00f3dne trendy. Kabelky LAURA BIAGGI s\u00fa navrhnut\u00e9 tak, aby sa dali \u013eahko kombinova\u0165 s r\u00f4znymi \u0161t\u00fdlmi. Odpor\u00fa\u010dame t\u00fato jemn\u00fa kabelku.<\/p>\n<div class=\"klb-readmore post-buttons\"><a class=\"button black outline size-sm\" href=\"https:\/\/madelinefashion.pl\/sk\/torebka-kopertowa-szara-laura-biaggi\/\">\u010c\u00edta\u0165 \u010falej <i class=\"klbth-icon-right-arrow\"><\/i><\/a><\/div>","protected":false},"featured_media":79436,"template":"","meta":[],"product_brand":[],"product_cat":[113],"product_tag":[504,412],"class_list":{"0":"post-79468","1":"product","2":"type-product","3":"status-publish","4":"has-post-thumbnail","6":"product_cat-dodatki","7":"product_tag-party-time","8":"product_tag-torebki-damskie","10":"first","11":"instock","12":"sale","13":"purchasable","14":"product-type-simple"},"_links":{"self":[{"href":"https:\/\/madelinefashion.pl\/sk\/wp-json\/wp\/v2\/product\/79468","targetHints":{"allow":["GET"]}}],"collection":[{"href":"https:\/\/madelinefashion.pl\/sk\/wp-json\/wp\/v2\/product"}],"about":[{"href":"https:\/\/madelinefashion.pl\/sk\/wp-json\/wp\/v2\/types\/product"}],"wp:featuredmedia":[{"embeddable":true,"href":"https:\/\/madelinefashion.pl\/sk\/wp-json\/wp\/v2\/media\/79436"}],"wp:attachment":[{"href":"https:\/\/madelinefashion.pl\/sk\/wp-json\/wp\/v2\/media?parent=79468"}],"wp:term":[{"taxonomy":"product_brand","embeddable":true,"href":"https:\/\/madelinefashion.pl\/sk\/wp-json\/wp\/v2\/product_brand?post=79468"},{"taxonomy":"product_cat","embeddable":true,"href":"https:\/\/madelinefashion.pl\/sk\/wp-json\/wp\/v2\/product_cat?post=79468"},{"taxonomy":"product_tag","embeddable":true,"href":"https:\/\/madelinefashion.pl\/sk\/wp-json\/wp\/v2\/product_tag?post=79468"}],"curies":[{"name":"pracovn\u00fd list","href":"https:\/\/api.w.org\/{rel}","templated":true}]}}